{"id":8622,"date":"2022-03-30T10:12:29","date_gmt":"2022-03-30T08:12:29","guid":{"rendered":"https:\/\/sfb1436.de\/projekte\/human-molecular-imaging-ageing-and-superageing-cohort\/"},"modified":"2025-02-24T13:44:37","modified_gmt":"2025-02-24T12:44:37","slug":"z03-erstellung-und-untersuchung-einer-biomarker-basierten-alterskohorte","status":"publish","type":"page","link":"https:\/\/sfb1436.de\/de\/projekte\/z03-erstellung-und-untersuchung-einer-biomarker-basierten-alterskohorte\/","title":{"rendered":"Z03 &#8211; Erstellung und Untersuchung einer Biomarker-basierten Alterskohorte"},"content":{"rendered":"\n<div class=\"wp-block-uagb-section uagb-section__wrap uagb-section__background-color uagb-block-71a38c9f badge-title\"><div class=\"uagb-section__overlay\"><\/div><div class=\"uagb-section__inner-wrap\">\n<p class=\"has-text-align-center wp-block-paragraph\">Z03<\/p>\n<\/div><\/div>\n\n\n\n<div class=\"wp-block-group alignwide has-white-background-color has-background is-layout-flow wp-block-group-is-layout-flow\">\n<div class=\"wp-block-columns are-vertically-aligned-center is-layout-flex wp-container-core-columns-is-layout-b418dbf2 wp-block-columns-is-layout-flex\" style=\"margin-top:0px;margin-bottom:0px;padding-top:0px;padding-bottom:0px\">\n<div class=\"wp-block-column is-vertically-aligned-center is-layout-flow wp-block-column-is-layout-flow\" style=\"padding-top:0px;padding-right:0px;padding-bottom:0px;padding-left:0px\">\n<figure class=\"wp-block-image aligncenter size-large is-resized\"><a href=\"https:\/\/sfb1436.de\/wp-content\/uploads\/2025\/02\/Z03_25-28_abstract-1024x346.png\"><img fetchpriority=\"high\" decoding=\"async\" width=\"1024\" height=\"346\" src=\"https:\/\/sfb1436.de\/wp-content\/uploads\/2025\/02\/Z03_25-28_abstract-1024x346.png\" alt=\"graphical abstract Z03 2025-2028\" class=\"wp-image-25583\" style=\"width:450px\"\/><\/a><\/figure>\n<\/div>\n\n\n\n<div class=\"wp-block-column is-vertically-aligned-center is-layout-flow wp-block-column-is-layout-flow\" style=\"padding-top:0px;padding-right:0px;padding-bottom:0px;padding-left:0px\">\n<p class=\"wp-block-paragraph\">In der ersten F\u00f6rderperiode haben wir eine Kohorte von insgesamt mehr als 300 kognitiv normalen \u00e4lteren Menschen (Alter \u2265 60 Jahre) und SuperAgern aufgebaut. Diese Kohorte wird in der 2. F\u00f6rderperiode longitudinal verfolgt. Weiterhin sollen insgesamt ca. 80 neue SuperAger eingeschlossen werden.&nbsp; Die Kohorte wird mittels Bildgebung (PET\/MRT) und Blutmarkern f\u00fcr altersbedingte Pathologie charakterisiert. Diese Kohorte wird dann in verschiedenen Teilprojekten weiter untersucht, um die Mechanismen von Resilienz und Super Aging besser zu verstehen.<\/p>\n<\/div>\n<\/div>\n\n\n\n<div class=\"wp-block-columns are-vertically-aligned-top is-layout-flex wp-container-core-columns-is-layout-43c3a9c5 wp-block-columns-is-layout-flex\" id=\"project-anchor\" style=\"padding-top:0px;padding-bottom:30px\">\n<div class=\"wp-block-column is-vertically-aligned-top is-layout-flow wp-block-column-is-layout-flow\">\n<div class=\"wp-block-columns is-layout-flex wp-container-core-columns-is-layout-f56f613f wp-block-columns-is-layout-flex\">\n<div class=\"wp-block-column is-layout-flow wp-block-column-is-layout-flow\" id=\"projekt\">\n<div class=\"wp-block-buttons is-horizontal is-content-justification-center is-layout-flex wp-container-core-buttons-is-layout-b0be8b0e wp-block-buttons-is-layout-flex\">\n<div class=\"wp-block-button has-custom-width wp-block-button__width-100 is-style-fill\"><a class=\"wp-block-button__link has-white-color has-project-c-background-color has-text-color has-background has-normal-font-size has-custom-font-size wp-element-button\" href=\"#what-characterizes-the-project\"><strong>Unsere Forschung<\/strong><\/a><\/div>\n<\/div>\n<\/div>\n\n\n\n<div class=\"wp-block-column is-layout-flow wp-block-column-is-layout-flow\">\n<div class=\"wp-block-buttons is-horizontal is-content-justification-center is-layout-flex wp-container-core-buttons-is-layout-b0be8b0e wp-block-buttons-is-layout-flex\">\n<div class=\"wp-block-button has-custom-width wp-block-button__width-100 is-style-fill\"><a class=\"wp-block-button__link has-white-color has-secondary-background-color has-text-color has-background has-normal-font-size has-custom-font-size wp-element-button\" href=\"#the-goals-of-our-project\"><strong><strong><strong><strong><strong><strong><strong><strong>Ziele unseres Projektes<\/strong><\/strong><\/strong><\/strong><\/strong><\/strong><\/strong><\/strong><\/a><\/div>\n<\/div>\n<\/div>\n\n\n\n<div class=\"wp-block-column is-layout-flow wp-block-column-is-layout-flow\" id=\"projekt\">\n<div class=\"wp-block-buttons is-horizontal is-content-justification-center is-layout-flex wp-container-core-buttons-is-layout-b0be8b0e wp-block-buttons-is-layout-flex\">\n<div class=\"wp-block-button has-custom-width wp-block-button__width-100 is-style-fill\"><a class=\"wp-block-button__link has-white-color has-project-c-background-color has-text-color has-background has-normal-font-size has-custom-font-size wp-element-button\" href=\"#look-into-the-future\"><strong><strong>Blick in die Zukunft<\/strong><\/strong><\/a><\/div>\n<\/div>\n<\/div>\n\n\n\n<div class=\"wp-block-column is-layout-flow wp-block-column-is-layout-flow\">\n<div class=\"wp-block-buttons is-horizontal is-content-justification-center is-layout-flex wp-container-core-buttons-is-layout-b0be8b0e wp-block-buttons-is-layout-flex\">\n<div class=\"wp-block-button has-custom-width wp-block-button__width-100 is-style-fill\"><a class=\"wp-block-button__link has-white-color has-secondary-background-color has-text-color has-background has-normal-font-size has-custom-font-size wp-element-button\" href=\"#publications\"><strong><strong><strong><strong><strong><strong><strong><strong>Publikationen<\/strong><\/strong><\/strong><\/strong><\/strong><\/strong><\/strong><\/strong><\/a><\/div>\n<\/div>\n<\/div>\n<\/div>\n<\/div>\n<\/div>\n<\/div>\n\n\n\n<div class=\"wp-block-columns alignfull has-tertiary-background-color has-background is-layout-flex wp-container-core-columns-is-layout-763026b3 wp-block-columns-is-layout-flex\" style=\"margin-top:0px;margin-bottom:0px\">\n<div class=\"wp-block-column is-layout-flow wp-block-column-is-layout-flow\" id=\"pi\">\n<h2 class=\"wp-block-heading has-text-align-center\" id=\"gruppenleitung\" style=\"font-style:normal;font-weight:500\">Gruppenleitung<\/h2>\n\n\n<div id=\"awsm-team-25654\" class=\"awsm-grid-wrapper\">\n\t\t\n\t\t<div class=''>\n\t\t<div class=\"gridder awsm-grid drawer-style style-1 grid-2-col \">\n\t\t\t\t\t\t<div id=\"awsm-member-25654-3635\" class=\"awsm-grid-list awsm-grid-card awsm-team-item awsm-scale-anm awsm-all\" data-griddercontent=\"#awsm-grid-content-3635\">\n\t\t\t\t\t<span class=\"awsm-team-link-control awsm-grid-list-item awsm-grid-list-item-3635\" data-info=\"3635\">\n\t\t\t\t\t\t<figure>\n\t\t\t\t\t\t<img decoding=\"async\" width=\"800\" height=\"982\" src=\"https:\/\/sfb1436.de\/wp-content\/uploads\/2021\/12\/Duezel_web.jpg\" class=\"attachment-awsm_team size-awsm_team wp-post-image\" alt=\"SFB 1436 Mitglied Emrah D\u00fczel\" \/>\t\t\t\t\t\t\t<figcaption>\n\t\t\t\t\t\t\t\t<div class=\"awsm-personal-info\"><span><\/span><h3>Prof. Dr. med. Emrah D\u00fczel<\/h3><\/div>\t\t\t\t\t\t\t<\/figcaption>\n\t\t\t\t\t\t<\/figure>\n\t\t\t\t\t<\/span>\n\t\t\t\t<\/div>\n\t\t\t\t\t\t\t<div id=\"awsm-member-25654-3682\" class=\"awsm-grid-list awsm-grid-card awsm-team-item awsm-scale-anm awsm-all\" data-griddercontent=\"#awsm-grid-content-3682\">\n\t\t\t\t\t<span class=\"awsm-team-link-control awsm-grid-list-item awsm-grid-list-item-3682\" data-info=\"3682\">\n\t\t\t\t\t\t<figure>\n\t\t\t\t\t\t<img decoding=\"async\" width=\"800\" height=\"667\" src=\"https:\/\/sfb1436.de\/wp-content\/uploads\/2022\/02\/Michael-Kreissl_20210419-052-800x667.jpg\" class=\"attachment-awsm_team size-awsm_team wp-post-image\" alt=\"SFB 1436 Mitglied Michael Krei\u00dfl\" \/>\t\t\t\t\t\t\t<figcaption>\n\t\t\t\t\t\t\t\t<div class=\"awsm-personal-info\"><span><\/span><h3>Prof. Dr. med. Michael Krei\u00dfl<\/h3><\/div>\t\t\t\t\t\t\t<\/figcaption>\n\t\t\t\t\t\t<\/figure>\n\t\t\t\t\t<\/span>\n\t\t\t\t<\/div>\n\t\t\t\t\t\t\t<div id=\"awsm-member-25654-3698\" class=\"awsm-grid-list awsm-grid-card awsm-team-item awsm-scale-anm awsm-all awsm-141\" data-griddercontent=\"#awsm-grid-content-3698\">\n\t\t\t\t\t<span class=\"awsm-team-link-control awsm-grid-list-item awsm-grid-list-item-3698\" data-info=\"3698\">\n\t\t\t\t\t\t<figure>\n\t\t\t\t\t\t<img loading=\"lazy\" decoding=\"async\" width=\"800\" height=\"1000\" src=\"https:\/\/sfb1436.de\/wp-content\/uploads\/2025\/06\/Anne-Maass-800x1000.jpg\" class=\"attachment-awsm_team size-awsm_team wp-post-image\" alt=\"SFB 1436 Mitglied Anne Maa\u00df\" \/>\t\t\t\t\t\t\t<figcaption>\n\t\t\t\t\t\t\t\t<div class=\"awsm-personal-info\"><span><\/span><h3>Prof. Dr.\u00a0Anne Maass<\/h3><\/div>\t\t\t\t\t\t\t<\/figcaption>\n\t\t\t\t\t\t<\/figure>\n\t\t\t\t\t<\/span>\n\t\t\t\t<\/div>\n\t\t\t\t\t<\/div>\n\t\t<div class=\"awsm-grid-expander style-1\">\n\t\t\t\t\t\t<div id=\"awsm-member-info-25654-3635\"  class=\"awsm-grid-expander style-1\">\n\t\t\t\t<div class=\"awsm-detailed-info\" id=\"awsm-grid-content-3635\">\n\t\t\t\t\t<div class=\"awsm-details\">\n\t\t\t\t\t\t<div class=\"awsm-personal-details\">\n\t\t\t\t\t\t\t<div class=\"awsm-content-scrollbar\">\n\t\t\t\t\t\t\t\t<span><\/span><h2>Prof. Dr. med. Emrah D\u00fczel<\/h2>\n<p class=\"wp-block-paragraph\">Als Neurologe besch\u00e4ftigt sich Emrah D\u00fczel mit der funktionellen Anatomie menschlicher episodischer Ged\u00e4chtnisnetzwerke, neuromodulatorischen Schaltkreisen, ihren klinischen und mechanistischen Ver\u00e4nderungen bei Alterung und Neurodegeneration und ihren M\u00f6glichkeiten der Plastizit\u00e4t. Er leitet das Institut f\u00fcr Kognitive Neurologie und Demenzforschung sowie die Ged\u00e4chtnisambulanz an der Otto-von-Guericke Universit\u00e4t Magdeburg. Als Sprecher des Magdeburger Standortes des Deutschen Zentrums f\u00fcr Neurodegenerative Erkrankungen (DZNE, Helmholtz-Gemeinschaft) unterst\u00fctzt er die Durchf\u00fchrung und Auswertung von bildgebenden und kognitiven Ma\u00dfnahmen zur fr\u00fchen Alzheimer-Erkrankung. Au\u00dferdem ist er Teilzeitgruppenleiter am Institute of Cognitive Neuroscience am Universit\u00e4ts-College London, Fellow der Max-Planck School of Cognition und Mitbegr\u00fcnder des Digital Health Start-ups neotiv. Innerhalb des neu gegr\u00fcndeten Deutschen Netzwerks der Ged\u00e4chtnisambulanzen koordiniert er eine Arbeitsgruppe zu Digital Health und Telemedizin.<\/p>\n\t\t\t\t\t\t\t<\/div>\n\t\t\t\t\t\t<\/div>\n\t\t\t\t\t<\/div>\n\t\t\t\t\t<div class=\"awsm-personal-contact-info\">\n\t\t\t\t\t   <div class=\"awsm-contact-details\"><p><span>Institut:<\/span><a href=\"http:\/\/www.med.ovgu.de\/\" target=\"_blank\">Otto-von Guericke-Universit\u00e4t Magdeburg, Medizinische Fakult\u00e4t<\/a><\/p><p><span>:<\/span><a href=\"https:\/\/www.dzne.de\/\" target=\"_blank\">Deutsches Zentrum f\u00fcr Neurodegenerative Erkrankungen (DZNE), Magdeburg<\/a><\/p><p><span>Project Title:<\/span><a href=\"https:\/\/sfb1436.de\/de\/projekte\/a04_verbesserung-der-kognitiven-leistungsfaehigkeit-durch-das-anti-aging-hormon-klotho\/\" target=\"_blank\"><b>A04<\/b> Verbesserung der kognitiven Leistungsf\u00e4higkeit durch das Anti-Aging Hormon Klotho \u2013 Von molekularen Mechanismen zu Interventionen<\/a><\/p><p><span>Project Title:<\/span><a href=\"https:\/\/sfb1436.de\/de\/projekte\/b02-mobilisierung-von-reserve-im-episodischen-gedaechtnis-bei-menschen-mit-alzheimerpathologie\/\" target=\"_blank\"><b>B02<\/b> Mobilisierung von Reserve im episodischen Ged\u00e4chtnis bei Menschen mit Alzheimerpathologie<\/a><\/p><p><span>Project Title:<\/span><a href=\"https:\/\/sfb1436.de\/de\/projekte\/z03-erstellung-und-untersuchung-einer-biomarker-basierten-alterskohorte\/\" target=\"_blank\"><b>Z03<\/b> Erstellung und Untersuchung einer Biomarker-basierten Alterskohorte<\/a><\/p><\/div><div class=\"awsm-social-icons\"><span><a href=\"mailto:emrah.duezel@dzne.de\"><i class=\"awsm-icon-mail\" aria-hidden=\"true\"><\/i><\/a><\/span><span><a href=\"tel:+49-391-67-25051\" target=\"_blank\"><i class=\"awsm-icon-phone\" aria-hidden=\"true\"><\/i><\/a><\/span><span><a href=\"http:\/\/www.iknd.ovgu.de\/\" target=\"_blank\"><i class=\"awsm-icon-link\" aria-hidden=\"true\"><\/i><\/a><\/span><span><a href=\"https:\/\/twitter.com\/duzellab\" target=\"_blank\"><i class=\"awsm-icon-twitter\" aria-hidden=\"true\"><\/i><\/a><\/span><\/div>\t\t\t\t\t<\/div>\n\t\t\t\t<\/div>\n\t\t\t<\/div>\n\t\t\t\t\t\t\t<div id=\"awsm-member-info-25654-3682\"  class=\"awsm-grid-expander style-1\">\n\t\t\t\t<div class=\"awsm-detailed-info\" id=\"awsm-grid-content-3682\">\n\t\t\t\t\t<div class=\"awsm-details\">\n\t\t\t\t\t\t<div class=\"awsm-personal-details\">\n\t\t\t\t\t\t\t<div class=\"awsm-content-scrollbar\">\n\t\t\t\t\t\t\t\t<span><\/span><h2>Prof. Dr. med. Michael Krei\u00dfl<\/h2>\n<p class=\"wp-block-paragraph\">coming soon<\/p>\n\t\t\t\t\t\t\t<\/div>\n\t\t\t\t\t\t<\/div>\n\t\t\t\t\t<\/div>\n\t\t\t\t\t<div class=\"awsm-personal-contact-info\">\n\t\t\t\t\t   <div class=\"awsm-contact-details\"><p><span>Institut:<\/span><a href=\"http:\/\/www.med.ovgu.de\/\" target=\"_blank\">Otto-von Guericke-Universit\u00e4t Magdeburg, Medizinische Fakult\u00e4t<\/a><\/p><p><span>Project Title:<\/span><a href=\"https:\/\/sfb1436.de\/de\/projekte\/z03-erstellung-und-untersuchung-einer-biomarker-basierten-alterskohorte\/\" target=\"_blank\"><b>Z03<\/b> Erstellung und Untersuchung einer Biomarker-basierten Alterskohorte<\/a><\/p><\/div><div class=\"awsm-social-icons\"><span><a href=\"mailto:michael.kreissl@med.ovgu.de\"><i class=\"awsm-icon-mail\" aria-hidden=\"true\"><\/i><\/a><\/span><span><a href=\"tel:+49-391-67-13000\" target=\"_blank\"><i class=\"awsm-icon-phone\" aria-hidden=\"true\"><\/i><\/a><\/span><span><a href=\"http:\/\/krn.med.ovgu.de\/Team\/Nuklearmedizin\/Prof_+Dr_+med_+Michael+Krei%C3%9Fl-p-300.html\" target=\"_blank\"><i class=\"awsm-icon-link\" aria-hidden=\"true\"><\/i><\/a><\/span><\/div>\t\t\t\t\t<\/div>\n\t\t\t\t<\/div>\n\t\t\t<\/div>\n\t\t\t\t\t\t\t<div id=\"awsm-member-info-25654-3698\"  class=\"awsm-grid-expander style-1\">\n\t\t\t\t<div class=\"awsm-detailed-info\" id=\"awsm-grid-content-3698\">\n\t\t\t\t\t<div class=\"awsm-details\">\n\t\t\t\t\t\t<div class=\"awsm-personal-details\">\n\t\t\t\t\t\t\t<div class=\"awsm-content-scrollbar\">\n\t\t\t\t\t\t\t\t<span><\/span><h2>Prof. Dr.\u00a0Anne Maass<\/h2>\n<p class=\"wp-block-paragraph\">Dr. Anne Maass leitet eine Nachwuchsforschergruppe am DZNE (seit 2019). In ihrer Forschung nutzt sie multimodale Bildgebungsverfahren um besser zu verstehen, wie sich das Gehirn und dessen Funktion im Alter und in altersbedingten Erkrankungen wie der Alzheimer Krankheit ver\u00e4ndert. In ihrer fr\u00fcheren Forschungsarbeit nutzte sie z.B. hochaufl\u00f6sendes funktionelles MRT um Ged\u00e4chtnisnetzwerke im Medialen Temporallappen und dessen Plastizit\u00e4t im Alter zu untersuchen. W\u00e4hrend ihrer Post Doktorandenzeit in UC Berkeley kombinierte sie funktionelles MRT und molekulare Bildgebung (PET), die es erm\u00f6glicht Alzheimer Proteine im Gehirn sichtbar zu machen. Dabei erforschte sie wie Tau und Amyloid-beta Proteine, die sich bei der Alzheimer Erkrankung im Gehirn ablagern, die Hirnfunktion und Ged\u00e4chtnisnetzwerke beeintr\u00e4chtigen. Am DZNE f\u00fchrt sie diese Forschung fort und versucht mit Hilfe multimodaler Bildgebungsverfahren (z.B. PET, fMRT) zu verstehen, was zur Ausbreitung von Alzheimer Pathologie f\u00fchrt und warum manche Menschen resistent dagegen sind (keine Ablagerungen entwickeln) oder andere trotz Pathologie kognitiv unbeeintr\u00e4chtigt bleiben (resilient sind). Im SFB1436 leitet sie das &nbsp;Z03 Projekt gemeinsam mit Prof. D\u00fczel and Prof. Kreissl sowie das Projekt B04 gemeinsam mit &nbsp;Esther K\u00fchn und Stefanie Schreiber (Co-PI: Nadine Diersch).<\/p>\n\t\t\t\t\t\t\t<\/div>\n\t\t\t\t\t\t<\/div>\n\t\t\t\t\t<\/div>\n\t\t\t\t\t<div class=\"awsm-personal-contact-info\">\n\t\t\t\t\t   <div class=\"awsm-contact-details\"><p><span>Institut:<\/span><a href=\"https:\/\/www.fnw.ovgu.de\/\" target=\"_blank\">Otto-von Guericke-Universit\u00e4t Magdeburg, Fakult\u00e4t f\u00fcr Naturwissenschaften<\/a> <\/p><p><span>Institut:<\/span><a href=\"https:\/\/www.dzne.de\/\" target=\"_blank\">Deutsches Zentrum f\u00fcr Neurodegenerative Erkrankungen e.V. (DZNE), Magdeburg<\/a><\/p><p><span>Project:<\/span><a href=\"https:\/\/sfb1436.de\/de\/projekte\/b04-synaptische-dichte-funktion-von-mtl-kreislaeufen-und-mikrovaskulaere-plastizitaet-im-alterungsprozess-und-bei-super-agern\/\" target=\"_blank\"><b>B04<\/b> Synaptische Dichte, Funktion von MTL-Kreisl\u00e4ufen und mikrovaskul\u00e4re Plastizit\u00e4t im Alterungsprozess und bei \u201eSuper-Agern\u201c<\/a><\/p><p><span>:<\/span><a href=\"https:\/\/sfb1436.de\/de\/projekte\/z03-erstellung-und-untersuchung-einer-biomarker-basierten-alterskohorte\/\" target=\"_blank\"><b>Z03<\/b> Erstellung und Untersuchung einer Biomarker-basierten Alterskohorte<\/a><\/p><\/div><div class=\"awsm-social-icons\"><span><a href=\"mailto:Anne.Maass@dzne.de\"><i class=\"awsm-icon-mail\" aria-hidden=\"true\"><\/i><\/a><\/span><span><a href=\"tel:+493916724620\" target=\"_blank\"><i class=\"awsm-icon-phone\" aria-hidden=\"true\"><\/i><\/a><\/span><span><a href=\"https:\/\/www.dzne.de\/en\/research\/research-areas\/clinical-research\/research-groups\/maass\/research-areasfocus\/\" target=\"_blank\"><i class=\"awsm-icon-link\" aria-hidden=\"true\"><\/i><\/a><\/span><\/div>\t\t\t\t\t<\/div>\n\t\t\t\t<\/div>\n\t\t\t<\/div>\n\t\t\t\t\t\t<\/div>\n\t<\/div>\n\t<\/div>\n\n\n\n\n<div class=\"wp-block-columns justify-content-center is-layout-flex wp-container-core-columns-is-layout-f56f613f wp-block-columns-is-layout-flex\">\n<div class=\"wp-block-column is-layout-flow wp-block-column-is-layout-flow\" style=\"flex-basis:1350px\">\n<h2 class=\"wp-block-heading has-text-align-center\" id=\"gruppenmitglieder\" style=\"font-style:normal;font-weight:500\">Gruppenmitglieder<\/h2>\n\n\n<div id=\"awsm-team-25655\" class=\"awsm-grid-wrapper\">\n\t\t\n\t\t<div class=''>\n\t\t<div class=\"gridder awsm-grid drawer-style style-1 grid-2-col \">\n\t\t\t\t\t\t<div id=\"awsm-member-25655-3602\" class=\"awsm-grid-list awsm-grid-card awsm-team-item awsm-scale-anm awsm-all\" data-griddercontent=\"#awsm-grid-content-3602\">\n\t\t\t\t\t<span class=\"awsm-team-link-control awsm-grid-list-item awsm-grid-list-item-3602\" data-info=\"3602\">\n\t\t\t\t\t\t<figure>\n\t\t\t\t\t\t<img loading=\"lazy\" decoding=\"async\" width=\"800\" height=\"780\" src=\"https:\/\/sfb1436.de\/wp-content\/uploads\/2022\/01\/no-image-woman-2.png\" class=\"attachment-awsm_team size-awsm_team wp-post-image\" alt=\"Platzhalter SFB 1436 Magdeburg Mitglieder kein Foto\" \/>\t\t\t\t\t\t\t<figcaption>\n\t\t\t\t\t\t\t\t<div class=\"awsm-personal-info\"><span><\/span><h3>Dr. Kathrin Baldauf<\/h3><\/div>\t\t\t\t\t\t\t<\/figcaption>\n\t\t\t\t\t\t<\/figure>\n\t\t\t\t\t<\/span>\n\t\t\t\t<\/div>\n\t\t\t\t\t\t\t<div id=\"awsm-member-25655-26034\" class=\"awsm-grid-list awsm-grid-card awsm-team-item awsm-scale-anm awsm-all\" data-griddercontent=\"#awsm-grid-content-26034\">\n\t\t\t\t\t<span class=\"awsm-team-link-control awsm-grid-list-item awsm-grid-list-item-26034\" data-info=\"26034\">\n\t\t\t\t\t\t<figure>\n\t\t\t\t\t\t<img loading=\"lazy\" decoding=\"async\" width=\"800\" height=\"1000\" src=\"https:\/\/sfb1436.de\/wp-content\/uploads\/2025\/05\/Niklas_Behrenbruch-800x1000.jpg\" class=\"attachment-awsm_team size-awsm_team wp-post-image\" alt=\"SFB 1436 Mitglied Niklas Behrenbruch\" \/>\t\t\t\t\t\t\t<figcaption>\n\t\t\t\t\t\t\t\t<div class=\"awsm-personal-info\"><span><\/span><h3>Niklas Behrenbruch<\/h3><\/div>\t\t\t\t\t\t\t<\/figcaption>\n\t\t\t\t\t\t<\/figure>\n\t\t\t\t\t<\/span>\n\t\t\t\t<\/div>\n\t\t\t\t\t\t\t<div id=\"awsm-member-25655-26037\" class=\"awsm-grid-list awsm-grid-card awsm-team-item awsm-scale-anm awsm-all\" data-griddercontent=\"#awsm-grid-content-26037\">\n\t\t\t\t\t<span class=\"awsm-team-link-control awsm-grid-list-item awsm-grid-list-item-26037\" data-info=\"26037\">\n\t\t\t\t\t\t<figure>\n\t\t\t\t\t\t<img loading=\"lazy\" decoding=\"async\" width=\"800\" height=\"780\" src=\"https:\/\/sfb1436.de\/wp-content\/uploads\/2022\/01\/no-image-woman-1.png\" class=\"attachment-awsm_team size-awsm_team wp-post-image\" alt=\"Platzhalter SFB 1436 Magdeburg Mitglieder kein Foto\" \/>\t\t\t\t\t\t\t<figcaption>\n\t\t\t\t\t\t\t\t<div class=\"awsm-personal-info\"><span><\/span><h3>Anna-Therese B\u00fcchel<\/h3><\/div>\t\t\t\t\t\t\t<\/figcaption>\n\t\t\t\t\t\t<\/figure>\n\t\t\t\t\t<\/span>\n\t\t\t\t<\/div>\n\t\t\t\t\t\t\t<div id=\"awsm-member-25655-3645\" class=\"awsm-grid-list awsm-grid-card awsm-team-item awsm-scale-anm awsm-all\" data-griddercontent=\"#awsm-grid-content-3645\">\n\t\t\t\t\t<span class=\"awsm-team-link-control awsm-grid-list-item awsm-grid-list-item-3645\" data-info=\"3645\">\n\t\t\t\t\t\t<figure>\n\t\t\t\t\t\t<img loading=\"lazy\" decoding=\"async\" width=\"800\" height=\"1000\" src=\"https:\/\/sfb1436.de\/wp-content\/uploads\/2022\/05\/20210615-504-Berta-Garcia-Garcia-800x1000.jpg\" class=\"attachment-awsm_team size-awsm_team wp-post-image\" alt=\"SFB 1436 Mitglied Berta Garcia Garcia\" \/>\t\t\t\t\t\t\t<figcaption>\n\t\t\t\t\t\t\t\t<div class=\"awsm-personal-info\"><span><\/span><h3>Dr. Berta Garcia Garcia<\/h3><\/div>\t\t\t\t\t\t\t<\/figcaption>\n\t\t\t\t\t\t<\/figure>\n\t\t\t\t\t<\/span>\n\t\t\t\t<\/div>\n\t\t\t\t\t\t\t<div id=\"awsm-member-25655-26497\" class=\"awsm-grid-list awsm-grid-card awsm-team-item awsm-scale-anm awsm-all\" data-griddercontent=\"#awsm-grid-content-26497\">\n\t\t\t\t\t<span class=\"awsm-team-link-control awsm-grid-list-item awsm-grid-list-item-26497\" data-info=\"26497\">\n\t\t\t\t\t\t<figure>\n\t\t\t\t\t\t<img loading=\"lazy\" decoding=\"async\" width=\"800\" height=\"1000\" src=\"https:\/\/sfb1436.de\/wp-content\/uploads\/2025\/05\/Joseph-Hoepker-800x1000.jpg\" class=\"attachment-awsm_team size-awsm_team wp-post-image\" alt=\"SFB Mitglied Joseph H\u00f6pker-Fernandes\" \/>\t\t\t\t\t\t\t<figcaption>\n\t\t\t\t\t\t\t\t<div class=\"awsm-personal-info\"><span><\/span><h3>Joseph H\u00f6pker-Fernandes<\/h3><\/div>\t\t\t\t\t\t\t<\/figcaption>\n\t\t\t\t\t\t<\/figure>\n\t\t\t\t\t<\/span>\n\t\t\t\t<\/div>\n\t\t\t\t\t\t\t<div id=\"awsm-member-25655-26481\" class=\"awsm-grid-list awsm-grid-card awsm-team-item awsm-scale-anm awsm-all\" data-griddercontent=\"#awsm-grid-content-26481\">\n\t\t\t\t\t<span class=\"awsm-team-link-control awsm-grid-list-item awsm-grid-list-item-26481\" data-info=\"26481\">\n\t\t\t\t\t\t<figure>\n\t\t\t\t\t\t<img loading=\"lazy\" decoding=\"async\" width=\"800\" height=\"1000\" src=\"https:\/\/sfb1436.de\/wp-content\/uploads\/2025\/04\/Ulrike-Pankratz-800x1000.jpg\" class=\"attachment-awsm_team size-awsm_team wp-post-image\" alt=\"SFB 1436 Mitglied Ulrike Pankratz\" \/>\t\t\t\t\t\t\t<figcaption>\n\t\t\t\t\t\t\t\t<div class=\"awsm-personal-info\"><span><\/span><h3>Ulrike Pankratz<\/h3><\/div>\t\t\t\t\t\t\t<\/figcaption>\n\t\t\t\t\t\t<\/figure>\n\t\t\t\t\t<\/span>\n\t\t\t\t<\/div>\n\t\t\t\t\t\t\t<div id=\"awsm-member-25655-3739\" class=\"awsm-grid-list awsm-grid-card awsm-team-item awsm-scale-anm awsm-all\" data-griddercontent=\"#awsm-grid-content-3739\">\n\t\t\t\t\t<span class=\"awsm-team-link-control awsm-grid-list-item awsm-grid-list-item-3739\" data-info=\"3739\">\n\t\t\t\t\t\t<figure>\n\t\t\t\t\t\t<img loading=\"lazy\" decoding=\"async\" width=\"800\" height=\"785\" src=\"https:\/\/sfb1436.de\/wp-content\/uploads\/2022\/01\/no-image-men-4.png\" class=\"attachment-awsm_team size-awsm_team wp-post-image\" alt=\"Platzhalter SFB 1436 Magdeburg Mitglieder kein Foto\" \/>\t\t\t\t\t\t\t<figcaption>\n\t\t\t\t\t\t\t\t<div class=\"awsm-personal-info\"><span><\/span><h3>Dr. Peter Schulze<\/h3><\/div>\t\t\t\t\t\t\t<\/figcaption>\n\t\t\t\t\t\t<\/figure>\n\t\t\t\t\t<\/span>\n\t\t\t\t<\/div>\n\t\t\t\t\t\t\t<div id=\"awsm-member-25655-15448\" class=\"awsm-grid-list awsm-grid-card awsm-team-item awsm-scale-anm awsm-all\" data-griddercontent=\"#awsm-grid-content-15448\">\n\t\t\t\t\t<span class=\"awsm-team-link-control awsm-grid-list-item awsm-grid-list-item-15448\" data-info=\"15448\">\n\t\t\t\t\t\t<figure>\n\t\t\t\t\t\t<img loading=\"lazy\" decoding=\"async\" width=\"800\" height=\"1000\" src=\"https:\/\/sfb1436.de\/wp-content\/uploads\/2022\/08\/Schumann-Werner-800x1000.jpg\" class=\"attachment-awsm_team size-awsm_team wp-post-image\" alt=\"SFB 1436 Mitglied Beate Schumann-Werner\" \/>\t\t\t\t\t\t\t<figcaption>\n\t\t\t\t\t\t\t\t<div class=\"awsm-personal-info\"><span><\/span><h3>Dr. Beate Schumann-Werner<\/h3><\/div>\t\t\t\t\t\t\t<\/figcaption>\n\t\t\t\t\t\t<\/figure>\n\t\t\t\t\t<\/span>\n\t\t\t\t<\/div>\n\t\t\t\t\t\t\t<div id=\"awsm-member-25655-3741\" class=\"awsm-grid-list awsm-grid-card awsm-team-item awsm-scale-anm awsm-all\" data-griddercontent=\"#awsm-grid-content-3741\">\n\t\t\t\t\t<span class=\"awsm-team-link-control awsm-grid-list-item awsm-grid-list-item-3741\" data-info=\"3741\">\n\t\t\t\t\t\t<figure>\n\t\t\t\t\t\t<img loading=\"lazy\" decoding=\"async\" width=\"800\" height=\"1000\" src=\"https:\/\/sfb1436.de\/wp-content\/uploads\/2022\/05\/20210614-439-Svenja-Schwarck-800x1000.jpg\" class=\"attachment-awsm_team size-awsm_team wp-post-image\" alt=\"SFB 1436 Mitglied Svenja Schwarck\" \/>\t\t\t\t\t\t\t<figcaption>\n\t\t\t\t\t\t\t\t<div class=\"awsm-personal-info\"><span><\/span><h3>Svenja Schwarck<\/h3><\/div>\t\t\t\t\t\t\t<\/figcaption>\n\t\t\t\t\t\t<\/figure>\n\t\t\t\t\t<\/span>\n\t\t\t\t<\/div>\n\t\t\t\t\t\t\t<div id=\"awsm-member-25655-26474\" class=\"awsm-grid-list awsm-grid-card awsm-team-item awsm-scale-anm awsm-all\" data-griddercontent=\"#awsm-grid-content-26474\">\n\t\t\t\t\t<span class=\"awsm-team-link-control awsm-grid-list-item awsm-grid-list-item-26474\" data-info=\"26474\">\n\t\t\t\t\t\t<figure>\n\t\t\t\t\t\t<img loading=\"lazy\" decoding=\"async\" width=\"800\" height=\"1000\" src=\"https:\/\/sfb1436.de\/wp-content\/uploads\/2025\/04\/Vivica-Sommerfeld-800x1000.jpg\" class=\"attachment-awsm_team size-awsm_team wp-post-image\" alt=\"SFB 1436 Mitglied Vivica Sommerfeld\" \/>\t\t\t\t\t\t\t<figcaption>\n\t\t\t\t\t\t\t\t<div class=\"awsm-personal-info\"><span><\/span><h3>Vivica Sommerfeld<\/h3><\/div>\t\t\t\t\t\t\t<\/figcaption>\n\t\t\t\t\t\t<\/figure>\n\t\t\t\t\t<\/span>\n\t\t\t\t<\/div>\n\t\t\t\t\t<\/div>\n\t\t<div class=\"awsm-grid-expander style-1\">\n\t\t\t\t\t\t<div id=\"awsm-member-info-25655-3602\"  class=\"awsm-grid-expander style-1\">\n\t\t\t\t<div class=\"awsm-detailed-info\" id=\"awsm-grid-content-3602\">\n\t\t\t\t\t<div class=\"awsm-details\">\n\t\t\t\t\t\t<div class=\"awsm-personal-details\">\n\t\t\t\t\t\t\t<div class=\"awsm-content-scrollbar\">\n\t\t\t\t\t\t\t\t<span><\/span><h2>Dr. Kathrin Baldauf<\/h2>\n<p class=\"wp-block-paragraph\">coming soon<\/p>\n\t\t\t\t\t\t\t<\/div>\n\t\t\t\t\t\t<\/div>\n\t\t\t\t\t<\/div>\n\t\t\t\t\t<div class=\"awsm-personal-contact-info\">\n\t\t\t\t\t   <div class=\"awsm-contact-details\"><p><span>:<\/span><a href=\"https:\/\/www.dzne.de\/\" target=\"_blank\">Deutsches Zentrum f\u00fcr Neurodegenerative Erkrankungen (DZNE), Magdeburg<\/a><\/p><p><span>Projekt:<\/span><a href=\"https:\/\/sfb1436.de\/de\/projekte\/z03-erstellung-und-untersuchung-einer-biomarker-basierten-alterskohorte\/\" target=\"_blank\"><b>Z03<\/b> Erstellung und Untersuchung einer Biomarker-basierten Alterskohorte<\/a><\/p><\/div><div class=\"awsm-social-icons\"><span><a href=\"mailto:Kathrin.Baldauf@dzne.de\"><i class=\"awsm-icon-mail\" aria-hidden=\"true\"><\/i><\/a><\/span><span><a href=\"https:\/\/www.dzne.de\/forschung\/forschungsbereiche\/klinische-forschung\/forschungsgruppen\/maass\/forschungsschwerpunkte\/\" target=\"_blank\"><i class=\"awsm-icon-link\" aria-hidden=\"true\"><\/i><\/a><\/span><\/div>\t\t\t\t\t<\/div>\n\t\t\t\t<\/div>\n\t\t\t<\/div>\n\t\t\t\t\t\t\t<div id=\"awsm-member-info-25655-26034\"  class=\"awsm-grid-expander style-1\">\n\t\t\t\t<div class=\"awsm-detailed-info\" id=\"awsm-grid-content-26034\">\n\t\t\t\t\t<div class=\"awsm-details\">\n\t\t\t\t\t\t<div class=\"awsm-personal-details\">\n\t\t\t\t\t\t\t<div class=\"awsm-content-scrollbar\">\n\t\t\t\t\t\t\t\t<span><\/span><h2>Niklas Behrenbruch<\/h2>\n<p class=\"wp-block-paragraph\">Nach meinem Masterabschluss in Integrativer Neurowissenschaft in Magdeburg habe ich eineinhalb Jahre (06\/2023\u201312\/2024) als wissenschaftlicher Mitarbeiter in Z03 w\u00e4hrend der ersten F\u00f6rderphase des SFB1436 gearbeitet, wo ich in die Studienkoordination eingebunden war. Seit Januar 2025 bin ich Doktorand in RTG2413 SynAGE und untersuche in Zusammenarbeit mit Z03 neuronale \u00dcbererregbarkeit im Alter. Bei Z03 bin ich weiterhin in der Durchf\u00fchrung kognitiver Tests und Analysen t\u00e4tig und stehe beratend zur Verf\u00fcgung.<\/p>\n\t\t\t\t\t\t\t<\/div>\n\t\t\t\t\t\t<\/div>\n\t\t\t\t\t<\/div>\n\t\t\t\t\t<div class=\"awsm-personal-contact-info\">\n\t\t\t\t\t   <div class=\"awsm-contact-details\"><p><span>Institut:<\/span><a href=\"https:\/\/www.dzne.de\/\" target=\"_blank\">Deutsches Zentrum f\u00fcr Neurodegenerative Erkrankungen (DZNE), Magdeburg<\/a><\/p><p><span>Projekt:<\/span><a href=\"https:\/\/sfb1436.de\/de\/projekte\/z03-erstellung-und-untersuchung-einer-biomarker-basierten-alterskohorte\/\" target=\"_blank\"><b>Z03<\/b> Erstellung und Untersuchung einer Biomarker-basierten Alterskohorte<\/a><\/p><\/div><div class=\"awsm-social-icons\"><span><a href=\"mailto:Niklas.Behrenbruch@dzne.de\"><i class=\"awsm-icon-mail\" aria-hidden=\"true\"><\/i><\/a><\/span><span><a href=\"https:\/\/www.dzne.de\/forschung\/forschungsbereiche\/klinische-forschung\/forschungsgruppen\/maass\/forschungsschwerpunkte\/\" target=\"_blank\"><i class=\"awsm-icon-link\" aria-hidden=\"true\"><\/i><\/a><\/span><\/div>\t\t\t\t\t<\/div>\n\t\t\t\t<\/div>\n\t\t\t<\/div>\n\t\t\t\t\t\t\t<div id=\"awsm-member-info-25655-26037\"  class=\"awsm-grid-expander style-1\">\n\t\t\t\t<div class=\"awsm-detailed-info\" id=\"awsm-grid-content-26037\">\n\t\t\t\t\t<div class=\"awsm-details\">\n\t\t\t\t\t\t<div class=\"awsm-personal-details\">\n\t\t\t\t\t\t\t<div class=\"awsm-content-scrollbar\">\n\t\t\t\t\t\t\t\t<span><\/span><h2>Anna-Therese B\u00fcchel<\/h2>\n<p class=\"wp-block-paragraph\">coming soon<\/p>\n\t\t\t\t\t\t\t<\/div>\n\t\t\t\t\t\t<\/div>\n\t\t\t\t\t<\/div>\n\t\t\t\t\t<div class=\"awsm-personal-contact-info\">\n\t\t\t\t\t   <div class=\"awsm-contact-details\"><p><span>Institut:<\/span><a href=\"https:\/\/www.dzne.de\/\" target=\"_blank\">Deutsches Zentrum f\u00fcr Neurodegenerative Erkrankungen (DZNE), Magdeburg<\/a><\/p><p><span>Projekt:<\/span><a href=\"https:\/\/sfb1436.de\/de\/projekte\/z03-erstellung-und-untersuchung-einer-biomarker-basierten-alterskohorte\/\" target=\"_blank\"><b>Z03<\/b> Erstellung und Untersuchung einer Biomarker-basierten Alterskohorte<\/a><\/p><\/div><div class=\"awsm-social-icons\"><span><a href=\"https:\/\/www.dzne.de\/forschung\/forschungsbereiche\/klinische-forschung\/forschungsgruppen\/maass\/forschungsschwerpunkte\/\" target=\"_blank\"><i class=\"awsm-icon-link\" aria-hidden=\"true\"><\/i><\/a><\/span><\/div>\t\t\t\t\t<\/div>\n\t\t\t\t<\/div>\n\t\t\t<\/div>\n\t\t\t\t\t\t\t<div id=\"awsm-member-info-25655-3645\"  class=\"awsm-grid-expander style-1\">\n\t\t\t\t<div class=\"awsm-detailed-info\" id=\"awsm-grid-content-3645\">\n\t\t\t\t\t<div class=\"awsm-details\">\n\t\t\t\t\t\t<div class=\"awsm-personal-details\">\n\t\t\t\t\t\t\t<div class=\"awsm-content-scrollbar\">\n\t\t\t\t\t\t\t\t<span><\/span><h2>Dr. Berta Garcia Garcia<\/h2>\n<p class=\"wp-block-paragraph\">Berta Garcia-Garcia ist Nuklearmedizinerin. W\u00e4hrend ihres Medizinstudiums wurde sie von der Abteilung f\u00fcr Anatomie, Histologie und Neurowissenschaften der Autonomen Universit\u00e4t Madrid angeworben, um sich mit den in der medizinischen Forschung am h\u00e4ufigsten verwendeten methodischen Verfahren vertraut zu machen, was zu einem f\u00fcnfj\u00e4hrigen Kooperationsvertrag f\u00fchrte, der sich auf Ex-vivo-Gehirnkartierung konzentrierte. Sp\u00e4ter absolvierte sie eine Ausbildung zur Fach\u00e4rztin f\u00fcr Nuklearmedizin in Pamplona (Spanien), wo sie dank der neuesten Zyklotrontechniken mit der auf Radioaktivit\u00e4t basierenden In-vivo-Bewertung des Gehirns vertraut gemacht wurde. Ihre aktuelle Arbeit findet am DZNE und am Universit\u00e4tsklinikum Magdeburg statt. Unter anderem arbeitet sie aktiv in vielen Forschungsprojekten mit, vor allem in den Forschungsgruppen Multimodal Neuroimaging und Gemischte zerebrale Pathologien und kognitives Altern, wobei sie PET\/MR-Studien mit verschiedenen Radiotracern durchf\u00fchrt und auch als Strahlenschutzbeauftragte t\u00e4tig ist. Ihre Forschungsarbeit ist auf die Bewertung des Hirnstoffwechselspektrums vom normalen Altern bis zu den Risikostadien der Alzheimer-Krankheit und auf die Analyse der zerebralen Vaskularisierung in Bezug auf den kognitiven Status spezialisiert. Aufgrund der m\u00f6glichen Implikationen des letzteren arbeitet sie derzeit an ihrer Dissertation zur Erlangung des Dr. med. Grades in Deutschland.<\/p>\n\t\t\t\t\t\t\t<\/div>\n\t\t\t\t\t\t<\/div>\n\t\t\t\t\t<\/div>\n\t\t\t\t\t<div class=\"awsm-personal-contact-info\">\n\t\t\t\t\t   <div class=\"awsm-contact-details\"><p><span>Institut:<\/span><a href=\"https:\/\/www.dzne.de\/\" target=\"_blank\">Deutsches Zentrum f\u00fcr Neurodegenerative Erkrankungen (DZNE), Magdeburg<\/a><\/p><p><span>Projekt:<\/span><a href=\"https:\/\/sfb1436.de\/de\/projekte\/z03-erstellung-und-untersuchung-einer-biomarker-basierten-alterskohorte\/\" target=\"_blank\"><b>Z03<\/b> Erstellung und Untersuchung einer Biomarker-basierten Alterskohorte<\/a><\/p><\/div><div class=\"awsm-social-icons\"><span><a href=\"mailto:Berta.Garcia-Garcia@dzne.de\"><i class=\"awsm-icon-mail\" aria-hidden=\"true\"><\/i><\/a><\/span><span><a href=\"https:\/\/www.dzne.de\/forschung\/forschungsbereiche\/klinische-forschung\/forschungsgruppen\/maass\/forschungsschwerpunkte\/\" target=\"_blank\"><i class=\"awsm-icon-link\" aria-hidden=\"true\"><\/i><\/a><\/span><\/div>\t\t\t\t\t<\/div>\n\t\t\t\t<\/div>\n\t\t\t<\/div>\n\t\t\t\t\t\t\t<div id=\"awsm-member-info-25655-26497\"  class=\"awsm-grid-expander style-1\">\n\t\t\t\t<div class=\"awsm-detailed-info\" id=\"awsm-grid-content-26497\">\n\t\t\t\t\t<div class=\"awsm-details\">\n\t\t\t\t\t\t<div class=\"awsm-personal-details\">\n\t\t\t\t\t\t\t<div class=\"awsm-content-scrollbar\">\n\t\t\t\t\t\t\t\t<span><\/span><h2>Joseph H\u00f6pker-Fernandes<\/h2>\n<p class=\"wp-block-paragraph\">coming soon<\/p>\n\t\t\t\t\t\t\t<\/div>\n\t\t\t\t\t\t<\/div>\n\t\t\t\t\t<\/div>\n\t\t\t\t\t<div class=\"awsm-personal-contact-info\">\n\t\t\t\t\t   <div class=\"awsm-contact-details\"><p><span>:<\/span><a href=\"https:\/\/www.fnw.ovgu.de\/\" target=\"_blank\">Otto-von Guericke-Universit\u00e4t Magdeburg, Fakult\u00e4t f\u00fcr Naturwissenschaften<\/a> <\/p><p><span>:<\/span><a href=\"https:\/\/sfb1436.de\/de\/projekte\/b04-synaptische-dichte-funktion-von-mtl-kreislaeufen-und-mikrovaskulaere-plastizitaet-im-alterungsprozess-und-bei-super-agern\/\" target=\"_blank\"><b>B04<\/b> Synaptische Dichte, Funktion von MTL-Kreisl\u00e4ufen und mikrovaskul\u00e4re Plastizit\u00e4t im Alterungsprozess und bei \u201eSuper-Agern\u201c<\/a><\/p><\/div><div class=\"awsm-social-icons\"><span><a href=\"mailto:Joseph.Hoepker-Fernandes@dzne.de\"><i class=\"awsm-icon-mail\" aria-hidden=\"true\"><\/i><\/a><\/span><span><a href=\"https:\/\/www.dzne.de\/en\/research\/research-areas\/clinical-research\/research-groups\/maass\/research-areasfocus\/\" target=\"_blank\"><i class=\"awsm-icon-link\" aria-hidden=\"true\"><\/i><\/a><\/span><\/div>\t\t\t\t\t<\/div>\n\t\t\t\t<\/div>\n\t\t\t<\/div>\n\t\t\t\t\t\t\t<div id=\"awsm-member-info-25655-26481\"  class=\"awsm-grid-expander style-1\">\n\t\t\t\t<div class=\"awsm-detailed-info\" id=\"awsm-grid-content-26481\">\n\t\t\t\t\t<div class=\"awsm-details\">\n\t\t\t\t\t\t<div class=\"awsm-personal-details\">\n\t\t\t\t\t\t\t<div class=\"awsm-content-scrollbar\">\n\t\t\t\t\t\t\t\t<span><\/span><h2>Ulrike Pankratz<\/h2>\n<p class=\"wp-block-paragraph\">coming soon<\/p>\n\t\t\t\t\t\t\t<\/div>\n\t\t\t\t\t\t<\/div>\n\t\t\t\t\t<\/div>\n\t\t\t\t\t<div class=\"awsm-personal-contact-info\">\n\t\t\t\t\t   <div class=\"awsm-contact-details\"><p><span>Institut:<\/span><a href=\"https:\/\/www.med.ovgu.de\/\" target=\"_blank\">Otto-von-Guericke-Universit\u00e4t Magdeburg, Medizinische Fakult\u00e4t<\/a><\/p><p><span>Projekt:<\/span><a href=\"https:\/\/sfb1436.de\/de\/projekte\/z03-erstellung-und-untersuchung-einer-biomarker-basierten-alterskohorte\/\" target=\"_blank\"><b>Z03<\/b> Erstellung und Untersuchung einer Biomarker-basierten Alterskohorte<\/a><\/p><\/div><div class=\"awsm-social-icons\"><span><a href=\"mailto:Ulrike.pankratz@med.ovgu.de\"><i class=\"awsm-icon-mail\" aria-hidden=\"true\"><\/i><\/a><\/span><span><a href=\"http:\/\/www.iknd.ovgu.de\/\" target=\"_blank\"><i class=\"awsm-icon-link\" aria-hidden=\"true\"><\/i><\/a><\/span><\/div>\t\t\t\t\t<\/div>\n\t\t\t\t<\/div>\n\t\t\t<\/div>\n\t\t\t\t\t\t\t<div id=\"awsm-member-info-25655-3739\"  class=\"awsm-grid-expander style-1\">\n\t\t\t\t<div class=\"awsm-detailed-info\" id=\"awsm-grid-content-3739\">\n\t\t\t\t\t<div class=\"awsm-details\">\n\t\t\t\t\t\t<div class=\"awsm-personal-details\">\n\t\t\t\t\t\t\t<div class=\"awsm-content-scrollbar\">\n\t\t\t\t\t\t\t\t<span><\/span><h2>Dr. Peter Schulze<\/h2>\n<p class=\"wp-block-paragraph\">coming soon<\/p>\n\t\t\t\t\t\t\t<\/div>\n\t\t\t\t\t\t<\/div>\n\t\t\t\t\t<\/div>\n\t\t\t\t\t<div class=\"awsm-personal-contact-info\">\n\t\t\t\t\t   <div class=\"awsm-contact-details\"><p><span>Institut:<\/span><a href=\"https:\/\/www.dzne.de\/\" target=\"_blank\">Deutsches Zentrum f\u00fcr Neurodegenerative Erkrankungen (DZNE), Magdeburg<\/a><\/p><p><span>Projekt:<\/span><a href=\"https:\/\/sfb1436.de\/de\/projekte\/z03-erstellung-und-untersuchung-einer-biomarker-basierten-alterskohorte\/\" target=\"_blank\"><b>Z03<\/b> Erstellung und Untersuchung einer Biomarker-basierten Alterskohorte<\/a><\/p><\/div><div class=\"awsm-social-icons\"><span><a href=\"mailto:Peter.Schulze@dzne.de\"><i class=\"awsm-icon-mail\" aria-hidden=\"true\"><\/i><\/a><\/span><span><a href=\"https:\/\/www.dzne.de\/forschung\/forschungsbereiche\/klinische-forschung\/forschungsgruppen\/maass\/forschungsschwerpunkte\/\" target=\"_blank\"><i class=\"awsm-icon-link\" aria-hidden=\"true\"><\/i><\/a><\/span><\/div>\t\t\t\t\t<\/div>\n\t\t\t\t<\/div>\n\t\t\t<\/div>\n\t\t\t\t\t\t\t<div id=\"awsm-member-info-25655-15448\"  class=\"awsm-grid-expander style-1\">\n\t\t\t\t<div class=\"awsm-detailed-info\" id=\"awsm-grid-content-15448\">\n\t\t\t\t\t<div class=\"awsm-details\">\n\t\t\t\t\t\t<div class=\"awsm-personal-details\">\n\t\t\t\t\t\t\t<div class=\"awsm-content-scrollbar\">\n\t\t\t\t\t\t\t\t<span><\/span><h2>Dr. Beate Schumann-Werner<\/h2>\n<p class=\"wp-block-paragraph\">Beate Schumann-Werner studierte Logop\u00e4die in Nijmegen\/ Niederlande und schloss ihr Masterstudium Lehr- und Forschungslogop\u00e4die an der RWTH Aachen ab. Nach einem Forschungsaufenthalt am Upper Airway Dysfunction Lab an der University of Florida\/ Gainesville begann sie ihre Doktorarbeit an der RWTH Aachen zu neuronalen Korrelaten der Dysphagie bei der Huntington-Erkrankung. Sie war langj\u00e4hrige wissenschaftliche Mitarbeiterin und Koordinatorin der Neuropsychologischen Therapiestation an der Uniklinik Aachen. Seit Juli 2022 ist sie im SFB als wissenschaftliche Mitarbeiterin im Z03-Projekt t\u00e4tig. Zu ihren wissenschaftlichen und klinischen Interessen geh\u00f6rt die Diagnostik und Behandlung von St\u00f6rungen des Schluckens und der Kommunikation bei neurodegenerativen Erkrankungen.<\/p>\n\t\t\t\t\t\t\t<\/div>\n\t\t\t\t\t\t<\/div>\n\t\t\t\t\t<\/div>\n\t\t\t\t\t<div class=\"awsm-personal-contact-info\">\n\t\t\t\t\t   <div class=\"awsm-contact-details\"><p><span>Institut:<\/span><a href=\"https:\/\/www.med.ovgu.de\/\" target=\"_blank\">Otto-von-Guericke-Universit\u00e4t Magdeburg, Medizinische Fakult\u00e4t<\/a><\/p><p><span>Projekt:<\/span><a href=\"https:\/\/sfb1436.de\/de\/projekte\/z03-erstellung-und-untersuchung-einer-biomarker-basierten-alterskohorte\/\" target=\"_blank\"><b>Z03<\/b> Erstellung und Untersuchung einer Biomarker-basierten Alterskohorte<\/a><\/p><\/div><div class=\"awsm-social-icons\"><span><a href=\"mailto:beate.schumann-werner@med.ovgu.de\"><i class=\"awsm-icon-mail\" aria-hidden=\"true\"><\/i><\/a><\/span><span><a href=\"http:\/\/www.iknd.ovgu.de\/\" target=\"_blank\"><i class=\"awsm-icon-link\" aria-hidden=\"true\"><\/i><\/a><\/span><\/div>\t\t\t\t\t<\/div>\n\t\t\t\t<\/div>\n\t\t\t<\/div>\n\t\t\t\t\t\t\t<div id=\"awsm-member-info-25655-3741\"  class=\"awsm-grid-expander style-1\">\n\t\t\t\t<div class=\"awsm-detailed-info\" id=\"awsm-grid-content-3741\">\n\t\t\t\t\t<div class=\"awsm-details\">\n\t\t\t\t\t\t<div class=\"awsm-personal-details\">\n\t\t\t\t\t\t\t<div class=\"awsm-content-scrollbar\">\n\t\t\t\t\t\t\t\t<span><\/span><h2>Svenja Schwarck<\/h2>\n<p class=\"wp-block-paragraph\">coming soon<\/p>\n\t\t\t\t\t\t\t<\/div>\n\t\t\t\t\t\t<\/div>\n\t\t\t\t\t<\/div>\n\t\t\t\t\t<div class=\"awsm-personal-contact-info\">\n\t\t\t\t\t   <div class=\"awsm-contact-details\"><p><span>Institut:<\/span><a href=\"http:\/\/www.med.ovgu.de\/\" target=\"_blank\">Otto von Guericke Universit\u00e4t Magdeburg, Medizinische Fakult\u00e4t<\/a><\/p><p><span>Projekt:<\/span><a href=\"https:\/\/sfb1436.de\/de\/projekte\/a04_verbesserung-der-kognitiven-leistungsfaehigkeit-durch-das-anti-aging-hormon-klotho\/\" target=\"_blank\"><b>A04<\/b> Verbesserung der kognitiven Leistungsf\u00e4higkeit durch das Anti-Aging Hormon Klotho \u2013 Von molekularen Mechanismen zu Interventionen<\/a><\/p><p><span>Projekt:<\/span><a href=\"https:\/\/sfb1436.de\/de\/projekte\/z03-erstellung-und-untersuchung-einer-biomarker-basierten-alterskohorte\/\" target=\"_blank\"><b>Z03<\/b> Erstellung und Untersuchung einer Biomarker-basierten Alterskohorte<\/a><\/p><\/div><div class=\"awsm-social-icons\"><span><a href=\"mailto:svenja.schwarck@med.ovgu.de\"><i class=\"awsm-icon-mail\" aria-hidden=\"true\"><\/i><\/a><\/span><span><a href=\"http:\/\/www.iknd.ovgu.de\/\" target=\"_blank\"><i class=\"awsm-icon-link\" aria-hidden=\"true\"><\/i><\/a><\/span><\/div>\t\t\t\t\t<\/div>\n\t\t\t\t<\/div>\n\t\t\t<\/div>\n\t\t\t\t\t\t\t<div id=\"awsm-member-info-25655-26474\"  class=\"awsm-grid-expander style-1\">\n\t\t\t\t<div class=\"awsm-detailed-info\" id=\"awsm-grid-content-26474\">\n\t\t\t\t\t<div class=\"awsm-details\">\n\t\t\t\t\t\t<div class=\"awsm-personal-details\">\n\t\t\t\t\t\t\t<div class=\"awsm-content-scrollbar\">\n\t\t\t\t\t\t\t\t<span><\/span><h2>Vivica Sommerfeld<\/h2>\n<p class=\"wp-block-paragraph\">coming soon<\/p>\n\t\t\t\t\t\t\t<\/div>\n\t\t\t\t\t\t<\/div>\n\t\t\t\t\t<\/div>\n\t\t\t\t\t<div class=\"awsm-personal-contact-info\">\n\t\t\t\t\t   <div class=\"awsm-contact-details\"><p><span>Institut:<\/span><a href=\"https:\/\/www.med.ovgu.de\/\" target=\"_blank\">Otto-von-Guericke-Universit\u00e4t Magdeburg, Medizinische Fakult\u00e4t<\/a><\/p><p><span>Projekt:<\/span><a href=\"https:\/\/sfb1436.de\/de\/projekte\/z03-erstellung-und-untersuchung-einer-biomarker-basierten-alterskohorte\/\" target=\"_blank\"><b>Z03<\/b> Erstellung und Untersuchung einer Biomarker-basierten Alterskohorte<\/a><\/p><\/div><div class=\"awsm-social-icons\"><span><a href=\"mailto:vivica.sommerfeld@med.ovgu.de\"><i class=\"awsm-icon-mail\" aria-hidden=\"true\"><\/i><\/a><\/span><span><a href=\"http:\/\/www.iknd.ovgu.de\/\" target=\"_blank\"><i class=\"awsm-icon-link\" aria-hidden=\"true\"><\/i><\/a><\/span><\/div>\t\t\t\t\t<\/div>\n\t\t\t\t<\/div>\n\t\t\t<\/div>\n\t\t\t\t\t\t<\/div>\n\t<\/div>\n\t<\/div>\n\n<\/div>\n<\/div>\n<\/div>\n<\/div>\n\n\n\n<div class=\"wp-block-columns alignwide justify-content-center is-layout-flex wp-container-core-columns-is-layout-f56f613f wp-block-columns-is-layout-flex\" id=\"what-characterizes-the-project\">\n<div class=\"wp-block-column is-layout-flow wp-block-column-is-layout-flow\" style=\"flex-basis:1350px\">\n<h2 class=\"wp-block-heading has-text-align-center has-secondary-color has-text-color\" id=\"the-memory-circuits-1\"><strong>Wie werden Super-Ager definiert?<\/strong><\/h2>\n\n\n\n<p class=\"has-text-align-center wp-block-paragraph\">W\u00e4hrend eine leichte Abnahme des Erinnerungsverm\u00f6gens mit zunehmendem Alter normal ist, gibt es auch Menschen, die noch im hohen Alter jenseits der 80 geistig fit sind und in Ged\u00e4chtnistests Werte wie ein durchschnittlich 50-j\u00e4hriger Mensch erreichen. Diese werden von Forschenden auch als \u201cSuper-Ager\u201d bezeichnet. Dabei nutzen wir verschiedene neuropsychologische Tests um Super-Ager zu identifizieren.<\/p>\n<\/div>\n<\/div>\n\n\n\n<div class=\"wp-block-columns alignwide is-layout-flex wp-container-core-columns-is-layout-f56f613f wp-block-columns-is-layout-flex\">\n<div class=\"wp-block-column is-layout-flow wp-block-column-is-layout-flow\">\n<h3 class=\"wp-block-heading has-white-color has-secondary-background-color has-text-color has-background has-medium-font-size\" id=\"was-passiert-im-gehirn-von-super-agern\">Was passiert im Gehirn von Super-Agern?<\/h3>\n\n\n\n<p class=\"wp-block-paragraph\">Tau ist ein Protein, dass sich in den Nervenzellen unseres Gehirns befindet und in seinem physiologischen Zustand zu ihrer Stabilit\u00e4t und Funktion beitr\u00e4gt. Bei der Alzheimer Krankheit aggregieren (\u201cverklumpen\u201d) Tau Proteine zu Tau Fibrillen, was die Funktion der Nervenzelle sch\u00e4digt und schlie\u00dflich zu ihrem Absterben f\u00fchrt. Obwohl vermehrte Tau Ablagerungen in kortikalen Hirnregionen charakteristisch f\u00fcr die Alzheimer Krankheit sind, k\u00f6nnen Tau Fibrillen im Medialen Temporallappen des Gehirns bei den meisten kognitiv normalen \u00e4lteren Menschen gefunden werden. Der Mediale Temporallappen, eine Hirnregion in der sich auch der Hippocampus befindet, ist essentiell f\u00fcr das erfolgreiche Einspeichern neuer Erlebnisse in unser Langzeitged\u00e4chtnis. Tau Ablagerungen in dieser Region gehen mit Verminderungen im Langzeitged\u00e4chtnis einher. Ob sich die Menge oder regionale Ausbreitung von Tau Proteinen bei Super-Agern unterscheidet, ist bislang nicht klar. Es w\u00e4re m\u00f6glich, dass Super-Ager weniger Tau Fibrillen im Gehirn ablagern, und dementsprechend \u201cresistent\u201d gegen diese altersbedingte Pathologie sind. Eine andere M\u00f6glichkeit ist, dass Super-Ager trotz des Vorhandenseins von Tau Ablagerungen kognitiv fit bleiben, weil sie Reservemechanismen nutzen oder ihr Gehirn die Tau Pathologie kompensieren kann. Hierbei deuten schon fr\u00fchere Studien darauf hin, dass z.B. ein h\u00f6herer Bildungsgrad oder ein gesunder Lifestyle mit \u201eReserve\u201cmechanismen (wie z.B. einem gr\u00f6\u00dferen Hirnvolumen) und \u201eResilienz\u201c gegen Pathologie assoziiert sind. Im Z03 Projekt wollen wir diese Hypothesen testen.<\/p>\n\n\n\n<div style=\"height:25px\" aria-hidden=\"true\" class=\"wp-block-spacer\"><\/div>\n<\/div>\n\n\n\n<div class=\"wp-block-column is-layout-flow wp-block-column-is-layout-flow\">\n<h3 class=\"wp-block-heading has-white-color has-secondary-background-color has-text-color has-background has-medium-font-size\" id=\"cognitive-training-in-old-age-and-in-superagers\">Wie k\u00f6nnen wir die Gehirne von Super-Agern untersuchen?<\/h3>\n\n\n\n<p class=\"wp-block-paragraph\">Positronen-Emissions-Tomographie (PET) ist ein etabliertes, risikoarmes Bildgebungsverfahren, um Proteine wie das Tau Protein im Gehirn sichtbar zu machen. Dabei wird eine schwach radioaktiv markierte Substanz (Radiopharmakon) in die Armvene injiziert, die im Gehirn an das Zielprotein (in unserem Fall Tau Fibrillen) bindet und diese durch die Ausstrahlung von Gammastrahlen sichtbar macht. Das zur Untersuchung verwendete&nbsp; Radiopharmakon ist gut vertr\u00e4glich. Wir planen, einen Teil der Proband*innen in unserer Studie mit Tau PET zu untersuchen. Daf\u00fcr kollaborieren wir mit der Nuklearmedizin des <a href=\"https:\/\/www.uniklinikum-leipzig.de\/einrichtungen\/nuklearmedizin\" data-type=\"URL\" data-id=\"https:\/\/www.uniklinikum-leipzig.de\/einrichtungen\/nuklearmedizin\" target=\"_blank\" rel=\"noreferrer noopener\">Universit\u00e4tsklinikum Leipzig<\/a> (geleitet von Prof. Osama Sabri).<\/p>\n<\/div>\n<\/div>\n\n\n\n<div class=\"wp-block-columns alignfull has-secondary-background-color has-background is-layout-flex wp-container-core-columns-is-layout-cda6d148 wp-block-columns-is-layout-flex\" id=\"the-goals-of-our-project\" style=\"margin-top:0px;margin-bottom:0px;padding-top:0px;padding-right:0px;padding-bottom:0px;padding-left:0px\">\n<div class=\"wp-block-column is-vertically-aligned-center is-layout-flow wp-block-column-is-layout-flow\" style=\"padding-top:20px;padding-right:20px;padding-bottom:20px;padding-left:20px;flex-basis:50%\">\n<h2 class=\"wp-block-heading has-text-align-right has-white-color has-text-color\" id=\"ziele-des-projektes\"><strong><strong>Ziele des Projektes<\/strong><\/strong><\/h2>\n<\/div>\n\n\n\n<div class=\"wp-block-column is-vertically-aligned-center has-white-color has-project-c-background-color has-text-color has-background is-layout-flow wp-block-column-is-layout-flow\" style=\"padding-top:50px;padding-right:150px;padding-bottom:50px;padding-left:150px;flex-basis:50%\">\n<p class=\"wp-block-paragraph\">In einer gro\u00dfen Kohorte von kognitiv gesunden \u00e4lteren Proband*innen m\u00f6chten wir die molekularen, funktionellen und strukturellen Eigenschaften des Gehirns im Alter untersuchen. Dazu rekrutieren wir \u00fcber einen Zeitraum von 4 Jahren Proband*innen, die 60 Jahre und \u00e4lter sind. Diese werden je nach kognitiver Leistungsf\u00e4higkeit und nach Alter verschiedenen Untergruppen zugeordnet. Dabei liegt ein Fokus unserer Studie auf der Gruppe der Super-Ager, die mindestens 80 Jahre alt sind und eine (f\u00fcr ihr Alter) \u00fcberdurchschnittliche kognitive Leistungsf\u00e4higkeit aufweisen. <\/p>\n\n\n\n<p class=\"wp-block-paragraph\">Alle Proband*innen durchlaufen eine 3 Tesla MRT Untersuchung, um die Hirnstruktur und Funktion zu untersuchen. Ein Teil der Proband*innen wird auch mittels PET weiter auf Tau Ablagerungen untersucht. Dar\u00fcber hinaus werden verschiedene Proteine, inklusive Alzheimer-assoziierte Proteine, im Blut untersucht. Dies erfolgt unter anderem in Kollaboration mit dem DZNE G\u00f6ttingen (Prof. Jens Wiltfang). Wir m\u00f6chten besser verstehen, wie sich Super-Ager in ihrer Kognition, Genetik, Hirnfunktion\/-struktur, Lifestyle, und Fitness unterscheiden. Auch in den anderen Proband*innen m\u00f6chten wir herausfinden, wie diese Faktoren mit gesundem kognitiven Altern zusammenh\u00e4ngen. Weiterhin werden die Proband*innen in weiteren Teilprojekten des SFBs weiter untersucht, die z.B. kognitive Trainingsinterventionen beinhalten.<\/p>\n<\/div>\n<\/div>\n\n\n\n<div class=\"wp-block-columns alignfull has-tertiary-background-color has-background is-layout-flex wp-container-core-columns-is-layout-cda6d148 wp-block-columns-is-layout-flex\" id=\"look-into-the-future\" style=\"margin-top:0px;margin-bottom:0px;padding-top:0px;padding-right:0px;padding-bottom:0px;padding-left:0px\">\n<div class=\"wp-block-column is-layout-flow wp-block-column-is-layout-flow\" style=\"padding-top:0px;padding-right:0px;padding-bottom:0px;padding-left:0px\">\n<div class=\"wp-block-cover is-light is-repeated\" style=\"min-height:376px;aspect-ratio:unset;\"><div class=\"wp-block-cover__image-background wp-image-12591 is-repeated\" style=\"background-position:50% 50%;background-image:url(https:\/\/sfb1436.de\/wp-content\/uploads\/2022\/05\/senior-man-playing-puzzle.png)\"><\/div><span aria-hidden=\"true\" class=\"wp-block-cover__background has-background-dim-20 has-background-dim\"><\/span><div class=\"wp-block-cover__inner-container is-layout-flow wp-block-cover-is-layout-flow\">\n<p class=\"has-text-align-center has-large-font-size wp-block-paragraph\"><\/p>\n<\/div><\/div>\n<\/div>\n\n\n\n<div class=\"wp-block-column is-layout-flow wp-block-column-is-layout-flow\" style=\"padding-top:30px;padding-right:150px;padding-bottom:30px;padding-left:150px\">\n<h2 class=\"wp-block-heading\" id=\"ein-blick-in-die-zukunft\"><strong><strong><strong><strong><strong><strong>Ein Blick in die Zukunft<\/strong><\/strong><\/strong><\/strong><\/strong><\/strong><\/h2>\n\n\n\n<p class=\"wp-block-paragraph\">Weiterhin m\u00f6chten wir auch Ged\u00e4chtnis- und Gehirnver\u00e4nderungen \u00fcber die Zeit erforschen, wobei wir einen Teil der Proband*innen nach 2 Jahren ein weiteres Mal untersuchen. Wenn wir besser verstehen, welche Faktoren gesundes Altern und Plastizit\u00e4t des Gehirns beeinflussen, k\u00f6nnen wir langfristig z.B. kognitive oder physische Trainingsinterventionen entwickeln, um der altersbedingten Abnahme der Ged\u00e4chtnisleistung entgegenwirken zu k\u00f6nnen.<\/p>\n<\/div>\n<\/div>\n\n\n\n<div class=\"wp-block-columns alignfull is-layout-flex wp-container-core-columns-is-layout-44579ee7 wp-block-columns-is-layout-flex\" id=\"publications\" style=\"margin-top:0px;margin-bottom:0px;padding-top:0px;padding-right:0px;padding-bottom:0px;padding-left:0px\">\n<div class=\"wp-block-column has-project-c-background-color has-background is-layout-flow wp-block-column-is-layout-flow\" style=\"flex-basis:100%\">\n<section class=\"wp-block-group alignfull is-layout-flow wp-block-group-is-layout-flow\" style=\"padding-top:0px;padding-right:0px;padding-bottom:0px;padding-left:0px\">\n<div class=\"wp-block-columns alignfull has-project-c-background-color has-background is-layout-flex wp-container-core-columns-is-layout-44579ee7 wp-block-columns-is-layout-flex\" style=\"margin-top:0px;margin-bottom:0px;padding-top:0px;padding-right:0px;padding-bottom:0px;padding-left:0px\">\n<div class=\"wp-block-column is-layout-flow wp-block-column-is-layout-flow\" style=\"padding-top:0px;padding-right:0px;padding-bottom:0px;padding-left:0px\">\n<h2 class=\"wp-block-heading has-text-align-center has-white-color has-text-color\" id=\"publikationen-des-projektes-z03\"><strong>Publikationen des Projektes Z03<\/strong><\/h2>\n\n\n\n\t\t\t<div class=\"wp-block-uagb-post-carousel uagb-post-grid project-slider uagb-post__image-position-top uagb-post__image-disabled uagb-block-21034f78     uagb-post__arrow-outside uagb-slick-carousel uagb-post__items uagb-post__columns-3 is-carousel uagb-post__columns-tablet-2 uagb-post__columns-mobile-1\" data-total=\"3\" style=\"\">\n\n\t\t\t\t\t\t\t\t\t\t\t\t<article class=\"uagb-post__inner-wrap\">\t\t\t\t\t\t\t\t<h4 class=\"uagb-post__title uagb-post__text\">\n\t\t\t\t<a href=\"https:\/\/doi.org\/10.1038\/s41582-026-01189-9\" target=\"_blank\" rel=\"bookmark noopener noreferrer\">Maintaining and regaining episodic memory in Alzheimer disease: a circuit-based perspective<\/a>\n\t\t\t<\/h4>\n\t\t\t\t\t\t<div class='uagb-post__text uagb-post-grid-byline'>\n\t\t\t\t\t\t\t\t<time datetime=\"2026-03-17T10:15:03+01:00\" class=\"uagb-post__date\">\n\t\t\t\t<span class=\"dashicons-calendar dashicons\"><\/span>\t\t\t\t\t17.03.2026\t\t\t\t<\/time>\n\t\t\t\t\t\t\t<div class=\"uagb-post__text\">\n\t\t\t\t\t<span class='uagb-post__taxonomy'>\n\t\t\t\t\t\t<span class=\"dashicons-tag dashicons\"><\/span>\t\t\t\t\t\t<a href=\"https:\/\/sfb1436.de\/de\/category\/publikation\/a02-de\/\">A02<\/a>,&nbsp;<a href=\"https:\/\/sfb1436.de\/de\/category\/publikation\/a04-de\/\">A04<\/a>,&nbsp;<a href=\"https:\/\/sfb1436.de\/de\/category\/publikation\/b02-de\/\">B02<\/a>,&nbsp;<a href=\"https:\/\/sfb1436.de\/de\/category\/publikation\/z01-de\/\">Z01<\/a>,&nbsp;<a href=\"https:\/\/sfb1436.de\/de\/category\/publikation\/z03-de\/\">Z03<\/a>\t\t\t\t\t<\/span>\n\t\t\t\t<\/div>\n\t\t\t\t\t\t\t<\/div>\n\t\t\t\t\t\t\t<div class='uagb-post__text uagb-post__excerpt'>\n\t\t\t\t\t<p>Emrah D\u00fczel &amp; Michael R. Kreutz <span class=\"excerpt-magazin\">Nature Reviews Neurology (2026)<\/span><\/p>\n<\/span>\t\t\t\t<\/div>\n\t\t\t\n\t\t\t\t\t\t\t\t\t<\/article>\n\t\t\t\t\t\t\t\t\t\t\t\t\t\t\t\t<article class=\"uagb-post__inner-wrap\">\t\t\t\t\t\t\t\t<h4 class=\"uagb-post__title uagb-post__text\">\n\t\t\t\t<a href=\"https:\/\/doi.org\/10.1007\/s11357-025-01764-w\" target=\"_blank\" rel=\"bookmark noopener noreferrer\">A physically and mentally active lifestyle relates to younger brain and cognitive age<\/a>\n\t\t\t<\/h4>\n\t\t\t\t\t\t<div class='uagb-post__text uagb-post-grid-byline'>\n\t\t\t\t\t\t\t\t<time datetime=\"2025-07-07T13:33:33+02:00\" class=\"uagb-post__date\">\n\t\t\t\t<span class=\"dashicons-calendar dashicons\"><\/span>\t\t\t\t\t07.07.2025\t\t\t\t<\/time>\n\t\t\t\t\t\t\t<div class=\"uagb-post__text\">\n\t\t\t\t\t<span class='uagb-post__taxonomy'>\n\t\t\t\t\t\t<span class=\"dashicons-tag dashicons\"><\/span>\t\t\t\t\t\t<a href=\"https:\/\/sfb1436.de\/de\/category\/publikation\/a05-de\/\">A05<\/a>,&nbsp;<a href=\"https:\/\/sfb1436.de\/de\/category\/publikation\/b02-de\/\">B02<\/a>,&nbsp;<a href=\"https:\/\/sfb1436.de\/de\/category\/publikation\/b04-de\/\">B04<\/a>,&nbsp;<a href=\"https:\/\/sfb1436.de\/de\/category\/publikation\/z03-de\/\">Z03<\/a>\t\t\t\t\t<\/span>\n\t\t\t\t<\/div>\n\t\t\t\t\t\t\t<\/div>\n\t\t\t\t\t\t\t<div class='uagb-post__text uagb-post__excerpt'>\n\t\t\t\t\t<p>Niklas Behrenbruch,&nbsp;Svenja Schwarck,&nbsp;Beate Schumann-Werner,&nbsp;E\u00f3in N. Molloy,&nbsp;Berta Garcia-Garcia,&nbsp;Anne Hochkeppler,&nbsp;Larissa Fischer,&nbsp;Anna-Therese B\u00fcchel,&nbsp;Enise I. Incesoy,&nbsp;Jose Bernal,&nbsp;Niklas Vockert,&nbsp;Patrick M\u00fcller,&nbsp;Gusalija Behnisch,&nbsp;B\u00e1rbara Morgado,&nbsp;Hermann Esselmann,&nbsp;Constanze I. Seidenbecher,&nbsp;Bj\u00f6rn H. Schott,&nbsp;Henryk Barthel,&nbsp;Osama Sabri,&nbsp;Jens Wiltfang,&nbsp;Michael C. Kreissl,&nbsp;Emrah D\u00fczel&nbsp;&amp;&nbsp;Anne Maass <span class=\"excerpt-magazin\">GeroScience (2025)<\/span><\/p>\n<\/span>\t\t\t\t<\/div>\n\t\t\t\n\t\t\t\t\t\t\t\t\t<\/article>\n\t\t\t\t\t\t\t\t\t\t\t\t\t\t\t\t<article class=\"uagb-post__inner-wrap\">\t\t\t\t\t\t\t\t<h4 class=\"uagb-post__title uagb-post__text\">\n\t\t\t\t<a href=\"https:\/\/doi.org\/10.1186\/s13195-025-01742-6\" target=\"_blank\" rel=\"bookmark noopener noreferrer\">Differential effects of aging, Alzheimer&#8217;s pathology, and APOE4 on longitudinal functional connectivity and episodic memory in older adults<\/a>\n\t\t\t<\/h4>\n\t\t\t\t\t\t<div class='uagb-post__text uagb-post-grid-byline'>\n\t\t\t\t\t\t\t\t<time datetime=\"2025-04-25T14:18:14+02:00\" class=\"uagb-post__date\">\n\t\t\t\t<span class=\"dashicons-calendar dashicons\"><\/span>\t\t\t\t\t25.04.2025\t\t\t\t<\/time>\n\t\t\t\t\t\t\t<div class=\"uagb-post__text\">\n\t\t\t\t\t<span class='uagb-post__taxonomy'>\n\t\t\t\t\t\t<span class=\"dashicons-tag dashicons\"><\/span>\t\t\t\t\t\t<a href=\"https:\/\/sfb1436.de\/de\/category\/publikation\/b04-de\/\">B04<\/a>,&nbsp;<a href=\"https:\/\/sfb1436.de\/de\/category\/publikation\/z03-de\/\">Z03<\/a>\t\t\t\t\t<\/span>\n\t\t\t\t<\/div>\n\t\t\t\t\t\t\t<\/div>\n\t\t\t\t\t\t\t<div class='uagb-post__text uagb-post__excerpt'>\n\t\t\t\t\t<p>Larissa Fischer,&nbsp;Jenna N. Adams,&nbsp;E\u00f3in N. Molloy,&nbsp;Niklas Vockert,&nbsp;Jennifer Tremblay-Mercier,&nbsp;Jordana Remz,&nbsp;Alexa Pichet Binette,&nbsp;Sylvia Villeneuve,&nbsp;Anne Maass&nbsp;&amp;&nbsp;PREVENT-AD Research Group <span class=\"excerpt-magazin\">Alzheimers Res Ther (2025)<\/span><\/p>\n<\/span>\t\t\t\t<\/div>\n\t\t\t\n\t\t\t\t\t\t\t\t\t<\/article>\n\t\t\t\t\t\t\t\t\t\t\t\t\t\t\t\t<article class=\"uagb-post__inner-wrap\">\t\t\t\t\t\t\t\t<h4 class=\"uagb-post__title uagb-post__text\">\n\t\t\t\t<a href=\"https:\/\/doi.org\/10.1038\/s41467-024-53360-9\" target=\"_blank\" rel=\"bookmark noopener noreferrer\">Kognitive Reserve gegen\u00fcber der Alzheimer-Pathologie ist mit der Gehirnaktivit\u00e4t w\u00e4hrend der Ged\u00e4chtnisbildung verbunden (2024)<\/a>\n\t\t\t<\/h4>\n\t\t\t\t\t\t<div class='uagb-post__text uagb-post-grid-byline'>\n\t\t\t\t\t\t\t\t<time datetime=\"2024-11-13T11:42:27+01:00\" class=\"uagb-post__date\">\n\t\t\t\t<span class=\"dashicons-calendar dashicons\"><\/span>\t\t\t\t\t13.11.2024\t\t\t\t<\/time>\n\t\t\t\t\t\t\t<div class=\"uagb-post__text\">\n\t\t\t\t\t<span class='uagb-post__taxonomy'>\n\t\t\t\t\t\t<span class=\"dashicons-tag dashicons\"><\/span>\t\t\t\t\t\t<a href=\"https:\/\/sfb1436.de\/de\/category\/publikation\/a04-de\/\">A04<\/a>,&nbsp;<a href=\"https:\/\/sfb1436.de\/de\/category\/publikation\/a05-de\/\">A05<\/a>,&nbsp;<a href=\"https:\/\/sfb1436.de\/de\/category\/publikation\/b02-de\/\">B02<\/a>,&nbsp;<a href=\"https:\/\/sfb1436.de\/de\/category\/publikation\/b04-de\/\">B04<\/a>,&nbsp;<a href=\"https:\/\/sfb1436.de\/de\/category\/publikation\/c01-de\/\">C01<\/a>,&nbsp;<a href=\"https:\/\/sfb1436.de\/de\/category\/publikation\/z03-de\/\">Z03<\/a>\t\t\t\t\t<\/span>\n\t\t\t\t<\/div>\n\t\t\t\t\t\t\t<\/div>\n\t\t\t\t\t\t\t<div class='uagb-post__text uagb-post__excerpt'>\n\t\t\t\t\t<p>Niklas Vockert, Judith Machts, Luca Kleineidam, Aditya Nemali, Hartmut Sch\u00fctze, Renat Yakupov, Oliver Peters, Daria Gref, Luisa Sophie Schneider, Lukas Preis, Josef Priller, Eike Jakob Spruth, Slawek Altenstein, Anja Schneider, Klaus Fliessbach, Jens Wiltfang, Ayda Rostamzadeh, Wenzel Glanz, Enise I&#8230;.<\/span>\t\t\t\t<\/div>\n\t\t\t\n\t\t\t\t\t\t\t\t\t<\/article>\n\t\t\t\t\t\t\t\t\t\t\t\t\t\t\t\t<article class=\"uagb-post__inner-wrap\">\t\t\t\t\t\t\t\t<h4 class=\"uagb-post__title uagb-post__text\">\n\t\t\t\t<a href=\"https:\/\/doi.org\/10.1093\/braincomms\/fcae376\" target=\"_blank\" rel=\"bookmark noopener noreferrer\">Cerebral hyperactivation across the Alzheimer\u2019s disease pathological cascade<\/a>\n\t\t\t<\/h4>\n\t\t\t\t\t\t<div class='uagb-post__text uagb-post-grid-byline'>\n\t\t\t\t\t\t\t\t<time datetime=\"2024-11-06T12:40:17+01:00\" class=\"uagb-post__date\">\n\t\t\t\t<span class=\"dashicons-calendar dashicons\"><\/span>\t\t\t\t\t06.11.2024\t\t\t\t<\/time>\n\t\t\t\t\t\t\t<div class=\"uagb-post__text\">\n\t\t\t\t\t<span class='uagb-post__taxonomy'>\n\t\t\t\t\t\t<span class=\"dashicons-tag dashicons\"><\/span>\t\t\t\t\t\t<a href=\"https:\/\/sfb1436.de\/de\/category\/publikation\/b04-de\/\">B04<\/a>,&nbsp;<a href=\"https:\/\/sfb1436.de\/de\/category\/publikation\/z03-de\/\">Z03<\/a>\t\t\t\t\t<\/span>\n\t\t\t\t<\/div>\n\t\t\t\t\t\t\t<\/div>\n\t\t\t\t\t\t\t<div class='uagb-post__text uagb-post__excerpt'>\n\t\t\t\t\t<p>Corriveau-Lecavalier N., Adams J.N.,\u00a0Fischer L., Molloy E.N., Maass A. <span class=\"excerpt-magazin\">Brain Communications (2024)<\/span><\/p>\n<\/span>\t\t\t\t<\/div>\n\t\t\t\n\t\t\t\t\t\t\t\t\t<\/article>\n\t\t\t\t\t\t\t\t\t\t\t\t\t\t\t\t<article class=\"uagb-post__inner-wrap\">\t\t\t\t\t\t\t\t<h4 class=\"uagb-post__title uagb-post__text\">\n\t\t\t\t<a href=\"https:\/\/doi.org\/10.1093\/brain\/awae149\" target=\"_blank\" rel=\"bookmark noopener noreferrer\">Single-value brain activity scores reflect both severity and risk across the Alzheimer&#8217;s continuum<\/a>\n\t\t\t<\/h4>\n\t\t\t\t\t\t<div class='uagb-post__text uagb-post-grid-byline'>\n\t\t\t\t\t\t\t\t<time datetime=\"2024-11-04T13:30:38+01:00\" class=\"uagb-post__date\">\n\t\t\t\t<span class=\"dashicons-calendar dashicons\"><\/span>\t\t\t\t\t04.11.2024\t\t\t\t<\/time>\n\t\t\t\t\t\t\t<div class=\"uagb-post__text\">\n\t\t\t\t\t<span class='uagb-post__taxonomy'>\n\t\t\t\t\t\t<span class=\"dashicons-tag dashicons\"><\/span>\t\t\t\t\t\t<a href=\"https:\/\/sfb1436.de\/de\/category\/publikation\/a04-de\/\">A04<\/a>,&nbsp;<a href=\"https:\/\/sfb1436.de\/de\/category\/publikation\/a05-de\/\">A05<\/a>,&nbsp;<a href=\"https:\/\/sfb1436.de\/de\/category\/publikation\/b02-de\/\">B02<\/a>,&nbsp;<a href=\"https:\/\/sfb1436.de\/de\/category\/publikation\/z03-de\/\">Z03<\/a>\t\t\t\t\t<\/span>\n\t\t\t\t<\/div>\n\t\t\t\t\t\t\t<\/div>\n\t\t\t\t\t\t\t<div class='uagb-post__text uagb-post__excerpt'>\n\t\t\t\t\t<p>Niklas Soch J, Richter A, Kizilirmak JM, Sch\u00fctze H, Ziegler G, Altenstein S, Brosseron F, Fliessbach K, Freiesleben SD, Glanz W, Gref D, Heneka MT, Incesoy EI, Kilimann I, Kimmich O, Laske C, Lohse A, L\u00fcsebrink F, Munk MH, Peters&#8230;<\/span>\t\t\t\t<\/div>\n\t\t\t\n\t\t\t\t\t\t\t\t\t<\/article>\n\t\t\t\t\t\t\t\t\t\t\t\t\t\t\t\t<article class=\"uagb-post__inner-wrap\">\t\t\t\t\t\t\t\t<h4 class=\"uagb-post__title uagb-post__text\">\n\t\t\t\t<a href=\"https:\/\/doi.org\/10.1371\/journal.pdig.0000613\" target=\"_blank\" rel=\"bookmark noopener noreferrer\">Identifying older adults at risk for dementia based on smartphone data obtained during a wayfinding task in the real world<\/a>\n\t\t\t<\/h4>\n\t\t\t\t\t\t<div class='uagb-post__text uagb-post-grid-byline'>\n\t\t\t\t\t\t\t\t<time datetime=\"2024-10-03T13:02:41+02:00\" class=\"uagb-post__date\">\n\t\t\t\t<span class=\"dashicons-calendar dashicons\"><\/span>\t\t\t\t\t03.10.2024\t\t\t\t<\/time>\n\t\t\t\t\t\t\t<div class=\"uagb-post__text\">\n\t\t\t\t\t<span class='uagb-post__taxonomy'>\n\t\t\t\t\t\t<span class=\"dashicons-tag dashicons\"><\/span>\t\t\t\t\t\t<a href=\"https:\/\/sfb1436.de\/de\/category\/publikation\/b04-de\/\">B04<\/a>,&nbsp;<a href=\"https:\/\/sfb1436.de\/de\/category\/publikation\/z02-de\/\">Z02<\/a>,&nbsp;<a href=\"https:\/\/sfb1436.de\/de\/category\/publikation\/z03-de\/\">Z03<\/a>\t\t\t\t\t<\/span>\n\t\t\t\t<\/div>\n\t\t\t\t\t\t\t<\/div>\n\t\t\t\t\t\t\t<div class='uagb-post__text uagb-post__excerpt'>\n\t\t\t\t\t<p>Marquardt J, Mohan P, Spiliopoulou M, Glanz W, Butryn M, Kuehn E, Schreiber S, Maass A, Diersch N. <span class=\"excerpt-magazin\">PLOS Digit Health (2024)<\/span><\/p>\n<\/span>\t\t\t\t<\/div>\n\t\t\t\n\t\t\t\t\t\t\t\t\t<\/article>\n\t\t\t\t\t\t\t\t\t\t\t\t\t\t\t\t<article class=\"uagb-post__inner-wrap\">\t\t\t\t\t\t\t\t<h4 class=\"uagb-post__title uagb-post__text\">\n\t\t\t\t<a href=\"https:\/\/doi.org\/10.1162\/imag_a_00260\" target=\"_blank\" rel=\"bookmark noopener noreferrer\">Reduced expression of fMRI subsequent memory effects with increasing severity across the Alzheimer\u2019s disease risk spectrum<\/a>\n\t\t\t<\/h4>\n\t\t\t\t\t\t<div class='uagb-post__text uagb-post-grid-byline'>\n\t\t\t\t\t\t\t\t<time datetime=\"2024-08-20T13:33:26+02:00\" class=\"uagb-post__date\">\n\t\t\t\t<span class=\"dashicons-calendar dashicons\"><\/span>\t\t\t\t\t20.08.2024\t\t\t\t<\/time>\n\t\t\t\t\t\t\t<div class=\"uagb-post__text\">\n\t\t\t\t\t<span class='uagb-post__taxonomy'>\n\t\t\t\t\t\t<span class=\"dashicons-tag dashicons\"><\/span>\t\t\t\t\t\t<a href=\"https:\/\/sfb1436.de\/de\/category\/publikation\/a04-de\/\">A04<\/a>,&nbsp;<a href=\"https:\/\/sfb1436.de\/de\/category\/publikation\/a05-de\/\">A05<\/a>,&nbsp;<a href=\"https:\/\/sfb1436.de\/de\/category\/publikation\/b02-de\/\">B02<\/a>,&nbsp;<a href=\"https:\/\/sfb1436.de\/de\/category\/publikation\/z03-de\/\">Z03<\/a>\t\t\t\t\t<\/span>\n\t\t\t\t<\/div>\n\t\t\t\t\t\t\t<\/div>\n\t\t\t\t\t\t\t<div class='uagb-post__text uagb-post__excerpt'>\n\t\t\t\t\t<p>Soch J, Richter A, Kizilirmak JM, Sch\u00fctze H, Altenstein S, Dechent P, Fliessbach K, Glanz W, Herrera AL, Hetzer S, Incesoy EI, Kilimann I, Kimmich O, Lammerding D, Laske C, Lohse A, L\u00fcsebrink F, Munk MH, Peters O, Preis L,&#8230;<\/span>\t\t\t\t<\/div>\n\t\t\t\n\t\t\t\t\t\t\t\t\t<\/article>\n\t\t\t\t\t\t\t\t\t\t\t\t\t\t\t\t<article class=\"uagb-post__inner-wrap\">\t\t\t\t\t\t\t\t<h4 class=\"uagb-post__title uagb-post__text\">\n\t\t\t\t<a href=\"https:\/\/doi.org\/10.1177\/0271678x241260629\" target=\"_blank\" rel=\"bookmark noopener noreferrer\">Enlarged perivascular spaces in the basal ganglia are associated with arteries not veins<\/a>\n\t\t\t<\/h4>\n\t\t\t\t\t\t<div class='uagb-post__text uagb-post-grid-byline'>\n\t\t\t\t\t\t\t\t<time datetime=\"2024-06-11T10:33:47+02:00\" class=\"uagb-post__date\">\n\t\t\t\t<span class=\"dashicons-calendar dashicons\"><\/span>\t\t\t\t\t11.06.2024\t\t\t\t<\/time>\n\t\t\t\t\t\t\t<div class=\"uagb-post__text\">\n\t\t\t\t\t<span class='uagb-post__taxonomy'>\n\t\t\t\t\t\t<span class=\"dashicons-tag dashicons\"><\/span>\t\t\t\t\t\t<a href=\"https:\/\/sfb1436.de\/de\/category\/publikation\/a04-de\/\">A04<\/a>,&nbsp;<a href=\"https:\/\/sfb1436.de\/de\/category\/publikation\/b02-de\/\">B02<\/a>,&nbsp;<a href=\"https:\/\/sfb1436.de\/de\/category\/publikation\/b04-de\/\">B04<\/a>,&nbsp;<a href=\"https:\/\/sfb1436.de\/de\/category\/publikation\/z03-de\/\">Z03<\/a>\t\t\t\t\t<\/span>\n\t\t\t\t<\/div>\n\t\t\t\t\t\t\t<\/div>\n\t\t\t\t\t\t\t<div class='uagb-post__text uagb-post__excerpt'>\n\t\t\t\t\t<p>Oltmer J, Mattern H, Beck J, Yakupov R, Greenberg SM, Zwanenburg JJ, Arts T, D\u00fczel E, van Veluw SJ,\u00a0Schreiber S, Perosa V <span class=\"excerpt-magazin\">J Cereb Blood Flow Metab (2024)<\/span><\/p>\n<\/span>\t\t\t\t<\/div>\n\t\t\t\n\t\t\t\t\t\t\t\t\t<\/article>\n\t\t\t\t\t\t\t\t\t\t\t\t\t\t\t\t<article class=\"uagb-post__inner-wrap\">\t\t\t\t\t\t\t\t<h4 class=\"uagb-post__title uagb-post__text\">\n\t\t\t\t<a href=\"https:\/\/www.nature.com\/articles\/s41380-023-02387-3\" target=\"_blank\" rel=\"bookmark noopener noreferrer\">Different inflammatory signatures based on CSF biomarkers relate to preserved or diminished brain structure and cognition<\/a>\n\t\t\t<\/h4>\n\t\t\t\t\t\t<div class='uagb-post__text uagb-post-grid-byline'>\n\t\t\t\t\t\t\t\t<time datetime=\"2024-01-12T17:42:00+01:00\" class=\"uagb-post__date\">\n\t\t\t\t<span class=\"dashicons-calendar dashicons\"><\/span>\t\t\t\t\t12.01.2024\t\t\t\t<\/time>\n\t\t\t\t\t\t\t<div class=\"uagb-post__text\">\n\t\t\t\t\t<span class='uagb-post__taxonomy'>\n\t\t\t\t\t\t<span class=\"dashicons-tag dashicons\"><\/span>\t\t\t\t\t\t<a href=\"https:\/\/sfb1436.de\/de\/category\/publikation\/a08-de\/\">A08<\/a>,&nbsp;<a href=\"https:\/\/sfb1436.de\/de\/category\/publikation\/c01-de\/\">C01<\/a>,&nbsp;<a href=\"https:\/\/sfb1436.de\/de\/category\/publikation\/z03-de\/\">Z03<\/a>\t\t\t\t\t<\/span>\n\t\t\t\t<\/div>\n\t\t\t\t\t\t\t<\/div>\n\t\t\t\t\t\t\t<div class='uagb-post__text uagb-post__excerpt'>\n\t\t\t\t\t<p>Dayana Hayek, Gabriel Ziegler, Luca Kleineidam, Frederic Brosseron, Aditya Nemali, Niklas Vockert, Kishore A. Ravichandran, Matthew J. Betts, Oliver Peters, Luisa-Sophie Schneider, Xiao Wang, Josef Priller, Slawek Altenstein, Anja Schneider, Klaus Fliessbach, Jens Wiltfang, Claudia Bartels, Ayda Rostamzadeh, Wenzel Glanz,&#8230;<\/span>\t\t\t\t<\/div>\n\t\t\t\n\t\t\t\t\t\t\t\t\t<\/article>\n\t\t\t\t\t\t\t\t\t\t\t\t\t\t\t\t<article class=\"uagb-post__inner-wrap\">\t\t\t\t\t\t\t\t<h4 class=\"uagb-post__title uagb-post__text\">\n\t\t\t\t<a href=\"https:\/\/doi.org\/10.1016\/j.media.2023.102913\" target=\"_blank\" rel=\"bookmark noopener noreferrer\">Gaussian Process-based prediction of memory performance and biomarker status in ageing and Alzheimer\u2019s disease-A systematic model evaluation<\/a>\n\t\t\t<\/h4>\n\t\t\t\t\t\t<div class='uagb-post__text uagb-post-grid-byline'>\n\t\t\t\t\t\t\t\t<time datetime=\"2023-12-01T15:07:00+01:00\" class=\"uagb-post__date\">\n\t\t\t\t<span class=\"dashicons-calendar dashicons\"><\/span>\t\t\t\t\t01.12.2023\t\t\t\t<\/time>\n\t\t\t\t\t\t\t<div class=\"uagb-post__text\">\n\t\t\t\t\t<span class='uagb-post__taxonomy'>\n\t\t\t\t\t\t<span class=\"dashicons-tag dashicons\"><\/span>\t\t\t\t\t\t<a href=\"https:\/\/sfb1436.de\/de\/category\/publikation\/b04-de\/\">B04<\/a>,&nbsp;<a href=\"https:\/\/sfb1436.de\/de\/category\/publikation\/c01-de\/\">C01<\/a>,&nbsp;<a href=\"https:\/\/sfb1436.de\/de\/category\/publikation\/z03-de\/\">Z03<\/a>\t\t\t\t\t<\/span>\n\t\t\t\t<\/div>\n\t\t\t\t\t\t\t<\/div>\n\t\t\t\t\t\t\t<div class='uagb-post__text uagb-post__excerpt'>\n\t\t\t\t\t<p>A. Nemali, N. Vockert, D. Berron, A. Maas, J. Bernal, R. Yakupov, O. Peters, D. Gref, N. Cosma, L. Preis, J. Priller, E. Spruth, S. Altenstein, A. Lohse, K. Fliessbach, O. Kimmich, I. Vogt, J. Wiltfang, N. Hansen, C. Bartels,&#8230;<\/span>\t\t\t\t<\/div>\n\t\t\t\n\t\t\t\t\t\t\t\t\t<\/article>\n\t\t\t\t\t\t\t\t\t\t\t\t\t\t\t\t<article class=\"uagb-post__inner-wrap\">\t\t\t\t\t\t\t\t<h4 class=\"uagb-post__title uagb-post__text\">\n\t\t\t\t<a href=\"https:\/\/doi.org\/10.1101\/2023.10.10.561675\" target=\"_blank\" rel=\"bookmark noopener noreferrer\">Kognitive Reserve gegen\u00fcber der Alzheimer-Pathologie ist mit der Gehirnaktivit\u00e4t w\u00e4hrend der Ged\u00e4chtnisbildung verbunden (2023)<\/a>\n\t\t\t<\/h4>\n\t\t\t\t\t\t<div class='uagb-post__text uagb-post-grid-byline'>\n\t\t\t\t\t\t\t\t<time datetime=\"2023-10-13T23:36:00+02:00\" class=\"uagb-post__date\">\n\t\t\t\t<span class=\"dashicons-calendar dashicons\"><\/span>\t\t\t\t\t13.10.2023\t\t\t\t<\/time>\n\t\t\t\t\t\t\t<div class=\"uagb-post__text\">\n\t\t\t\t\t<span class='uagb-post__taxonomy'>\n\t\t\t\t\t\t<span class=\"dashicons-tag dashicons\"><\/span>\t\t\t\t\t\t<a href=\"https:\/\/sfb1436.de\/de\/category\/publikation\/a05-de\/\">A05<\/a>,&nbsp;<a href=\"https:\/\/sfb1436.de\/de\/category\/publikation\/b02-de\/\">B02<\/a>,&nbsp;<a href=\"https:\/\/sfb1436.de\/de\/category\/publikation\/b04-de\/\">B04<\/a>,&nbsp;<a href=\"https:\/\/sfb1436.de\/de\/category\/publikation\/c01-de\/\">C01<\/a>,&nbsp;<a href=\"https:\/\/sfb1436.de\/de\/category\/publikation\/z03-de\/\">Z03<\/a>\t\t\t\t\t<\/span>\n\t\t\t\t<\/div>\n\t\t\t\t\t\t\t<\/div>\n\t\t\t\t\t\t\t<div class='uagb-post__text uagb-post__excerpt'>\n\t\t\t\t\t<p>Niklas Vockert, Judith Machts, Luca Kleineidam, Aditya Nemali, Hartmut Sch\u00fctze, Renat Yakupov, Oliver Peters, Daria Gref, Luisa Sophie Schneider, Lukas Preis, Josef Priller, Eike Jakob Spruth, Slawek Altenstein, Anja Schneider, Klaus Fliessbach, Jens Wiltfang, Ayda Rostamzadeh, Wenzel Glanz, Enise I&#8230;.<\/span>\t\t\t\t<\/div>\n\t\t\t\n\t\t\t\t\t\t\t\t\t<\/article>\n\t\t\t\t\t\t\t\t\t\t\t<\/div>\n\t\t\t\n\n\n<div class=\"wp-block-buttons is-content-justification-center is-layout-flex wp-container-core-buttons-is-layout-7f6a23f4 wp-block-buttons-is-layout-flex\" style=\"margin-top:30px;margin-bottom:0px\">\n<div class=\"wp-block-button\"><a class=\"wp-block-button__link has-project-c-color has-white-background-color has-text-color has-background wp-element-button\" href=\"https:\/\/sfb1436.de\/de\/publikationen\/\">Alle Publikationen<\/a><\/div>\n\n\n\n<div class=\"wp-block-button is-style-outline is-style-outline--1\"><a class=\"wp-block-button__link has-white-color has-text-color wp-element-button\" href=\"https:\/\/sfb1436.de\/de\/projekte\/\">Alle Projekte<\/a><\/div>\n<\/div>\n<\/div>\n<\/div>\n<\/section>\n<\/div>\n<\/div>\n","protected":false},"excerpt":{"rendered":"<p>In der ersten F\u00f6rderperiode haben wir eine Kohorte von insgesamt mehr als 300 kognitiv normalen \u00e4lteren Menschen (Alter \u2265 60 Jahre) und SuperAgern aufgebaut. Diese Kohorte wird in der 2. F\u00f6rderperiode longitudinal verfolgt. Weiterhin sollen insgesamt ca. 80 neue SuperAger eingeschlossen werden.&nbsp; Die Kohorte wird mittels Bildgebung (PET\/MRT) und Blutmarkern f\u00fcr altersbedingte Pathologie charakterisiert. Diese [&hellip;]<\/p>\n","protected":false},"author":4,"featured_media":0,"parent":3279,"menu_order":0,"comment_status":"closed","ping_status":"closed","template":"","meta":{"_crdt_document":"","_uag_custom_page_level_css":"","footnotes":""},"class_list":["post-8622","page","type-page","status-publish","hentry"],"yoast_head":"<!-- This site is optimized with the Yoast SEO plugin v27.1.1 - https:\/\/yoast.com\/product\/yoast-seo-wordpress\/ -->\n<title>Z03 - Erstellung einer Biomarker-basierten Alterskohorte<\/title>\n<meta name=\"description\" content=\"In der ersten F\u00f6rderperiode haben wir eine Kohorte von insgesamt mehr als 300 kognitiv normalen \u00e4lteren Menschen...\" \/>\n<meta name=\"robots\" content=\"index, follow, max-snippet:-1, max-image-preview:large, max-video-preview:-1\" \/>\n<link rel=\"canonical\" href=\"https:\/\/sfb1436.de\/de\/projekte\/z03-erstellung-und-untersuchung-einer-biomarker-basierten-alterskohorte\/\" \/>\n<meta property=\"og:locale\" content=\"de_DE\" \/>\n<meta property=\"og:type\" content=\"article\" \/>\n<meta property=\"og:title\" content=\"Z03 - Erstellung einer Biomarker-basierten Alterskohorte\" \/>\n<meta property=\"og:description\" content=\"In der ersten F\u00f6rderperiode haben wir eine Kohorte von insgesamt mehr als 300 kognitiv normalen \u00e4lteren Menschen...\" \/>\n<meta property=\"og:url\" content=\"https:\/\/sfb1436.de\/de\/projekte\/z03-erstellung-und-untersuchung-einer-biomarker-basierten-alterskohorte\/\" \/>\n<meta property=\"og:site_name\" content=\"SFB1436\" \/>\n<meta property=\"article:modified_time\" content=\"2025-02-24T12:44:37+00:00\" \/>\n<meta property=\"og:image\" content=\"https:\/\/sfb1436.de\/wp-content\/uploads\/2025\/02\/Z03_25-28_abstract.png\" \/>\n\t<meta property=\"og:image:width\" content=\"1123\" \/>\n\t<meta property=\"og:image:height\" content=\"379\" \/>\n\t<meta property=\"og:image:type\" content=\"image\/png\" \/>\n<meta name=\"twitter:card\" content=\"summary_large_image\" \/>\n<meta name=\"twitter:label1\" content=\"Gesch\u00e4tzte Lesezeit\" \/>\n\t<meta name=\"twitter:data1\" content=\"5\u00a0Minuten\" \/>\n<script type=\"application\/ld+json\" class=\"yoast-schema-graph\">{\"@context\":\"https:\/\/schema.org\",\"@graph\":[{\"@type\":\"WebPage\",\"@id\":\"https:\/\/sfb1436.de\/de\/projekte\/z03-erstellung-und-untersuchung-einer-biomarker-basierten-alterskohorte\/\",\"url\":\"https:\/\/sfb1436.de\/de\/projekte\/z03-erstellung-und-untersuchung-einer-biomarker-basierten-alterskohorte\/\",\"name\":\"Z03 - Erstellung einer Biomarker-basierten Alterskohorte\",\"isPartOf\":{\"@id\":\"https:\/\/sfb1436.de\/de\/#website\"},\"primaryImageOfPage\":{\"@id\":\"https:\/\/sfb1436.de\/de\/projekte\/z03-erstellung-und-untersuchung-einer-biomarker-basierten-alterskohorte\/#primaryimage\"},\"image\":{\"@id\":\"https:\/\/sfb1436.de\/de\/projekte\/z03-erstellung-und-untersuchung-einer-biomarker-basierten-alterskohorte\/#primaryimage\"},\"thumbnailUrl\":\"https:\/\/sfb1436.de\/wp-content\/uploads\/2025\/02\/Z03_25-28_abstract-1024x346.png\",\"datePublished\":\"2022-03-30T08:12:29+00:00\",\"dateModified\":\"2025-02-24T12:44:37+00:00\",\"description\":\"In der ersten F\u00f6rderperiode haben wir eine Kohorte von insgesamt mehr als 300 kognitiv normalen \u00e4lteren Menschen...\",\"breadcrumb\":{\"@id\":\"https:\/\/sfb1436.de\/de\/projekte\/z03-erstellung-und-untersuchung-einer-biomarker-basierten-alterskohorte\/#breadcrumb\"},\"inLanguage\":\"de\",\"potentialAction\":[{\"@type\":\"ReadAction\",\"target\":[\"https:\/\/sfb1436.de\/de\/projekte\/z03-erstellung-und-untersuchung-einer-biomarker-basierten-alterskohorte\/\"]}]},{\"@type\":\"ImageObject\",\"inLanguage\":\"de\",\"@id\":\"https:\/\/sfb1436.de\/de\/projekte\/z03-erstellung-und-untersuchung-einer-biomarker-basierten-alterskohorte\/#primaryimage\",\"url\":\"https:\/\/sfb1436.de\/wp-content\/uploads\/2025\/02\/Z03_25-28_abstract-1024x346.png\",\"contentUrl\":\"https:\/\/sfb1436.de\/wp-content\/uploads\/2025\/02\/Z03_25-28_abstract-1024x346.png\"},{\"@type\":\"BreadcrumbList\",\"@id\":\"https:\/\/sfb1436.de\/de\/projekte\/z03-erstellung-und-untersuchung-einer-biomarker-basierten-alterskohorte\/#breadcrumb\",\"itemListElement\":[{\"@type\":\"ListItem\",\"position\":1,\"name\":\"Startseite\",\"item\":\"https:\/\/sfb1436.de\/de\/\"},{\"@type\":\"ListItem\",\"position\":2,\"name\":\"Unsere Projekte\",\"item\":\"https:\/\/sfb1436.de\/de\/projekte\/\"},{\"@type\":\"ListItem\",\"position\":3,\"name\":\"Z03 &#8211; Erstellung und Untersuchung einer Biomarker-basierten Alterskohorte\"}]},{\"@type\":\"WebSite\",\"@id\":\"https:\/\/sfb1436.de\/de\/#website\",\"url\":\"https:\/\/sfb1436.de\/de\/\",\"name\":\"SFB1436\",\"description\":\"\",\"publisher\":{\"@id\":\"https:\/\/sfb1436.de\/de\/#organization\"},\"potentialAction\":[{\"@type\":\"SearchAction\",\"target\":{\"@type\":\"EntryPoint\",\"urlTemplate\":\"https:\/\/sfb1436.de\/de\/?s={search_term_string}\"},\"query-input\":{\"@type\":\"PropertyValueSpecification\",\"valueRequired\":true,\"valueName\":\"search_term_string\"}}],\"inLanguage\":\"de\"},{\"@type\":\"Organization\",\"@id\":\"https:\/\/sfb1436.de\/de\/#organization\",\"name\":\"Otto-von-Guericke Universit\u00e4t Medizinische Fakult\u00e4t Institut f\u00fcr Kognitive Neurologie und Demenzforschung\",\"url\":\"https:\/\/sfb1436.de\/de\/\",\"logo\":{\"@type\":\"ImageObject\",\"inLanguage\":\"de\",\"@id\":\"https:\/\/sfb1436.de\/de\/#\/schema\/logo\/image\/\",\"url\":\"https:\/\/sfb1436.de\/wp-content\/uploads\/2021\/12\/logo-sfb.png\",\"contentUrl\":\"https:\/\/sfb1436.de\/wp-content\/uploads\/2021\/12\/logo-sfb.png\",\"width\":1244,\"height\":820,\"caption\":\"Otto-von-Guericke Universit\u00e4t Medizinische Fakult\u00e4t Institut f\u00fcr Kognitive Neurologie und Demenzforschung\"},\"image\":{\"@id\":\"https:\/\/sfb1436.de\/de\/#\/schema\/logo\/image\/\"}}]}<\/script>\n<!-- \/ Yoast SEO plugin. -->","yoast_head_json":{"title":"Z03 - Erstellung einer Biomarker-basierten Alterskohorte","description":"In der ersten F\u00f6rderperiode haben wir eine Kohorte von insgesamt mehr als 300 kognitiv normalen \u00e4lteren Menschen...","robots":{"index":"index","follow":"follow","max-snippet":"max-snippet:-1","max-image-preview":"max-image-preview:large","max-video-preview":"max-video-preview:-1"},"canonical":"https:\/\/sfb1436.de\/de\/projekte\/z03-erstellung-und-untersuchung-einer-biomarker-basierten-alterskohorte\/","og_locale":"de_DE","og_type":"article","og_title":"Z03 - Erstellung einer Biomarker-basierten Alterskohorte","og_description":"In der ersten F\u00f6rderperiode haben wir eine Kohorte von insgesamt mehr als 300 kognitiv normalen \u00e4lteren Menschen...","og_url":"https:\/\/sfb1436.de\/de\/projekte\/z03-erstellung-und-untersuchung-einer-biomarker-basierten-alterskohorte\/","og_site_name":"SFB1436","article_modified_time":"2025-02-24T12:44:37+00:00","og_image":[{"width":1123,"height":379,"url":"https:\/\/sfb1436.de\/wp-content\/uploads\/2025\/02\/Z03_25-28_abstract.png","type":"image\/png"}],"twitter_card":"summary_large_image","twitter_misc":{"Gesch\u00e4tzte Lesezeit":"5\u00a0Minuten"},"schema":{"@context":"https:\/\/schema.org","@graph":[{"@type":"WebPage","@id":"https:\/\/sfb1436.de\/de\/projekte\/z03-erstellung-und-untersuchung-einer-biomarker-basierten-alterskohorte\/","url":"https:\/\/sfb1436.de\/de\/projekte\/z03-erstellung-und-untersuchung-einer-biomarker-basierten-alterskohorte\/","name":"Z03 - Erstellung einer Biomarker-basierten Alterskohorte","isPartOf":{"@id":"https:\/\/sfb1436.de\/de\/#website"},"primaryImageOfPage":{"@id":"https:\/\/sfb1436.de\/de\/projekte\/z03-erstellung-und-untersuchung-einer-biomarker-basierten-alterskohorte\/#primaryimage"},"image":{"@id":"https:\/\/sfb1436.de\/de\/projekte\/z03-erstellung-und-untersuchung-einer-biomarker-basierten-alterskohorte\/#primaryimage"},"thumbnailUrl":"https:\/\/sfb1436.de\/wp-content\/uploads\/2025\/02\/Z03_25-28_abstract-1024x346.png","datePublished":"2022-03-30T08:12:29+00:00","dateModified":"2025-02-24T12:44:37+00:00","description":"In der ersten F\u00f6rderperiode haben wir eine Kohorte von insgesamt mehr als 300 kognitiv normalen \u00e4lteren Menschen...","breadcrumb":{"@id":"https:\/\/sfb1436.de\/de\/projekte\/z03-erstellung-und-untersuchung-einer-biomarker-basierten-alterskohorte\/#breadcrumb"},"inLanguage":"de","potentialAction":[{"@type":"ReadAction","target":["https:\/\/sfb1436.de\/de\/projekte\/z03-erstellung-und-untersuchung-einer-biomarker-basierten-alterskohorte\/"]}]},{"@type":"ImageObject","inLanguage":"de","@id":"https:\/\/sfb1436.de\/de\/projekte\/z03-erstellung-und-untersuchung-einer-biomarker-basierten-alterskohorte\/#primaryimage","url":"https:\/\/sfb1436.de\/wp-content\/uploads\/2025\/02\/Z03_25-28_abstract-1024x346.png","contentUrl":"https:\/\/sfb1436.de\/wp-content\/uploads\/2025\/02\/Z03_25-28_abstract-1024x346.png"},{"@type":"BreadcrumbList","@id":"https:\/\/sfb1436.de\/de\/projekte\/z03-erstellung-und-untersuchung-einer-biomarker-basierten-alterskohorte\/#breadcrumb","itemListElement":[{"@type":"ListItem","position":1,"name":"Startseite","item":"https:\/\/sfb1436.de\/de\/"},{"@type":"ListItem","position":2,"name":"Unsere Projekte","item":"https:\/\/sfb1436.de\/de\/projekte\/"},{"@type":"ListItem","position":3,"name":"Z03 &#8211; Erstellung und Untersuchung einer Biomarker-basierten Alterskohorte"}]},{"@type":"WebSite","@id":"https:\/\/sfb1436.de\/de\/#website","url":"https:\/\/sfb1436.de\/de\/","name":"SFB1436","description":"","publisher":{"@id":"https:\/\/sfb1436.de\/de\/#organization"},"potentialAction":[{"@type":"SearchAction","target":{"@type":"EntryPoint","urlTemplate":"https:\/\/sfb1436.de\/de\/?s={search_term_string}"},"query-input":{"@type":"PropertyValueSpecification","valueRequired":true,"valueName":"search_term_string"}}],"inLanguage":"de"},{"@type":"Organization","@id":"https:\/\/sfb1436.de\/de\/#organization","name":"Otto-von-Guericke Universit\u00e4t Medizinische Fakult\u00e4t Institut f\u00fcr Kognitive Neurologie und Demenzforschung","url":"https:\/\/sfb1436.de\/de\/","logo":{"@type":"ImageObject","inLanguage":"de","@id":"https:\/\/sfb1436.de\/de\/#\/schema\/logo\/image\/","url":"https:\/\/sfb1436.de\/wp-content\/uploads\/2021\/12\/logo-sfb.png","contentUrl":"https:\/\/sfb1436.de\/wp-content\/uploads\/2021\/12\/logo-sfb.png","width":1244,"height":820,"caption":"Otto-von-Guericke Universit\u00e4t Medizinische Fakult\u00e4t Institut f\u00fcr Kognitive Neurologie und Demenzforschung"},"image":{"@id":"https:\/\/sfb1436.de\/de\/#\/schema\/logo\/image\/"}}]}},"uagb_featured_image_src":{"full":false,"thumbnail":false,"medium":false,"medium_large":false,"large":false,"gs-tiny":false,"xl":false,"xxl":false,"xxxl":false,"xxxxl":false,"xxxxxl":false,"1536x1536":false,"2048x2048":false,"awsm_team":false},"uagb_author_info":{"display_name":"redakteur","author_link":"https:\/\/sfb1436.de\/de\/author\/redakteur\/"},"uagb_comment_info":0,"uagb_excerpt":"In der ersten F\u00f6rderperiode haben wir eine Kohorte von insgesamt mehr als 300 kognitiv normalen \u00e4lteren Menschen (Alter \u2265 60 Jahre) und SuperAgern aufgebaut. Diese Kohorte wird in der 2. F\u00f6rderperiode longitudinal verfolgt. Weiterhin sollen insgesamt ca. 80 neue SuperAger eingeschlossen werden.&nbsp; Die Kohorte wird mittels Bildgebung (PET\/MRT) und Blutmarkern f\u00fcr altersbedingte Pathologie charakterisiert. Diese&hellip;","_links":{"self":[{"href":"https:\/\/sfb1436.de\/de\/wp-json\/wp\/v2\/pages\/8622","targetHints":{"allow":["GET"]}}],"collection":[{"href":"https:\/\/sfb1436.de\/de\/wp-json\/wp\/v2\/pages"}],"about":[{"href":"https:\/\/sfb1436.de\/de\/wp-json\/wp\/v2\/types\/page"}],"author":[{"embeddable":true,"href":"https:\/\/sfb1436.de\/de\/wp-json\/wp\/v2\/users\/4"}],"replies":[{"embeddable":true,"href":"https:\/\/sfb1436.de\/de\/wp-json\/wp\/v2\/comments?post=8622"}],"version-history":[{"count":44,"href":"https:\/\/sfb1436.de\/de\/wp-json\/wp\/v2\/pages\/8622\/revisions"}],"predecessor-version":[{"id":26484,"href":"https:\/\/sfb1436.de\/de\/wp-json\/wp\/v2\/pages\/8622\/revisions\/26484"}],"up":[{"embeddable":true,"href":"https:\/\/sfb1436.de\/de\/wp-json\/wp\/v2\/pages\/3279"}],"wp:attachment":[{"href":"https:\/\/sfb1436.de\/de\/wp-json\/wp\/v2\/media?parent=8622"}],"curies":[{"name":"wp","href":"https:\/\/api.w.org\/{rel}","templated":true}]}}