{"id":8448,"date":"2021-11-10T09:27:13","date_gmt":"2021-11-10T10:27:13","guid":{"rendered":"https:\/\/sfb1436.de\/beispiel-seite\/"},"modified":"2025-11-24T07:59:36","modified_gmt":"2025-11-24T06:59:36","slug":"home","status":"publish","type":"page","link":"https:\/\/sfb1436.de\/de\/","title":{"rendered":"Home"},"content":{"rendered":"<div id=\"gutenslider-8zhxv2sqt\" class=\"wp-block-eedee-block-gutenslider gs-frontend content-change alignfull arrow-style-1 arrow-position-sides arrow-mb-none arrows-lg arrows-md arrows-sm dot-style-1 dots-lg dots-md dots-sm dot-position-bottom slider-home is-position-center-center mb-none wrap-auto-height\" data-parallax-direction=\"down\" data-parallax-amount=\"1.3\" data-lg-transition=\"lg-slide\" data-hash=\"\" ><div class=\"eedee-swiper-outer\" style=\"--gutenslider-min-height: 750px;--gutenslider-arrow-size: 30px;--gutenslider-dot-size: 25px;--gutenslider-arrow-color: #ffffff;--gutenslider-dot-color: #ffffff;--gutenslider-padding-y-mobile: 40px;--gutenslider-padding-x-mobile: 40px;--gutenslider-padding-y-tablet: 40px;--gutenslider-padding-x-tablet: 40px;--gutenslider-padding-y-desktop: 40px;--gutenslider-padding-x-desktop: 40px;--gutenslider-bg-image: url();--gutenslider-min-height-md: 50vh;--gutenslider-min-height-sm: 50vh;--gutenslider-padding-x: 50px;--gutenslider-padding-x-md: 50px;--gutenslider-padding-x-sm: 50px;--gutenslider-padding-y: 50px;--gutenslider-padding-y-md: 50px;--gutenslider-padding-y-sm: 50px;--gutenslider-arrow-size-md: 30px;--gutenslider-arrow-size-sm: 30px;--gutenslider-dot-size-md: 25px;--gutenslider-dot-size-sm: 25px;--gutenslider-arrow-bg-color: transparent;--gutenslider-arrow-hover-color: #eeeeee;--gutenslider-arrow-bg-hover-color: transparent;--gutenslider-arrow-x-offset: 10px;--gutenslider-arrow-x-offset-md: 10px;--gutenslider-arrow-x-offset-sm: 10px;--gutenslider-arrow-y-offset: 0px;--gutenslider-arrow-y-offset-md: 0px;--gutenslider-arrow-y-offset-sm: 0px;--gutenslider-arrow-x-spacing: 0px;--gutenslider-dot-y-offset: 10px;--gutenslider-dot-y-offset-md: 10px;--gutenslider-dot-y-offset-sm: 10px;--gutenslider-margin-x: 0px;--gutenslider-margin-x-md: 0px;--gutenslider-margin-x-sm: 0px;--gutenslider-margin-y: 0px;--gutenslider-margin-y-md: 0px;--gutenslider-margin-y-sm: 0px;--gutenslider-divider-top: 60px;--gutenslider-divider-bottom: 60px;--gutenslider-lightgallery-bg: #ffffff;--gutenslider-lightgallery-font: #000000;--gs-first-pos: 44% 26%;--gs-gap-vertical: var( --wp--style--gallery-gap-default, var( --gallery-block--gutter-size, var( --wp--style--block-gap, 0.5em ) ) );--gs-gap-horizontal: var( --wp--style--gallery-gap-default, var( --gallery-block--gutter-size, var( --wp--style--block-gap, 0.5em ) ) );\"><div class=\"gutenslider-divider-top\" style=\"color:#fff;\"><\/div><div class=\"swiper\" data-settings='{\"autoplay\":false,\"speed\":700,\"direction\":\"horizontal\",\"autoHeight\":\"\",\"loop\":true,\"centeredSlides\":true,\"spaceBetween\":0,\"slidesPerView\":1,\"slidesPerGroup\":1,\"effect\":\"slide\",\"coverflowEffect\":{\"rotate\":30,\"slideShadows\":false,\"depth\":100,\"stretch\":50,\"modifier\":1},\"fadeEffect\":{\"crossFade\":true},\"zoom\":\"\",\"navigation\":{\"nextEl\":\"#gutenslider-8zhxv2sqt .eedee-gutenslider-next\",\"prevEl\":\"#gutenslider-8zhxv2sqt .eedee-gutenslider-prev\"},\"pagination\":{\"type\":\"bullets\",\"clickable\":true,\"dynamicBullets\":false,\"el\":\"#gutenslider-8zhxv2sqt .eedee-gutenslider-pagination\"},\"pauseOnHover\":\"1\",\"watchSlidesProgress\":true,\"watchSlidesVisibility\":true,\"settingsMd\":{\"autoHeight\":\"\",\"slidesPerView\":1,\"slidesPerGroup\":1,\"spaceBetween\":0,\"loop\":true},\"settingsLg\":{\"autoHeight\":\"\",\"slidesPerView\":1,\"slidesPerGroup\":1,\"spaceBetween\":0,\"loop\":true},\"hasLg\":false,\"hasLgCounter\":true,\"isFullScreen\":false,\"arrowsFollowMouse\":false,\"lgTitle\":\"none\",\"lgCaption\":\"none\",\"lgThumbnails\":true,\"lgZoomEnabled\":false,\"keyboard\":{\"keyboard\":{\"enabled\":true,\"onlyInViewport\":true}},\"hashNavigation\":false,\"dividers\":false}'><div class=\"swiper-wrapper\">\n<div class=\"swiper-slide wp-block-eedee-block-gutenslide is-position-center-left ed-bg-image\" style=\"--ed-vw:300;--ed-vh:170;\" data-hash=\"\"><div class=\"eedee-background-div bg-image\"><img fetchpriority=\"high\" width=\"1000\" height=\"565\" class=\"wp-image-7959\" src=\"https:\/\/sfb1436.de\/wp-content\/uploads\/2022\/04\/Kognitive_Gedaechtnisleistung_potential_brain.jpg\" alt=\"DZNE Magdeburg untersucht im SFB 1436 die Merkf\u00e4higkeit von Menschen mit Bildern\" decoding=\"async\" style=\"object-fit: cover; object-position: 44% 26%;\"  data-title=\"Kognitive_Ged\u00e4chtnisleistung_potential_brain\" srcset=\"https:\/\/sfb1436.de\/wp-content\/uploads\/2022\/04\/Kognitive_Gedaechtnisleistung_potential_brain.jpg 1000w, https:\/\/sfb1436.de\/wp-content\/uploads\/2022\/04\/Kognitive_Gedaechtnisleistung_potential_brain-300x170.jpg 300w, https:\/\/sfb1436.de\/wp-content\/uploads\/2022\/04\/Kognitive_Gedaechtnisleistung_potential_brain-768x434.jpg 768w\" sizes=\"(max-width: 1000px) 100vw, 1000px\" \/><div class=\"eedee-background-div__overlay\" style=\"opacity:0.1;background:#000000;\"><\/div><\/div><div class=\"slide-content\">\n\n<div class=\"wp-block-columns are-vertically-aligned-top is-layout-flex wp-container-core-columns-is-layout-f56f613f wp-block-columns-is-layout-flex\">\n<div class=\"wp-block-column is-vertically-aligned-top is-layout-flow wp-block-column-is-layout-flow\" style=\"flex-basis:42%\">\n<p class=\"has-white-color has-text-color has-medium-font-size wp-block-paragraph\"><strong>Das kognitive Potenzial des Gehirns mobilisieren<\/strong><\/p>\n\n\n\n<p class=\"has-white-color has-text-color wp-block-paragraph\" style=\"font-size:1.2em\">Wie kann das kognitive Potenzial des Gehirns mobilisiert, gesteigert und erhalten werden? Ein interdisziplin\u00e4res Team aus Medizin, Biologie, Biochemie, Psychologie, Physik und Pharmakologie geht diesen Fragen im <a href=\"https:\/\/www.dfg.de\/\" target=\"_blank\" rel=\"noreferrer noopener\">DFG<\/a>-gef\u00f6rderten Sonderforschungsbereich (SFB) 1436 \u201eNeurale Ressourcen der Kognition\u201c auf den Grund.<\/p>\n\n\n\n<div class=\"wp-block-buttons is-layout-flex wp-block-buttons-is-layout-flex\" style=\"margin-top:50px;margin-bottom:50px\">\n<div class=\"wp-block-button is-style-outline is-style-outline--1\"><a class=\"wp-block-button__link has-white-color has-text-color has-background has-border-color has-white-border-color wp-element-button\" href=\"#about-crc\" style=\"border-width:1px;background-color:#00000000\">Mehr Erfahren<\/a><\/div>\n\n\n\n<div class=\"wp-block-button is-style-fill\"><a class=\"wp-block-button__link has-foreground-color has-white-background-color has-text-color has-background wp-element-button\" href=\"https:\/\/sfb1436.de\/de\/aktuelles\/\">Aktuelles<\/a><\/div>\n<\/div>\n<\/div>\n<\/div>\n\n<\/div><\/div>\n\n<div class=\"swiper-slide wp-block-eedee-block-gutenslide is-position-center-left ed-bg-image\" style=\"--ed-vw:300;--ed-vh:200;\" data-hash=\"\"><div class=\"eedee-background-div bg-image\"><img width=\"2000\" height=\"1333\" class=\"wp-image-16803\" src=\"https:\/\/sfb1436.de\/wp-content\/uploads\/2023\/02\/Magdeburg_Laborszenen_18.5.22.webp\" alt=\"Wissenschaftler besprechen Poster aus dem SFB 1436\" decoding=\"async\" style=\"object-fit: cover; object-position: 12% 36%;\"  data-title=\"Magdeburg_Laborszenen_18.5.22\" srcset=\"https:\/\/sfb1436.de\/wp-content\/uploads\/2023\/02\/Magdeburg_Laborszenen_18.5.22.webp 2000w, https:\/\/sfb1436.de\/wp-content\/uploads\/2023\/02\/Magdeburg_Laborszenen_18.5.22-300x200.webp 300w, https:\/\/sfb1436.de\/wp-content\/uploads\/2023\/02\/Magdeburg_Laborszenen_18.5.22-1024x682.webp 1024w, https:\/\/sfb1436.de\/wp-content\/uploads\/2023\/02\/Magdeburg_Laborszenen_18.5.22-768x512.webp 768w, https:\/\/sfb1436.de\/wp-content\/uploads\/2023\/02\/Magdeburg_Laborszenen_18.5.22-1536x1024.webp 1536w, https:\/\/sfb1436.de\/wp-content\/uploads\/2023\/02\/Magdeburg_Laborszenen_18.5.22-1600x1066.webp 1600w\" sizes=\"(max-width: 2000px) 100vw, 2000px\" \/><div class=\"eedee-background-div__overlay\" style=\"opacity:0.3;background:#000000;\"><\/div><\/div><div class=\"slide-content\">\n\n<div class=\"wp-block-columns are-vertically-aligned-top is-layout-flex wp-container-core-columns-is-layout-cda6d148 wp-block-columns-is-layout-flex\" style=\"margin-top:0px;margin-bottom:0px;padding-top:0px;padding-right:0px;padding-bottom:0px;padding-left:0px\">\n<div class=\"wp-block-column is-vertically-aligned-top is-layout-flow wp-block-column-is-layout-flow\" style=\"padding-top:35px\">\n\t\t\t<div class=\"wp-block-uagb-post-grid uagb-post-grid sfb-cate-slider uagb-post__image-position-top uagb-post__image-disabled uagb-block-6f1b123e     uagb-post__items uagb-post__columns-2 is-grid uagb-post__columns-tablet-1 uagb-post__columns-mobile-1 uagb-post__equal-height\" data-total=\"433\" style=\"\">\n\n\t\t\t\t\t\t\t\t\t\t\t\t<article class=\"uagb-post__inner-wrap\">\t\t\t\t\t\t\t\t<span class=\"uagb-post__title uagb-post__text\">\n\t\t\t\t<a href=\"https:\/\/sfb1436.de\/de\/maximilian-lenz-zu-gast-im-sfb-1436\/\" target=\"_self\" rel=\"bookmark noopener noreferrer\">Maximilian Lenz zu Gast im SFB 1436<\/a>\n\t\t\t<\/span>\n\t\t\t\t\t\t<div class='uagb-post__text uagb-post-grid-byline'>\n\t\t\t\t\t\t\t\t<time datetime=\"2026-04-17T09:00:00+02:00\" class=\"uagb-post__date\">\n\t\t\t\t<span class=\"dashicons-calendar dashicons\"><\/span>\t\t\t\t\t17.04.2026\t\t\t\t<\/time>\n\t\t\t\t\t\t<\/div>\n\t\t\t\t\t\t\t<div class='uagb-post__text uagb-post__excerpt'>\n\t\t\t\t\t<p>Am Montag, den 20. April 2026 begr\u00fc\u00dfen wir Professor Maximilian Lenz vom&#8230;<\/span>\t\t\t\t<\/div>\n\t\t\t\t\t\t<div class=\"uagb-post__text uagb-post__cta wp-block-button\">\n\t\t\t\t<a class=\"wp-block-button__link uagb-text-link\" style=\"\" href=\"https:\/\/sfb1436.de\/de\/maximilian-lenz-zu-gast-im-sfb-1436\/\" target=\"_self\" rel=\"bookmark noopener noreferrer\">Mehr Erfahren<\/a>\n\t\t\t<\/div>\n\t\t\t        <a class=\"custom-btn-latest-news wp-block-button__link has-foreground-color has-text-color has-background wp-element-button\" href=\"\/de\/aktuelles\/\" target=\"_self\"\r\n           rel=\"bookmark noopener noreferrer\">Aktuelles<\/a>\r\n    \n\t\t\t\t\t\t\t\t\t<\/article>\n\t\t\t\t\t\t\t\t\t\t\t<\/div>\n\t\t\t<\/div>\n<\/div>\n\n<\/div><\/div>\n\n<div class=\"swiper-slide wp-block-eedee-block-gutenslide is-position-center-left ed-bg-image\" style=\"--ed-vw:300;--ed-vh:200;\" data-hash=\"\"><div class=\"eedee-background-div bg-image\"><img width=\"2000\" height=\"1333\" class=\"wp-image-16962\" src=\"https:\/\/sfb1436.de\/wp-content\/uploads\/2023\/02\/Magdeburg_Laborszenen_Maus.webp\" alt=\"Maus bei einem Experiment im Magdeburger Labor\" decoding=\"async\" style=\"object-fit: cover; object-position: 71% 50%;\"  data-title=\"Magdeburg_Laborszenen_Maus\" srcset=\"https:\/\/sfb1436.de\/wp-content\/uploads\/2023\/02\/Magdeburg_Laborszenen_Maus.webp 2000w, https:\/\/sfb1436.de\/wp-content\/uploads\/2023\/02\/Magdeburg_Laborszenen_Maus-300x200.webp 300w, https:\/\/sfb1436.de\/wp-content\/uploads\/2023\/02\/Magdeburg_Laborszenen_Maus-1024x682.webp 1024w, https:\/\/sfb1436.de\/wp-content\/uploads\/2023\/02\/Magdeburg_Laborszenen_Maus-768x512.webp 768w, https:\/\/sfb1436.de\/wp-content\/uploads\/2023\/02\/Magdeburg_Laborszenen_Maus-1536x1024.webp 1536w, https:\/\/sfb1436.de\/wp-content\/uploads\/2023\/02\/Magdeburg_Laborszenen_Maus-1600x1066.webp 1600w\" sizes=\"(max-width: 2000px) 100vw, 2000px\" \/><div class=\"eedee-background-div__overlay\" style=\"opacity:0.2;background:#000000;\"><\/div><\/div><div class=\"slide-content\">\n\n<div class=\"wp-block-columns are-vertically-aligned-top is-layout-flex wp-container-core-columns-is-layout-32305308 wp-block-columns-is-layout-flex\" style=\"padding-top:0px;padding-right:0px;padding-bottom:0px;padding-left:0px\">\n<div class=\"wp-block-column is-vertically-aligned-top is-layout-flow wp-block-column-is-layout-flow\" style=\"flex-basis:900px\">\n<p class=\"has-text-align-left has-white-color has-text-color has-large-font-size wp-block-paragraph\" style=\"font-style:normal;font-weight:700;line-height:1.2\">Research Area A<\/p>\n\n\n\n<p class=\"has-white-color has-text-color wp-block-paragraph\" style=\"font-size:1.2rem\">Was sind die molekularen und synaptischen <br>Grundlagen kognitiver Verbesserung?<\/p>\n\n\n\n<div class=\"wp-block-buttons is-layout-flex wp-block-buttons-is-layout-flex\" style=\"margin-top:50px;margin-bottom:50px\">\n<div class=\"wp-block-button is-style-outline is-style-outline--2\"><a class=\"wp-block-button__link has-white-color has-text-color has-background has-border-color has-white-border-color wp-element-button\" href=\"https:\/\/sfb1436.de\/de\/projekte\/#projekt-a\" style=\"border-width:1px;background-color:#00000000\">Mehr Erfahren<\/a><\/div>\n\n\n\n<div class=\"wp-block-button is-style-fill\"><a class=\"wp-block-button__link has-foreground-color has-white-background-color has-text-color has-background wp-element-button\" href=\"https:\/\/sfb1436.de\/de\/aktuelles\/\">Aktuelles<\/a><\/div>\n<\/div>\n<\/div>\n<\/div>\n\n<\/div><\/div>\n\n<div class=\"swiper-slide wp-block-eedee-block-gutenslide is-position-center-left ed-bg-image\" style=\"--ed-vw:300;--ed-vh:226;\" data-hash=\"\"><div class=\"eedee-background-div bg-image\"><img loading=\"lazy\" width=\"1773\" height=\"1333\" class=\"wp-image-16809\" src=\"https:\/\/sfb1436.de\/wp-content\/uploads\/2023\/02\/VR_Magdeburg.webp\" alt=\"Einige Teilprojekte nutzen VR-Brillen im SFB 1436 in Magdeburg\" decoding=\"async\" style=\"object-fit: cover; object-position: 25% 26%;\"  data-title=\"VR_Magdeburg\" srcset=\"https:\/\/sfb1436.de\/wp-content\/uploads\/2023\/02\/VR_Magdeburg.webp 1773w, https:\/\/sfb1436.de\/wp-content\/uploads\/2023\/02\/VR_Magdeburg-300x226.webp 300w, https:\/\/sfb1436.de\/wp-content\/uploads\/2023\/02\/VR_Magdeburg-1024x770.webp 1024w, https:\/\/sfb1436.de\/wp-content\/uploads\/2023\/02\/VR_Magdeburg-768x577.webp 768w, https:\/\/sfb1436.de\/wp-content\/uploads\/2023\/02\/VR_Magdeburg-1536x1155.webp 1536w, https:\/\/sfb1436.de\/wp-content\/uploads\/2023\/02\/VR_Magdeburg-1600x1203.webp 1600w\" sizes=\"(max-width: 1773px) 100vw, 1773px\" \/><div class=\"eedee-background-div__overlay\" style=\"opacity:0.2;background:#000000;\"><\/div><\/div><div class=\"slide-content\">\n\n<div class=\"wp-block-columns are-vertically-aligned-top is-layout-flex wp-container-core-columns-is-layout-cda6d148 wp-block-columns-is-layout-flex\" style=\"margin-top:0px;margin-bottom:0px;padding-top:0px;padding-right:0px;padding-bottom:0px;padding-left:0px\">\n<div class=\"wp-block-column is-vertically-aligned-top is-layout-flow wp-block-column-is-layout-flow\" style=\"flex-basis:900px\">\n<p class=\"has-text-align-left has-white-color has-text-color has-large-font-size wp-block-paragraph\" style=\"font-style:normal;font-weight:700;line-height:1.2\">Research Area B<\/p>\n\n\n\n<p class=\"has-white-color has-text-color wp-block-paragraph\" style=\"font-size:1.2rem\">Wie ver\u00e4ndert sich beim kognitiven <br>Training die Verschaltung im Gehirn?<\/p>\n\n\n\n<div class=\"wp-block-buttons is-layout-flex wp-block-buttons-is-layout-flex\" style=\"margin-top:50px;margin-bottom:50px\">\n<div class=\"wp-block-button is-style-outline is-style-outline--3\"><a class=\"wp-block-button__link has-white-color has-text-color has-background has-border-color has-white-border-color wp-element-button\" href=\"https:\/\/sfb1436.de\/de\/projekte\/#projekt-b\" style=\"border-width:1px;background-color:#00000000\">Mehr Erfahren<\/a><\/div>\n\n\n\n<div class=\"wp-block-button is-style-fill\"><a class=\"wp-block-button__link has-foreground-color has-white-background-color has-text-color has-background wp-element-button\" href=\"https:\/\/sfb1436.de\/de\/aktuelles\/\">Aktuelles<\/a><\/div>\n<\/div>\n<\/div>\n<\/div>\n\n<\/div><\/div>\n\n<div class=\"swiper-slide wp-block-eedee-block-gutenslide is-position-center-left ed-bg-image\" style=\"--ed-vw:300;--ed-vh:200;\" data-hash=\"\"><div class=\"eedee-background-div bg-image\"><img loading=\"lazy\" width=\"2000\" height=\"1333\" class=\"wp-image-16805\" src=\"https:\/\/sfb1436.de\/wp-content\/uploads\/2023\/02\/Magdeburg_Laborszenen_18.5.22_2031.webp\" alt=\"Wissenschaftler des SFBs 1436 in Magdeburg werten Studienergebnisse aus\" decoding=\"async\" style=\"object-fit: cover; object-position: 11% 12%;\"  data-title=\"Magdeburg_Laborszenen_18.5.22_2031\" srcset=\"https:\/\/sfb1436.de\/wp-content\/uploads\/2023\/02\/Magdeburg_Laborszenen_18.5.22_2031.webp 2000w, https:\/\/sfb1436.de\/wp-content\/uploads\/2023\/02\/Magdeburg_Laborszenen_18.5.22_2031-300x200.webp 300w, https:\/\/sfb1436.de\/wp-content\/uploads\/2023\/02\/Magdeburg_Laborszenen_18.5.22_2031-1024x682.webp 1024w, https:\/\/sfb1436.de\/wp-content\/uploads\/2023\/02\/Magdeburg_Laborszenen_18.5.22_2031-768x512.webp 768w, https:\/\/sfb1436.de\/wp-content\/uploads\/2023\/02\/Magdeburg_Laborszenen_18.5.22_2031-1536x1024.webp 1536w, https:\/\/sfb1436.de\/wp-content\/uploads\/2023\/02\/Magdeburg_Laborszenen_18.5.22_2031-1600x1066.webp 1600w\" sizes=\"(max-width: 2000px) 100vw, 2000px\" \/><div class=\"eedee-background-div__overlay\" style=\"opacity:0.2;background:#000000;\"><\/div><\/div><div class=\"slide-content\">\n\n<div class=\"wp-block-columns are-vertically-aligned-top is-layout-flex wp-container-core-columns-is-layout-cda6d148 wp-block-columns-is-layout-flex\" style=\"margin-top:0px;margin-bottom:0px;padding-top:0px;padding-right:0px;padding-bottom:0px;padding-left:0px\">\n<div class=\"wp-block-column is-vertically-aligned-top is-layout-flow wp-block-column-is-layout-flow\" style=\"flex-basis:900px\">\n<p class=\"has-text-align-left has-white-color has-text-color has-large-font-size wp-block-paragraph\" style=\"font-style:normal;font-weight:700;line-height:1.2\">Research Area C<\/p>\n\n\n\n<p class=\"has-white-color has-text-color wp-block-paragraph\" style=\"font-size:1.2rem\">Wie h\u00e4ngen Netzwerkver\u00e4nderungen im Gehirn mit <br>der Mobilisierung von kognitiven Ressourcen zusammen?<\/p>\n\n\n\n<div class=\"wp-block-buttons is-layout-flex wp-block-buttons-is-layout-flex\" style=\"margin-top:50px;margin-bottom:50px\">\n<div class=\"wp-block-button is-style-outline is-style-outline--4\"><a class=\"wp-block-button__link has-white-color has-text-color has-background has-border-color has-white-border-color wp-element-button\" href=\"https:\/\/sfb1436.de\/de\/projekte\/#projekt-c\" style=\"border-width:1px;background-color:#00000000\">Mehr Erfahren<\/a><\/div>\n\n\n\n<div class=\"wp-block-button is-style-fill\"><a class=\"wp-block-button__link has-foreground-color has-white-background-color has-text-color has-background wp-element-button\" href=\"https:\/\/sfb1436.de\/de\/aktuelles\/\">Aktuelles<\/a><\/div>\n<\/div>\n<\/div>\n<\/div>\n\n<\/div><\/div>\n\n<div class=\"swiper-slide wp-block-eedee-block-gutenslide is-position-center-left ed-bg-image\" style=\"--ed-vw:300;--ed-vh:200;\" data-hash=\"\"><div class=\"eedee-background-div bg-image\"><img loading=\"lazy\" width=\"2000\" height=\"1333\" class=\"wp-image-16807\" src=\"https:\/\/sfb1436.de\/wp-content\/uploads\/2023\/02\/Magdeburg_Virtual-Reality_18.5.22.webp\" alt=\"Wissenschaftler des SFBs 1436 in Magdeburg untersuchen Probanden um neue Erkenntnisse in den Neurowissenschaften zu gewinnen\" decoding=\"async\" style=\"object-fit: cover; object-position: 71% 20%;\"  data-title=\"Magdeburg_Virtual-Reality_18.5.22\" srcset=\"https:\/\/sfb1436.de\/wp-content\/uploads\/2023\/02\/Magdeburg_Virtual-Reality_18.5.22.webp 2000w, https:\/\/sfb1436.de\/wp-content\/uploads\/2023\/02\/Magdeburg_Virtual-Reality_18.5.22-300x200.webp 300w, https:\/\/sfb1436.de\/wp-content\/uploads\/2023\/02\/Magdeburg_Virtual-Reality_18.5.22-1024x682.webp 1024w, https:\/\/sfb1436.de\/wp-content\/uploads\/2023\/02\/Magdeburg_Virtual-Reality_18.5.22-768x512.webp 768w, https:\/\/sfb1436.de\/wp-content\/uploads\/2023\/02\/Magdeburg_Virtual-Reality_18.5.22-1536x1024.webp 1536w, https:\/\/sfb1436.de\/wp-content\/uploads\/2023\/02\/Magdeburg_Virtual-Reality_18.5.22-1600x1066.webp 1600w\" sizes=\"(max-width: 2000px) 100vw, 2000px\" \/><div class=\"eedee-background-div__overlay\" style=\"opacity:0.2;background:#000000;\"><\/div><\/div><div class=\"slide-content\">\n\n<div class=\"wp-block-columns are-vertically-aligned-top is-layout-flex wp-container-core-columns-is-layout-cda6d148 wp-block-columns-is-layout-flex\" style=\"margin-top:0px;margin-bottom:0px;padding-top:0px;padding-right:0px;padding-bottom:0px;padding-left:0px\">\n<div class=\"wp-block-column is-vertically-aligned-top is-layout-flow wp-block-column-is-layout-flow\" style=\"flex-basis:900px\">\n<p class=\"has-text-align-left has-white-color has-text-color has-large-font-size wp-block-paragraph\" style=\"font-style:normal;font-weight:700;line-height:1.2\">Probanden gesucht<\/p>\n\n\n\n<p class=\"has-white-color has-text-color wp-block-paragraph\" style=\"font-size:1.2rem\">Wollten Sie schon immer wissen,<br> was in Ihrem Kopf vorgeht?<\/p>\n\n\n\n<div class=\"wp-block-buttons is-layout-flex wp-block-buttons-is-layout-flex\" style=\"margin-top:50px;margin-bottom:50px\">\n<div class=\"wp-block-button is-style-outline is-style-outline--5\"><a class=\"wp-block-button__link has-white-color has-text-color has-background has-border-color has-white-border-color wp-element-button\" href=\"https:\/\/sfb1436.de\/de\/outreach-forschung-fuer-alle\/#mitmachen\" style=\"border-width:1px;background-color:#00000000\">Mehr Erfahren<\/a><\/div>\n\n\n\n<div class=\"wp-block-button is-style-fill\"><a class=\"wp-block-button__link has-foreground-color has-white-background-color has-text-color has-background wp-element-button\" href=\"https:\/\/sfb1436.de\/de\/aktuelles\/\">Aktuelles<\/a><\/div>\n<\/div>\n<\/div>\n<\/div>\n\n<\/div><\/div>\n<\/div><\/div><button class=\"eedee-gutenslider-nav eedee-gutenslider-prev\"><svg xmlns=\"http:\/\/www.w3.org\/2000\/svg\" viewBox=\"0 0 24 24\" width=\"24\" height=\"24\"><circle class=\"bg\" cx=\"13\" cy=\"12\" r=\"11\" \/><path fill=\"none\" d=\"M0 0h24v24H0z\"\/><path class=\"arrow\" d=\"M10.828 12l4.95 4.95-1.414 1.414L8 12l6.364-6.364 1.414 1.414z\"\/><\/svg><\/button><button class=\"eedee-gutenslider-nav eedee-gutenslider-next\"><svg xmlns=\"http:\/\/www.w3.org\/2000\/svg\" viewBox=\"0 0 24 24\" width=\"24\" height=\"24\"><circle class=\"bg\" cx=\"11\" cy=\"12\" r=\"11\" \/><path fill=\"none\" d=\"M0 0h24v24H0z\"\/><path class=\"arrow\" d=\"M13.172 12l-4.95-4.95 1.414-1.414L16 12l-6.364 6.364-1.414-1.414z\"\/><\/svg><\/button><div class=\"eedee-gutenslider-pagination\"><\/div><div class=\"gutenslider-divider-bottom \" style=\"color:#fff;\"><\/div><\/div><\/div>\n\n\n<div class=\"wp-block-group alignfull project-blocks is-layout-constrained wp-container-core-group-is-layout-5426d5e0 wp-block-group-is-layout-constrained\" style=\"padding-bottom:30px\">\n<div class=\"wp-block-columns alignfull is-layout-flex wp-container-core-columns-is-layout-f56f613f wp-block-columns-is-layout-flex\">\n<div class=\"wp-block-column has-project-a-background-color has-text-color has-background is-layout-flow wp-block-column-is-layout-flow\" style=\"color:#ffffff\">\n<p class=\"has-text-align-right wp-block-paragraph\"><a href=\"https:\/\/sfb1436.de\/de\/projekte\/#projekt-a\">Neurale Ressourcen <br>der Mikroskala<\/a><\/p>\n\n\n\n<p class=\"has-text-align-right wp-block-paragraph\">[A01-A09]<\/p>\n<\/div>\n\n\n\n<div class=\"wp-block-column has-project-b-background-color has-text-color has-background is-layout-flow wp-block-column-is-layout-flow\" style=\"color:#ffffff\">\n<p class=\"has-text-align-right wp-block-paragraph\"><a href=\"https:\/\/sfb1436.de\/de\/projekte\/#projekt-b\">Neurale Ressourcen <br>der Mesoskala<\/a><\/p>\n\n\n\n<p class=\"has-text-align-right wp-block-paragraph\">[B01-B07]<\/p>\n<\/div>\n\n\n\n<div class=\"wp-block-column has-project-c-background-color has-text-color has-background is-layout-flow wp-block-column-is-layout-flow\" style=\"color:#ffffff\">\n<p class=\"has-text-align-right wp-block-paragraph\"><a href=\"https:\/\/sfb1436.de\/de\/projekte\/#projekt-c\">Neurale Ressourcen <br>der Makroskala<\/a><\/p>\n\n\n\n<p class=\"has-text-align-right wp-block-paragraph\">[C01-C05]<\/p>\n<\/div>\n\n\n\n<div class=\"wp-block-column has-primary-background-color has-text-color has-background is-layout-flow wp-block-column-is-layout-flow\" style=\"color:#ffffff\">\n<p class=\"has-text-align-right wp-block-paragraph\"><a href=\"https:\/\/sfb1436.de\/de\/projekte\/#projekt-z\">SFB <br>Serviceprojekte <\/a><\/p>\n\n\n\n<p class=\"has-text-align-right wp-block-paragraph\">[Z01-Z03]<\/p>\n<\/div>\n<\/div>\n<\/div>\n\n\n\n<div class=\"wp-block-columns alignfull news-slider-wrapper has-project-c-background-color has-background is-layout-flex wp-container-core-columns-is-layout-066e6079 wp-block-columns-is-layout-flex\" style=\"margin-top:0px;margin-bottom:0px\">\n<div class=\"wp-block-column is-layout-flow wp-block-column-is-layout-flow\" style=\"flex-basis:50.6%\">\n<div class=\"wp-block-cover aligncenter is-light\" style=\"min-height:571px;aspect-ratio:unset;\"><img loading=\"lazy\" decoding=\"async\" width=\"1900\" height=\"1302\" class=\"wp-block-cover__image-background wp-image-167\" alt=\"SFB 1436 Magdeburg Neuigkeiten, News und Events\" src=\"https:\/\/sfb1436.de\/wp-content\/uploads\/2021\/11\/news-beitrag1.jpg\" data-object-fit=\"cover\" srcset=\"https:\/\/sfb1436.de\/wp-content\/uploads\/2021\/11\/news-beitrag1.jpg 1900w, https:\/\/sfb1436.de\/wp-content\/uploads\/2021\/11\/news-beitrag1-300x206.jpg 300w, https:\/\/sfb1436.de\/wp-content\/uploads\/2021\/11\/news-beitrag1-1024x702.jpg 1024w, https:\/\/sfb1436.de\/wp-content\/uploads\/2021\/11\/news-beitrag1-768x526.jpg 768w, https:\/\/sfb1436.de\/wp-content\/uploads\/2021\/11\/news-beitrag1-1600x1096.jpg 1600w, https:\/\/sfb1436.de\/wp-content\/uploads\/2021\/11\/news-beitrag1-1536x1053.jpg 1536w\" sizes=\"(max-width: 1900px) 100vw, 1900px\" \/><span aria-hidden=\"true\" class=\"wp-block-cover__background has-background-dim-0 has-background-dim\"><\/span><div class=\"wp-block-cover__inner-container is-layout-flow wp-block-cover-is-layout-flow\">\n<p class=\"has-text-align-center has-large-font-size wp-block-paragraph\"><\/p>\n<\/div><\/div>\n<\/div>\n\n\n\n<div class=\"wp-block-column is-layout-flow wp-block-column-is-layout-flow\">\n<h2 class=\"wp-block-heading has-primary-color has-text-color has-medium-font-size\" id=\"neuigkeiten-vom-sfb-1436-neurale-ressourcen-der-kognition\" style=\"font-style:normal;font-weight:500;text-transform:uppercase\">Neuigkeiten vom SFB 1436<\/h2>\n\n\n\n\t\t\t<div class=\"wp-block-uagb-post-carousel uagb-post-grid  uagb-post__image-position-top uagb-post__image-disabled uagb-block-5c180edd     uagb-post__arrow-outside uagb-slick-carousel uagb-post__items uagb-post__columns-1 is-carousel uagb-post__columns-tablet-1 uagb-post__columns-mobile-1\" data-total=\"42\" style=\"\">\n\n\t\t\t\t\t\t\t\t\t\t\t\t<article class=\"uagb-post__inner-wrap\">\t\t\t\t\t\t\t\t<h4 class=\"uagb-post__title uagb-post__text\">\n\t\t\t\t<a href=\"https:\/\/sfb1436.de\/de\/maximilian-lenz-zu-gast-im-sfb-1436\/\" target=\"_self\" rel=\"bookmark noopener noreferrer\">Maximilian Lenz zu Gast im SFB 1436<\/a>\n\t\t\t<\/h4>\n\t\t\t\t\t\t<div class='uagb-post__text uagb-post-grid-byline'>\n\t\t\t\t\t\t\t\t<time datetime=\"2026-04-17T09:00:00+02:00\" class=\"uagb-post__date\">\n\t\t\t\t<span class=\"dashicons-calendar dashicons\"><\/span>\t\t\t\t\t17.04.2026\t\t\t\t<\/time>\n\t\t\t\t\t\t<\/div>\n\t\t\t\t\t\t\t<div class='uagb-post__text uagb-post__excerpt'>\n\t\t\t\t\t<p>Am Montag, den 20. April 2026 begr\u00fc\u00dfen wir Professor Maximilian Lenz vom&#8230;<\/span>\t\t\t\t<\/div>\n\t\t\t\t\t\t<div class=\"uagb-post__text uagb-post__cta wp-block-button\">\n\t\t\t\t<a class=\"wp-block-button__link uagb-text-link\" style=\"\" href=\"https:\/\/sfb1436.de\/de\/maximilian-lenz-zu-gast-im-sfb-1436\/\" target=\"_self\" rel=\"bookmark noopener noreferrer\">Mehr Erfahren<\/a>\n\t\t\t<\/div>\n\t\t\t\n\t\t\t\t\t\t\t\t\t<\/article>\n\t\t\t\t\t\t\t\t\t\t\t\t\t\t\t\t<article class=\"uagb-post__inner-wrap\">\t\t\t\t\t\t\t\t<h4 class=\"uagb-post__title uagb-post__text\">\n\t\t\t\t<a href=\"https:\/\/sfb1436.de\/de\/informationsveranstaltungs-cognitive-vitality\/\" target=\"_self\" rel=\"bookmark noopener noreferrer\">Informationsveranstaltung des Forschungsprojekts Cognitive Vitality<\/a>\n\t\t\t<\/h4>\n\t\t\t\t\t\t<div class='uagb-post__text uagb-post-grid-byline'>\n\t\t\t\t\t\t\t\t<time datetime=\"2026-04-15T10:00:00+02:00\" class=\"uagb-post__date\">\n\t\t\t\t<span class=\"dashicons-calendar dashicons\"><\/span>\t\t\t\t\t15.04.2026\t\t\t\t<\/time>\n\t\t\t\t\t\t<\/div>\n\t\t\t\t\t\t\t<div class='uagb-post__text uagb-post__excerpt'>\n\t\t\t\t\t<p>Am 18. M\u00e4rz 2026 fand eine Informationsveranstaltung im Rahmen des Forschungsprojekts \u201eCognitive&#8230;<\/span>\t\t\t\t<\/div>\n\t\t\t\t\t\t<div class=\"uagb-post__text uagb-post__cta wp-block-button\">\n\t\t\t\t<a class=\"wp-block-button__link uagb-text-link\" style=\"\" href=\"https:\/\/sfb1436.de\/de\/informationsveranstaltungs-cognitive-vitality\/\" target=\"_self\" rel=\"bookmark noopener noreferrer\">Mehr Erfahren<\/a>\n\t\t\t<\/div>\n\t\t\t\n\t\t\t\t\t\t\t\t\t<\/article>\n\t\t\t\t\t\t\t\t\t\t\t\t\t\t\t\t<article class=\"uagb-post__inner-wrap\">\t\t\t\t\t\t\t\t<h4 class=\"uagb-post__title uagb-post__text\">\n\t\t\t\t<a href=\"https:\/\/sfb1436.de\/de\/maximilian-lenz-in-der-sfb-1436-vortragsreihe\/\" target=\"_self\" rel=\"bookmark noopener noreferrer\">Maximilian Lenz in der SFB 1436 Vortragsreihe<\/a>\n\t\t\t<\/h4>\n\t\t\t\t\t\t<div class='uagb-post__text uagb-post-grid-byline'>\n\t\t\t\t\t\t\t\t<time datetime=\"2026-04-13T09:00:00+02:00\" class=\"uagb-post__date\">\n\t\t\t\t<span class=\"dashicons-calendar dashicons\"><\/span>\t\t\t\t\t13.04.2026\t\t\t\t<\/time>\n\t\t\t\t\t\t<\/div>\n\t\t\t\t\t\t\t<div class='uagb-post__text uagb-post__excerpt'>\n\t\t\t\t\t<p>Am Montag, den 20. April 2026 begr\u00fc\u00dfen wir Professor Maximilian Lenz vom&#8230;<\/span>\t\t\t\t<\/div>\n\t\t\t\t\t\t<div class=\"uagb-post__text uagb-post__cta wp-block-button\">\n\t\t\t\t<a class=\"wp-block-button__link uagb-text-link\" style=\"\" href=\"https:\/\/sfb1436.de\/de\/maximilian-lenz-in-der-sfb-1436-vortragsreihe\/\" target=\"_self\" rel=\"bookmark noopener noreferrer\">Mehr Erfahren<\/a>\n\t\t\t<\/div>\n\t\t\t\n\t\t\t\t\t\t\t\t\t<\/article>\n\t\t\t\t\t\t\t\t\t\t\t\t\t\t\t\t<article class=\"uagb-post__inner-wrap\">\t\t\t\t\t\t\t\t<h4 class=\"uagb-post__title uagb-post__text\">\n\t\t\t\t<a href=\"https:\/\/sfb1436.de\/de\/sfb1436-workshop-wissenschaft-in-bildern\/\" target=\"_self\" rel=\"bookmark noopener noreferrer\">SFB1436 Workshop Wissenschaft in Bildern<\/a>\n\t\t\t<\/h4>\n\t\t\t\t\t\t<div class='uagb-post__text uagb-post-grid-byline'>\n\t\t\t\t\t\t\t\t<time datetime=\"2026-04-10T12:17:13+02:00\" class=\"uagb-post__date\">\n\t\t\t\t<span class=\"dashicons-calendar dashicons\"><\/span>\t\t\t\t\t10.04.2026\t\t\t\t<\/time>\n\t\t\t\t\t\t<\/div>\n\t\t\t\t\t\t\t<div class='uagb-post__text uagb-post__excerpt'>\n\t\t\t\t\t<p>Am 23. und 24. M\u00e4rz 2026 fand der Workshop \u201eWissenschaft in Bildern&#8230;<\/span>\t\t\t\t<\/div>\n\t\t\t\t\t\t<div class=\"uagb-post__text uagb-post__cta wp-block-button\">\n\t\t\t\t<a class=\"wp-block-button__link uagb-text-link\" style=\"\" href=\"https:\/\/sfb1436.de\/de\/sfb1436-workshop-wissenschaft-in-bildern\/\" target=\"_self\" rel=\"bookmark noopener noreferrer\">Mehr Erfahren<\/a>\n\t\t\t<\/div>\n\t\t\t\n\t\t\t\t\t\t\t\t\t<\/article>\n\t\t\t\t\t\t\t\t\t\t\t\t\t\t\t\t<article class=\"uagb-post__inner-wrap\">\t\t\t\t\t\t\t\t<h4 class=\"uagb-post__title uagb-post__text\">\n\t\t\t\t<a href=\"https:\/\/sfb1436.de\/de\/ausbau-neurowissenschaftlichen-spitzenforschung\/\" target=\"_self\" rel=\"bookmark noopener noreferrer\">Ausbau der internationalen neurowissenschaftlichen Spitzenforschung<\/a>\n\t\t\t<\/h4>\n\t\t\t\t\t\t<div class='uagb-post__text uagb-post-grid-byline'>\n\t\t\t\t\t\t\t\t<time datetime=\"2026-04-07T10:00:00+02:00\" class=\"uagb-post__date\">\n\t\t\t\t<span class=\"dashicons-calendar dashicons\"><\/span>\t\t\t\t\t07.04.2026\t\t\t\t<\/time>\n\t\t\t\t\t\t<\/div>\n\t\t\t\t\t\t\t<div class='uagb-post__text uagb-post__excerpt'>\n\t\t\t\t\t<p>Mit einem Memorandum of Understanding zwischen der Universit\u00e4t Iowa und der Otto-von-Guericke-Universit\u00e4t&#8230;<\/span>\t\t\t\t<\/div>\n\t\t\t\t\t\t<div class=\"uagb-post__text uagb-post__cta wp-block-button\">\n\t\t\t\t<a class=\"wp-block-button__link uagb-text-link\" style=\"\" href=\"https:\/\/sfb1436.de\/de\/ausbau-neurowissenschaftlichen-spitzenforschung\/\" target=\"_self\" rel=\"bookmark noopener noreferrer\">Mehr Erfahren<\/a>\n\t\t\t<\/div>\n\t\t\t\n\t\t\t\t\t\t\t\t\t<\/article>\n\t\t\t\t\t\t\t\t\t\t\t\t\t\t\t\t<article class=\"uagb-post__inner-wrap\">\t\t\t\t\t\t\t\t<h4 class=\"uagb-post__title uagb-post__text\">\n\t\t\t\t<a href=\"https:\/\/sfb1436.de\/de\/thomas-nickl-jockschat-im-podcast-wdr-5-quarks-wissenschaft-und-mehr\/\" target=\"_self\" rel=\"bookmark noopener noreferrer\">Thomas Nickl-Jockschat im Podcast WDR 5 Quarks &#8211; Wissenschaft und mehr<\/a>\n\t\t\t<\/h4>\n\t\t\t\t\t\t<div class='uagb-post__text uagb-post-grid-byline'>\n\t\t\t\t\t\t\t\t<time datetime=\"2026-04-02T12:20:44+02:00\" class=\"uagb-post__date\">\n\t\t\t\t<span class=\"dashicons-calendar dashicons\"><\/span>\t\t\t\t\t02.04.2026\t\t\t\t<\/time>\n\t\t\t\t\t\t<\/div>\n\t\t\t\t\t\t\t<div class='uagb-post__text uagb-post__excerpt'>\n\t\t\t\t\t<p>In der Reihe Quarks \u2013 Wissenschaft und mehr des WDR5 vom 16.03.2026&#8230;<\/span>\t\t\t\t<\/div>\n\t\t\t\t\t\t<div class=\"uagb-post__text uagb-post__cta wp-block-button\">\n\t\t\t\t<a class=\"wp-block-button__link uagb-text-link\" style=\"\" href=\"https:\/\/sfb1436.de\/de\/thomas-nickl-jockschat-im-podcast-wdr-5-quarks-wissenschaft-und-mehr\/\" target=\"_self\" rel=\"bookmark noopener noreferrer\">Mehr Erfahren<\/a>\n\t\t\t<\/div>\n\t\t\t\n\t\t\t\t\t\t\t\t\t<\/article>\n\t\t\t\t\t\t\t\t\t\t\t\t\t\t\t\t<article class=\"uagb-post__inner-wrap\">\t\t\t\t\t\t\t\t<h4 class=\"uagb-post__title uagb-post__text\">\n\t\t\t\t<a href=\"https:\/\/sfb1436.de\/de\/maintaining-and-regaining-episodic-memory\/\" target=\"_self\" rel=\"bookmark noopener noreferrer\">Maintaining and regaining episodic memory in Alzheimer disease: \na circuit-based perspective<\/a>\n\t\t\t<\/h4>\n\t\t\t\t\t\t<div class='uagb-post__text uagb-post-grid-byline'>\n\t\t\t\t\t\t\t\t<time datetime=\"2026-03-17T12:00:00+01:00\" class=\"uagb-post__date\">\n\t\t\t\t<span class=\"dashicons-calendar dashicons\"><\/span>\t\t\t\t\t17.03.2026\t\t\t\t<\/time>\n\t\t\t\t\t\t<\/div>\n\t\t\t\t\t\t\t<div class='uagb-post__text uagb-post__excerpt'>\n\t\t\t\t\t<p>Wir freuen uns, diese Neuigkeit zu teilen: Ein neues Review des SFBs&#8230;<\/span>\t\t\t\t<\/div>\n\t\t\t\t\t\t<div class=\"uagb-post__text uagb-post__cta wp-block-button\">\n\t\t\t\t<a class=\"wp-block-button__link uagb-text-link\" style=\"\" href=\"https:\/\/sfb1436.de\/de\/maintaining-and-regaining-episodic-memory\/\" target=\"_self\" rel=\"bookmark noopener noreferrer\">Mehr Erfahren<\/a>\n\t\t\t<\/div>\n\t\t\t\n\t\t\t\t\t\t\t\t\t<\/article>\n\t\t\t\t\t\t\t\t\t\t\t\t\t\t\t\t<article class=\"uagb-post__inner-wrap\">\t\t\t\t\t\t\t\t<h4 class=\"uagb-post__title uagb-post__text\">\n\t\t\t\t<a href=\"https:\/\/sfb1436.de\/de\/so-sieht-ein-superager-aus\/\" target=\"_self\" rel=\"bookmark noopener noreferrer\">So sieht ein SuperAger aus<\/a>\n\t\t\t<\/h4>\n\t\t\t\t\t\t<div class='uagb-post__text uagb-post-grid-byline'>\n\t\t\t\t\t\t\t\t<time datetime=\"2026-03-17T09:00:00+01:00\" class=\"uagb-post__date\">\n\t\t\t\t<span class=\"dashicons-calendar dashicons\"><\/span>\t\t\t\t\t17.03.2026\t\t\t\t<\/time>\n\t\t\t\t\t\t<\/div>\n\t\t\t\t\t\t\t<div class='uagb-post__text uagb-post__excerpt'>\n\t\t\t\t\t<p>In der aktuellen Ausgabe von \u201eBild der Frau\u201c erkl\u00e4rt der SuperAger Willy&#8230;<\/span>\t\t\t\t<\/div>\n\t\t\t\t\t\t<div class=\"uagb-post__text uagb-post__cta wp-block-button\">\n\t\t\t\t<a class=\"wp-block-button__link uagb-text-link\" style=\"\" href=\"https:\/\/sfb1436.de\/de\/so-sieht-ein-superager-aus\/\" target=\"_self\" rel=\"bookmark noopener noreferrer\">Mehr Erfahren<\/a>\n\t\t\t<\/div>\n\t\t\t\n\t\t\t\t\t\t\t\t\t<\/article>\n\t\t\t\t\t\t\t\t\t\t\t\t\t\t\t\t<article class=\"uagb-post__inner-wrap\">\t\t\t\t\t\t\t\t<h4 class=\"uagb-post__title uagb-post__text\">\n\t\t\t\t<a href=\"https:\/\/sfb1436.de\/de\/einblicke-in-die-forschung-des-sfbs-1436\/\" target=\"_self\" rel=\"bookmark noopener noreferrer\">Einblicke in die Forschung des SFBs 1436 auf dasGehirn.info<\/a>\n\t\t\t<\/h4>\n\t\t\t\t\t\t<div class='uagb-post__text uagb-post-grid-byline'>\n\t\t\t\t\t\t\t\t<time datetime=\"2026-03-13T09:00:00+01:00\" class=\"uagb-post__date\">\n\t\t\t\t<span class=\"dashicons-calendar dashicons\"><\/span>\t\t\t\t\t13.03.2026\t\t\t\t<\/time>\n\t\t\t\t\t\t<\/div>\n\t\t\t\t\t\t\t<div class='uagb-post__text uagb-post__excerpt'>\n\t\t\t\t\t<p>Das Forschungsportal dasGehirn.info war im Dezember zu Gast im Sonderforschungsbereich SFB 1436&#8230;.<\/span>\t\t\t\t<\/div>\n\t\t\t\t\t\t<div class=\"uagb-post__text uagb-post__cta wp-block-button\">\n\t\t\t\t<a class=\"wp-block-button__link uagb-text-link\" style=\"\" href=\"https:\/\/sfb1436.de\/de\/einblicke-in-die-forschung-des-sfbs-1436\/\" target=\"_self\" rel=\"bookmark noopener noreferrer\">Mehr Erfahren<\/a>\n\t\t\t<\/div>\n\t\t\t\n\t\t\t\t\t\t\t\t\t<\/article>\n\t\t\t\t\t\t\t\t\t\t\t\t\t\t\t\t<article class=\"uagb-post__inner-wrap\">\t\t\t\t\t\t\t\t<h4 class=\"uagb-post__title uagb-post__text\">\n\t\t\t\t<a href=\"https:\/\/sfb1436.de\/de\/einladung-zum-gastvortrag\/\" target=\"_self\" rel=\"bookmark noopener noreferrer\">Einladung zum Gastvortrag<\/a>\n\t\t\t<\/h4>\n\t\t\t\t\t\t<div class='uagb-post__text uagb-post-grid-byline'>\n\t\t\t\t\t\t\t\t<time datetime=\"2026-03-09T10:00:00+01:00\" class=\"uagb-post__date\">\n\t\t\t\t<span class=\"dashicons-calendar dashicons\"><\/span>\t\t\t\t\t09.03.2026\t\t\t\t<\/time>\n\t\t\t\t\t\t<\/div>\n\t\t\t\t\t\t\t<div class='uagb-post__text uagb-post__excerpt'>\n\t\t\t\t\t<p>Der Sonderforschungsbereich 1436 l\u00e4dt erneut zu einem Gastvortrag in das DZNE, Geb\u00e4ude&#8230;<\/span>\t\t\t\t<\/div>\n\t\t\t\t\t\t<div class=\"uagb-post__text uagb-post__cta wp-block-button\">\n\t\t\t\t<a class=\"wp-block-button__link uagb-text-link\" style=\"\" href=\"https:\/\/sfb1436.de\/de\/einladung-zum-gastvortrag\/\" target=\"_self\" rel=\"bookmark noopener noreferrer\">Mehr Erfahren<\/a>\n\t\t\t<\/div>\n\t\t\t\n\t\t\t\t\t\t\t\t\t<\/article>\n\t\t\t\t\t\t\t\t\t\t\t<\/div>\n\t\t\t<\/div>\n<\/div>\n\n\n\n<div class=\"wp-block-columns alignfull is-layout-flex wp-container-core-columns-is-layout-066e6079 wp-block-columns-is-layout-flex\" id=\"about-crc\" style=\"margin-top:0px;margin-bottom:0px\">\n<div class=\"wp-block-column is-layout-flow wp-block-column-is-layout-flow\" id=\"about-crc\"><div data-post-id=\"10159\" class=\"insert-page insert-page-10159 \">\n<div class=\"wp-block-columns alignwide is-layout-flex wp-container-core-columns-is-layout-cda6d148 wp-block-columns-is-layout-flex\" style=\"margin-top:0px;margin-bottom:0px;padding-top:0px;padding-right:0px;padding-bottom:0px;padding-left:0px\">\n<div class=\"wp-block-column is-layout-flow wp-block-column-is-layout-flow\" style=\"padding-top:0px;padding-right:0px;padding-bottom:0px;padding-left:0px\">\n<h2 class=\"wp-block-heading has-text-align-left\" id=\"about-our-research-mission\">Unser Forschungsschwerpunkt<\/h2>\n\n\n\n<p class=\"wp-block-paragraph\"><em>Kann man die Leistungsf\u00e4higkeit des Ged\u00e4chtnisses steigern?\n<\/em><em>Welches verborgene Potenzial hat das Gehirn und wo liegen die Grenzen?\n<\/em><em>Wie kann das kognitive Potenzial des Gehirns mobilisiert und gesteigert werden?<\/em><\/p>\n\n\n\n<p class=\"has-text-align-left wp-block-paragraph\">Die Mikro- und Makro-Architektur unseres Gehirns gibt biologische Grenzen f\u00fcr die Leistungsf\u00e4higkeit von Ged\u00e4chtnis, Aufmerksamkeit sowie Lernverm\u00f6gen vor. Doch innerhalb dieser Grenzen gibt es eine gro\u00dfe Variabilit\u00e4t, und durch spezifisches Training k\u00f6nnen individuelle kognitive F\u00e4higkeiten verbessert werden. Ziel unseres Forschungsverbundes ist es, \u00fcberpr\u00fcfbare Theorien zur Leistungsgrenze des menschlichen Gehirns zu entwickeln und Methoden zur Leistungssteigerung zu erforschen. Wir wollen verstehen, welche neurobiologischen Prinzipien die kognitiven Ressourcen begrenzen und wie diese Ressourcen voll erschlossen oder gar gesteigert werden k\u00f6nnen. Damit wollen wir neue Wege aufzeigen, um mit gezielten Interventionen neurale Ressourcen \u00fcber die gesamte Lebensspanne hinweg zu erschlie\u00dfen und zu bewahren.<\/p>\n<\/div>\n<\/div>\n\n\n\n<!--more-->\n\n\n\n<div class=\"wp-block-columns alignwide ghost-content is-layout-flex wp-container-core-columns-is-layout-cda6d148 wp-block-columns-is-layout-flex\" style=\"margin-top:0px;margin-bottom:0px;padding-top:0px;padding-right:0px;padding-bottom:0px;padding-left:0px\">\n<div class=\"wp-block-column is-layout-flow wp-block-column-is-layout-flow\" style=\"padding-top:0px;padding-right:0px;padding-bottom:0px;padding-left:0px\">\n<p class=\"wp-block-paragraph\">Mehr als 40 Wissenschaftlerinnen und Wissenschaftler in insgesamt 20 Einzelprojekten arbeiten derzeit in unserem Sonderforschungsbereich an diesem spannenden neurowissenschaftlichen Thema von gro\u00dfer gesellschaftlicher Relevanz. Im Zentrum steht f\u00fcr uns die Frage, wie Leistungsverbesserungen in einer Aufgabe auf andere Aufgaben \u00fcbertragen werden k\u00f6nnen und wann sie auf Kosten anderer F\u00e4higkeiten gehen. Mit Hilfe neuester neurowissenschaftlicher Technologien und innovativer Methoden tragen human- und tierexperimentelle Untersuchungen dazu bei, die individuelle Variabilit\u00e4t und die \u00fcbertragbare Verbesserung kognitiver Funktionen aufzukl\u00e4ren. Warum lassen kognitive F\u00e4higkeiten im Alter nach, und worin bestehen die enormen Ressourcen der \u201eSuper-Ager\u201c? Dabei betrachten wir auch molekulare biochemische Prozesse wie Tau- und Amyloid-Ablagerungen im Gehirn, wie Schlafentzug oder die Wirkung von Umwelteinfl\u00fcssen. Die Deutsche Forschungsgemeinschaft finanziert und unterst\u00fctzt das Projekt, an dem neben der Otto-von-Guericke-Universit\u00e4t Magdeburg und dem Leibniz-Institut f\u00fcr Neurobiologie auch das Deutsche Zentrum f\u00fcr Neurodegenerative Erkrankungen (DZNE) Standort Magdeburg, die Freie Universit\u00e4t Berlin, die Charit\u00e8 Universit\u00e4tsmedizin Berlin, und die Universit\u00e4ten Leipzig, Heidelberg und G\u00f6ttingen beteiligt sind.<\/p>\n\n\n\n<div style=\"height:100px\" aria-hidden=\"true\" class=\"wp-block-spacer\"><\/div>\n<\/div>\n<\/div>\n<\/div>\n\n\n<div style=\"height:14px\" aria-hidden=\"true\" class=\"wp-block-spacer\"><\/div>\n\n\n\n<div class=\"wp-block-columns is-layout-flex wp-container-core-columns-is-layout-f56f613f wp-block-columns-is-layout-flex\">\n<div class=\"wp-block-column is-layout-flow wp-block-column-is-layout-flow\" style=\"flex-basis:780px\">\n<div class=\"wp-block-buttons is-content-justification-right is-layout-flex wp-container-core-buttons-is-layout-938471dc wp-block-buttons-is-layout-flex\">\n<div class=\"wp-block-button mobile-padding is-style-outline is-style-outline--6\"><a class=\"wp-block-button__link has-secondary-color has-text-color has-background has-border-color has-secondary-border-color wp-element-button\" href=\"https:\/\/sfb1436.de\/de\/ueber-uns\/\" style=\"border-width:1px;background-color:#00000000\">Weiterlesen<\/a><\/div>\n<\/div>\n<\/div>\n<\/div>\n<\/div>\n\n\n\n<div class=\"wp-block-column has-tertiary-background-color has-background is-layout-flow wp-block-column-is-layout-flow\" style=\"padding-top:0px;padding-right:0px;padding-bottom:0px;padding-left:0px\">\n<div class=\"wp-block-cover is-light\" style=\"min-height:521px;aspect-ratio:unset;\"><img decoding=\"async\" class=\"wp-block-cover__image-background wp-image-13763\" alt=\"Dr. Michael Kreutz u0026 Prof. Dr. med. Emrah D\u00fczel\" src=\"https:\/\/sfb1436.de\/wp-content\/uploads\/2022\/06\/Emrah_Duzel_Michael_Kreutz_SFB-1436-scaled-e1655787628882.jpg\" style=\"object-position:96% 50%\" data-object-fit=\"cover\" data-object-position=\"96% 50%\"\/><span aria-hidden=\"true\" class=\"wp-block-cover__background has-background-dim-0 has-background-dim\"><\/span><div class=\"wp-block-cover__inner-container is-layout-flow wp-block-cover-is-layout-flow\">\n<div style=\"height:623px\" aria-hidden=\"true\" class=\"wp-block-spacer\"><\/div>\n\n\n\n<p class=\"has-text-align-center has-secondary-color has-tertiary-background-color has-text-color has-background has-small-font-size wp-block-paragraph\" style=\"line-height:0.9\">Co-Sprecher Prof. Dr. Michael Kreutz &amp; Sprecher Prof. Dr. med. Emrah D\u00fczel<\/p>\n<\/div><\/div>\n<\/div>\n<\/div>\n\n\n\n<div class=\"wp-block-columns alignfull is-layout-flex wp-container-core-columns-is-layout-dca53f0c wp-block-columns-is-layout-flex\" id=\"publications\" style=\"margin-top:0px;margin-bottom:0px\">\n<div class=\"wp-block-column has-project-c-background-color has-background is-layout-flow wp-block-column-is-layout-flow\" style=\"flex-basis:100%\">\n<section class=\"wp-block-group alignfull is-layout-flow wp-block-group-is-layout-flow\" style=\"padding-top:0px;padding-right:0px;padding-bottom:0px;padding-left:0px\">\n<div class=\"wp-block-columns alignfull has-project-c-background-color has-background is-layout-flex wp-container-core-columns-is-layout-066e6079 wp-block-columns-is-layout-flex\" style=\"margin-top:0px;margin-bottom:0px\">\n<div class=\"wp-block-column is-layout-flow wp-block-column-is-layout-flow\" style=\"padding-top:0px;padding-right:0px;padding-bottom:0px;padding-left:0px\">\n<h2 class=\"wp-block-heading has-text-align-center has-white-color has-text-color\" id=\"publikationen-des-sfb-1436\" style=\"font-size:2rem;text-transform:uppercase\"><strong>Publikationen des SFB 1436<\/strong><\/h2>\n\n\n\n<div class=\"wp-block-columns alignfull is-layout-flex wp-container-core-columns-is-layout-dca53f0c wp-block-columns-is-layout-flex\" id=\"publications\" style=\"margin-top:0px;margin-bottom:0px\">\n<div class=\"wp-block-column has-project-c-background-color has-background is-layout-flow wp-block-column-is-layout-flow\" style=\"flex-basis:100%\">\n<section class=\"wp-block-group alignfull is-layout-flow wp-block-group-is-layout-flow\" style=\"padding-top:0px;padding-right:0px;padding-bottom:0px;padding-left:0px\">\n<div class=\"wp-block-columns alignfull has-project-c-background-color has-background is-layout-flex wp-container-core-columns-is-layout-44579ee7 wp-block-columns-is-layout-flex\" style=\"margin-top:0px;margin-bottom:0px;padding-top:0px;padding-right:0px;padding-bottom:0px;padding-left:0px\">\n<div class=\"wp-block-column is-layout-flow wp-block-column-is-layout-flow\">\n\t\t\t<div class=\"wp-block-uagb-post-carousel uagb-post-grid project-slider uagb-post__image-position-top uagb-post__image-disabled uagb-block-55ec077e     uagb-post__arrow-outside uagb-slick-carousel uagb-post__items uagb-post__columns-3 is-carousel uagb-post__columns-tablet-2 uagb-post__columns-mobile-1\" data-total=\"4\" style=\"\">\n\n\t\t\t\t\t\t\t\t\t\t\t\t<article class=\"uagb-post__inner-wrap\">\t\t\t\t\t\t\t\t<h4 class=\"uagb-post__title uagb-post__text\">\n\t\t\t\t<a href=\"https:\/\/doi.org\/10.1016\/j.neurobiolaging.2026.04.001\" target=\"_blank\" rel=\"bookmark noopener noreferrer\">Altered theta distribution and coherence during set-shifting in older age<\/a>\n\t\t\t<\/h4>\n\t\t\t\t\t\t<div class='uagb-post__text uagb-post-grid-byline'>\n\t\t\t\t\t\t\t\t<time datetime=\"2026-04-10T12:53:54+02:00\" class=\"uagb-post__date\">\n\t\t\t\t<span class=\"dashicons-calendar dashicons\"><\/span>\t\t\t\t\t10.04.2026\t\t\t\t<\/time>\n\t\t\t\t\t\t\t<div class=\"uagb-post__text\">\n\t\t\t\t\t<span class='uagb-post__taxonomy'>\n\t\t\t\t\t\t<span class=\"dashicons-tag dashicons\"><\/span>\t\t\t\t\t\t<a href=\"https:\/\/sfb1436.de\/de\/category\/publikation\/a05-de\/\">A05<\/a>,&nbsp;<a href=\"https:\/\/sfb1436.de\/de\/category\/publikation\/b05-de\/\">B05<\/a>\t\t\t\t\t<\/span>\n\t\t\t\t<\/div>\n\t\t\t\t\t\t\t<\/div>\n\t\t\t\t\t\t\t<div class='uagb-post__text uagb-post__excerpt'>\n\t\t\t\t\t<p>Margarita Darna, Anni Richter, Jens-Max Hopf, Constanze I. Seidenbecher, Bj\u00f6rn H. Schott <span class=\"excerpt-magazin\">Neurobiology of Aging (2026)<\/span><\/p>\n<\/span>\t\t\t\t<\/div>\n\t\t\t\n\t\t\t\t\t\t\t\t\t<\/article>\n\t\t\t\t\t\t\t\t\t\t\t\t\t\t\t\t<article class=\"uagb-post__inner-wrap\">\t\t\t\t\t\t\t\t<h4 class=\"uagb-post__title uagb-post__text\">\n\t\t\t\t<a href=\"https:\/\/doi.org\/10.1038\/s41582-026-01189-9\" target=\"_blank\" rel=\"bookmark noopener noreferrer\">Maintaining and regaining episodic memory in Alzheimer disease: a circuit-based perspective<\/a>\n\t\t\t<\/h4>\n\t\t\t\t\t\t<div class='uagb-post__text uagb-post-grid-byline'>\n\t\t\t\t\t\t\t\t<time datetime=\"2026-03-17T10:15:03+01:00\" class=\"uagb-post__date\">\n\t\t\t\t<span class=\"dashicons-calendar dashicons\"><\/span>\t\t\t\t\t17.03.2026\t\t\t\t<\/time>\n\t\t\t\t\t\t\t<div class=\"uagb-post__text\">\n\t\t\t\t\t<span class='uagb-post__taxonomy'>\n\t\t\t\t\t\t<span class=\"dashicons-tag dashicons\"><\/span>\t\t\t\t\t\t<a href=\"https:\/\/sfb1436.de\/de\/category\/publikation\/a02-de\/\">A02<\/a>,&nbsp;<a href=\"https:\/\/sfb1436.de\/de\/category\/publikation\/a04-de\/\">A04<\/a>,&nbsp;<a href=\"https:\/\/sfb1436.de\/de\/category\/publikation\/b02-de\/\">B02<\/a>,&nbsp;<a href=\"https:\/\/sfb1436.de\/de\/category\/publikation\/z01-de\/\">Z01<\/a>,&nbsp;<a href=\"https:\/\/sfb1436.de\/de\/category\/publikation\/z03-de\/\">Z03<\/a>\t\t\t\t\t<\/span>\n\t\t\t\t<\/div>\n\t\t\t\t\t\t\t<\/div>\n\t\t\t\t\t\t\t<div class='uagb-post__text uagb-post__excerpt'>\n\t\t\t\t\t<p>Emrah D\u00fczel &amp; Michael R. Kreutz <span class=\"excerpt-magazin\">Nature Reviews Neurology (2026)<\/span><\/p>\n<\/span>\t\t\t\t<\/div>\n\t\t\t\n\t\t\t\t\t\t\t\t\t<\/article>\n\t\t\t\t\t\t\t\t\t\t\t\t\t\t\t\t<article class=\"uagb-post__inner-wrap\">\t\t\t\t\t\t\t\t<h4 class=\"uagb-post__title uagb-post__text\">\n\t\t\t\t<a href=\"https:\/\/doi.org\/10.1016\/j.neuroimage.2025.121426\" target=\"_blank\" rel=\"bookmark noopener noreferrer\">Putamen vascularization on high-resolution 7T MRI is associated with perfusion and cognitive performance in cerebral small vessel disease<\/a>\n\t\t\t<\/h4>\n\t\t\t\t\t\t<div class='uagb-post__text uagb-post-grid-byline'>\n\t\t\t\t\t\t\t\t<time datetime=\"2025-09-26T13:53:52+02:00\" class=\"uagb-post__date\">\n\t\t\t\t<span class=\"dashicons-calendar dashicons\"><\/span>\t\t\t\t\t26.09.2025\t\t\t\t<\/time>\n\t\t\t\t\t\t\t<div class=\"uagb-post__text\">\n\t\t\t\t\t<span class='uagb-post__taxonomy'>\n\t\t\t\t\t\t<span class=\"dashicons-tag dashicons\"><\/span>\t\t\t\t\t\t<a href=\"https:\/\/sfb1436.de\/de\/category\/publikation\/b04-de\/\">B04<\/a>,&nbsp;<a href=\"https:\/\/sfb1436.de\/de\/category\/publikation\/\">Publikation<\/a>\t\t\t\t\t<\/span>\n\t\t\t\t<\/div>\n\t\t\t\t\t\t\t<\/div>\n\t\t\t\t\t\t\t<div class='uagb-post__text uagb-post__excerpt'>\n\t\t\t\t\t<p>Niklas Philipp Arndt, Stefanie Boewe,\u00a0Jascha Br\u00fcggemann,\u00a0Berta Garcia-Garcia, Renat Yakupov, Niklas Vockert, Anne Maas, Malte Pfister,\u00a0Valentina Perosa, Marwa Al Dubai, Robin Jansen, Sven G Meuth,\u00a0Marc D\u00f6rner, Patrick M\u00fcller, Solveig Henneicke, Frank Schreiber, Katja Neumann, Hendrik Mattern,\u00a0Stefanie Schreiber <span class=\"excerpt-magazin\">Neuroimage (2025)<\/span><\/p>\n<\/span>\t\t\t\t<\/div>\n\t\t\t\n\t\t\t\t\t\t\t\t\t<\/article>\n\t\t\t\t\t\t\t\t\t\t\t\t\t\t\t\t<article class=\"uagb-post__inner-wrap\">\t\t\t\t\t\t\t\t<h4 class=\"uagb-post__title uagb-post__text\">\n\t\t\t\t<a href=\"https:\/\/doi.org\/10.1007\/s11357-025-01764-w\" target=\"_blank\" rel=\"bookmark noopener noreferrer\">A physically and mentally active lifestyle relates to younger brain and cognitive age<\/a>\n\t\t\t<\/h4>\n\t\t\t\t\t\t<div class='uagb-post__text uagb-post-grid-byline'>\n\t\t\t\t\t\t\t\t<time datetime=\"2025-07-07T13:33:33+02:00\" class=\"uagb-post__date\">\n\t\t\t\t<span class=\"dashicons-calendar dashicons\"><\/span>\t\t\t\t\t07.07.2025\t\t\t\t<\/time>\n\t\t\t\t\t\t\t<div class=\"uagb-post__text\">\n\t\t\t\t\t<span class='uagb-post__taxonomy'>\n\t\t\t\t\t\t<span class=\"dashicons-tag dashicons\"><\/span>\t\t\t\t\t\t<a href=\"https:\/\/sfb1436.de\/de\/category\/publikation\/a05-de\/\">A05<\/a>,&nbsp;<a href=\"https:\/\/sfb1436.de\/de\/category\/publikation\/b02-de\/\">B02<\/a>,&nbsp;<a href=\"https:\/\/sfb1436.de\/de\/category\/publikation\/b04-de\/\">B04<\/a>,&nbsp;<a href=\"https:\/\/sfb1436.de\/de\/category\/publikation\/z03-de\/\">Z03<\/a>\t\t\t\t\t<\/span>\n\t\t\t\t<\/div>\n\t\t\t\t\t\t\t<\/div>\n\t\t\t\t\t\t\t<div class='uagb-post__text uagb-post__excerpt'>\n\t\t\t\t\t<p>Niklas Behrenbruch,&nbsp;Svenja Schwarck,&nbsp;Beate Schumann-Werner,&nbsp;E\u00f3in N. Molloy,&nbsp;Berta Garcia-Garcia,&nbsp;Anne Hochkeppler,&nbsp;Larissa Fischer,&nbsp;Anna-Therese B\u00fcchel,&nbsp;Enise I. Incesoy,&nbsp;Jose Bernal,&nbsp;Niklas Vockert,&nbsp;Patrick M\u00fcller,&nbsp;Gusalija Behnisch,&nbsp;B\u00e1rbara Morgado,&nbsp;Hermann Esselmann,&nbsp;Constanze I. Seidenbecher,&nbsp;Bj\u00f6rn H. Schott,&nbsp;Henryk Barthel,&nbsp;Osama Sabri,&nbsp;Jens Wiltfang,&nbsp;Michael C. Kreissl,&nbsp;Emrah D\u00fczel&nbsp;&amp;&nbsp;Anne Maass <span class=\"excerpt-magazin\">GeroScience (2025)<\/span><\/p>\n<\/span>\t\t\t\t<\/div>\n\t\t\t\n\t\t\t\t\t\t\t\t\t<\/article>\n\t\t\t\t\t\t\t\t\t\t\t\t\t\t\t\t<article class=\"uagb-post__inner-wrap\">\t\t\t\t\t\t\t\t<h4 class=\"uagb-post__title uagb-post__text\">\n\t\t\t\t<a href=\"https:\/\/doi.org\/10.1016\/j.nbas.2025.100142\" target=\"_blank\" rel=\"bookmark noopener noreferrer\">Frontal theta oscillations and cognitive flexibility: Age-related modulations in EEG activity<\/a>\n\t\t\t<\/h4>\n\t\t\t\t\t\t<div class='uagb-post__text uagb-post-grid-byline'>\n\t\t\t\t\t\t\t\t<time datetime=\"2025-07-01T14:58:19+02:00\" class=\"uagb-post__date\">\n\t\t\t\t<span class=\"dashicons-calendar dashicons\"><\/span>\t\t\t\t\t01.07.2025\t\t\t\t<\/time>\n\t\t\t\t\t\t\t<div class=\"uagb-post__text\">\n\t\t\t\t\t<span class='uagb-post__taxonomy'>\n\t\t\t\t\t\t<span class=\"dashicons-tag dashicons\"><\/span>\t\t\t\t\t\t<a href=\"https:\/\/sfb1436.de\/de\/category\/publikation\/a05-de\/\">A05<\/a>,&nbsp;<a href=\"https:\/\/sfb1436.de\/de\/category\/publikation\/b05-de\/\">B05<\/a>\t\t\t\t\t<\/span>\n\t\t\t\t<\/div>\n\t\t\t\t\t\t\t<\/div>\n\t\t\t\t\t\t\t<div class='uagb-post__text uagb-post__excerpt'>\n\t\t\t\t\t<p>Margarita&nbsp;Darna,&nbsp;Christopher&nbsp;Stolz,&nbsp;Hannah-Sophia&nbsp;Jauch,&nbsp;Hendrik&nbsp;Strumpf,&nbsp;Jens-Max&nbsp;Hopf,&nbsp;Constanze I.&nbsp;Seidenbecher,&nbsp;Bj\u00f6rn H.&nbsp;Schott,&nbsp;Anni&nbsp;Richter <span class=\"excerpt-magazin\">Aging Brain (2025)<\/span><\/p>\n<\/span>\t\t\t\t<\/div>\n\t\t\t\n\t\t\t\t\t\t\t\t\t<\/article>\n\t\t\t\t\t\t\t\t\t\t\t\t\t\t\t\t<article class=\"uagb-post__inner-wrap\">\t\t\t\t\t\t\t\t<h4 class=\"uagb-post__title uagb-post__text\">\n\t\t\t\t<a href=\"https:\/\/doi.org\/10.1016\/j.arr.2025.102771\" target=\"_blank\" rel=\"bookmark noopener noreferrer\">Immersive virtual reality for older adults: Challenges and solutions in basic research and clinical applications<\/a>\n\t\t\t<\/h4>\n\t\t\t\t\t\t<div class='uagb-post__text uagb-post-grid-byline'>\n\t\t\t\t\t\t\t\t<time datetime=\"2025-05-13T07:42:33+02:00\" class=\"uagb-post__date\">\n\t\t\t\t<span class=\"dashicons-calendar dashicons\"><\/span>\t\t\t\t\t13.05.2025\t\t\t\t<\/time>\n\t\t\t\t\t\t\t<div class=\"uagb-post__text\">\n\t\t\t\t\t<span class='uagb-post__taxonomy'>\n\t\t\t\t\t\t<span class=\"dashicons-tag dashicons\"><\/span>\t\t\t\t\t\t<a href=\"https:\/\/sfb1436.de\/de\/category\/publikation\/b03-de\/\">B03<\/a>\t\t\t\t\t<\/span>\n\t\t\t\t<\/div>\n\t\t\t\t\t\t\t<\/div>\n\t\t\t\t\t\t\t<div class='uagb-post__text uagb-post__excerpt'>\n\t\t\t\t\t<p>Malika&nbsp;Schaumburg,&nbsp;Ashar&nbsp;Imtiaz,&nbsp;Ruojing&nbsp;Zhou,&nbsp;Matthieu&nbsp;Bernard,&nbsp;Thomas&nbsp;Wolbers,&nbsp;Vladislava&nbsp;Segen <span class=\"excerpt-magazin\">Ageing Res Rev (2025)<\/span><\/p>\n<\/span>\t\t\t\t<\/div>\n\t\t\t\n\t\t\t\t\t\t\t\t\t<\/article>\n\t\t\t\t\t\t\t\t\t\t\t\t\t\t\t\t<article class=\"uagb-post__inner-wrap\">\t\t\t\t\t\t\t\t<h4 class=\"uagb-post__title uagb-post__text\">\n\t\t\t\t<a href=\"https:\/\/doi.org\/10.1162\/imag_a_00577\" target=\"_blank\" rel=\"bookmark noopener noreferrer\">Cortical network modulations associated with prolonged training of the multiple object-tracking task<\/a>\n\t\t\t<\/h4>\n\t\t\t\t\t\t<div class='uagb-post__text uagb-post-grid-byline'>\n\t\t\t\t\t\t\t\t<time datetime=\"2025-05-12T15:05:21+02:00\" class=\"uagb-post__date\">\n\t\t\t\t<span class=\"dashicons-calendar dashicons\"><\/span>\t\t\t\t\t12.05.2025\t\t\t\t<\/time>\n\t\t\t\t\t\t\t<div class=\"uagb-post__text\">\n\t\t\t\t\t<span class='uagb-post__taxonomy'>\n\t\t\t\t\t\t<span class=\"dashicons-tag dashicons\"><\/span>\t\t\t\t\t\t<a href=\"https:\/\/sfb1436.de\/de\/category\/publikation\/b05-de\/\">B05<\/a>\t\t\t\t\t<\/span>\n\t\t\t\t<\/div>\n\t\t\t\t\t\t\t<\/div>\n\t\t\t\t\t\t\t<div class='uagb-post__text uagb-post__excerpt'>\n\t\t\t\t\t<p>Anna-Maria Fel\u00dfberg, Nadine Sch\u00f6nemann, Jens-Max Hopf, Mircea Ariel Schoenfeld, Christian Merkel Imaging Neuroscience (2025)<\/p>\n<\/span>\t\t\t\t<\/div>\n\t\t\t\n\t\t\t\t\t\t\t\t\t<\/article>\n\t\t\t\t\t\t\t\t\t\t\t\t\t\t\t\t<article class=\"uagb-post__inner-wrap\">\t\t\t\t\t\t\t\t<h4 class=\"uagb-post__title uagb-post__text\">\n\t\t\t\t<a href=\"https:\/\/doi.org\/10.1186\/s13195-025-01742-6\" target=\"_blank\" rel=\"bookmark noopener noreferrer\">Differential effects of aging, Alzheimer&#8217;s pathology, and APOE4 on longitudinal functional connectivity and episodic memory in older adults<\/a>\n\t\t\t<\/h4>\n\t\t\t\t\t\t<div class='uagb-post__text uagb-post-grid-byline'>\n\t\t\t\t\t\t\t\t<time datetime=\"2025-04-25T14:18:14+02:00\" class=\"uagb-post__date\">\n\t\t\t\t<span class=\"dashicons-calendar dashicons\"><\/span>\t\t\t\t\t25.04.2025\t\t\t\t<\/time>\n\t\t\t\t\t\t\t<div class=\"uagb-post__text\">\n\t\t\t\t\t<span class='uagb-post__taxonomy'>\n\t\t\t\t\t\t<span class=\"dashicons-tag dashicons\"><\/span>\t\t\t\t\t\t<a href=\"https:\/\/sfb1436.de\/de\/category\/publikation\/b04-de\/\">B04<\/a>,&nbsp;<a href=\"https:\/\/sfb1436.de\/de\/category\/publikation\/z03-de\/\">Z03<\/a>\t\t\t\t\t<\/span>\n\t\t\t\t<\/div>\n\t\t\t\t\t\t\t<\/div>\n\t\t\t\t\t\t\t<div class='uagb-post__text uagb-post__excerpt'>\n\t\t\t\t\t<p>Larissa Fischer,&nbsp;Jenna N. Adams,&nbsp;E\u00f3in N. Molloy,&nbsp;Niklas Vockert,&nbsp;Jennifer Tremblay-Mercier,&nbsp;Jordana Remz,&nbsp;Alexa Pichet Binette,&nbsp;Sylvia Villeneuve,&nbsp;Anne Maass&nbsp;&amp;&nbsp;PREVENT-AD Research Group <span class=\"excerpt-magazin\">Alzheimers Res Ther (2025)<\/span><\/p>\n<\/span>\t\t\t\t<\/div>\n\t\t\t\n\t\t\t\t\t\t\t\t\t<\/article>\n\t\t\t\t\t\t\t\t\t\t\t\t\t\t\t\t<article class=\"uagb-post__inner-wrap\">\t\t\t\t\t\t\t\t<h4 class=\"uagb-post__title uagb-post__text\">\n\t\t\t\t<a href=\"https:\/\/doi.org\/10.1093\/braincomms\/fcaf031\" target=\"_blank\" rel=\"bookmark noopener noreferrer\">CSF biomarkers are differentially linked to brain areas high and low in noradrenaline, dopamine and serotonin across the Alzheimer&#8217;s disease spectrum<\/a>\n\t\t\t<\/h4>\n\t\t\t\t\t\t<div class='uagb-post__text uagb-post-grid-byline'>\n\t\t\t\t\t\t\t\t<time datetime=\"2025-01-27T13:18:08+01:00\" class=\"uagb-post__date\">\n\t\t\t\t<span class=\"dashicons-calendar dashicons\"><\/span>\t\t\t\t\t27.01.2025\t\t\t\t<\/time>\n\t\t\t\t\t\t\t<div class=\"uagb-post__text\">\n\t\t\t\t\t<span class='uagb-post__taxonomy'>\n\t\t\t\t\t\t<span class=\"dashicons-tag dashicons\"><\/span>\t\t\t\t\t\t<a href=\"https:\/\/sfb1436.de\/de\/category\/publikation\/a08-de\/\">A08<\/a>\t\t\t\t\t<\/span>\n\t\t\t\t<\/div>\n\t\t\t\t\t\t\t<\/div>\n\t\t\t\t\t\t\t<div class='uagb-post__text uagb-post__excerpt'>\n\t\t\t\t\t<p>Lena Haag , Elisa Lancini , Renat Yakupov , Gabriel Ziegler , Yeo-Jin Yi , Falk L\u00fcsebrink , Wenzel Glanz , Oliver Peters , Eike Jakob Spruth , Slawek Altenstein , Josef Priller , Luisa Sophie Schneider , Xiao Wang&#8230;<\/span>\t\t\t\t<\/div>\n\t\t\t\n\t\t\t\t\t\t\t\t\t<\/article>\n\t\t\t\t\t\t\t\t\t\t\t\t\t\t\t\t<article class=\"uagb-post__inner-wrap\">\t\t\t\t\t\t\t\t<h4 class=\"uagb-post__title uagb-post__text\">\n\t\t\t\t<a href=\"https:\/\/doi.org\/10.1101\/2025.01.17.633560\" target=\"_blank\" rel=\"bookmark noopener noreferrer\">Post-movement beta rebound reflects strategic re-aiming during motor adaptation, but not re-aiming accuracy<\/a>\n\t\t\t<\/h4>\n\t\t\t\t\t\t<div class='uagb-post__text uagb-post-grid-byline'>\n\t\t\t\t\t\t\t\t<time datetime=\"2025-01-18T16:01:15+01:00\" class=\"uagb-post__date\">\n\t\t\t\t<span class=\"dashicons-calendar dashicons\"><\/span>\t\t\t\t\t18.01.2025\t\t\t\t<\/time>\n\t\t\t\t\t\t\t<div class=\"uagb-post__text\">\n\t\t\t\t\t<span class='uagb-post__taxonomy'>\n\t\t\t\t\t\t<span class=\"dashicons-tag dashicons\"><\/span>\t\t\t\t\t\t<a href=\"https:\/\/sfb1436.de\/de\/category\/publikation\/c03-de\/\">C03<\/a>\t\t\t\t\t<\/span>\n\t\t\t\t<\/div>\n\t\t\t\t\t\t\t<\/div>\n\t\t\t\t\t\t\t<div class='uagb-post__text uagb-post__excerpt'>\n\t\t\t\t\t<p>M Will, B Korka, MP Stenner <span class=\"excerpt-magazin\">bioRxiv (2025)<\/span><\/p>\n<\/span>\t\t\t\t<\/div>\n\t\t\t\n\t\t\t\t\t\t\t\t\t<\/article>\n\t\t\t\t\t\t\t\t\t\t\t\t\t\t\t\t<article class=\"uagb-post__inner-wrap\">\t\t\t\t\t\t\t\t<h4 class=\"uagb-post__title uagb-post__text\">\n\t\t\t\t<a href=\"https:\/\/doi.org\/10.1126\/sciadv.adl5602\" target=\"_blank\" rel=\"bookmark noopener noreferrer\">Prior Knowledge Changes Initial Sensory Processing in the Human Spinal Cord<\/a>\n\t\t\t<\/h4>\n\t\t\t\t\t\t<div class='uagb-post__text uagb-post-grid-byline'>\n\t\t\t\t\t\t\t\t<time datetime=\"2025-01-17T10:46:20+01:00\" class=\"uagb-post__date\">\n\t\t\t\t<span class=\"dashicons-calendar dashicons\"><\/span>\t\t\t\t\t17.01.2025\t\t\t\t<\/time>\n\t\t\t\t\t\t\t<div class=\"uagb-post__text\">\n\t\t\t\t\t<span class='uagb-post__taxonomy'>\n\t\t\t\t\t\t<span class=\"dashicons-tag dashicons\"><\/span>\t\t\t\t\t\t<a href=\"https:\/\/sfb1436.de\/de\/category\/publikation\/c03-de\/\">C03<\/a>\t\t\t\t\t<\/span>\n\t\t\t\t<\/div>\n\t\t\t\t\t\t\t<\/div>\n\t\t\t\t\t\t\t<div class='uagb-post__text uagb-post__excerpt'>\n\t\t\t\t\t<p>Max-Philipp Stenner, Cindy M\u00e1rquez Nossa, Tino Zaehle, Elena Aza\u00f1\u00f3n, Hans-Jochen Heinze, Matthias Deliano, Lars B\u00fcntjen <span class=\"excerpt-magazin\">Sci Adv (2025)<\/span><\/p>\n<\/span>\t\t\t\t<\/div>\n\t\t\t\n\t\t\t\t\t\t\t\t\t<\/article>\n\t\t\t\t\t\t\t\t\t\t\t\t\t\t\t\t<article class=\"uagb-post__inner-wrap\">\t\t\t\t\t\t\t\t<h4 class=\"uagb-post__title uagb-post__text\">\n\t\t\t\t<a href=\"https:\/\/doi.org\/10.1016\/j.matbio.2025.01.001\" target=\"_blank\" rel=\"bookmark noopener noreferrer\">Neurocan regulates axon initial segment organization and neuronal activity<\/a>\n\t\t\t<\/h4>\n\t\t\t\t\t\t<div class='uagb-post__text uagb-post-grid-byline'>\n\t\t\t\t\t\t\t\t<time datetime=\"2025-01-07T13:50:52+01:00\" class=\"uagb-post__date\">\n\t\t\t\t<span class=\"dashicons-calendar dashicons\"><\/span>\t\t\t\t\t07.01.2025\t\t\t\t<\/time>\n\t\t\t\t\t\t\t<div class=\"uagb-post__text\">\n\t\t\t\t\t<span class='uagb-post__taxonomy'>\n\t\t\t\t\t\t<span class=\"dashicons-tag dashicons\"><\/span>\t\t\t\t\t\t<a href=\"https:\/\/sfb1436.de\/de\/category\/publikation\/a05-de\/\">A05<\/a>\t\t\t\t\t<\/span>\n\t\t\t\t<\/div>\n\t\t\t\t\t\t\t<\/div>\n\t\t\t\t\t\t\t<div class='uagb-post__text uagb-post__excerpt'>\n\t\t\t\t\t<p>Baidoe-Ansah D, Mirzapourdelavar H, Aleshin S, Schott BH, Seidenbecher C, Kaushik R, Dityatev A. <span class=\"excerpt-magazin\">Matrix Biol. (2025)<\/span><\/p>\n<\/span>\t\t\t\t<\/div>\n\t\t\t\n\t\t\t\t\t\t\t\t\t<\/article>\n\t\t\t\t\t\t\t\t\t\t\t\t\t\t\t\t<article class=\"uagb-post__inner-wrap\">\t\t\t\t\t\t\t\t<h4 class=\"uagb-post__title uagb-post__text\">\n\t\t\t\t<a href=\"https:\/\/doi.org\/10.1101\/2024.08.27.609593\" target=\"_blank\" rel=\"bookmark noopener noreferrer\">Neuronale Heterogenit\u00e4t im medialen Septum und im diagonalen Band von Broca: Klassen und Kontinua<\/a>\n\t\t\t<\/h4>\n\t\t\t\t\t\t<div class='uagb-post__text uagb-post-grid-byline'>\n\t\t\t\t\t\t\t\t<time datetime=\"2024-11-19T13:55:14+01:00\" class=\"uagb-post__date\">\n\t\t\t\t<span class=\"dashicons-calendar dashicons\"><\/span>\t\t\t\t\t19.11.2024\t\t\t\t<\/time>\n\t\t\t\t\t\t\t<div class=\"uagb-post__text\">\n\t\t\t\t\t<span class='uagb-post__taxonomy'>\n\t\t\t\t\t\t<span class=\"dashicons-tag dashicons\"><\/span>\t\t\t\t\t\t<a href=\"https:\/\/sfb1436.de\/de\/category\/publikation\/a03-de\/\">A03<\/a>\t\t\t\t\t<\/span>\n\t\t\t\t<\/div>\n\t\t\t\t\t\t\t<\/div>\n\t\t\t\t\t\t\t<div class='uagb-post__text uagb-post__excerpt'>\n\t\t\t\t\t<p>Felix&nbsp;Kuhn,&nbsp;Petra&nbsp;Mocellin,&nbsp;Stefano&nbsp;Pupe,&nbsp;Lihua&nbsp;Wang, Andrew L.&nbsp;Lemire,&nbsp;Liudmila&nbsp;Sosulina,&nbsp;Oliver&nbsp;Barnstedt,&nbsp;Nelson&nbsp;Spruston,&nbsp;Mark S.&nbsp;Cembrowski,&nbsp;Stefan&nbsp;Remy <span class=\"excerpt-magazin\">bioRxiv (2024)<\/span><\/p>\n<\/span>\t\t\t\t<\/div>\n\t\t\t\n\t\t\t\t\t\t\t\t\t<\/article>\n\t\t\t\t\t\t\t\t\t\t\t\t\t\t\t\t<article class=\"uagb-post__inner-wrap\">\t\t\t\t\t\t\t\t<h4 class=\"uagb-post__title uagb-post__text\">\n\t\t\t\t<a href=\"https:\/\/doi.org\/10.1038\/s41467-024-53360-9\" target=\"_blank\" rel=\"bookmark noopener noreferrer\">Kognitive Reserve gegen\u00fcber der Alzheimer-Pathologie ist mit der Gehirnaktivit\u00e4t w\u00e4hrend der Ged\u00e4chtnisbildung verbunden (2024)<\/a>\n\t\t\t<\/h4>\n\t\t\t\t\t\t<div class='uagb-post__text uagb-post-grid-byline'>\n\t\t\t\t\t\t\t\t<time datetime=\"2024-11-13T11:42:27+01:00\" class=\"uagb-post__date\">\n\t\t\t\t<span class=\"dashicons-calendar dashicons\"><\/span>\t\t\t\t\t13.11.2024\t\t\t\t<\/time>\n\t\t\t\t\t\t\t<div class=\"uagb-post__text\">\n\t\t\t\t\t<span class='uagb-post__taxonomy'>\n\t\t\t\t\t\t<span class=\"dashicons-tag dashicons\"><\/span>\t\t\t\t\t\t<a href=\"https:\/\/sfb1436.de\/de\/category\/publikation\/a04-de\/\">A04<\/a>,&nbsp;<a href=\"https:\/\/sfb1436.de\/de\/category\/publikation\/a05-de\/\">A05<\/a>,&nbsp;<a href=\"https:\/\/sfb1436.de\/de\/category\/publikation\/b02-de\/\">B02<\/a>,&nbsp;<a href=\"https:\/\/sfb1436.de\/de\/category\/publikation\/b04-de\/\">B04<\/a>,&nbsp;<a href=\"https:\/\/sfb1436.de\/de\/category\/publikation\/c01-de\/\">C01<\/a>,&nbsp;<a href=\"https:\/\/sfb1436.de\/de\/category\/publikation\/z03-de\/\">Z03<\/a>\t\t\t\t\t<\/span>\n\t\t\t\t<\/div>\n\t\t\t\t\t\t\t<\/div>\n\t\t\t\t\t\t\t<div class='uagb-post__text uagb-post__excerpt'>\n\t\t\t\t\t<p>Niklas Vockert, Judith Machts, Luca Kleineidam, Aditya Nemali, Hartmut Sch\u00fctze, Renat Yakupov, Oliver Peters, Daria Gref, Luisa Sophie Schneider, Lukas Preis, Josef Priller, Eike Jakob Spruth, Slawek Altenstein, Anja Schneider, Klaus Fliessbach, Jens Wiltfang, Ayda Rostamzadeh, Wenzel Glanz, Enise I&#8230;.<\/span>\t\t\t\t<\/div>\n\t\t\t\n\t\t\t\t\t\t\t\t\t<\/article>\n\t\t\t\t\t\t\t\t\t\t\t\t\t\t\t\t<article class=\"uagb-post__inner-wrap\">\t\t\t\t\t\t\t\t<h4 class=\"uagb-post__title uagb-post__text\">\n\t\t\t\t<a href=\"https:\/\/doi.org\/10.1038\/s41586-024-07973-1\" target=\"_blank\" rel=\"bookmark noopener noreferrer\">Human hippocampal and entorhinal neurons encode the temporal structure of experience<\/a>\n\t\t\t<\/h4>\n\t\t\t\t\t\t<div class='uagb-post__text uagb-post-grid-byline'>\n\t\t\t\t\t\t\t\t<time datetime=\"2024-11-06T13:17:57+01:00\" class=\"uagb-post__date\">\n\t\t\t\t<span class=\"dashicons-calendar dashicons\"><\/span>\t\t\t\t\t06.11.2024\t\t\t\t<\/time>\n\t\t\t\t\t\t\t<div class=\"uagb-post__text\">\n\t\t\t\t\t<span class='uagb-post__taxonomy'>\n\t\t\t\t\t\t<span class=\"dashicons-tag dashicons\"><\/span>\t\t\t\t\t\t<a href=\"https:\/\/sfb1436.de\/de\/category\/publikation\/b07-de\/\">B07<\/a>\t\t\t\t\t<\/span>\n\t\t\t\t<\/div>\n\t\t\t\t\t\t\t<\/div>\n\t\t\t\t\t\t\t<div class='uagb-post__text uagb-post__excerpt'>\n\t\t\t\t\t<p>Tacikowski, P., Kalender, G.,&nbsp;Ciliberti, D., &amp; Fried, I. <span class=\"excerpt-magazin\">Nature (2024)<\/span><\/p>\n<\/span>\t\t\t\t<\/div>\n\t\t\t\n\t\t\t\t\t\t\t\t\t<\/article>\n\t\t\t\t\t\t\t\t\t\t\t\t\t\t\t\t<article class=\"uagb-post__inner-wrap\">\t\t\t\t\t\t\t\t<h4 class=\"uagb-post__title uagb-post__text\">\n\t\t\t\t<a href=\"https:\/\/doi.org\/10.1093\/braincomms\/fcae376\" target=\"_blank\" rel=\"bookmark noopener noreferrer\">Cerebral hyperactivation across the Alzheimer\u2019s disease pathological cascade<\/a>\n\t\t\t<\/h4>\n\t\t\t\t\t\t<div class='uagb-post__text uagb-post-grid-byline'>\n\t\t\t\t\t\t\t\t<time datetime=\"2024-11-06T12:40:17+01:00\" class=\"uagb-post__date\">\n\t\t\t\t<span class=\"dashicons-calendar dashicons\"><\/span>\t\t\t\t\t06.11.2024\t\t\t\t<\/time>\n\t\t\t\t\t\t\t<div class=\"uagb-post__text\">\n\t\t\t\t\t<span class='uagb-post__taxonomy'>\n\t\t\t\t\t\t<span class=\"dashicons-tag dashicons\"><\/span>\t\t\t\t\t\t<a href=\"https:\/\/sfb1436.de\/de\/category\/publikation\/b04-de\/\">B04<\/a>,&nbsp;<a href=\"https:\/\/sfb1436.de\/de\/category\/publikation\/z03-de\/\">Z03<\/a>\t\t\t\t\t<\/span>\n\t\t\t\t<\/div>\n\t\t\t\t\t\t\t<\/div>\n\t\t\t\t\t\t\t<div class='uagb-post__text uagb-post__excerpt'>\n\t\t\t\t\t<p>Corriveau-Lecavalier N., Adams J.N.,\u00a0Fischer L., Molloy E.N., Maass A. <span class=\"excerpt-magazin\">Brain Communications (2024)<\/span><\/p>\n<\/span>\t\t\t\t<\/div>\n\t\t\t\n\t\t\t\t\t\t\t\t\t<\/article>\n\t\t\t\t\t\t\t\t\t\t\t\t\t\t\t\t<article class=\"uagb-post__inner-wrap\">\t\t\t\t\t\t\t\t<h4 class=\"uagb-post__title uagb-post__text\">\n\t\t\t\t<a href=\"https:\/\/doi.org\/10.1093\/brain\/awae149\" target=\"_blank\" rel=\"bookmark noopener noreferrer\">Single-value brain activity scores reflect both severity and risk across the Alzheimer&#8217;s continuum<\/a>\n\t\t\t<\/h4>\n\t\t\t\t\t\t<div class='uagb-post__text uagb-post-grid-byline'>\n\t\t\t\t\t\t\t\t<time datetime=\"2024-11-04T13:30:38+01:00\" class=\"uagb-post__date\">\n\t\t\t\t<span class=\"dashicons-calendar dashicons\"><\/span>\t\t\t\t\t04.11.2024\t\t\t\t<\/time>\n\t\t\t\t\t\t\t<div class=\"uagb-post__text\">\n\t\t\t\t\t<span class='uagb-post__taxonomy'>\n\t\t\t\t\t\t<span class=\"dashicons-tag dashicons\"><\/span>\t\t\t\t\t\t<a href=\"https:\/\/sfb1436.de\/de\/category\/publikation\/a04-de\/\">A04<\/a>,&nbsp;<a href=\"https:\/\/sfb1436.de\/de\/category\/publikation\/a05-de\/\">A05<\/a>,&nbsp;<a href=\"https:\/\/sfb1436.de\/de\/category\/publikation\/b02-de\/\">B02<\/a>,&nbsp;<a href=\"https:\/\/sfb1436.de\/de\/category\/publikation\/z03-de\/\">Z03<\/a>\t\t\t\t\t<\/span>\n\t\t\t\t<\/div>\n\t\t\t\t\t\t\t<\/div>\n\t\t\t\t\t\t\t<div class='uagb-post__text uagb-post__excerpt'>\n\t\t\t\t\t<p>Niklas Soch J, Richter A, Kizilirmak JM, Sch\u00fctze H, Ziegler G, Altenstein S, Brosseron F, Fliessbach K, Freiesleben SD, Glanz W, Gref D, Heneka MT, Incesoy EI, Kilimann I, Kimmich O, Laske C, Lohse A, L\u00fcsebrink F, Munk MH, Peters&#8230;<\/span>\t\t\t\t<\/div>\n\t\t\t\n\t\t\t\t\t\t\t\t\t<\/article>\n\t\t\t\t\t\t\t\t\t\t\t\t\t\t\t\t<article class=\"uagb-post__inner-wrap\">\t\t\t\t\t\t\t\t<h4 class=\"uagb-post__title uagb-post__text\">\n\t\t\t\t<a href=\"https:\/\/doi.org\/10.1038\/s41386-024-02017-8\" target=\"_blank\" rel=\"bookmark noopener noreferrer\">Orexinergic modulation of chronic jet lag-induced deficits inmouse cognitive flexibility<\/a>\n\t\t\t<\/h4>\n\t\t\t\t\t\t<div class='uagb-post__text uagb-post-grid-byline'>\n\t\t\t\t\t\t\t\t<time datetime=\"2024-10-30T12:38:24+01:00\" class=\"uagb-post__date\">\n\t\t\t\t<span class=\"dashicons-calendar dashicons\"><\/span>\t\t\t\t\t30.10.2024\t\t\t\t<\/time>\n\t\t\t\t\t\t\t<div class=\"uagb-post__text\">\n\t\t\t\t\t<span class='uagb-post__taxonomy'>\n\t\t\t\t\t\t<span class=\"dashicons-tag dashicons\"><\/span>\t\t\t\t\t\t<a href=\"https:\/\/sfb1436.de\/de\/category\/publikation\/a01-de\/\">A01<\/a>\t\t\t\t\t<\/span>\n\t\t\t\t<\/div>\n\t\t\t\t\t\t\t<\/div>\n\t\t\t\t\t\t\t<div class='uagb-post__text uagb-post__excerpt'>\n\t\t\t\t\t<p>Julius Duske, Nicole D\u2019Souza, Dana Mayer, Daniela C. Dieterich and Markus Fendt <span class=\"excerpt-magazin\">Neuropsychopharmacology (2024)<\/span><\/p>\n<\/span>\t\t\t\t<\/div>\n\t\t\t\n\t\t\t\t\t\t\t\t\t<\/article>\n\t\t\t\t\t\t\t\t\t\t\t\t\t\t\t\t<article class=\"uagb-post__inner-wrap\">\t\t\t\t\t\t\t\t<h4 class=\"uagb-post__title uagb-post__text\">\n\t\t\t\t<a href=\"https:\/\/doi.org\/10.1093\/braincomms\/fcae321\" target=\"_blank\" rel=\"bookmark noopener noreferrer\">Age-related differences in human cortical microstructure depend on the distance to the nearest vein<\/a>\n\t\t\t<\/h4>\n\t\t\t\t\t\t<div class='uagb-post__text uagb-post-grid-byline'>\n\t\t\t\t\t\t\t\t<time datetime=\"2024-10-30T09:29:30+01:00\" class=\"uagb-post__date\">\n\t\t\t\t<span class=\"dashicons-calendar dashicons\"><\/span>\t\t\t\t\t30.10.2024\t\t\t\t<\/time>\n\t\t\t\t\t\t\t<div class=\"uagb-post__text\">\n\t\t\t\t\t<span class='uagb-post__taxonomy'>\n\t\t\t\t\t\t<span class=\"dashicons-tag dashicons\"><\/span>\t\t\t\t\t\t<a href=\"https:\/\/sfb1436.de\/de\/category\/publikation\/b04-de\/\">B04<\/a>\t\t\t\t\t<\/span>\n\t\t\t\t<\/div>\n\t\t\t\t\t\t\t<\/div>\n\t\t\t\t\t\t\t<div class='uagb-post__text uagb-post__excerpt'>\n\t\t\t\t\t<p>Christoph Knoll, Juliane Doehler, Alicia Northall, Stefanie Schreiber, Johanna Rotta, Hendrik Mattern, Esther Kuehn <span class=\"excerpt-magazin\">Brain Communications (2024)<\/span><\/p>\n<\/span>\t\t\t\t<\/div>\n\t\t\t\n\t\t\t\t\t\t\t\t\t<\/article>\n\t\t\t\t\t\t\t\t\t\t\t\t\t\t\t\t<article class=\"uagb-post__inner-wrap\">\t\t\t\t\t\t\t\t<h4 class=\"uagb-post__title uagb-post__text\">\n\t\t\t\t<a href=\"https:\/\/doi.org\/10.1101\/2024.07.11.602795\" target=\"_blank\" rel=\"bookmark noopener noreferrer\">\u201cMicro-offline gains\u201d convey no benefit for motor skill learning<\/a>\n\t\t\t<\/h4>\n\t\t\t\t\t\t<div class='uagb-post__text uagb-post-grid-byline'>\n\t\t\t\t\t\t\t\t<time datetime=\"2024-10-26T15:53:20+02:00\" class=\"uagb-post__date\">\n\t\t\t\t<span class=\"dashicons-calendar dashicons\"><\/span>\t\t\t\t\t26.10.2024\t\t\t\t<\/time>\n\t\t\t\t\t\t\t<div class=\"uagb-post__text\">\n\t\t\t\t\t<span class='uagb-post__taxonomy'>\n\t\t\t\t\t\t<span class=\"dashicons-tag dashicons\"><\/span>\t\t\t\t\t\t<a href=\"https:\/\/sfb1436.de\/de\/category\/publikation\/c03-de\/\">C03<\/a>\t\t\t\t\t<\/span>\n\t\t\t\t<\/div>\n\t\t\t\t\t\t\t<\/div>\n\t\t\t\t\t\t\t<div class='uagb-post__text uagb-post__excerpt'>\n\t\t\t\t\t<p>A Das, A Karagiorgis, J Diedrichsen, MP Stenner, E Azanon <span class=\"excerpt-magazin\">bioRxiv(2024)<\/span><\/p>\n<\/span>\t\t\t\t<\/div>\n\t\t\t\n\t\t\t\t\t\t\t\t\t<\/article>\n\t\t\t\t\t\t\t\t\t\t\t\t\t\t\t\t<article class=\"uagb-post__inner-wrap\">\t\t\t\t\t\t\t\t<h4 class=\"uagb-post__title uagb-post__text\">\n\t\t\t\t<a href=\"https:\/\/doi.org\/10.1038\/s41598-024-76237-9\" target=\"_blank\" rel=\"bookmark noopener noreferrer\">R\u00e4umliche mRNA-Expressionsmuster von Orexinrezeptoren im dorsalen Hippocampus &#8211; Sci Rep (2024)<\/a>\n\t\t\t<\/h4>\n\t\t\t\t\t\t<div class='uagb-post__text uagb-post-grid-byline'>\n\t\t\t\t\t\t\t\t<time datetime=\"2024-10-21T13:00:41+02:00\" class=\"uagb-post__date\">\n\t\t\t\t<span class=\"dashicons-calendar dashicons\"><\/span>\t\t\t\t\t21.10.2024\t\t\t\t<\/time>\n\t\t\t\t\t\t\t<div class=\"uagb-post__text\">\n\t\t\t\t\t<span class='uagb-post__taxonomy'>\n\t\t\t\t\t\t<span class=\"dashicons-tag dashicons\"><\/span>\t\t\t\t\t\t<a href=\"https:\/\/sfb1436.de\/de\/category\/publikation\/a07-de\/\">A07<\/a>\t\t\t\t\t<\/span>\n\t\t\t\t<\/div>\n\t\t\t\t\t\t\t<\/div>\n\t\t\t\t\t\t\t<div class='uagb-post__text uagb-post__excerpt'>\n\t\t\t\t\t<p>Krause GM, Chirich Barreira LM, Albrecht A <span class=\"excerpt-magazin\">Sci Rep (2024)<\/span><\/p>\n<\/span>\t\t\t\t<\/div>\n\t\t\t\n\t\t\t\t\t\t\t\t\t<\/article>\n\t\t\t\t\t\t\t\t\t\t\t\t\t\t\t\t<article class=\"uagb-post__inner-wrap\">\t\t\t\t\t\t\t\t<h4 class=\"uagb-post__title uagb-post__text\">\n\t\t\t\t<a href=\"https:\/\/doi.org\/10.1371\/journal.pdig.0000613\" target=\"_blank\" rel=\"bookmark noopener noreferrer\">Identifying older adults at risk for dementia based on smartphone data obtained during a wayfinding task in the real world<\/a>\n\t\t\t<\/h4>\n\t\t\t\t\t\t<div class='uagb-post__text uagb-post-grid-byline'>\n\t\t\t\t\t\t\t\t<time datetime=\"2024-10-03T13:02:41+02:00\" class=\"uagb-post__date\">\n\t\t\t\t<span class=\"dashicons-calendar dashicons\"><\/span>\t\t\t\t\t03.10.2024\t\t\t\t<\/time>\n\t\t\t\t\t\t\t<div class=\"uagb-post__text\">\n\t\t\t\t\t<span class='uagb-post__taxonomy'>\n\t\t\t\t\t\t<span class=\"dashicons-tag dashicons\"><\/span>\t\t\t\t\t\t<a href=\"https:\/\/sfb1436.de\/de\/category\/publikation\/b04-de\/\">B04<\/a>,&nbsp;<a href=\"https:\/\/sfb1436.de\/de\/category\/publikation\/z02-de\/\">Z02<\/a>,&nbsp;<a href=\"https:\/\/sfb1436.de\/de\/category\/publikation\/z03-de\/\">Z03<\/a>\t\t\t\t\t<\/span>\n\t\t\t\t<\/div>\n\t\t\t\t\t\t\t<\/div>\n\t\t\t\t\t\t\t<div class='uagb-post__text uagb-post__excerpt'>\n\t\t\t\t\t<p>Marquardt J, Mohan P, Spiliopoulou M, Glanz W, Butryn M, Kuehn E, Schreiber S, Maass A, Diersch N. <span class=\"excerpt-magazin\">PLOS Digit Health (2024)<\/span><\/p>\n<\/span>\t\t\t\t<\/div>\n\t\t\t\n\t\t\t\t\t\t\t\t\t<\/article>\n\t\t\t\t\t\t\t\t\t\t\t\t\t\t\t\t<article class=\"uagb-post__inner-wrap\">\t\t\t\t\t\t\t\t<h4 class=\"uagb-post__title uagb-post__text\">\n\t\t\t\t<a href=\"https:\/\/doi.org\/10.1038\/d41586-024-02325-5\" target=\"_blank\" rel=\"bookmark noopener noreferrer\">Obesity is driven by a build-up of molecular mesh around hunger neurons<\/a>\n\t\t\t<\/h4>\n\t\t\t\t\t\t<div class='uagb-post__text uagb-post-grid-byline'>\n\t\t\t\t\t\t\t\t<time datetime=\"2024-09-18T13:57:21+02:00\" class=\"uagb-post__date\">\n\t\t\t\t<span class=\"dashicons-calendar dashicons\"><\/span>\t\t\t\t\t18.09.2024\t\t\t\t<\/time>\n\t\t\t\t\t\t\t<div class=\"uagb-post__text\">\n\t\t\t\t\t<span class='uagb-post__taxonomy'>\n\t\t\t\t\t\t<span class=\"dashicons-tag dashicons\"><\/span>\t\t\t\t\t\t<a href=\"https:\/\/sfb1436.de\/de\/category\/publikation\/a05-de\/\">A05<\/a>\t\t\t\t\t<\/span>\n\t\t\t\t<\/div>\n\t\t\t\t\t\t\t<\/div>\n\t\t\t\t\t\t\t<div class='uagb-post__text uagb-post__excerpt'>\n\t\t\t\t\t<p>Alexander Dityatev <span class=\"excerpt-magazin\">Nature (2024)<\/span><\/p>\n<\/span>\t\t\t\t<\/div>\n\t\t\t\n\t\t\t\t\t\t\t\t\t<\/article>\n\t\t\t\t\t\t\t\t\t\t\t\t\t\t\t\t<article class=\"uagb-post__inner-wrap\">\t\t\t\t\t\t\t\t<h4 class=\"uagb-post__title uagb-post__text\">\n\t\t\t\t<a href=\"https:\/\/doi.org\/10.1016\/j.ijchp.2024.100498\" target=\"_blank\" rel=\"bookmark noopener noreferrer\">Imaging body-mind crosstalk in young adults<\/a>\n\t\t\t<\/h4>\n\t\t\t\t\t\t<div class='uagb-post__text uagb-post-grid-byline'>\n\t\t\t\t\t\t\t\t<time datetime=\"2024-09-01T11:21:34+02:00\" class=\"uagb-post__date\">\n\t\t\t\t<span class=\"dashicons-calendar dashicons\"><\/span>\t\t\t\t\t01.09.2024\t\t\t\t<\/time>\n\t\t\t\t\t\t\t<div class=\"uagb-post__text\">\n\t\t\t\t\t<span class='uagb-post__taxonomy'>\n\t\t\t\t\t\t<span class=\"dashicons-tag dashicons\"><\/span>\t\t\t\t\t\t<a href=\"https:\/\/sfb1436.de\/de\/category\/publikation\/c01-de\/\">C01<\/a>\t\t\t\t\t<\/span>\n\t\t\t\t<\/div>\n\t\t\t\t\t\t\t<\/div>\n\t\t\t\t\t\t\t<div class='uagb-post__text uagb-post__excerpt'>\n\t\t\t\t\t<p>Yu, Q., Kong, Z., Zou, L., Herold, F., Ludyga, S., Zhang, Z., Hou, M., Kramer, A. F., Erickson, K. I., Taubert, M., Hillman, C. H., Mullen, S P., Gerber, M., M\u00fcller, N. G., Kamijo, K., Ishihara, T., Schinke, R., Cheval,&#8230;<\/span>\t\t\t\t<\/div>\n\t\t\t\n\t\t\t\t\t\t\t\t\t<\/article>\n\t\t\t\t\t\t\t\t\t\t\t\t\t\t\t\t<article class=\"uagb-post__inner-wrap\">\t\t\t\t\t\t\t\t<h4 class=\"uagb-post__title uagb-post__text\">\n\t\t\t\t<a href=\"https:\/\/doi.org\/10.1038\/s41598-024-70857-x\" target=\"_blank\" rel=\"bookmark noopener noreferrer\">Online stimulation of the prefrontal cortex during practice increases motor variability and modulates later cognitive transfer: a randomized, double-blinded and sham-controlled tDCS study.<\/a>\n\t\t\t<\/h4>\n\t\t\t\t\t\t<div class='uagb-post__text uagb-post-grid-byline'>\n\t\t\t\t\t\t\t\t<time datetime=\"2024-08-29T11:18:42+02:00\" class=\"uagb-post__date\">\n\t\t\t\t<span class=\"dashicons-calendar dashicons\"><\/span>\t\t\t\t\t29.08.2024\t\t\t\t<\/time>\n\t\t\t\t\t\t\t<div class=\"uagb-post__text\">\n\t\t\t\t\t<span class='uagb-post__taxonomy'>\n\t\t\t\t\t\t<span class=\"dashicons-tag dashicons\"><\/span>\t\t\t\t\t\t<a href=\"https:\/\/sfb1436.de\/de\/category\/publikation\/c01-de\/\">C01<\/a>\t\t\t\t\t<\/span>\n\t\t\t\t<\/div>\n\t\t\t\t\t\t\t<\/div>\n\t\t\t\t\t\t\t<div class='uagb-post__text uagb-post__excerpt'>\n\t\t\t\t\t<p>Nisha Maria Prabhu,&nbsp;Nico Lehmann,&nbsp;Elisabeth Kaminski,&nbsp;Notger M\u00fcller&nbsp;&amp;&nbsp;Marco Taubert&nbsp; <span class=\"excerpt-magazin\">Sci Rep (2024)<\/span><\/p>\n<\/span>\t\t\t\t<\/div>\n\t\t\t\n\t\t\t\t\t\t\t\t\t<\/article>\n\t\t\t\t\t\t\t\t\t\t\t\t\t\t\t\t<article class=\"uagb-post__inner-wrap\">\t\t\t\t\t\t\t\t<h4 class=\"uagb-post__title uagb-post__text\">\n\t\t\t\t<a href=\"https:\/\/doi.org\/10.1111\/ejn.16476\" target=\"_blank\" rel=\"bookmark noopener noreferrer\">The P3 event-related potential increases when humans learn a strategy for motor adaptation<\/a>\n\t\t\t<\/h4>\n\t\t\t\t\t\t<div class='uagb-post__text uagb-post-grid-byline'>\n\t\t\t\t\t\t\t\t<time datetime=\"2024-08-23T15:37:45+02:00\" class=\"uagb-post__date\">\n\t\t\t\t<span class=\"dashicons-calendar dashicons\"><\/span>\t\t\t\t\t23.08.2024\t\t\t\t<\/time>\n\t\t\t\t\t\t\t<div class=\"uagb-post__text\">\n\t\t\t\t\t<span class='uagb-post__taxonomy'>\n\t\t\t\t\t\t<span class=\"dashicons-tag dashicons\"><\/span>\t\t\t\t\t\t<a href=\"https:\/\/sfb1436.de\/de\/category\/publikation\/c03-de\/\">C03<\/a>\t\t\t\t\t<\/span>\n\t\t\t\t<\/div>\n\t\t\t\t\t\t\t<\/div>\n\t\t\t\t\t\t\t<div class='uagb-post__text uagb-post__excerpt'>\n\t\t\t\t\t<p>Bettina Korka, Max-Philipp Stenner <span class=\"excerpt-magazin\">Eur J Neurosci (2024)<\/span><\/p>\n<\/span>\t\t\t\t<\/div>\n\t\t\t\n\t\t\t\t\t\t\t\t\t<\/article>\n\t\t\t\t\t\t\t\t\t\t\t\t\t\t\t\t<article class=\"uagb-post__inner-wrap\">\t\t\t\t\t\t\t\t<h4 class=\"uagb-post__title uagb-post__text\">\n\t\t\t\t<a href=\"https:\/\/doi.org\/10.1162\/imag_a_00260\" target=\"_blank\" rel=\"bookmark noopener noreferrer\">Reduced expression of fMRI subsequent memory effects with increasing severity across the Alzheimer\u2019s disease risk spectrum<\/a>\n\t\t\t<\/h4>\n\t\t\t\t\t\t<div class='uagb-post__text uagb-post-grid-byline'>\n\t\t\t\t\t\t\t\t<time datetime=\"2024-08-20T13:33:26+02:00\" class=\"uagb-post__date\">\n\t\t\t\t<span class=\"dashicons-calendar dashicons\"><\/span>\t\t\t\t\t20.08.2024\t\t\t\t<\/time>\n\t\t\t\t\t\t\t<div class=\"uagb-post__text\">\n\t\t\t\t\t<span class='uagb-post__taxonomy'>\n\t\t\t\t\t\t<span class=\"dashicons-tag dashicons\"><\/span>\t\t\t\t\t\t<a href=\"https:\/\/sfb1436.de\/de\/category\/publikation\/a04-de\/\">A04<\/a>,&nbsp;<a href=\"https:\/\/sfb1436.de\/de\/category\/publikation\/a05-de\/\">A05<\/a>,&nbsp;<a href=\"https:\/\/sfb1436.de\/de\/category\/publikation\/b02-de\/\">B02<\/a>,&nbsp;<a href=\"https:\/\/sfb1436.de\/de\/category\/publikation\/z03-de\/\">Z03<\/a>\t\t\t\t\t<\/span>\n\t\t\t\t<\/div>\n\t\t\t\t\t\t\t<\/div>\n\t\t\t\t\t\t\t<div class='uagb-post__text uagb-post__excerpt'>\n\t\t\t\t\t<p>Soch J, Richter A, Kizilirmak JM, Sch\u00fctze H, Altenstein S, Dechent P, Fliessbach K, Glanz W, Herrera AL, Hetzer S, Incesoy EI, Kilimann I, Kimmich O, Lammerding D, Laske C, Lohse A, L\u00fcsebrink F, Munk MH, Peters O, Preis L,&#8230;<\/span>\t\t\t\t<\/div>\n\t\t\t\n\t\t\t\t\t\t\t\t\t<\/article>\n\t\t\t\t\t\t\t\t\t\t\t\t\t\t\t\t<article class=\"uagb-post__inner-wrap\">\t\t\t\t\t\t\t\t<h4 class=\"uagb-post__title uagb-post__text\">\n\t\t\t\t<a href=\"https:\/\/doi.org\/10.1002\/glia.24596\" target=\"_blank\" rel=\"bookmark noopener noreferrer\">Astrocyte-derived factors regulate CNS myelination<\/a>\n\t\t\t<\/h4>\n\t\t\t\t\t\t<div class='uagb-post__text uagb-post-grid-byline'>\n\t\t\t\t\t\t\t\t<time datetime=\"2024-08-02T13:56:18+02:00\" class=\"uagb-post__date\">\n\t\t\t\t<span class=\"dashicons-calendar dashicons\"><\/span>\t\t\t\t\t02.08.2024\t\t\t\t<\/time>\n\t\t\t\t\t\t\t<div class=\"uagb-post__text\">\n\t\t\t\t\t<span class='uagb-post__taxonomy'>\n\t\t\t\t\t\t<span class=\"dashicons-tag dashicons\"><\/span>\t\t\t\t\t\t<a href=\"https:\/\/sfb1436.de\/de\/category\/publikation\/a05-de\/\">A05<\/a>\t\t\t\t\t<\/span>\n\t\t\t\t<\/div>\n\t\t\t\t\t\t\t<\/div>\n\t\t\t\t\t\t\t<div class='uagb-post__text uagb-post__excerpt'>\n\t\t\t\t\t<p>Seiler S, Rudolf F, Gomes FR, Pavlovic A, Nebel J, Seidenbecher CI, Foo LC <span class=\"excerpt-magazin\">Glia (2024)<\/span><\/p>\n<\/span>\t\t\t\t<\/div>\n\t\t\t\n\t\t\t\t\t\t\t\t\t<\/article>\n\t\t\t\t\t\t\t\t\t\t\t\t\t\t\t\t<article class=\"uagb-post__inner-wrap\">\t\t\t\t\t\t\t\t<h4 class=\"uagb-post__title uagb-post__text\">\n\t\t\t\t<a href=\"https:\/\/www.jneurosci.org\/content\/45\/6\/e1408242024#ref-list-1\" target=\"_blank\" rel=\"bookmark noopener noreferrer\">Precuneus activity during retrieval is positively associated with amyloid burden in cognitively normal older\u00a0APOE4\u00a0carriers<\/a>\n\t\t\t<\/h4>\n\t\t\t\t\t\t<div class='uagb-post__text uagb-post-grid-byline'>\n\t\t\t\t\t\t\t\t<time datetime=\"2024-07-22T14:07:00+02:00\" class=\"uagb-post__date\">\n\t\t\t\t<span class=\"dashicons-calendar dashicons\"><\/span>\t\t\t\t\t22.07.2024\t\t\t\t<\/time>\n\t\t\t\t\t\t\t<div class=\"uagb-post__text\">\n\t\t\t\t\t<span class='uagb-post__taxonomy'>\n\t\t\t\t\t\t<span class=\"dashicons-tag dashicons\"><\/span>\t\t\t\t\t\t<a href=\"https:\/\/sfb1436.de\/de\/category\/publikation\/b04-de\/\">B04<\/a>\t\t\t\t\t<\/span>\n\t\t\t\t<\/div>\n\t\t\t\t\t\t\t<\/div>\n\t\t\t\t\t\t\t<div class='uagb-post__text uagb-post__excerpt'>\n\t\t\t\t\t<p>Larissa Fischer, E\u00f3in N Molloy,\u00a0Alexa Pichet Binette,\u00a0Niklas Vockert,\u00a0Jonas Marquardt,\u00a0Andrea Pacha Pilar,\u00a0Michael C Kreissl, \u00a0Jordana Remz,\u00a0Jennifer Tremblay-Mercier,\u00a0Judes Poirier\u00a0,\u00a0Maria Natasha Rajah,\u00a0Sylvia Villeneuve,\u00a0PREVENT-AD Research Group;\u00a0Anne Maass <span class=\"excerpt-magazin\">JNeuroSci (2025)<\/span><\/p>\n<\/span>\t\t\t\t<\/div>\n\t\t\t\n\t\t\t\t\t\t\t\t\t<\/article>\n\t\t\t\t\t\t\t\t\t\t\t\t\t\t\t\t<article class=\"uagb-post__inner-wrap\">\t\t\t\t\t\t\t\t<h4 class=\"uagb-post__title uagb-post__text\">\n\t\t\t\t<a href=\"https:\/\/doi.org\/10.1101\/2024.07.10.602924\" target=\"_blank\" rel=\"bookmark noopener noreferrer\">Physical activity modulates early visual response and improves target detection in humans<\/a>\n\t\t\t<\/h4>\n\t\t\t\t\t\t<div class='uagb-post__text uagb-post-grid-byline'>\n\t\t\t\t\t\t\t\t<time datetime=\"2024-07-16T11:40:00+02:00\" class=\"uagb-post__date\">\n\t\t\t\t<span class=\"dashicons-calendar dashicons\"><\/span>\t\t\t\t\t16.07.2024\t\t\t\t<\/time>\n\t\t\t\t\t\t\t<div class=\"uagb-post__text\">\n\t\t\t\t\t<span class='uagb-post__taxonomy'>\n\t\t\t\t\t\t<span class=\"dashicons-tag dashicons\"><\/span>\t\t\t\t\t\t<a href=\"https:\/\/sfb1436.de\/de\/category\/publikation\/a03-de\/\">A03<\/a>\t\t\t\t\t<\/span>\n\t\t\t\t<\/div>\n\t\t\t\t\t\t\t<\/div>\n\t\t\t\t\t\t\t<div class='uagb-post__text uagb-post__excerpt'>\n\t\t\t\t\t<p>Weischner, T., Che, X., Schmid, P., Reichert, C., Scholz, A., Knight, R.T., D\u00fcrschmid, S. bioRxiv (2024)<\/p>\n<\/span>\t\t\t\t<\/div>\n\t\t\t\n\t\t\t\t\t\t\t\t\t<\/article>\n\t\t\t\t\t\t\t\t\t\t\t\t\t\t\t\t<article class=\"uagb-post__inner-wrap\">\t\t\t\t\t\t\t\t<h4 class=\"uagb-post__title uagb-post__text\">\n\t\t\t\t<a href=\"https:\/\/doi.org\/10.1101\/2024.07.10.602896\" target=\"_blank\" rel=\"bookmark noopener noreferrer\">Physical Exercise Improves Working Memory through Ripple-Spindle Coupling<\/a>\n\t\t\t<\/h4>\n\t\t\t\t\t\t<div class='uagb-post__text uagb-post-grid-byline'>\n\t\t\t\t\t\t\t\t<time datetime=\"2024-07-15T10:58:00+02:00\" class=\"uagb-post__date\">\n\t\t\t\t<span class=\"dashicons-calendar dashicons\"><\/span>\t\t\t\t\t15.07.2024\t\t\t\t<\/time>\n\t\t\t\t\t\t\t<div class=\"uagb-post__text\">\n\t\t\t\t\t<span class='uagb-post__taxonomy'>\n\t\t\t\t\t\t<span class=\"dashicons-tag dashicons\"><\/span>\t\t\t\t\t\t<a href=\"https:\/\/sfb1436.de\/de\/category\/publikation\/a03-de\/\">A03<\/a>\t\t\t\t\t<\/span>\n\t\t\t\t<\/div>\n\t\t\t\t\t\t\t<\/div>\n\t\t\t\t\t\t\t<div class='uagb-post__text uagb-post__excerpt'>\n\t\t\t\t\t<p>Che, X., Auer, B., Schmid, P., Reichert, C., Scholz, A., Weischner, T., Knight, R.T., D\u00fcrschmid, S. <span class=\"excerpt-magazin\">BioRxiv (2024)<\/span><\/p>\n<\/span>\t\t\t\t<\/div>\n\t\t\t\n\t\t\t\t\t\t\t\t\t<\/article>\n\t\t\t\t\t\t\t\t\t\t\t\t\t\t\t\t<article class=\"uagb-post__inner-wrap\">\t\t\t\t\t\t\t\t<h4 class=\"uagb-post__title uagb-post__text\">\n\t\t\t\t<a href=\"https:\/\/doi.org\/10.1101\/2024.07.05.602082\" target=\"_blank\" rel=\"bookmark noopener noreferrer\">Frontal Theta Oscillations and Cognitive Flexibility: Age-Related Modulations in EEG Activity<\/a>\n\t\t\t<\/h4>\n\t\t\t\t\t\t<div class='uagb-post__text uagb-post-grid-byline'>\n\t\t\t\t\t\t\t\t<time datetime=\"2024-07-09T11:59:36+02:00\" class=\"uagb-post__date\">\n\t\t\t\t<span class=\"dashicons-calendar dashicons\"><\/span>\t\t\t\t\t09.07.2024\t\t\t\t<\/time>\n\t\t\t\t\t\t\t<div class=\"uagb-post__text\">\n\t\t\t\t\t<span class='uagb-post__taxonomy'>\n\t\t\t\t\t\t<span class=\"dashicons-tag dashicons\"><\/span>\t\t\t\t\t\t<a href=\"https:\/\/sfb1436.de\/de\/category\/publikation\/a05-de\/\">A05<\/a>\t\t\t\t\t<\/span>\n\t\t\t\t<\/div>\n\t\t\t\t\t\t\t<\/div>\n\t\t\t\t\t\t\t<div class='uagb-post__text uagb-post__excerpt'>\n\t\t\t\t\t<p>Margarita Darna, Christopher Stolz, Hannah-Sophia Jauch, Hendrik Strumpf,&nbsp; Jens-Max Hopf,&nbsp; Constanze I. Seidenbecher,&nbsp; Bj\u00f6rn H. Schott,&nbsp; Anni Richter bioRxiv (2024)<\/p>\n<\/span>\t\t\t\t<\/div>\n\t\t\t\n\t\t\t\t\t\t\t\t\t<\/article>\n\t\t\t\t\t\t\t\t\t\t\t\t\t\t\t\t<article class=\"uagb-post__inner-wrap\">\t\t\t\t\t\t\t\t<h4 class=\"uagb-post__title uagb-post__text\">\n\t\t\t\t<a href=\"https:\/\/doi.org\/10.1113\/jp285706\" target=\"_blank\" rel=\"bookmark noopener noreferrer\">Age-related decline in GABAergic intracortical inhibition can be counteracted by long-term learning of balance skills<\/a>\n\t\t\t<\/h4>\n\t\t\t\t\t\t<div class='uagb-post__text uagb-post-grid-byline'>\n\t\t\t\t\t\t\t\t<time datetime=\"2024-07-01T11:12:52+02:00\" class=\"uagb-post__date\">\n\t\t\t\t<span class=\"dashicons-calendar dashicons\"><\/span>\t\t\t\t\t01.07.2024\t\t\t\t<\/time>\n\t\t\t\t\t\t\t<div class=\"uagb-post__text\">\n\t\t\t\t\t<span class='uagb-post__taxonomy'>\n\t\t\t\t\t\t<span class=\"dashicons-tag dashicons\"><\/span>\t\t\t\t\t\t<a href=\"https:\/\/sfb1436.de\/de\/category\/publikation\/c01-de\/\">C01<\/a>\t\t\t\t\t<\/span>\n\t\t\t\t<\/div>\n\t\t\t\t\t\t\t<\/div>\n\t\t\t\t\t\t\t<div class='uagb-post__text uagb-post__excerpt'>\n\t\t\t\t\t<p>Yves-Alain Kuhn,\u00a0Sven Egger,\u00a0Matteo Bugnon,\u00a0Nico Lehmann,\u00a0Marco Taubert,\u00a0Wolfgang Taube\u00a0 <span class=\"excerpt-magazin\">J Physiol. (2024)<\/span><\/p>\n<\/span>\t\t\t\t<\/div>\n\t\t\t\n\t\t\t\t\t\t\t\t\t<\/article>\n\t\t\t\t\t\t\t\t\t\t\t\t\t\t\t\t<article class=\"uagb-post__inner-wrap\">\t\t\t\t\t\t\t\t<h4 class=\"uagb-post__title uagb-post__text\">\n\t\t\t\t<a href=\"https:\/\/doi.org\/10.1016\/j.celrep.2024.114276\" target=\"_blank\" rel=\"bookmark noopener noreferrer\">Phase locking of hippocampal CA3 neurons to distal CA1 theta oscillations selectively predicts memory performance<\/a>\n\t\t\t<\/h4>\n\t\t\t\t\t\t<div class='uagb-post__text uagb-post-grid-byline'>\n\t\t\t\t\t\t\t\t<time datetime=\"2024-06-25T17:33:00+02:00\" class=\"uagb-post__date\">\n\t\t\t\t<span class=\"dashicons-calendar dashicons\"><\/span>\t\t\t\t\t25.06.2024\t\t\t\t<\/time>\n\t\t\t\t\t\t\t<div class=\"uagb-post__text\">\n\t\t\t\t\t<span class='uagb-post__taxonomy'>\n\t\t\t\t\t\t<span class=\"dashicons-tag dashicons\"><\/span>\t\t\t\t\t\t<a href=\"https:\/\/sfb1436.de\/de\/category\/publikation\/b01-de\/\">B01<\/a>,&nbsp;<a href=\"https:\/\/sfb1436.de\/de\/category\/publikation\/b07-de\/\">B07<\/a>\t\t\t\t\t<\/span>\n\t\t\t\t<\/div>\n\t\t\t\t\t\t\t<\/div>\n\t\t\t\t\t\t\t<div class='uagb-post__text uagb-post__excerpt'>\n\t\t\t\t\t<p>Shih-Pi Ku, Erika Atucha, Nico Alavi, Halla Mulla-Osman, Rukhshona Kayumova, Motoharu Yoshida, Jozsef Csicsvari, Magdalena M. Sauvage <span class=\"excerpt-magazin\">Cell Report (2024)<\/span><\/p>\n<\/span>\t\t\t\t<\/div>\n\t\t\t\n\t\t\t\t\t\t\t\t\t<\/article>\n\t\t\t\t\t\t\t\t\t\t\t\t\t\t\t\t<article class=\"uagb-post__inner-wrap\">\t\t\t\t\t\t\t\t<h4 class=\"uagb-post__title uagb-post__text\">\n\t\t\t\t<a href=\"https:\/\/doi.org\/10.1177\/0271678x241260629\" target=\"_blank\" rel=\"bookmark noopener noreferrer\">Enlarged perivascular spaces in the basal ganglia are associated with arteries not veins<\/a>\n\t\t\t<\/h4>\n\t\t\t\t\t\t<div class='uagb-post__text uagb-post-grid-byline'>\n\t\t\t\t\t\t\t\t<time datetime=\"2024-06-11T10:33:47+02:00\" class=\"uagb-post__date\">\n\t\t\t\t<span class=\"dashicons-calendar dashicons\"><\/span>\t\t\t\t\t11.06.2024\t\t\t\t<\/time>\n\t\t\t\t\t\t\t<div class=\"uagb-post__text\">\n\t\t\t\t\t<span class='uagb-post__taxonomy'>\n\t\t\t\t\t\t<span class=\"dashicons-tag dashicons\"><\/span>\t\t\t\t\t\t<a href=\"https:\/\/sfb1436.de\/de\/category\/publikation\/a04-de\/\">A04<\/a>,&nbsp;<a href=\"https:\/\/sfb1436.de\/de\/category\/publikation\/b02-de\/\">B02<\/a>,&nbsp;<a href=\"https:\/\/sfb1436.de\/de\/category\/publikation\/b04-de\/\">B04<\/a>,&nbsp;<a href=\"https:\/\/sfb1436.de\/de\/category\/publikation\/z03-de\/\">Z03<\/a>\t\t\t\t\t<\/span>\n\t\t\t\t<\/div>\n\t\t\t\t\t\t\t<\/div>\n\t\t\t\t\t\t\t<div class='uagb-post__text uagb-post__excerpt'>\n\t\t\t\t\t<p>Oltmer J, Mattern H, Beck J, Yakupov R, Greenberg SM, Zwanenburg JJ, Arts T, D\u00fczel E, van Veluw SJ,\u00a0Schreiber S, Perosa V <span class=\"excerpt-magazin\">J Cereb Blood Flow Metab (2024)<\/span><\/p>\n<\/span>\t\t\t\t<\/div>\n\t\t\t\n\t\t\t\t\t\t\t\t\t<\/article>\n\t\t\t\t\t\t\t\t\t\t\t\t\t\t\t\t<article class=\"uagb-post__inner-wrap\">\t\t\t\t\t\t\t\t<h4 class=\"uagb-post__title uagb-post__text\">\n\t\t\t\t<a href=\"https:\/\/doi.org\/10.1152\/jn.00447.2023\" target=\"_blank\" rel=\"bookmark noopener noreferrer\">Imprecise perception of hand position during early motor adaptation<\/a>\n\t\t\t<\/h4>\n\t\t\t\t\t\t<div class='uagb-post__text uagb-post-grid-byline'>\n\t\t\t\t\t\t\t\t<time datetime=\"2024-06-07T15:40:23+02:00\" class=\"uagb-post__date\">\n\t\t\t\t<span class=\"dashicons-calendar dashicons\"><\/span>\t\t\t\t\t07.06.2024\t\t\t\t<\/time>\n\t\t\t\t\t\t\t<div class=\"uagb-post__text\">\n\t\t\t\t\t<span class='uagb-post__taxonomy'>\n\t\t\t\t\t\t<span class=\"dashicons-tag dashicons\"><\/span>\t\t\t\t\t\t<a href=\"https:\/\/sfb1436.de\/de\/category\/publikation\/c03-de\/\">C03<\/a>\t\t\t\t\t<\/span>\n\t\t\t\t<\/div>\n\t\t\t\t\t\t\t<\/div>\n\t\t\t\t\t\t\t<div class='uagb-post__text uagb-post__excerpt'>\n\t\t\t\t\t<p>Matthias Will, Max-Philipp Stenner <span class=\"excerpt-magazin\">J Neurophysiol (2024)<\/span><\/p>\n<\/span>\t\t\t\t<\/div>\n\t\t\t\n\t\t\t\t\t\t\t\t\t<\/article>\n\t\t\t\t\t\t\t\t\t\t\t\t\t\t\t\t<article class=\"uagb-post__inner-wrap\">\t\t\t\t\t\t\t\t<h4 class=\"uagb-post__title uagb-post__text\">\n\t\t\t\t<a href=\"https:\/\/doi.org\/10.1016\/j.pnpbp.2024.111051\" target=\"_blank\" rel=\"bookmark noopener noreferrer\">Probing cognitive flexibility in Shank2-deficient mice: Effects of D-cycloserine and NMDAR signaling hub dynamics<\/a>\n\t\t\t<\/h4>\n\t\t\t\t\t\t<div class='uagb-post__text uagb-post-grid-byline'>\n\t\t\t\t\t\t\t\t<time datetime=\"2024-06-05T22:08:00+02:00\" class=\"uagb-post__date\">\n\t\t\t\t<span class=\"dashicons-calendar dashicons\"><\/span>\t\t\t\t\t05.06.2024\t\t\t\t<\/time>\n\t\t\t\t\t\t\t<div class=\"uagb-post__text\">\n\t\t\t\t\t<span class='uagb-post__taxonomy'>\n\t\t\t\t\t\t<span class=\"dashicons-tag dashicons\"><\/span>\t\t\t\t\t\t<a href=\"https:\/\/sfb1436.de\/de\/category\/publikation\/a01-de\/\">A01<\/a>\t\t\t\t\t<\/span>\n\t\t\t\t<\/div>\n\t\t\t\t\t\t\t<\/div>\n\t\t\t\t\t\t\t<div class='uagb-post__text uagb-post__excerpt'>\n\t\t\t\t\t<p>Samia Afzal, Nora D\u00fcrrast, Iman Hassan, Elaheh Soleimanpour, Pei-Ling Tsai, Daniela C. Dieterich, Markus Fendt <span class=\"excerpt-magazin\">Prog Neuropsychopharmacol Biol Psychiatry (2024)<\/span><\/p>\n<\/span>\t\t\t\t<\/div>\n\t\t\t\n\t\t\t\t\t\t\t\t\t<\/article>\n\t\t\t\t\t\t\t\t\t\t\t\t\t\t\t\t<article class=\"uagb-post__inner-wrap\">\t\t\t\t\t\t\t\t<h4 class=\"uagb-post__title uagb-post__text\">\n\t\t\t\t<a href=\"https:\/\/doi.org\/10.1038\/s41592-024-02270-1\" target=\"_blank\" rel=\"bookmark noopener noreferrer\">Detailed mapping of the complex fiber structure and white matter pathways of the chimpanzee brain<\/a>\n\t\t\t<\/h4>\n\t\t\t\t\t\t<div class='uagb-post__text uagb-post-grid-byline'>\n\t\t\t\t\t\t\t\t<time datetime=\"2024-06-03T13:04:00+02:00\" class=\"uagb-post__date\">\n\t\t\t\t<span class=\"dashicons-calendar dashicons\"><\/span>\t\t\t\t\t03.06.2024\t\t\t\t<\/time>\n\t\t\t\t\t\t\t<div class=\"uagb-post__text\">\n\t\t\t\t\t<span class='uagb-post__taxonomy'>\n\t\t\t\t\t\t<span class=\"dashicons-tag dashicons\"><\/span>\t\t\t\t\t\t<a href=\"https:\/\/sfb1436.de\/de\/category\/publikation\/b06-de\/\">B06<\/a>\t\t\t\t\t<\/span>\n\t\t\t\t<\/div>\n\t\t\t\t\t\t\t<\/div>\n\t\t\t\t\t\t\t<div class='uagb-post__text uagb-post__excerpt'>\n\t\t\t\t\t<p>Cornelius Eichner, Michael Paquette, Christa M\u00fcller-Axt, Christian Bock, Eike Budinger, Tobias Gr\u00e4\u00dfle, Carsten J\u00e4ger, Evgeniya Kirilina, Ilona Lipp, EBC Consortium, Markus Morawski, Henriette Rusch, Patricia Wenk, Nikolaus Weiskopf, Roman M. Wittig, Catherine Crockford, Angela D. Friederici &amp; Alfred Anwander Nature&#8230;<\/span>\t\t\t\t<\/div>\n\t\t\t\n\t\t\t\t\t\t\t\t\t<\/article>\n\t\t\t\t\t\t\t\t\t\t\t\t\t\t\t\t<article class=\"uagb-post__inner-wrap\">\t\t\t\t\t\t\t\t<h4 class=\"uagb-post__title uagb-post__text\">\n\t\t\t\t<a href=\"https:\/\/doi.org\/10.1016\/j.celrep.2024.114112\" target=\"_blank\" rel=\"bookmark noopener noreferrer\">Focal clusters of peri-synaptic matrix contribute to activity-dependent plasticity and memory in mice<\/a>\n\t\t\t<\/h4>\n\t\t\t\t\t\t<div class='uagb-post__text uagb-post-grid-byline'>\n\t\t\t\t\t\t\t\t<time datetime=\"2024-05-28T12:02:07+02:00\" class=\"uagb-post__date\">\n\t\t\t\t<span class=\"dashicons-calendar dashicons\"><\/span>\t\t\t\t\t28.05.2024\t\t\t\t<\/time>\n\t\t\t\t\t\t\t<div class=\"uagb-post__text\">\n\t\t\t\t\t<span class='uagb-post__taxonomy'>\n\t\t\t\t\t\t<span class=\"dashicons-tag dashicons\"><\/span>\t\t\t\t\t\t<a href=\"https:\/\/sfb1436.de\/de\/category\/publikation\/a05-de\/\">A05<\/a>\t\t\t\t\t<\/span>\n\t\t\t\t<\/div>\n\t\t\t\t\t\t\t<\/div>\n\t\t\t\t\t\t\t<div class='uagb-post__text uagb-post__excerpt'>\n\t\t\t\t\t<p>Chelini G, Mirzapourdelavar H, Durning P, Baidoe-Ansah D, Sethi MK, O&#8217;Donovan SM, Klengel T, Balasco L, Berciu C, Boyer-Boiteau A, McCullumsmith R, Ressler KJ, Zaia J, Bozzi Y*, Dityatev A*, Berretta S*. <span class=\"excerpt-magazin\">Cell Rep (2024)<\/span><\/p>\n<\/span>\t\t\t\t<\/div>\n\t\t\t\n\t\t\t\t\t\t\t\t\t<\/article>\n\t\t\t\t\t\t\t\t\t\t\t\t\t\t\t\t<article class=\"uagb-post__inner-wrap\">\t\t\t\t\t\t\t\t<h4 class=\"uagb-post__title uagb-post__text\">\n\t\t\t\t<a href=\"https:\/\/doi.org\/10.1038\/s42003-024-06309-z\" target=\"_blank\" rel=\"bookmark noopener noreferrer\">Higher surface folding of the human premotor cortex is associated with better long-term learning capability<\/a>\n\t\t\t<\/h4>\n\t\t\t\t\t\t<div class='uagb-post__text uagb-post-grid-byline'>\n\t\t\t\t\t\t\t\t<time datetime=\"2024-05-25T11:07:28+02:00\" class=\"uagb-post__date\">\n\t\t\t\t<span class=\"dashicons-calendar dashicons\"><\/span>\t\t\t\t\t25.05.2024\t\t\t\t<\/time>\n\t\t\t\t\t\t\t<div class=\"uagb-post__text\">\n\t\t\t\t\t<span class='uagb-post__taxonomy'>\n\t\t\t\t\t\t<span class=\"dashicons-tag dashicons\"><\/span>\t\t\t\t\t\t<a href=\"https:\/\/sfb1436.de\/de\/category\/publikation\/c01-de\/\">C01<\/a>\t\t\t\t\t<\/span>\n\t\t\t\t<\/div>\n\t\t\t\t\t\t\t<\/div>\n\t\t\t\t\t\t\t<div class='uagb-post__text uagb-post__excerpt'>\n\t\t\t\t\t<p>Marco Taubert,&nbsp;Gabriel Ziegler,&nbsp;Nico Lehmann <span class=\"excerpt-magazin\">Commun Biol. (2024)<\/span><\/p>\n<\/span>\t\t\t\t<\/div>\n\t\t\t\n\t\t\t\t\t\t\t\t\t<\/article>\n\t\t\t\t\t\t\t\t\t\t\t\t\t\t\t\t<article class=\"uagb-post__inner-wrap\">\t\t\t\t\t\t\t\t<h4 class=\"uagb-post__title uagb-post__text\">\n\t\t\t\t<a href=\"https:\/\/doi.org\/10.1152\/japplphysiol.00606.2023\" target=\"_blank\" rel=\"bookmark noopener noreferrer\">Age-related differences in finger interdependence during complex hand movements<\/a>\n\t\t\t<\/h4>\n\t\t\t\t\t\t<div class='uagb-post__text uagb-post-grid-byline'>\n\t\t\t\t\t\t\t\t<time datetime=\"2024-05-02T15:23:00+02:00\" class=\"uagb-post__date\">\n\t\t\t\t<span class=\"dashicons-calendar dashicons\"><\/span>\t\t\t\t\t02.05.2024\t\t\t\t<\/time>\n\t\t\t\t\t\t\t<div class=\"uagb-post__text\">\n\t\t\t\t\t<span class='uagb-post__taxonomy'>\n\t\t\t\t\t\t<span class=\"dashicons-tag dashicons\"><\/span>\t\t\t\t\t\t<a href=\"https:\/\/sfb1436.de\/de\/category\/publikation\/b04-de\/\">B04<\/a>,&nbsp;<a href=\"https:\/\/sfb1436.de\/de\/category\/publikation\/c03-de\/\">C03<\/a>,&nbsp;<a href=\"https:\/\/sfb1436.de\/de\/category\/publikation\/z02-de\/\">Z02<\/a>\t\t\t\t\t<\/span>\n\t\t\t\t<\/div>\n\t\t\t\t\t\t\t<\/div>\n\t\t\t\t\t\t\t<div class='uagb-post__text uagb-post__excerpt'>\n\t\t\t\t\t<p>Lisa Klemm, Esther Kuehn, Avinash Kalyani, Stefanie Schreiber, Christoph Reichert, Elena Aza\u00f1\u00f3n <span class=\"excerpt-magazin\">J Appl Physiol (2024)<\/span><\/p>\n<\/span>\t\t\t\t<\/div>\n\t\t\t\n\t\t\t\t\t\t\t\t\t<\/article>\n\t\t\t\t\t\t\t\t\t\t\t\t\t\t\t\t<article class=\"uagb-post__inner-wrap\">\t\t\t\t\t\t\t\t<h4 class=\"uagb-post__title uagb-post__text\">\n\t\t\t\t<a href=\"https:\/\/doi.org\/10.1101\/2024.04.25.589683\" target=\"_blank\" rel=\"bookmark noopener noreferrer\">Neural networks representing temporal expectation in mice<\/a>\n\t\t\t<\/h4>\n\t\t\t\t\t\t<div class='uagb-post__text uagb-post-grid-byline'>\n\t\t\t\t\t\t\t\t<time datetime=\"2024-04-26T17:06:00+02:00\" class=\"uagb-post__date\">\n\t\t\t\t<span class=\"dashicons-calendar dashicons\"><\/span>\t\t\t\t\t26.04.2024\t\t\t\t<\/time>\n\t\t\t\t\t\t\t<div class=\"uagb-post__text\">\n\t\t\t\t\t<span class='uagb-post__taxonomy'>\n\t\t\t\t\t\t<span class=\"dashicons-tag dashicons\"><\/span>\t\t\t\t\t\t<a href=\"https:\/\/sfb1436.de\/de\/category\/publikation\/b06-de\/\">B06<\/a>\t\t\t\t\t<\/span>\n\t\t\t\t<\/div>\n\t\t\t\t\t\t\t<\/div>\n\t\t\t\t\t\t\t<div class='uagb-post__text uagb-post__excerpt'>\n\t\t\t\t\t<p>T. Adrian Wendlandt, Patricia Wenk, Julia U. Henschke, Annika Michalek, Toemme Noesselt, Janelle M.P. Pakan, Eike Budinger <span class=\"excerpt-magazin\">BioRxiv (2024)<\/span><\/p>\n<\/span>\t\t\t\t<\/div>\n\t\t\t\n\t\t\t\t\t\t\t\t\t<\/article>\n\t\t\t\t\t\t\t\t\t\t\t\t\t\t\t\t<article class=\"uagb-post__inner-wrap\">\t\t\t\t\t\t\t\t<h4 class=\"uagb-post__title uagb-post__text\">\n\t\t\t\t<a href=\"https:\/\/www.nature.com\/articles\/s41467-024-47860-x\" target=\"_blank\" rel=\"bookmark noopener noreferrer\">Human connectome topology directs cortical traveling waves and shapes frequency gradients<\/a>\n\t\t\t<\/h4>\n\t\t\t\t\t\t<div class='uagb-post__text uagb-post-grid-byline'>\n\t\t\t\t\t\t\t\t<time datetime=\"2024-04-26T16:19:00+02:00\" class=\"uagb-post__date\">\n\t\t\t\t<span class=\"dashicons-calendar dashicons\"><\/span>\t\t\t\t\t26.04.2024\t\t\t\t<\/time>\n\t\t\t\t\t\t\t<div class=\"uagb-post__text\">\n\t\t\t\t\t<span class='uagb-post__taxonomy'>\n\t\t\t\t\t\t<span class=\"dashicons-tag dashicons\"><\/span>\t\t\t\t\t\t<a href=\"https:\/\/sfb1436.de\/de\/category\/publikation\/c05-de\/\">C05<\/a>\t\t\t\t\t<\/span>\n\t\t\t\t<\/div>\n\t\t\t\t\t\t\t<\/div>\n\t\t\t\t\t\t\t<div class='uagb-post__text uagb-post__excerpt'>\n\t\t\t\t\t<p>Dominik P. Koller, Michael Schirner, Petra Ritter <span class=\"excerpt-magazin\">Nature Communications (2024)<\/span><\/p>\n<\/span>\t\t\t\t<\/div>\n\t\t\t\n\t\t\t\t\t\t\t\t\t<\/article>\n\t\t\t\t\t\t\t\t\t\t\t\t\t\t\t\t<article class=\"uagb-post__inner-wrap\">\t\t\t\t\t\t\t\t<h4 class=\"uagb-post__title uagb-post__text\">\n\t\t\t\t<a href=\"https:\/\/doi.org\/10.1101\/2024.04.23.590686\" target=\"_blank\" rel=\"bookmark noopener noreferrer\">Anatomical circuits for flexible spatial mapping by single neurons in posterior parietal cortex<\/a>\n\t\t\t<\/h4>\n\t\t\t\t\t\t<div class='uagb-post__text uagb-post-grid-byline'>\n\t\t\t\t\t\t\t\t<time datetime=\"2024-04-24T16:10:00+02:00\" class=\"uagb-post__date\">\n\t\t\t\t<span class=\"dashicons-calendar dashicons\"><\/span>\t\t\t\t\t24.04.2024\t\t\t\t<\/time>\n\t\t\t\t\t\t\t<div class=\"uagb-post__text\">\n\t\t\t\t\t<span class='uagb-post__taxonomy'>\n\t\t\t\t\t\t<span class=\"dashicons-tag dashicons\"><\/span>\t\t\t\t\t\t<a href=\"https:\/\/sfb1436.de\/de\/category\/publikation\/c05-de\/\">C05<\/a>\t\t\t\t\t<\/span>\n\t\t\t\t<\/div>\n\t\t\t\t\t\t\t<\/div>\n\t\t\t\t\t\t\t<div class='uagb-post__text uagb-post__excerpt'>\n\t\t\t\t\t<p>Bashir Ahmed, Hee Kyoung Ko, Maria R\u00fcsseler, Jackson E. T. Smith, Kristine Krug <span class=\"excerpt-magazin\">BioRxiv (2024)<\/span><\/p>\n<\/span>\t\t\t\t<\/div>\n\t\t\t\n\t\t\t\t\t\t\t\t\t<\/article>\n\t\t\t\t\t\t\t\t\t\t\t\t\t\t\t\t<article class=\"uagb-post__inner-wrap\">\t\t\t\t\t\t\t\t<h4 class=\"uagb-post__title uagb-post__text\">\n\t\t\t\t<a href=\"https:\/\/doi.org\/10.1101\/2024.04.15.589483\" target=\"_blank\" rel=\"bookmark noopener noreferrer\">R\u00e4umliche mRNA-Expressionsmuster von Orexinrezeptoren im dorsalen Hippocampus &#8211; BioRxiv (2024)<\/a>\n\t\t\t<\/h4>\n\t\t\t\t\t\t<div class='uagb-post__text uagb-post-grid-byline'>\n\t\t\t\t\t\t\t\t<time datetime=\"2024-04-17T22:54:00+02:00\" class=\"uagb-post__date\">\n\t\t\t\t<span class=\"dashicons-calendar dashicons\"><\/span>\t\t\t\t\t17.04.2024\t\t\t\t<\/time>\n\t\t\t\t\t\t\t<div class=\"uagb-post__text\">\n\t\t\t\t\t<span class='uagb-post__taxonomy'>\n\t\t\t\t\t\t<span class=\"dashicons-tag dashicons\"><\/span>\t\t\t\t\t\t<a href=\"https:\/\/sfb1436.de\/de\/category\/publikation\/a07-de\/\">A07<\/a>\t\t\t\t\t<\/span>\n\t\t\t\t<\/div>\n\t\t\t\t\t\t\t<\/div>\n\t\t\t\t\t\t\t<div class='uagb-post__text uagb-post__excerpt'>\n\t\t\t\t\t<p>Gina Marie&nbsp;Krause,&nbsp;Lara Mariel&nbsp;Chirich Barreira,&nbsp;Anne&nbsp;Albrecht <span class=\"excerpt-magazin\">BioRxiv (2024)<\/span><\/p>\n<\/span>\t\t\t\t<\/div>\n\t\t\t\n\t\t\t\t\t\t\t\t\t<\/article>\n\t\t\t\t\t\t\t\t\t\t\t\t\t\t\t\t<article class=\"uagb-post__inner-wrap\">\t\t\t\t\t\t\t\t<h4 class=\"uagb-post__title uagb-post__text\">\n\t\t\t\t<a href=\"https:\/\/doi.org\/10.1002\/glia.24539\" target=\"_blank\" rel=\"bookmark noopener noreferrer\">Astrocytic uptake of posttranslationally modified amyloid-\u03b2 leads to endolysosomal system disruption and induction of pro-inflammatory signaling<\/a>\n\t\t\t<\/h4>\n\t\t\t\t\t\t<div class='uagb-post__text uagb-post-grid-byline'>\n\t\t\t\t\t\t\t\t<time datetime=\"2024-04-17T10:31:39+02:00\" class=\"uagb-post__date\">\n\t\t\t\t<span class=\"dashicons-calendar dashicons\"><\/span>\t\t\t\t\t17.04.2024\t\t\t\t<\/time>\n\t\t\t\t\t\t\t<div class=\"uagb-post__text\">\n\t\t\t\t\t<span class='uagb-post__taxonomy'>\n\t\t\t\t\t\t<span class=\"dashicons-tag dashicons\"><\/span>\t\t\t\t\t\t<a href=\"https:\/\/sfb1436.de\/de\/category\/publikation\/a02-de\/\">A02<\/a>\t\t\t\t\t<\/span>\n\t\t\t\t<\/div>\n\t\t\t\t\t\t\t<\/div>\n\t\t\t\t\t\t\t<div class='uagb-post__text uagb-post__excerpt'>\n\t\t\t\t\t<p>Wirth S,\u00a0Schl\u00f6\u00dfer A, Beiersdorfer A, Schweizer M, Lohr C,\u00a0Grochowska KM <span class=\"excerpt-magazin\">Glia (2024)<\/span><\/p>\n<\/span>\t\t\t\t<\/div>\n\t\t\t\n\t\t\t\t\t\t\t\t\t<\/article>\n\t\t\t\t\t\t\t\t\t\t\t\t\t\t\t\t<article class=\"uagb-post__inner-wrap\">\t\t\t\t\t\t\t\t<h4 class=\"uagb-post__title uagb-post__text\">\n\t\t\t\t<a href=\"https:\/\/www.nature.com\/articles\/s41467-024-47361-x\" target=\"_blank\" rel=\"bookmark noopener noreferrer\">A hippocampus-accumbens code guides goal-directed appetitive behavior<\/a>\n\t\t\t<\/h4>\n\t\t\t\t\t\t<div class='uagb-post__text uagb-post-grid-byline'>\n\t\t\t\t\t\t\t\t<time datetime=\"2024-04-12T11:55:00+02:00\" class=\"uagb-post__date\">\n\t\t\t\t<span class=\"dashicons-calendar dashicons\"><\/span>\t\t\t\t\t12.04.2024\t\t\t\t<\/time>\n\t\t\t\t\t\t\t<div class=\"uagb-post__text\">\n\t\t\t\t\t<span class='uagb-post__taxonomy'>\n\t\t\t\t\t\t<span class=\"dashicons-tag dashicons\"><\/span>\t\t\t\t\t\t<a href=\"https:\/\/sfb1436.de\/de\/category\/publikation\/a03-de\/\">A03<\/a>\t\t\t\t\t<\/span>\n\t\t\t\t<\/div>\n\t\t\t\t\t\t\t<\/div>\n\t\t\t\t\t\t\t<div class='uagb-post__text uagb-post__excerpt'>\n\t\t\t\t\t<p>Barnstedt O, Mocellin P, Remy S <span class=\"excerpt-magazin\">Nature Communications (2024)<\/span><\/p>\n<\/span>\t\t\t\t<\/div>\n\t\t\t\n\t\t\t\t\t\t\t\t\t<\/article>\n\t\t\t\t\t\t\t\t\t\t\t\t\t\t\t\t<article class=\"uagb-post__inner-wrap\">\t\t\t\t\t\t\t\t<h4 class=\"uagb-post__title uagb-post__text\">\n\t\t\t\t<a href=\"https:\/\/doi.org\/10.1523\/ENEURO.0519-23.2024\" target=\"_blank\" rel=\"bookmark noopener noreferrer\">Location- and Object-Based Representational Mechanisms Account for Bilateral Field Advantage in Multiple-Object Tracking<\/a>\n\t\t\t<\/h4>\n\t\t\t\t\t\t<div class='uagb-post__text uagb-post-grid-byline'>\n\t\t\t\t\t\t\t\t<time datetime=\"2024-03-13T12:31:00+01:00\" class=\"uagb-post__date\">\n\t\t\t\t<span class=\"dashicons-calendar dashicons\"><\/span>\t\t\t\t\t13.03.2024\t\t\t\t<\/time>\n\t\t\t\t\t\t\t<div class=\"uagb-post__text\">\n\t\t\t\t\t<span class='uagb-post__taxonomy'>\n\t\t\t\t\t\t<span class=\"dashicons-tag dashicons\"><\/span>\t\t\t\t\t\t<a href=\"https:\/\/sfb1436.de\/de\/category\/publikation\/b05-de\/\">B05<\/a>\t\t\t\t\t<\/span>\n\t\t\t\t<\/div>\n\t\t\t\t\t\t\t<\/div>\n\t\t\t\t\t\t\t<div class='uagb-post__text uagb-post__excerpt'>\n\t\t\t\t\t<p>Christian Merkel, Jens-Max Hopf and Mircea Ariel Schoenfeld <span class=\"excerpt-magazin\">eNeuro (2024)<\/span><\/p>\n<\/span>\t\t\t\t<\/div>\n\t\t\t\n\t\t\t\t\t\t\t\t\t<\/article>\n\t\t\t\t\t\t\t\t\t\t\t\t\t\t\t\t<article class=\"uagb-post__inner-wrap\">\t\t\t\t\t\t\t\t<h4 class=\"uagb-post__title uagb-post__text\">\n\t\t\t\t<a href=\"https:\/\/doi.org\/10.1111\/psyp.14553\" target=\"_blank\" rel=\"bookmark noopener noreferrer\">Beyond peaks and troughs: Multiplexed performance monitoring signals in the EEG<\/a>\n\t\t\t<\/h4>\n\t\t\t\t\t\t<div class='uagb-post__text uagb-post-grid-byline'>\n\t\t\t\t\t\t\t\t<time datetime=\"2024-02-28T15:56:00+01:00\" class=\"uagb-post__date\">\n\t\t\t\t<span class=\"dashicons-calendar dashicons\"><\/span>\t\t\t\t\t28.02.2024\t\t\t\t<\/time>\n\t\t\t\t\t\t\t<div class=\"uagb-post__text\">\n\t\t\t\t\t<span class='uagb-post__taxonomy'>\n\t\t\t\t\t\t<span class=\"dashicons-tag dashicons\"><\/span>\t\t\t\t\t\t<a href=\"https:\/\/sfb1436.de\/de\/category\/publikation\/c04-de\/\">C04<\/a>\t\t\t\t\t<\/span>\n\t\t\t\t<\/div>\n\t\t\t\t\t\t\t<\/div>\n\t\t\t\t\t\t\t<div class='uagb-post__text uagb-post__excerpt'>\n\t\t\t\t\t<p>Markus Ullsperger <span class=\"excerpt-magazin\">Psychophysiology (2024)<\/span><\/p>\n<\/span>\t\t\t\t<\/div>\n\t\t\t\n\t\t\t\t\t\t\t\t\t<\/article>\n\t\t\t\t\t\t\t\t\t\t\t\t\t\t\t\t<article class=\"uagb-post__inner-wrap\">\t\t\t\t\t\t\t\t<h4 class=\"uagb-post__title uagb-post__text\">\n\t\t\t\t<a href=\"https:\/\/doi.org\/10.1016\/j.matbio.2024.02.007\" target=\"_blank\" rel=\"bookmark noopener noreferrer\">Microvascular damage, neuroinflammation and extracellular matrix remodeling in Col18a1 knockout mice as a model for early cerebral small vessel disease<\/a>\n\t\t\t<\/h4>\n\t\t\t\t\t\t<div class='uagb-post__text uagb-post-grid-byline'>\n\t\t\t\t\t\t\t\t<time datetime=\"2024-02-21T22:48:00+01:00\" class=\"uagb-post__date\">\n\t\t\t\t<span class=\"dashicons-calendar dashicons\"><\/span>\t\t\t\t\t21.02.2024\t\t\t\t<\/time>\n\t\t\t\t\t\t\t<div class=\"uagb-post__text\">\n\t\t\t\t\t<span class='uagb-post__taxonomy'>\n\t\t\t\t\t\t<span class=\"dashicons-tag dashicons\"><\/span>\t\t\t\t\t\t<a href=\"https:\/\/sfb1436.de\/category\/publication\/a05\/\">A05<\/a>,&nbsp;<a href=\"https:\/\/sfb1436.de\/de\/category\/publikation\/a05-de\/\">A05<\/a>,&nbsp;<a href=\"https:\/\/sfb1436.de\/de\/category\/publikation\/b04-de\/\">B04<\/a>\t\t\t\t\t<\/span>\n\t\t\t\t<\/div>\n\t\t\t\t\t\t\t<\/div>\n\t\t\t\t\t\t\t<div class='uagb-post__text uagb-post__excerpt'>\n\t\t\t\t\t<p>Mahsima Khoshneviszadeh, Solveig Henneicke, Daniel Pirici, Akilashree Senthilnathan, Lorena Morton, Philipp Arndt, Rahul Kaushik, Oula Norman, Jari Jukkola, Ildiko Rita Dunay, Constanze Seidenbecher, Anne Heikkinen, Stefanie Schreiber *, Alexander Dityatev * <span class=\"excerpt-magazin\">Matrix Biol. (2024)<\/span><\/p>\n<\/span>\t\t\t\t<\/div>\n\t\t\t\n\t\t\t\t\t\t\t\t\t<\/article>\n\t\t\t\t\t\t\t\t\t\t\t\t\t\t\t\t<article class=\"uagb-post__inner-wrap\">\t\t\t\t\t\t\t\t<h4 class=\"uagb-post__title uagb-post__text\">\n\t\t\t\t<a href=\"https:\/\/doi.org\/10.1016\/j.neurobiolaging.2023.12.002\" target=\"_blank\" rel=\"bookmark noopener noreferrer\">Age-related differences in fMRI subsequent memory effects are directly linked to local grey matter volume differences<\/a>\n\t\t\t<\/h4>\n\t\t\t\t\t\t<div class='uagb-post__text uagb-post-grid-byline'>\n\t\t\t\t\t\t\t\t<time datetime=\"2024-02-12T13:41:47+01:00\" class=\"uagb-post__date\">\n\t\t\t\t<span class=\"dashicons-calendar dashicons\"><\/span>\t\t\t\t\t12.02.2024\t\t\t\t<\/time>\n\t\t\t\t\t\t\t<div class=\"uagb-post__text\">\n\t\t\t\t\t<span class='uagb-post__taxonomy'>\n\t\t\t\t\t\t<span class=\"dashicons-tag dashicons\"><\/span>\t\t\t\t\t\t<a href=\"https:\/\/sfb1436.de\/de\/category\/publikation\/a05-de\/\">A05<\/a>\t\t\t\t\t<\/span>\n\t\t\t\t<\/div>\n\t\t\t\t\t\t\t<\/div>\n\t\t\t\t\t\t\t<div class='uagb-post__text uagb-post__excerpt'>\n\t\t\t\t\t<p>Kizilirmak JM, Soch J, Richter A, Schott BH <span class=\"excerpt-magazin\">Neurobiol Aging (2024)<\/span><\/p>\n<\/span>\t\t\t\t<\/div>\n\t\t\t\n\t\t\t\t\t\t\t\t\t<\/article>\n\t\t\t\t\t\t\t\t\t\t\t\t\t\t\t\t<article class=\"uagb-post__inner-wrap\">\t\t\t\t\t\t\t\t<h4 class=\"uagb-post__title uagb-post__text\">\n\t\t\t\t<a href=\"https:\/\/doi.org\/10.1016\/j.neuron.2023.12.016\" target=\"_blank\" rel=\"bookmark noopener noreferrer\">A septal to ventral tegmental area circuit drives exploratory behaviour<\/a>\n\t\t\t<\/h4>\n\t\t\t\t\t\t<div class='uagb-post__text uagb-post-grid-byline'>\n\t\t\t\t\t\t\t\t<time datetime=\"2024-02-02T10:27:58+01:00\" class=\"uagb-post__date\">\n\t\t\t\t<span class=\"dashicons-calendar dashicons\"><\/span>\t\t\t\t\t02.02.2024\t\t\t\t<\/time>\n\t\t\t\t\t\t\t<div class=\"uagb-post__text\">\n\t\t\t\t\t<span class='uagb-post__taxonomy'>\n\t\t\t\t\t\t<span class=\"dashicons-tag dashicons\"><\/span>\t\t\t\t\t\t<a href=\"https:\/\/sfb1436.de\/de\/category\/publikation\/a02-de\/\">A02<\/a>,&nbsp;<a href=\"https:\/\/sfb1436.de\/de\/category\/publikation\/a03-de\/\">A03<\/a>,&nbsp;<a href=\"https:\/\/sfb1436.de\/de\/category\/publikation\/a04-de\/\">A04<\/a>,&nbsp;<a href=\"https:\/\/sfb1436.de\/de\/category\/publikation\/b06-de\/\">B06<\/a>,&nbsp;<a href=\"https:\/\/sfb1436.de\/de\/category\/publikation\/z01-de\/\">Z01<\/a>\t\t\t\t\t<\/span>\n\t\t\t\t<\/div>\n\t\t\t\t\t\t\t<\/div>\n\t\t\t\t\t\t\t<div class='uagb-post__text uagb-post__excerpt'>\n\t\t\t\t\t<p>Mocellin P, Barnstedt O,Luxem K, Kaneko H, Karpova A, Henschke J, Dal\u00fcgge D, Fuhrmann F, Pakan JMP, Kreutz MR, MikulovicS, and Remy S <span class=\"excerpt-magazin\">Neuron (2024)<\/span><\/p>\n<\/span>\t\t\t\t<\/div>\n\t\t\t\n\t\t\t\t\t\t\t\t\t<\/article>\n\t\t\t\t\t\t\t\t\t\t\t\t\t\t\t\t<article class=\"uagb-post__inner-wrap\">\t\t\t\t\t\t\t\t<h4 class=\"uagb-post__title uagb-post__text\">\n\t\t\t\t<a href=\"https:\/\/doi.org\/10.1101\/2024.01.26.577401\" target=\"_blank\" rel=\"bookmark noopener noreferrer\">Neurocan regulates axon initial segment organization and neuronal activity in cultured cortical neurons<\/a>\n\t\t\t<\/h4>\n\t\t\t\t\t\t<div class='uagb-post__text uagb-post-grid-byline'>\n\t\t\t\t\t\t\t\t<time datetime=\"2024-01-26T13:53:25+01:00\" class=\"uagb-post__date\">\n\t\t\t\t<span class=\"dashicons-calendar dashicons\"><\/span>\t\t\t\t\t26.01.2024\t\t\t\t<\/time>\n\t\t\t\t\t\t\t<div class=\"uagb-post__text\">\n\t\t\t\t\t<span class='uagb-post__taxonomy'>\n\t\t\t\t\t\t<span class=\"dashicons-tag dashicons\"><\/span>\t\t\t\t\t\t<a href=\"https:\/\/sfb1436.de\/de\/category\/publikation\/a05-de\/\">A05<\/a>\t\t\t\t\t<\/span>\n\t\t\t\t<\/div>\n\t\t\t\t\t\t\t<\/div>\n\t\t\t\t\t\t\t<div class='uagb-post__text uagb-post__excerpt'>\n\t\t\t\t\t<p>Baidoe-Ansah D, Mirzapourdelavar H, Aleshin S, Schott BH, Seidenbecher CI, Kaushik R, Dityatev A. <span class=\"excerpt-magazin\">bioRxiv (2024)<\/span><\/p>\n<\/span>\t\t\t\t<\/div>\n\t\t\t\n\t\t\t\t\t\t\t\t\t<\/article>\n\t\t\t\t\t\t\t\t\t\t\t\t\t\t\t\t<article class=\"uagb-post__inner-wrap\">\t\t\t\t\t\t\t\t<h4 class=\"uagb-post__title uagb-post__text\">\n\t\t\t\t<a href=\"https:\/\/www.nature.com\/articles\/s41380-023-02387-3\" target=\"_blank\" rel=\"bookmark noopener noreferrer\">Different inflammatory signatures based on CSF biomarkers relate to preserved or diminished brain structure and cognition<\/a>\n\t\t\t<\/h4>\n\t\t\t\t\t\t<div class='uagb-post__text uagb-post-grid-byline'>\n\t\t\t\t\t\t\t\t<time datetime=\"2024-01-12T17:42:00+01:00\" class=\"uagb-post__date\">\n\t\t\t\t<span class=\"dashicons-calendar dashicons\"><\/span>\t\t\t\t\t12.01.2024\t\t\t\t<\/time>\n\t\t\t\t\t\t\t<div class=\"uagb-post__text\">\n\t\t\t\t\t<span class='uagb-post__taxonomy'>\n\t\t\t\t\t\t<span class=\"dashicons-tag dashicons\"><\/span>\t\t\t\t\t\t<a href=\"https:\/\/sfb1436.de\/de\/category\/publikation\/a08-de\/\">A08<\/a>,&nbsp;<a href=\"https:\/\/sfb1436.de\/de\/category\/publikation\/c01-de\/\">C01<\/a>,&nbsp;<a href=\"https:\/\/sfb1436.de\/de\/category\/publikation\/z03-de\/\">Z03<\/a>\t\t\t\t\t<\/span>\n\t\t\t\t<\/div>\n\t\t\t\t\t\t\t<\/div>\n\t\t\t\t\t\t\t<div class='uagb-post__text uagb-post__excerpt'>\n\t\t\t\t\t<p>Dayana Hayek, Gabriel Ziegler, Luca Kleineidam, Frederic Brosseron, Aditya Nemali, Niklas Vockert, Kishore A. Ravichandran, Matthew J. Betts, Oliver Peters, Luisa-Sophie Schneider, Xiao Wang, Josef Priller, Slawek Altenstein, Anja Schneider, Klaus Fliessbach, Jens Wiltfang, Claudia Bartels, Ayda Rostamzadeh, Wenzel Glanz,&#8230;<\/span>\t\t\t\t<\/div>\n\t\t\t\n\t\t\t\t\t\t\t\t\t<\/article>\n\t\t\t\t\t\t\t\t\t\t\t\t\t\t\t\t<article class=\"uagb-post__inner-wrap\">\t\t\t\t\t\t\t\t<h4 class=\"uagb-post__title uagb-post__text\">\n\t\t\t\t<a href=\"https:\/\/doi.org\/10.1016\/j.bbr.2023.114716\" target=\"_blank\" rel=\"bookmark noopener noreferrer\">The GluN2C\/D-specific positive allosteric modulator CIQ rescues delay-induced working memory deficits in mice<\/a>\n\t\t\t<\/h4>\n\t\t\t\t\t\t<div class='uagb-post__text uagb-post-grid-byline'>\n\t\t\t\t\t\t\t\t<time datetime=\"2024-01-05T13:26:04+01:00\" class=\"uagb-post__date\">\n\t\t\t\t<span class=\"dashicons-calendar dashicons\"><\/span>\t\t\t\t\t05.01.2024\t\t\t\t<\/time>\n\t\t\t\t\t\t\t<div class=\"uagb-post__text\">\n\t\t\t\t\t<span class='uagb-post__taxonomy'>\n\t\t\t\t\t\t<span class=\"dashicons-tag dashicons\"><\/span>\t\t\t\t\t\t<a href=\"https:\/\/sfb1436.de\/de\/category\/publikation\/a01-de\/\">A01<\/a>\t\t\t\t\t<\/span>\n\t\t\t\t<\/div>\n\t\t\t\t\t\t\t<\/div>\n\t\t\t\t\t\t\t<div class='uagb-post__text uagb-post__excerpt'>\n\t\t\t\t\t<p>Dembeck M, Dieterich DC &amp; Fendt M <span class=\"excerpt-magazin\">Behav Brain Res (2024)<\/span><\/p>\n<\/span>\t\t\t\t<\/div>\n\t\t\t\n\t\t\t\t\t\t\t\t\t<\/article>\n\t\t\t\t\t\t\t\t\t\t\t\t\t\t\t\t<article class=\"uagb-post__inner-wrap\">\t\t\t\t\t\t\t\t<h4 class=\"uagb-post__title uagb-post__text\">\n\t\t\t\t<a href=\"https:\/\/www.biorxiv.org\/content\/10.1101\/2023.12.21.572857v1.full.pdf\" target=\"_blank\" rel=\"bookmark noopener noreferrer\">Grid cells perform path integration in multiple reference frames during self-motion-based navigation<\/a>\n\t\t\t<\/h4>\n\t\t\t\t\t\t<div class='uagb-post__text uagb-post-grid-byline'>\n\t\t\t\t\t\t\t\t<time datetime=\"2023-12-23T18:10:00+01:00\" class=\"uagb-post__date\">\n\t\t\t\t<span class=\"dashicons-calendar dashicons\"><\/span>\t\t\t\t\t23.12.2023\t\t\t\t<\/time>\n\t\t\t\t\t\t\t<div class=\"uagb-post__text\">\n\t\t\t\t\t<span class='uagb-post__taxonomy'>\n\t\t\t\t\t\t<span class=\"dashicons-tag dashicons\"><\/span>\t\t\t\t\t\t<a href=\"https:\/\/sfb1436.de\/de\/category\/publikation\/b03-de\/\">B03<\/a>\t\t\t\t\t<\/span>\n\t\t\t\t<\/div>\n\t\t\t\t\t\t\t<\/div>\n\t\t\t\t\t\t\t<div class='uagb-post__text uagb-post__excerpt'>\n\t\t\t\t\t<p>Jing-Jie Peng, Beate Throm, Maryam Najafian Jazi, Ting-Yun Yen, Hannah Monyer, Kevin Allen <span class=\"excerpt-magazin\">BioRxiv (2023)<\/span><\/p>\n<\/span>\t\t\t\t<\/div>\n\t\t\t\n\t\t\t\t\t\t\t\t\t<\/article>\n\t\t\t\t\t\t\t\t\t\t\t\t\t\t\t\t<article class=\"uagb-post__inner-wrap\">\t\t\t\t\t\t\t\t<h4 class=\"uagb-post__title uagb-post__text\">\n\t\t\t\t<a href=\"https:\/\/www.biorxiv.org\/content\/10.1101\/2023.12.01.567841v3\" target=\"_blank\" rel=\"bookmark noopener noreferrer\">A layer-specific model of cortical sensory aging<\/a>\n\t\t\t<\/h4>\n\t\t\t\t\t\t<div class='uagb-post__text uagb-post-grid-byline'>\n\t\t\t\t\t\t\t\t<time datetime=\"2023-12-22T17:00:00+01:00\" class=\"uagb-post__date\">\n\t\t\t\t<span class=\"dashicons-calendar dashicons\"><\/span>\t\t\t\t\t22.12.2023\t\t\t\t<\/time>\n\t\t\t\t\t\t\t<div class=\"uagb-post__text\">\n\t\t\t\t\t<span class='uagb-post__taxonomy'>\n\t\t\t\t\t\t<span class=\"dashicons-tag dashicons\"><\/span>\t\t\t\t\t\t<a href=\"https:\/\/sfb1436.de\/de\/category\/publikation\/b06-de\/\">B06<\/a>,&nbsp;<a href=\"https:\/\/sfb1436.de\/de\/category\/publikation\/z02-de\/\">Z02<\/a>\t\t\t\t\t<\/span>\n\t\t\t\t<\/div>\n\t\t\t\t\t\t\t<\/div>\n\t\t\t\t\t\t\t<div class='uagb-post__text uagb-post__excerpt'>\n\t\t\t\t\t<p>Peng Liu, Juliane Doehler, Julia U. Henschke, Alicia Northall, Angela Serian, Dietrich S. Schwarzkopf, Oliver Speck, Janelle M.P. Pakan, Esther Kuehn <span class=\"excerpt-magazin\">BioRxiv (2023)<\/span><\/p>\n<\/span>\t\t\t\t<\/div>\n\t\t\t\n\t\t\t\t\t\t\t\t\t<\/article>\n\t\t\t\t\t\t\t\t\t\t\t\t\t\t\t\t<article class=\"uagb-post__inner-wrap\">\t\t\t\t\t\t\t\t<h4 class=\"uagb-post__title uagb-post__text\">\n\t\t\t\t<a href=\"https:\/\/doi.org\/10.7554\/eLife.91183\" target=\"_blank\" rel=\"bookmark noopener noreferrer\">Serial attentional resource allocation during parallel feature value tracking<\/a>\n\t\t\t<\/h4>\n\t\t\t\t\t\t<div class='uagb-post__text uagb-post-grid-byline'>\n\t\t\t\t\t\t\t\t<time datetime=\"2023-12-15T12:14:00+01:00\" class=\"uagb-post__date\">\n\t\t\t\t<span class=\"dashicons-calendar dashicons\"><\/span>\t\t\t\t\t15.12.2023\t\t\t\t<\/time>\n\t\t\t\t\t\t\t<div class=\"uagb-post__text\">\n\t\t\t\t\t<span class='uagb-post__taxonomy'>\n\t\t\t\t\t\t<span class=\"dashicons-tag dashicons\"><\/span>\t\t\t\t\t\t<a href=\"https:\/\/sfb1436.de\/de\/category\/publikation\/b05-de\/\">B05<\/a>\t\t\t\t\t<\/span>\n\t\t\t\t<\/div>\n\t\t\t\t\t\t\t<\/div>\n\t\t\t\t\t\t\t<div class='uagb-post__text uagb-post__excerpt'>\n\t\t\t\t\t<p>Christian Merkel, Luise Burgmann, Mandy Viktoria Bartsch, Mircea Ariel Schoenfeld, Jens-Max Hopf <span class=\"excerpt-magazin\">eLife (2023)<\/span><\/p>\n<\/span>\t\t\t\t<\/div>\n\t\t\t\n\t\t\t\t\t\t\t\t\t<\/article>\n\t\t\t\t\t\t\t\t\t\t\t\t\t\t\t\t<article class=\"uagb-post__inner-wrap\">\t\t\t\t\t\t\t\t<h4 class=\"uagb-post__title uagb-post__text\">\n\t\t\t\t<a href=\"https:\/\/doi.org\/10.1523\/JNEUROSCI.0537-23.2023\" target=\"_blank\" rel=\"bookmark noopener noreferrer\">Changes in Cortical Microstructure of the Human Brain Resulting from Long-Term Motor Learning<\/a>\n\t\t\t<\/h4>\n\t\t\t\t\t\t<div class='uagb-post__text uagb-post-grid-byline'>\n\t\t\t\t\t\t\t\t<time datetime=\"2023-12-13T14:57:00+01:00\" class=\"uagb-post__date\">\n\t\t\t\t<span class=\"dashicons-calendar dashicons\"><\/span>\t\t\t\t\t13.12.2023\t\t\t\t<\/time>\n\t\t\t\t\t\t\t<div class=\"uagb-post__text\">\n\t\t\t\t\t<span class='uagb-post__taxonomy'>\n\t\t\t\t\t\t<span class=\"dashicons-tag dashicons\"><\/span>\t\t\t\t\t\t<a href=\"https:\/\/sfb1436.de\/de\/category\/publikation\/a04-de\/\">A04<\/a>,&nbsp;<a href=\"https:\/\/sfb1436.de\/de\/category\/publikation\/c01-de\/\">C01<\/a>\t\t\t\t\t<\/span>\n\t\t\t\t<\/div>\n\t\t\t\t\t\t\t<\/div>\n\t\t\t\t\t\t\t<div class='uagb-post__text uagb-post__excerpt'>\n\t\t\t\t\t<p>Nico Lehmann, Norman Aye, J\u00f6rn Kaufmann, Hans-Jochen Heinze, Emrah D\u00fczel, Gabriel Ziegler, Marco Taubert <span class=\"excerpt-magazin\">J Neurosci (2023)<\/span><\/p>\n<\/span>\t\t\t\t<\/div>\n\t\t\t\n\t\t\t\t\t\t\t\t\t<\/article>\n\t\t\t\t\t\t\t\t\t\t\t\t\t\t\t\t<article class=\"uagb-post__inner-wrap\">\t\t\t\t\t\t\t\t<h4 class=\"uagb-post__title uagb-post__text\">\n\t\t\t\t<a href=\"https:\/\/doi.org\/10.1177\/0271678x231221039\" target=\"_blank\" rel=\"bookmark noopener noreferrer\">Hemodynamic responses in the rat hippocampus are simultaneously controlled by at least two independently acting neurovascular coupling mechanisms<\/a>\n\t\t\t<\/h4>\n\t\t\t\t\t\t<div class='uagb-post__text uagb-post-grid-byline'>\n\t\t\t\t\t\t\t\t<time datetime=\"2023-12-12T17:10:00+01:00\" class=\"uagb-post__date\">\n\t\t\t\t<span class=\"dashicons-calendar dashicons\"><\/span>\t\t\t\t\t12.12.2023\t\t\t\t<\/time>\n\t\t\t\t\t\t\t<div class=\"uagb-post__text\">\n\t\t\t\t\t<span class='uagb-post__taxonomy'>\n\t\t\t\t\t\t<span class=\"dashicons-tag dashicons\"><\/span>\t\t\t\t\t\t<a href=\"https:\/\/sfb1436.de\/de\/category\/publikation\/z01-de\/\">Z01<\/a>\t\t\t\t\t<\/span>\n\t\t\t\t<\/div>\n\t\t\t\t\t\t\t<\/div>\n\t\t\t\t\t\t\t<div class='uagb-post__text uagb-post__excerpt'>\n\t\t\t\t\t<p>Alberto Arboit, Karla Krautwald, Frank Angenstein <span class=\"excerpt-magazin\">J Cereb Blood Flow Metab (2023)<\/span><\/p>\n<\/span>\t\t\t\t<\/div>\n\t\t\t\n\t\t\t\t\t\t\t\t\t<\/article>\n\t\t\t\t\t\t\t\t\t\t\t<\/div>\n\t\t\t<\/div>\n<\/div>\n<\/section>\n<\/div>\n<\/div>\n<\/div>\n<\/div>\n<\/section>\n<\/div>\n<\/div>\n\n\n\n<div class=\"wp-block-columns alignwide are-vertically-aligned-center is-layout-flex wp-container-core-columns-is-layout-f56f613f wp-block-columns-is-layout-flex\">\n<div class=\"wp-block-column is-vertically-aligned-center partner-logos is-layout-flow wp-block-column-is-layout-flow\">\n<div style=\"height:43px\" aria-hidden=\"true\" class=\"wp-block-spacer\"><\/div>\n\n\n\n<div class=\"wp-block-group is-content-justification-center is-nowrap is-layout-flex wp-container-core-group-is-layout-84af8016 wp-block-group-is-layout-flex\">\n<figure class=\"wp-block-image size-full is-resized\"><a href=\"https:\/\/www.ovgu.de\/\" target=\"_blank\" rel=\"noopener\"><img loading=\"lazy\" decoding=\"async\" width=\"511\" height=\"216\" src=\"https:\/\/sfb1436.de\/wp-content\/uploads\/2024\/08\/OVGU-Logo.png\" alt=\"Logo der Otto-von-Guericke-Universit\u00e4t Magdeburg (OVGU) \u2013 koordinierende Hochschule des SFB 1436\" class=\"wp-image-22105\" style=\"width:280px\" srcset=\"https:\/\/sfb1436.de\/wp-content\/uploads\/2024\/08\/OVGU-Logo.png 511w, https:\/\/sfb1436.de\/wp-content\/uploads\/2024\/08\/OVGU-Logo-300x127.png 300w, https:\/\/sfb1436.de\/wp-content\/uploads\/2024\/08\/OVGU-Logo-50x21.png 50w\" sizes=\"(max-width: 511px) 100vw, 511px\" \/><\/a><\/figure>\n<\/div>\n\n\n\n<div class=\"wp-block-group is-content-justification-center is-layout-flex wp-container-core-group-is-layout-c309d03b wp-block-group-is-layout-flex\">\n<figure class=\"wp-block-image size-full is-resized\"><a href=\"https:\/\/www.lin-magdeburg.de\/\" target=\"_blank\" rel=\"noopener\"><img loading=\"lazy\" decoding=\"async\" width=\"1375\" height=\"454\" src=\"https:\/\/sfb1436.de\/wp-content\/uploads\/2025\/02\/logo_lin_deutsch.jpg\" alt=\"Logo des Leibniz-Instituts f\u00fcr Neurobiologie (LIN) \u2013 Forschungspartner im SFB 1436\" class=\"wp-image-26124\" style=\"width:262px;height:84px\" srcset=\"https:\/\/sfb1436.de\/wp-content\/uploads\/2025\/02\/logo_lin_deutsch.jpg 1375w, https:\/\/sfb1436.de\/wp-content\/uploads\/2025\/02\/logo_lin_deutsch-300x99.jpg 300w, https:\/\/sfb1436.de\/wp-content\/uploads\/2025\/02\/logo_lin_deutsch-1024x338.jpg 1024w, https:\/\/sfb1436.de\/wp-content\/uploads\/2025\/02\/logo_lin_deutsch-768x254.jpg 768w, https:\/\/sfb1436.de\/wp-content\/uploads\/2025\/02\/logo_lin_deutsch-50x17.jpg 50w\" sizes=\"(max-width: 1375px) 100vw, 1375px\" \/><\/a><\/figure>\n\n\n\n<figure class=\"wp-block-image size-full is-resized\" style=\"margin-top:0;margin-right:var(--wp--preset--spacing--70);margin-bottom:0;margin-left:var(--wp--preset--spacing--70)\"><a href=\"https:\/\/www.dzne.de\/\" target=\"_blank\" rel=\"noopener\"><img loading=\"lazy\" decoding=\"async\" width=\"2362\" height=\"1890\" src=\"https:\/\/sfb1436.de\/wp-content\/uploads\/2025\/02\/RZ_DZNE_Logo_2021_RGB.jpg\" alt=\"Logo des Deutschen Zentrums f\u00fcr Neurodegenerative Erkrankungen (DZNE).\" class=\"wp-image-26127\" style=\"width:auto;height:80px\" srcset=\"https:\/\/sfb1436.de\/wp-content\/uploads\/2025\/02\/RZ_DZNE_Logo_2021_RGB.jpg 2362w, https:\/\/sfb1436.de\/wp-content\/uploads\/2025\/02\/RZ_DZNE_Logo_2021_RGB-300x240.jpg 300w, https:\/\/sfb1436.de\/wp-content\/uploads\/2025\/02\/RZ_DZNE_Logo_2021_RGB-1024x819.jpg 1024w, https:\/\/sfb1436.de\/wp-content\/uploads\/2025\/02\/RZ_DZNE_Logo_2021_RGB-768x615.jpg 768w, https:\/\/sfb1436.de\/wp-content\/uploads\/2025\/02\/RZ_DZNE_Logo_2021_RGB-50x40.jpg 50w, https:\/\/sfb1436.de\/wp-content\/uploads\/2025\/02\/RZ_DZNE_Logo_2021_RGB-1600x1280.jpg 1600w, https:\/\/sfb1436.de\/wp-content\/uploads\/2025\/02\/RZ_DZNE_Logo_2021_RGB-1536x1229.jpg 1536w, https:\/\/sfb1436.de\/wp-content\/uploads\/2025\/02\/RZ_DZNE_Logo_2021_RGB-2048x1639.jpg 2048w\" sizes=\"(max-width: 2362px) 100vw, 2362px\" \/><\/a><\/figure>\n\n\n\n<figure class=\"wp-block-image size-full is-resized\"><a href=\"http:\/\/www.cbbs.eu\/\" target=\"_blank\" rel=\"noopener\"><img loading=\"lazy\" decoding=\"async\" width=\"280\" height=\"90\" src=\"https:\/\/sfb1436.de\/wp-content\/uploads\/2021\/12\/logo-partner-cbbs.jpg\" alt=\"Logo Center for Behavioral Brain Sciences CBBS\" class=\"wp-image-1054\" style=\"width:205px;height:66px\"\/><\/a><\/figure>\n<\/div>\n\n\n\n<div class=\"wp-block-group is-content-justification-space-between is-layout-flex wp-container-core-group-is-layout-57f9f239 wp-block-group-is-layout-flex\">\n<figure class=\"wp-block-image size-full is-resized\"><a href=\"https:\/\/www.charite.de\/\" target=\"_blank\" rel=\" noreferrer noopener\"><img loading=\"lazy\" decoding=\"async\" width=\"763\" height=\"399\" src=\"https:\/\/sfb1436.de\/wp-content\/uploads\/2024\/09\/221215_Charite_Wortbildmarke_CMYK.jpg\" alt=\"Logo der Charit\u00e9 \u2013 Universit\u00e4tsmedizin Berlin, Partner im SFB 1436 f\u00fcr neurologische Spitzenforschung\" class=\"wp-image-22517\" style=\"width:auto;height:90px\" srcset=\"https:\/\/sfb1436.de\/wp-content\/uploads\/2024\/09\/221215_Charite_Wortbildmarke_CMYK.jpg 763w, https:\/\/sfb1436.de\/wp-content\/uploads\/2024\/09\/221215_Charite_Wortbildmarke_CMYK-300x157.jpg 300w, https:\/\/sfb1436.de\/wp-content\/uploads\/2024\/09\/221215_Charite_Wortbildmarke_CMYK-50x26.jpg 50w\" sizes=\"(max-width: 763px) 100vw, 763px\" \/><\/a><\/figure>\n\n\n\n<figure class=\"wp-block-image size-full is-resized\"><a href=\"https:\/\/www.fu-berlin.de\/\" target=\"_blank\" rel=\"noopener\"><img loading=\"lazy\" decoding=\"async\" width=\"800\" height=\"300\" src=\"https:\/\/sfb1436.de\/wp-content\/uploads\/2024\/01\/FUB_Logo_Farbe-2.png\" alt=\"Logo University Berlin - Freie Universit\u00e4t\" class=\"wp-image-19414\" style=\"width:auto;height:70px\" srcset=\"https:\/\/sfb1436.de\/wp-content\/uploads\/2024\/01\/FUB_Logo_Farbe-2.png 800w, https:\/\/sfb1436.de\/wp-content\/uploads\/2024\/01\/FUB_Logo_Farbe-2-300x113.png 300w, https:\/\/sfb1436.de\/wp-content\/uploads\/2024\/01\/FUB_Logo_Farbe-2-768x288.png 768w, https:\/\/sfb1436.de\/wp-content\/uploads\/2024\/01\/FUB_Logo_Farbe-2-50x19.png 50w\" sizes=\"(max-width: 800px) 100vw, 800px\" \/><\/a><\/figure>\n\n\n\n<figure class=\"wp-block-image size-full is-resized\"><a href=\"https:\/\/www.uniklinikum-leipzig.de\/\" target=\"_blank\" rel=\" noreferrer noopener\"><img loading=\"lazy\" decoding=\"async\" width=\"979\" height=\"224\" src=\"https:\/\/sfb1436.de\/wp-content\/uploads\/2025\/02\/Logo_UK_Leipzig.png\" alt=\"Logo des Universit\u00e4tsklinikums Leipzig \u2013 Partnerinstitution des SFB 1436\" class=\"wp-image-26115\" style=\"width:auto;height:60px\" srcset=\"https:\/\/sfb1436.de\/wp-content\/uploads\/2025\/02\/Logo_UK_Leipzig.png 979w, https:\/\/sfb1436.de\/wp-content\/uploads\/2025\/02\/Logo_UK_Leipzig-300x69.png 300w, https:\/\/sfb1436.de\/wp-content\/uploads\/2025\/02\/Logo_UK_Leipzig-768x176.png 768w, https:\/\/sfb1436.de\/wp-content\/uploads\/2025\/02\/Logo_UK_Leipzig-50x11.png 50w\" sizes=\"(max-width: 979px) 100vw, 979px\" \/><\/a><\/figure>\n\n\n\n<figure class=\"wp-block-image size-large is-resized\"><a href=\"https:\/\/www.uni-leipzig.de\/\" target=\"_blank\" rel=\" noreferrer noopener\"><img loading=\"lazy\" decoding=\"async\" width=\"1024\" height=\"466\" src=\"https:\/\/sfb1436.de\/wp-content\/uploads\/2025\/02\/Logo-MF_Leipzig-1024x466.jpg\" alt=\"Universit\u00e4t Leipzig: www.uni-leipzig.de\" class=\"wp-image-26117\" style=\"width:auto;height:100px\" srcset=\"https:\/\/sfb1436.de\/wp-content\/uploads\/2025\/02\/Logo-MF_Leipzig-1024x466.jpg 1024w, https:\/\/sfb1436.de\/wp-content\/uploads\/2025\/02\/Logo-MF_Leipzig-300x137.jpg 300w, https:\/\/sfb1436.de\/wp-content\/uploads\/2025\/02\/Logo-MF_Leipzig-768x350.jpg 768w, https:\/\/sfb1436.de\/wp-content\/uploads\/2025\/02\/Logo-MF_Leipzig-50x23.jpg 50w, https:\/\/sfb1436.de\/wp-content\/uploads\/2025\/02\/Logo-MF_Leipzig-1600x728.jpg 1600w, https:\/\/sfb1436.de\/wp-content\/uploads\/2025\/02\/Logo-MF_Leipzig-1536x699.jpg 1536w, https:\/\/sfb1436.de\/wp-content\/uploads\/2025\/02\/Logo-MF_Leipzig-2048x932.jpg 2048w\" sizes=\"(max-width: 1024px) 100vw, 1024px\" \/><\/a><\/figure>\n<\/div>\n\n\n\n<div class=\"wp-block-group is-content-justification-space-between is-nowrap is-layout-flex wp-container-core-group-is-layout-021e7aba wp-block-group-is-layout-flex\">\n<figure class=\"wp-block-image size-large is-resized\"><a href=\"https:\/\/www.umg.eu\/\" target=\"_blank\" rel=\" noreferrer noopener\"><img loading=\"lazy\" decoding=\"async\" width=\"1024\" height=\"128\" src=\"https:\/\/sfb1436.de\/wp-content\/uploads\/2025\/02\/UMG_LOGO_2024_Monitor_Farbe_rgb_transparent-1024x128.png\" alt=\"Logo der Universit\u00e4tsmedizin G\u00f6ttingen (UMG) \u2013 wissenschaftlicher Partner im SFB 1436\" class=\"wp-image-26121\" style=\"width:260px\" srcset=\"https:\/\/sfb1436.de\/wp-content\/uploads\/2025\/02\/UMG_LOGO_2024_Monitor_Farbe_rgb_transparent-1024x128.png 1024w, https:\/\/sfb1436.de\/wp-content\/uploads\/2025\/02\/UMG_LOGO_2024_Monitor_Farbe_rgb_transparent-300x38.png 300w, https:\/\/sfb1436.de\/wp-content\/uploads\/2025\/02\/UMG_LOGO_2024_Monitor_Farbe_rgb_transparent-768x96.png 768w, https:\/\/sfb1436.de\/wp-content\/uploads\/2025\/02\/UMG_LOGO_2024_Monitor_Farbe_rgb_transparent-50x6.png 50w, https:\/\/sfb1436.de\/wp-content\/uploads\/2025\/02\/UMG_LOGO_2024_Monitor_Farbe_rgb_transparent-1600x200.png 1600w, https:\/\/sfb1436.de\/wp-content\/uploads\/2025\/02\/UMG_LOGO_2024_Monitor_Farbe_rgb_transparent-1536x192.png 1536w, https:\/\/sfb1436.de\/wp-content\/uploads\/2025\/02\/UMG_LOGO_2024_Monitor_Farbe_rgb_transparent.png 1701w\" sizes=\"(max-width: 1024px) 100vw, 1024px\" \/><\/a><\/figure>\n\n\n\n<figure class=\"wp-block-image size-full is-resized\"><a href=\"https:\/\/www.uni-goettingen.de\/\" target=\"_blank\" rel=\"noopener\"><img loading=\"lazy\" decoding=\"async\" width=\"3000\" height=\"535\" src=\"https:\/\/sfb1436.de\/wp-content\/uploads\/2024\/01\/GOE_Logo_Quer_Farbe_RGB.png\" alt=\"Logo University G\u00f6ttingen\" class=\"wp-image-19416\" style=\"width:240px\" srcset=\"https:\/\/sfb1436.de\/wp-content\/uploads\/2024\/01\/GOE_Logo_Quer_Farbe_RGB.png 3000w, https:\/\/sfb1436.de\/wp-content\/uploads\/2024\/01\/GOE_Logo_Quer_Farbe_RGB-300x54.png 300w, https:\/\/sfb1436.de\/wp-content\/uploads\/2024\/01\/GOE_Logo_Quer_Farbe_RGB-1024x183.png 1024w, https:\/\/sfb1436.de\/wp-content\/uploads\/2024\/01\/GOE_Logo_Quer_Farbe_RGB-768x137.png 768w, https:\/\/sfb1436.de\/wp-content\/uploads\/2024\/01\/GOE_Logo_Quer_Farbe_RGB-50x9.png 50w, https:\/\/sfb1436.de\/wp-content\/uploads\/2024\/01\/GOE_Logo_Quer_Farbe_RGB-1600x285.png 1600w, https:\/\/sfb1436.de\/wp-content\/uploads\/2024\/01\/GOE_Logo_Quer_Farbe_RGB-1536x274.png 1536w, https:\/\/sfb1436.de\/wp-content\/uploads\/2024\/01\/GOE_Logo_Quer_Farbe_RGB-2048x365.png 2048w\" sizes=\"(max-width: 3000px) 100vw, 3000px\" \/><\/a><\/figure>\n\n\n\n<figure class=\"wp-block-image size-full is-resized\"><a href=\"https:\/\/www.uni-heidelberg.de\/de\" target=\"_blank\" rel=\"noopener\"><img loading=\"lazy\" decoding=\"async\" width=\"789\" height=\"414\" src=\"https:\/\/sfb1436.de\/wp-content\/uploads\/2022\/01\/UniHei_Logo_4C_small.png\" alt=\"Logo der Universit\u00e4t Heidelberg\" class=\"wp-image-2493\" style=\"width:auto;height:75px\" srcset=\"https:\/\/sfb1436.de\/wp-content\/uploads\/2022\/01\/UniHei_Logo_4C_small.png 789w, https:\/\/sfb1436.de\/wp-content\/uploads\/2022\/01\/UniHei_Logo_4C_small-300x157.png 300w, https:\/\/sfb1436.de\/wp-content\/uploads\/2022\/01\/UniHei_Logo_4C_small-768x403.png 768w\" sizes=\"(max-width: 789px) 100vw, 789px\" \/><\/a><\/figure>\n\n\n\n<figure class=\"wp-block-image size-full is-resized\"><a href=\"https:\/\/www.dkfz.de\/\" target=\"_blank\" rel=\" noreferrer noopener\"><img loading=\"lazy\" decoding=\"async\" width=\"900\" height=\"108\" src=\"https:\/\/sfb1436.de\/wp-content\/uploads\/2025\/02\/dkfz-logo.png\" alt=\"Logo des Deutschen Krebsforschungszentrums (DKFZ) \u2013 Forschungspartner im SFB 1436\" class=\"wp-image-26119\" style=\"width:260px\" srcset=\"https:\/\/sfb1436.de\/wp-content\/uploads\/2025\/02\/dkfz-logo.png 900w, https:\/\/sfb1436.de\/wp-content\/uploads\/2025\/02\/dkfz-logo-300x36.png 300w, https:\/\/sfb1436.de\/wp-content\/uploads\/2025\/02\/dkfz-logo-768x92.png 768w, https:\/\/sfb1436.de\/wp-content\/uploads\/2025\/02\/dkfz-logo-50x6.png 50w\" sizes=\"(max-width: 900px) 100vw, 900px\" \/><\/a><\/figure>\n<\/div>\n\n\n\n<div style=\"height:112px\" aria-hidden=\"true\" class=\"wp-block-spacer\"><\/div>\n<\/div>\n<\/div>\n","protected":false},"excerpt":{"rendered":"<p>Neurale Ressourcen der Mikroskala [A01-A09] Neurale Ressourcen der Mesoskala [B01-B07] Neurale Ressourcen der Makroskala [C01-C05] SFB Serviceprojekte [Z01-Z03] Neuigkeiten vom SFB 1436 Publikationen des SFB 1436<\/p>\n","protected":false},"author":4,"featured_media":0,"parent":0,"menu_order":10,"comment_status":"closed","ping_status":"closed","template":"custom_slug_61b0774b2925a","meta":{"_crdt_document":"","_uag_custom_page_level_css":"","footnotes":""},"class_list":["post-8448","page","type-page","status-publish","hentry"],"yoast_head":"<!-- This site is optimized with the Yoast SEO plugin v27.1.1 - https:\/\/yoast.com\/product\/yoast-seo-wordpress\/ -->\n<title>Neurale Ressourcen der Kognition - SFB1436<\/title>\n<meta name=\"description\" content=\"SFB 1436 - Das interdisziplin\u00e4re Team geht dem Sonderforschungsbereich \u201eNeurale Ressourcen der Kognition\u201c auf den Grund.\" \/>\n<meta name=\"robots\" content=\"index, follow, max-snippet:-1, max-image-preview:large, max-video-preview:-1\" \/>\n<link rel=\"canonical\" href=\"https:\/\/sfb1436.de\/de\/\" \/>\n<meta property=\"og:locale\" content=\"de_DE\" \/>\n<meta property=\"og:type\" content=\"article\" \/>\n<meta property=\"og:title\" content=\"Neurale Ressourcen der Kognition - SFB1436\" \/>\n<meta property=\"og:description\" content=\"SFB 1436 - Das interdisziplin\u00e4re Team geht dem Sonderforschungsbereich \u201eNeurale Ressourcen der Kognition\u201c auf den Grund.\" \/>\n<meta property=\"og:url\" content=\"https:\/\/sfb1436.de\/de\/\" \/>\n<meta property=\"og:site_name\" content=\"SFB1436\" \/>\n<meta property=\"article:modified_time\" content=\"2025-11-24T06:59:36+00:00\" \/>\n<meta property=\"og:image\" content=\"https:\/\/sfb1436.de\/wp-content\/uploads\/2021\/11\/news-beitrag1.jpg\" \/>\n<meta name=\"twitter:card\" content=\"summary_large_image\" \/>\n<meta name=\"twitter:label1\" content=\"Gesch\u00e4tzte Lesezeit\" \/>\n\t<meta name=\"twitter:data1\" content=\"4\u00a0Minuten\" \/>\n<script type=\"application\/ld+json\" class=\"yoast-schema-graph\">{\"@context\":\"https:\/\/schema.org\",\"@graph\":[{\"@type\":\"WebPage\",\"@id\":\"https:\/\/sfb1436.de\/de\/\",\"url\":\"https:\/\/sfb1436.de\/de\/\",\"name\":\"Neurale Ressourcen der Kognition - SFB1436\",\"isPartOf\":{\"@id\":\"https:\/\/sfb1436.de\/de\/#website\"},\"primaryImageOfPage\":{\"@id\":\"https:\/\/sfb1436.de\/de\/#primaryimage\"},\"image\":{\"@id\":\"https:\/\/sfb1436.de\/de\/#primaryimage\"},\"thumbnailUrl\":\"https:\/\/sfb1436.de\/wp-content\/uploads\/2021\/11\/news-beitrag1.jpg\",\"datePublished\":\"2021-11-10T10:27:13+00:00\",\"dateModified\":\"2025-11-24T06:59:36+00:00\",\"description\":\"SFB 1436 - Das interdisziplin\u00e4re Team geht dem Sonderforschungsbereich \u201eNeurale Ressourcen der Kognition\u201c auf den Grund.\",\"breadcrumb\":{\"@id\":\"https:\/\/sfb1436.de\/de\/#breadcrumb\"},\"inLanguage\":\"de\",\"potentialAction\":[{\"@type\":\"ReadAction\",\"target\":[\"https:\/\/sfb1436.de\/de\/\"]}]},{\"@type\":\"ImageObject\",\"inLanguage\":\"de\",\"@id\":\"https:\/\/sfb1436.de\/de\/#primaryimage\",\"url\":\"https:\/\/sfb1436.de\/wp-content\/uploads\/2021\/11\/news-beitrag1.jpg\",\"contentUrl\":\"https:\/\/sfb1436.de\/wp-content\/uploads\/2021\/11\/news-beitrag1.jpg\"},{\"@type\":\"BreadcrumbList\",\"@id\":\"https:\/\/sfb1436.de\/de\/#breadcrumb\",\"itemListElement\":[{\"@type\":\"ListItem\",\"position\":1,\"name\":\"Startseite\",\"item\":\"https:\/\/sfb1436.de\/de\/\"},{\"@type\":\"ListItem\",\"position\":2,\"name\":\"Home\"}]},{\"@type\":\"WebSite\",\"@id\":\"https:\/\/sfb1436.de\/de\/#website\",\"url\":\"https:\/\/sfb1436.de\/de\/\",\"name\":\"SFB1436\",\"description\":\"\",\"publisher\":{\"@id\":\"https:\/\/sfb1436.de\/de\/#organization\"},\"potentialAction\":[{\"@type\":\"SearchAction\",\"target\":{\"@type\":\"EntryPoint\",\"urlTemplate\":\"https:\/\/sfb1436.de\/de\/?s={search_term_string}\"},\"query-input\":{\"@type\":\"PropertyValueSpecification\",\"valueRequired\":true,\"valueName\":\"search_term_string\"}}],\"inLanguage\":\"de\"},{\"@type\":\"Organization\",\"@id\":\"https:\/\/sfb1436.de\/de\/#organization\",\"name\":\"Otto-von-Guericke Universit\u00e4t Medizinische Fakult\u00e4t Institut f\u00fcr Kognitive Neurologie und Demenzforschung\",\"url\":\"https:\/\/sfb1436.de\/de\/\",\"logo\":{\"@type\":\"ImageObject\",\"inLanguage\":\"de\",\"@id\":\"https:\/\/sfb1436.de\/de\/#\/schema\/logo\/image\/\",\"url\":\"https:\/\/sfb1436.de\/wp-content\/uploads\/2021\/12\/logo-sfb.png\",\"contentUrl\":\"https:\/\/sfb1436.de\/wp-content\/uploads\/2021\/12\/logo-sfb.png\",\"width\":1244,\"height\":820,\"caption\":\"Otto-von-Guericke Universit\u00e4t Medizinische Fakult\u00e4t Institut f\u00fcr Kognitive Neurologie und Demenzforschung\"},\"image\":{\"@id\":\"https:\/\/sfb1436.de\/de\/#\/schema\/logo\/image\/\"}}]}<\/script>\n<!-- \/ Yoast SEO plugin. -->","yoast_head_json":{"title":"Neurale Ressourcen der Kognition - SFB1436","description":"SFB 1436 - Das interdisziplin\u00e4re Team geht dem Sonderforschungsbereich \u201eNeurale Ressourcen der Kognition\u201c auf den Grund.","robots":{"index":"index","follow":"follow","max-snippet":"max-snippet:-1","max-image-preview":"max-image-preview:large","max-video-preview":"max-video-preview:-1"},"canonical":"https:\/\/sfb1436.de\/de\/","og_locale":"de_DE","og_type":"article","og_title":"Neurale Ressourcen der Kognition - SFB1436","og_description":"SFB 1436 - Das interdisziplin\u00e4re Team geht dem Sonderforschungsbereich \u201eNeurale Ressourcen der Kognition\u201c auf den Grund.","og_url":"https:\/\/sfb1436.de\/de\/","og_site_name":"SFB1436","article_modified_time":"2025-11-24T06:59:36+00:00","og_image":[{"url":"https:\/\/sfb1436.de\/wp-content\/uploads\/2021\/11\/news-beitrag1.jpg","type":"","width":"","height":""}],"twitter_card":"summary_large_image","twitter_misc":{"Gesch\u00e4tzte Lesezeit":"4\u00a0Minuten"},"schema":{"@context":"https:\/\/schema.org","@graph":[{"@type":"WebPage","@id":"https:\/\/sfb1436.de\/de\/","url":"https:\/\/sfb1436.de\/de\/","name":"Neurale Ressourcen der Kognition - SFB1436","isPartOf":{"@id":"https:\/\/sfb1436.de\/de\/#website"},"primaryImageOfPage":{"@id":"https:\/\/sfb1436.de\/de\/#primaryimage"},"image":{"@id":"https:\/\/sfb1436.de\/de\/#primaryimage"},"thumbnailUrl":"https:\/\/sfb1436.de\/wp-content\/uploads\/2021\/11\/news-beitrag1.jpg","datePublished":"2021-11-10T10:27:13+00:00","dateModified":"2025-11-24T06:59:36+00:00","description":"SFB 1436 - Das interdisziplin\u00e4re Team geht dem Sonderforschungsbereich \u201eNeurale Ressourcen der Kognition\u201c auf den Grund.","breadcrumb":{"@id":"https:\/\/sfb1436.de\/de\/#breadcrumb"},"inLanguage":"de","potentialAction":[{"@type":"ReadAction","target":["https:\/\/sfb1436.de\/de\/"]}]},{"@type":"ImageObject","inLanguage":"de","@id":"https:\/\/sfb1436.de\/de\/#primaryimage","url":"https:\/\/sfb1436.de\/wp-content\/uploads\/2021\/11\/news-beitrag1.jpg","contentUrl":"https:\/\/sfb1436.de\/wp-content\/uploads\/2021\/11\/news-beitrag1.jpg"},{"@type":"BreadcrumbList","@id":"https:\/\/sfb1436.de\/de\/#breadcrumb","itemListElement":[{"@type":"ListItem","position":1,"name":"Startseite","item":"https:\/\/sfb1436.de\/de\/"},{"@type":"ListItem","position":2,"name":"Home"}]},{"@type":"WebSite","@id":"https:\/\/sfb1436.de\/de\/#website","url":"https:\/\/sfb1436.de\/de\/","name":"SFB1436","description":"","publisher":{"@id":"https:\/\/sfb1436.de\/de\/#organization"},"potentialAction":[{"@type":"SearchAction","target":{"@type":"EntryPoint","urlTemplate":"https:\/\/sfb1436.de\/de\/?s={search_term_string}"},"query-input":{"@type":"PropertyValueSpecification","valueRequired":true,"valueName":"search_term_string"}}],"inLanguage":"de"},{"@type":"Organization","@id":"https:\/\/sfb1436.de\/de\/#organization","name":"Otto-von-Guericke Universit\u00e4t Medizinische Fakult\u00e4t Institut f\u00fcr Kognitive Neurologie und Demenzforschung","url":"https:\/\/sfb1436.de\/de\/","logo":{"@type":"ImageObject","inLanguage":"de","@id":"https:\/\/sfb1436.de\/de\/#\/schema\/logo\/image\/","url":"https:\/\/sfb1436.de\/wp-content\/uploads\/2021\/12\/logo-sfb.png","contentUrl":"https:\/\/sfb1436.de\/wp-content\/uploads\/2021\/12\/logo-sfb.png","width":1244,"height":820,"caption":"Otto-von-Guericke Universit\u00e4t Medizinische Fakult\u00e4t Institut f\u00fcr Kognitive Neurologie und Demenzforschung"},"image":{"@id":"https:\/\/sfb1436.de\/de\/#\/schema\/logo\/image\/"}}]}},"uagb_featured_image_src":{"full":false,"thumbnail":false,"medium":false,"medium_large":false,"large":false,"gs-tiny":false,"xl":false,"xxl":false,"xxxl":false,"xxxxl":false,"xxxxxl":false,"1536x1536":false,"2048x2048":false,"awsm_team":false},"uagb_author_info":{"display_name":"redakteur","author_link":"https:\/\/sfb1436.de\/de\/author\/redakteur\/"},"uagb_comment_info":0,"uagb_excerpt":"Neurale Ressourcen der Mikroskala [A01-A09] Neurale Ressourcen der Mesoskala [B01-B07] Neurale Ressourcen der Makroskala [C01-C05] SFB Serviceprojekte [Z01-Z03] Neuigkeiten vom SFB 1436 Publikationen des SFB 1436","_links":{"self":[{"href":"https:\/\/sfb1436.de\/de\/wp-json\/wp\/v2\/pages\/8448","targetHints":{"allow":["GET"]}}],"collection":[{"href":"https:\/\/sfb1436.de\/de\/wp-json\/wp\/v2\/pages"}],"about":[{"href":"https:\/\/sfb1436.de\/de\/wp-json\/wp\/v2\/types\/page"}],"author":[{"embeddable":true,"href":"https:\/\/sfb1436.de\/de\/wp-json\/wp\/v2\/users\/4"}],"replies":[{"embeddable":true,"href":"https:\/\/sfb1436.de\/de\/wp-json\/wp\/v2\/comments?post=8448"}],"version-history":[{"count":299,"href":"https:\/\/sfb1436.de\/de\/wp-json\/wp\/v2\/pages\/8448\/revisions"}],"predecessor-version":[{"id":29446,"href":"https:\/\/sfb1436.de\/de\/wp-json\/wp\/v2\/pages\/8448\/revisions\/29446"}],"wp:attachment":[{"href":"https:\/\/sfb1436.de\/de\/wp-json\/wp\/v2\/media?parent=8448"}],"curies":[{"name":"wp","href":"https:\/\/api.w.org\/{rel}","templated":true}]}}