{"id":8130,"date":"2022-04-29T10:07:02","date_gmt":"2022-04-29T08:07:02","guid":{"rendered":"https:\/\/sfb1436.de\/aktuelles\/"},"modified":"2025-09-17T11:28:51","modified_gmt":"2025-09-17T09:28:51","slug":"aktuelles","status":"publish","type":"page","link":"https:\/\/sfb1436.de\/de\/aktuelles\/","title":{"rendered":"Aktuelles"},"content":{"rendered":"\n<div class=\"wp-block-columns alignwide is-layout-flex wp-container-core-columns-is-layout-f56f613f wp-block-columns-is-layout-flex\">\n<div class=\"wp-block-column is-layout-flow wp-block-column-is-layout-flow\">\n<div class=\"wp-block-uagb-tabs uagb-block-2c65c1c9 uagb-tabs__wrap uagb-tabs__hstyle1-desktop uagb-tabs__vstyle6-tablet uagb-tabs__vstyle6-mobile\" data-tab-active=\"0\"><ul class=\"uagb-tabs__panel uagb-tabs__align-center\" role=\"tablist\"><li class=\"uagb-tab uagb-tabs__active\" role=\"none\"><a href=\"#uagb-tabs__tab0\" class=\"uagb-tabs-list uagb-tabs__icon-position-left\" data-tab=\"0\" role=\"tab\"><div>Alle<\/div><\/a><\/li><li class=\"uagb-tab \" role=\"none\"><a href=\"#uagb-tabs__tab1\" class=\"uagb-tabs-list uagb-tabs__icon-position-left\" data-tab=\"1\" role=\"tab\"><div>Events<\/div><\/a><\/li><li class=\"uagb-tab \" role=\"none\"><a href=\"#uagb-tabs__tab2\" class=\"uagb-tabs-list uagb-tabs__icon-position-left\" data-tab=\"2\" role=\"tab\"><div>News<\/div><\/a><\/li><\/ul><div class=\"uagb-tabs__body-wrap\">\n<div class=\"wp-block-uagb-tabs-child uagb-tabs__body-container uagb-inner-tab-0\" aria-labelledby=\"uagb-tabs__tab0\">\n\t\t\t<div class=\"wp-block-uagb-post-masonry uagb-post-grid  uagb-post__image-position-top uagb-post__image-enabled uagb-block-4dca7876     uagb-post__items uagb-post__columns-3 is-masonry uagb-post__columns-tablet-2 uagb-post__columns-mobile-1\" data-total=\"73\" style=\"\">\n\n\t\t\t\t\t\t\t\t\t\t\t\t<article class=\"uagb-post__inner-wrap\">\t\t\t\t\t\t\t\t<div class='uagb-post__image'>\n\t\t\t\t\t\t\t\t\t<a href=\"https:\/\/sfb1436.de\/de\/maximilian-lenz-zu-gast-im-sfb-1436\/\" target=\"_self\" rel=\"bookmark noopener noreferrer\"><img fetchpriority=\"high\" decoding=\"async\" width=\"1024\" height=\"184\" src=\"https:\/\/sfb1436.de\/wp-content\/uploads\/2023\/03\/sfb-speaker-1024x184.png\" class=\"attachment-large size-large\" alt=\"Logo der SFB 1436 Speaker Series\" srcset=\"https:\/\/sfb1436.de\/wp-content\/uploads\/2023\/03\/sfb-speaker-1024x184.png 1024w, https:\/\/sfb1436.de\/wp-content\/uploads\/2023\/03\/sfb-speaker-300x54.png 300w, https:\/\/sfb1436.de\/wp-content\/uploads\/2023\/03\/sfb-speaker-768x138.png 768w, https:\/\/sfb1436.de\/wp-content\/uploads\/2023\/03\/sfb-speaker-1536x277.png 1536w, https:\/\/sfb1436.de\/wp-content\/uploads\/2023\/03\/sfb-speaker-1600x288.png 1600w, https:\/\/sfb1436.de\/wp-content\/uploads\/2023\/03\/sfb-speaker.png 1738w\" sizes=\"(max-width: 1024px) 100vw, 1024px\" \/>\t\t\t\t\t<\/a>\n\t\t\t\t\t\t\t\t\t<\/div>\n\t\t\t\t\t\t<h4 class=\"uagb-post__title uagb-post__text\">\n\t\t\t\t<a href=\"https:\/\/sfb1436.de\/de\/maximilian-lenz-zu-gast-im-sfb-1436\/\" target=\"_self\" rel=\"bookmark noopener noreferrer\">Maximilian Lenz zu Gast im SFB 1436<\/a>\n\t\t\t<\/h4>\n\t\t\t\t\t\t<div class='uagb-post__text uagb-post-grid-byline'>\n\t\t\t\t\t\t\t\t<time datetime=\"2026-04-17T09:00:00+02:00\" class=\"uagb-post__date\">\n\t\t\t\t<span class=\"dashicons-calendar dashicons\"><\/span>\t\t\t\t\t17.04.2026\t\t\t\t<\/time>\n\t\t\t\t\t\t<\/div>\n\t\t\t\t\t\t\t<div class='uagb-post__text uagb-post__excerpt'>\n\t\t\t\t\t<p>Am Montag, den 20. April 2026 begr\u00fc\u00dfen wir Professor Maximilian Lenz vom Institut f\u00fcr Neuroanatomie&#8230;\t\t\t\t<\/div>\n\t\t\t\t\t\t<div class=\"uagb-post__text uagb-post__cta wp-block-button\">\n\t\t\t\t<a class=\"wp-block-button__link uagb-text-link\" style=\"\" href=\"https:\/\/sfb1436.de\/de\/maximilian-lenz-zu-gast-im-sfb-1436\/\" target=\"_self\" rel=\"bookmark noopener noreferrer\">Weiterlesen<\/a>\n\t\t\t<\/div>\n\t\t\t\n\t\t\t\t\t\t\t\t\t<\/article>\n\t\t\t\t\t\t\t\t\t\t\t\t\t\t\t\t<article class=\"uagb-post__inner-wrap\">\t\t\t\t\t\t\t\t<div class='uagb-post__image'>\n\t\t\t\t\t\t\t\t\t<a href=\"https:\/\/sfb1436.de\/de\/informationsveranstaltungs-cognitive-vitality\/\" target=\"_self\" rel=\"bookmark noopener noreferrer\"><img decoding=\"async\" width=\"500\" height=\"250\" src=\"https:\/\/sfb1436.de\/wp-content\/uploads\/2024\/01\/CoVitality_Logo.webp\" class=\"attachment-large size-large\" alt=\"Logo der Exzellenzinitiative_Cognitive Vitality\" srcset=\"https:\/\/sfb1436.de\/wp-content\/uploads\/2024\/01\/CoVitality_Logo.webp 500w, https:\/\/sfb1436.de\/wp-content\/uploads\/2024\/01\/CoVitality_Logo-300x150.webp 300w, https:\/\/sfb1436.de\/wp-content\/uploads\/2024\/01\/CoVitality_Logo-50x25.webp 50w\" sizes=\"(max-width: 500px) 100vw, 500px\" \/>\t\t\t\t\t<\/a>\n\t\t\t\t\t\t\t\t\t<\/div>\n\t\t\t\t\t\t<h4 class=\"uagb-post__title uagb-post__text\">\n\t\t\t\t<a href=\"https:\/\/sfb1436.de\/de\/informationsveranstaltungs-cognitive-vitality\/\" target=\"_self\" rel=\"bookmark noopener noreferrer\">Informationsveranstaltung des Forschungsprojekts Cognitive Vitality<\/a>\n\t\t\t<\/h4>\n\t\t\t\t\t\t<div class='uagb-post__text uagb-post-grid-byline'>\n\t\t\t\t\t\t\t\t<time datetime=\"2026-04-15T10:00:00+02:00\" class=\"uagb-post__date\">\n\t\t\t\t<span class=\"dashicons-calendar dashicons\"><\/span>\t\t\t\t\t15.04.2026\t\t\t\t<\/time>\n\t\t\t\t\t\t<\/div>\n\t\t\t\t\t\t\t<div class='uagb-post__text uagb-post__excerpt'>\n\t\t\t\t\t<p>Am 18. M\u00e4rz 2026 fand eine Informationsveranstaltung im Rahmen des Forschungsprojekts \u201eCognitive Vitality\u201c der Universit\u00e4tsmedizin&#8230;\t\t\t\t<\/div>\n\t\t\t\t\t\t<div class=\"uagb-post__text uagb-post__cta wp-block-button\">\n\t\t\t\t<a class=\"wp-block-button__link uagb-text-link\" style=\"\" href=\"https:\/\/sfb1436.de\/de\/informationsveranstaltungs-cognitive-vitality\/\" target=\"_self\" rel=\"bookmark noopener noreferrer\">Weiterlesen<\/a>\n\t\t\t<\/div>\n\t\t\t\n\t\t\t\t\t\t\t\t\t<\/article>\n\t\t\t\t\t\t\t\t\t\t\t\t\t\t\t\t<article class=\"uagb-post__inner-wrap\">\t\t\t\t\t\t\t\t<div class='uagb-post__image'>\n\t\t\t\t\t\t\t\t\t<a href=\"https:\/\/sfb1436.de\/de\/maximilian-lenz-in-der-sfb-1436-vortragsreihe\/\" target=\"_self\" rel=\"bookmark noopener noreferrer\"><img fetchpriority=\"high\" decoding=\"async\" width=\"1024\" height=\"184\" src=\"https:\/\/sfb1436.de\/wp-content\/uploads\/2023\/03\/sfb-speaker-1024x184.png\" class=\"attachment-large size-large\" alt=\"Logo der SFB 1436 Speaker Series\" srcset=\"https:\/\/sfb1436.de\/wp-content\/uploads\/2023\/03\/sfb-speaker-1024x184.png 1024w, https:\/\/sfb1436.de\/wp-content\/uploads\/2023\/03\/sfb-speaker-300x54.png 300w, https:\/\/sfb1436.de\/wp-content\/uploads\/2023\/03\/sfb-speaker-768x138.png 768w, https:\/\/sfb1436.de\/wp-content\/uploads\/2023\/03\/sfb-speaker-1536x277.png 1536w, https:\/\/sfb1436.de\/wp-content\/uploads\/2023\/03\/sfb-speaker-1600x288.png 1600w, https:\/\/sfb1436.de\/wp-content\/uploads\/2023\/03\/sfb-speaker.png 1738w\" sizes=\"(max-width: 1024px) 100vw, 1024px\" \/>\t\t\t\t\t<\/a>\n\t\t\t\t\t\t\t\t\t<\/div>\n\t\t\t\t\t\t<h4 class=\"uagb-post__title uagb-post__text\">\n\t\t\t\t<a href=\"https:\/\/sfb1436.de\/de\/maximilian-lenz-in-der-sfb-1436-vortragsreihe\/\" target=\"_self\" rel=\"bookmark noopener noreferrer\">Maximilian Lenz in der SFB 1436 Vortragsreihe<\/a>\n\t\t\t<\/h4>\n\t\t\t\t\t\t<div class='uagb-post__text uagb-post-grid-byline'>\n\t\t\t\t\t\t\t\t<time datetime=\"2026-04-13T09:00:00+02:00\" class=\"uagb-post__date\">\n\t\t\t\t<span class=\"dashicons-calendar dashicons\"><\/span>\t\t\t\t\t13.04.2026\t\t\t\t<\/time>\n\t\t\t\t\t\t<\/div>\n\t\t\t\t\t\t\t<div class='uagb-post__text uagb-post__excerpt'>\n\t\t\t\t\t<p>Am Montag, den 20. April 2026 begr\u00fc\u00dfen wir Professor Maximilian Lenz vom Institut f\u00fcr Neuroanatomie&#8230;\t\t\t\t<\/div>\n\t\t\t\t\t\t<div class=\"uagb-post__text uagb-post__cta wp-block-button\">\n\t\t\t\t<a class=\"wp-block-button__link uagb-text-link\" style=\"\" href=\"https:\/\/sfb1436.de\/de\/maximilian-lenz-in-der-sfb-1436-vortragsreihe\/\" target=\"_self\" rel=\"bookmark noopener noreferrer\">Weiterlesen<\/a>\n\t\t\t<\/div>\n\t\t\t\n\t\t\t\t\t\t\t\t\t<\/article>\n\t\t\t\t\t\t\t\t\t\t\t\t\t\t\t\t<article class=\"uagb-post__inner-wrap\">\t\t\t\t\t\t\t\t<h4 class=\"uagb-post__title uagb-post__text\">\n\t\t\t\t<a href=\"https:\/\/sfb1436.de\/de\/sfb1436-workshop-wissenschaft-in-bildern\/\" target=\"_self\" rel=\"bookmark noopener noreferrer\">SFB1436 Workshop Wissenschaft in Bildern<\/a>\n\t\t\t<\/h4>\n\t\t\t\t\t\t<div class='uagb-post__text uagb-post-grid-byline'>\n\t\t\t\t\t\t\t\t<time datetime=\"2026-04-10T12:17:13+02:00\" class=\"uagb-post__date\">\n\t\t\t\t<span class=\"dashicons-calendar dashicons\"><\/span>\t\t\t\t\t10.04.2026\t\t\t\t<\/time>\n\t\t\t\t\t\t<\/div>\n\t\t\t\t\t\t\t<div class='uagb-post__text uagb-post__excerpt'>\n\t\t\t\t\t<p>Am 23. und 24. M\u00e4rz 2026 fand der Workshop \u201eWissenschaft in Bildern erkl\u00e4ren\u201c bei uns&#8230;\t\t\t\t<\/div>\n\t\t\t\t\t\t<div class=\"uagb-post__text uagb-post__cta wp-block-button\">\n\t\t\t\t<a class=\"wp-block-button__link uagb-text-link\" style=\"\" href=\"https:\/\/sfb1436.de\/de\/sfb1436-workshop-wissenschaft-in-bildern\/\" target=\"_self\" rel=\"bookmark noopener noreferrer\">Weiterlesen<\/a>\n\t\t\t<\/div>\n\t\t\t\n\t\t\t\t\t\t\t\t\t<\/article>\n\t\t\t\t\t\t\t\t\t\t\t\t\t\t\t\t<article class=\"uagb-post__inner-wrap\">\t\t\t\t\t\t\t\t<div class='uagb-post__image'>\n\t\t\t\t\t\t\t\t\t<a href=\"https:\/\/sfb1436.de\/de\/ausbau-neurowissenschaftlichen-spitzenforschung\/\" target=\"_self\" rel=\"bookmark noopener noreferrer\"><img decoding=\"async\" width=\"511\" height=\"216\" src=\"https:\/\/sfb1436.de\/wp-content\/uploads\/2024\/08\/OVGU-Logo.png\" class=\"attachment-large size-large\" alt=\"Logo of OVGU\" srcset=\"https:\/\/sfb1436.de\/wp-content\/uploads\/2024\/08\/OVGU-Logo.png 511w, https:\/\/sfb1436.de\/wp-content\/uploads\/2024\/08\/OVGU-Logo-300x127.png 300w, https:\/\/sfb1436.de\/wp-content\/uploads\/2024\/08\/OVGU-Logo-50x21.png 50w\" sizes=\"(max-width: 511px) 100vw, 511px\" \/>\t\t\t\t\t<\/a>\n\t\t\t\t\t\t\t\t\t<\/div>\n\t\t\t\t\t\t<h4 class=\"uagb-post__title uagb-post__text\">\n\t\t\t\t<a href=\"https:\/\/sfb1436.de\/de\/ausbau-neurowissenschaftlichen-spitzenforschung\/\" target=\"_self\" rel=\"bookmark noopener noreferrer\">Ausbau der internationalen neurowissenschaftlichen Spitzenforschung<\/a>\n\t\t\t<\/h4>\n\t\t\t\t\t\t<div class='uagb-post__text uagb-post-grid-byline'>\n\t\t\t\t\t\t\t\t<time datetime=\"2026-04-07T10:00:00+02:00\" class=\"uagb-post__date\">\n\t\t\t\t<span class=\"dashicons-calendar dashicons\"><\/span>\t\t\t\t\t07.04.2026\t\t\t\t<\/time>\n\t\t\t\t\t\t<\/div>\n\t\t\t\t\t\t\t<div class='uagb-post__text uagb-post__excerpt'>\n\t\t\t\t\t<p>Mit einem Memorandum of Understanding zwischen der Universit\u00e4t Iowa und der Otto-von-Guericke-Universit\u00e4t baut der Standort&#8230;\t\t\t\t<\/div>\n\t\t\t\t\t\t<div class=\"uagb-post__text uagb-post__cta wp-block-button\">\n\t\t\t\t<a class=\"wp-block-button__link uagb-text-link\" style=\"\" href=\"https:\/\/sfb1436.de\/de\/ausbau-neurowissenschaftlichen-spitzenforschung\/\" target=\"_self\" rel=\"bookmark noopener noreferrer\">Weiterlesen<\/a>\n\t\t\t<\/div>\n\t\t\t\n\t\t\t\t\t\t\t\t\t<\/article>\n\t\t\t\t\t\t\t\t\t\t\t\t\t\t\t\t<article class=\"uagb-post__inner-wrap\">\t\t\t\t\t\t\t\t<div class='uagb-post__image'>\n\t\t\t\t\t\t\t\t\t<a href=\"https:\/\/sfb1436.de\/de\/thomas-nickl-jockschat-im-podcast-wdr-5-quarks-wissenschaft-und-mehr\/\" target=\"_self\" rel=\"bookmark noopener noreferrer\"><img loading=\"lazy\" decoding=\"async\" width=\"600\" height=\"150\" src=\"https:\/\/sfb1436.de\/wp-content\/uploads\/2026\/04\/WDR_Logo.webp\" class=\"attachment-large size-large\" alt=\"Logo WDR\" srcset=\"https:\/\/sfb1436.de\/wp-content\/uploads\/2026\/04\/WDR_Logo.webp 600w, https:\/\/sfb1436.de\/wp-content\/uploads\/2026\/04\/WDR_Logo-300x75.webp 300w, https:\/\/sfb1436.de\/wp-content\/uploads\/2026\/04\/WDR_Logo-50x13.webp 50w\" sizes=\"(max-width: 600px) 100vw, 600px\" \/>\t\t\t\t\t<\/a>\n\t\t\t\t\t\t\t\t\t<\/div>\n\t\t\t\t\t\t<h4 class=\"uagb-post__title uagb-post__text\">\n\t\t\t\t<a href=\"https:\/\/sfb1436.de\/de\/thomas-nickl-jockschat-im-podcast-wdr-5-quarks-wissenschaft-und-mehr\/\" target=\"_self\" rel=\"bookmark noopener noreferrer\">Thomas Nickl-Jockschat im Podcast WDR 5 Quarks &#8211; Wissenschaft und mehr<\/a>\n\t\t\t<\/h4>\n\t\t\t\t\t\t<div class='uagb-post__text uagb-post-grid-byline'>\n\t\t\t\t\t\t\t\t<time datetime=\"2026-04-02T12:20:44+02:00\" class=\"uagb-post__date\">\n\t\t\t\t<span class=\"dashicons-calendar dashicons\"><\/span>\t\t\t\t\t02.04.2026\t\t\t\t<\/time>\n\t\t\t\t\t\t<\/div>\n\t\t\t\t\t\t\t<div class='uagb-post__text uagb-post__excerpt'>\n\t\t\t\t\t<p>In der Reihe Quarks \u2013 Wissenschaft und mehr des WDR5 vom 16.03.2026 spricht SFB 1436&#8230;\t\t\t\t<\/div>\n\t\t\t\t\t\t<div class=\"uagb-post__text uagb-post__cta wp-block-button\">\n\t\t\t\t<a class=\"wp-block-button__link uagb-text-link\" style=\"\" href=\"https:\/\/sfb1436.de\/de\/thomas-nickl-jockschat-im-podcast-wdr-5-quarks-wissenschaft-und-mehr\/\" target=\"_self\" rel=\"bookmark noopener noreferrer\">Weiterlesen<\/a>\n\t\t\t<\/div>\n\t\t\t\n\t\t\t\t\t\t\t\t\t<\/article>\n\t\t\t\t\t\t\t\t\t\t\t\t\t\t\t<div class=\"uagb-post__load-more-wrap\">\n\t\t\t\t\t\t\t\t<span class=\"uagb-post-pagination-button\">\n\t\t\t\t\t\t\t\t\t<a class=\"uagb-post__load-more\" href=\"javascript:void(0);\">\n\t\t\t\t\t\t\t\t\tMehr laden\t\t\t\t\t\t\t\t\t<\/a>\n\t\t\t\t\t\t\t\t<\/span>\n\t\t\t\t\t\t\t<\/div>\n\t\t\t\t\t\t\t\t\t\t<\/div>\n\t\t\t<\/div>\n\n\n\n<div class=\"wp-block-uagb-tabs-child uagb-tabs__body-container uagb-inner-tab-1\" aria-labelledby=\"uagb-tabs__tab1\">\n\t\t\t<div class=\"wp-block-uagb-post-masonry uagb-post-grid  uagb-post__image-position-top uagb-post__image-enabled uagb-block-fc05028e     uagb-post__items uagb-post__columns-3 is-masonry uagb-post__columns-tablet-2 uagb-post__columns-mobile-1\" data-total=\"56\" style=\"\">\n\n\t\t\t\t\t\t\t\t\t\t\t\t<article class=\"uagb-post__inner-wrap\">\t\t\t\t\t\t\t\t<div class='uagb-post__image'>\n\t\t\t\t\t\t\t\t\t<a href=\"https:\/\/sfb1436.de\/de\/maximilian-lenz-zu-gast-im-sfb-1436\/\" target=\"_self\" rel=\"bookmark noopener noreferrer\"><img fetchpriority=\"high\" decoding=\"async\" width=\"1024\" height=\"184\" src=\"https:\/\/sfb1436.de\/wp-content\/uploads\/2023\/03\/sfb-speaker-1024x184.png\" class=\"attachment-large size-large\" alt=\"Logo der SFB 1436 Speaker Series\" srcset=\"https:\/\/sfb1436.de\/wp-content\/uploads\/2023\/03\/sfb-speaker-1024x184.png 1024w, https:\/\/sfb1436.de\/wp-content\/uploads\/2023\/03\/sfb-speaker-300x54.png 300w, https:\/\/sfb1436.de\/wp-content\/uploads\/2023\/03\/sfb-speaker-768x138.png 768w, https:\/\/sfb1436.de\/wp-content\/uploads\/2023\/03\/sfb-speaker-1536x277.png 1536w, https:\/\/sfb1436.de\/wp-content\/uploads\/2023\/03\/sfb-speaker-1600x288.png 1600w, https:\/\/sfb1436.de\/wp-content\/uploads\/2023\/03\/sfb-speaker.png 1738w\" sizes=\"(max-width: 1024px) 100vw, 1024px\" \/>\t\t\t\t\t<\/a>\n\t\t\t\t\t\t\t\t\t<\/div>\n\t\t\t\t\t\t<h4 class=\"uagb-post__title uagb-post__text\">\n\t\t\t\t<a href=\"https:\/\/sfb1436.de\/de\/maximilian-lenz-zu-gast-im-sfb-1436\/\" target=\"_self\" rel=\"bookmark noopener noreferrer\">Maximilian Lenz zu Gast im SFB 1436<\/a>\n\t\t\t<\/h4>\n\t\t\t\t\t\t<div class='uagb-post__text uagb-post-grid-byline'>\n\t\t\t\t\t\t\t\t<time datetime=\"2026-04-17T09:00:00+02:00\" class=\"uagb-post__date\">\n\t\t\t\t<span class=\"dashicons-calendar dashicons\"><\/span>\t\t\t\t\t17.04.2026\t\t\t\t<\/time>\n\t\t\t\t\t\t<\/div>\n\t\t\t\t\t\t\t<div class='uagb-post__text uagb-post__excerpt'>\n\t\t\t\t\t<p>Am Montag, den 20. April 2026 begr\u00fc\u00dfen wir Professor Maximilian Lenz vom Institut f\u00fcr Neuroanatomie&#8230;\t\t\t\t<\/div>\n\t\t\t\t\t\t<div class=\"uagb-post__text uagb-post__cta wp-block-button\">\n\t\t\t\t<a class=\"wp-block-button__link uagb-text-link\" style=\"\" href=\"https:\/\/sfb1436.de\/de\/maximilian-lenz-zu-gast-im-sfb-1436\/\" target=\"_self\" rel=\"bookmark noopener noreferrer\">Weiterlesen<\/a>\n\t\t\t<\/div>\n\t\t\t\n\t\t\t\t\t\t\t\t\t<\/article>\n\t\t\t\t\t\t\t\t\t\t\t\t\t\t\t\t<article class=\"uagb-post__inner-wrap\">\t\t\t\t\t\t\t\t<div class='uagb-post__image'>\n\t\t\t\t\t\t\t\t\t<a href=\"https:\/\/sfb1436.de\/de\/informationsveranstaltungs-cognitive-vitality\/\" target=\"_self\" rel=\"bookmark noopener noreferrer\"><img decoding=\"async\" width=\"500\" height=\"250\" src=\"https:\/\/sfb1436.de\/wp-content\/uploads\/2024\/01\/CoVitality_Logo.webp\" class=\"attachment-large size-large\" alt=\"Logo der Exzellenzinitiative_Cognitive Vitality\" srcset=\"https:\/\/sfb1436.de\/wp-content\/uploads\/2024\/01\/CoVitality_Logo.webp 500w, https:\/\/sfb1436.de\/wp-content\/uploads\/2024\/01\/CoVitality_Logo-300x150.webp 300w, https:\/\/sfb1436.de\/wp-content\/uploads\/2024\/01\/CoVitality_Logo-50x25.webp 50w\" sizes=\"(max-width: 500px) 100vw, 500px\" \/>\t\t\t\t\t<\/a>\n\t\t\t\t\t\t\t\t\t<\/div>\n\t\t\t\t\t\t<h4 class=\"uagb-post__title uagb-post__text\">\n\t\t\t\t<a href=\"https:\/\/sfb1436.de\/de\/informationsveranstaltungs-cognitive-vitality\/\" target=\"_self\" rel=\"bookmark noopener noreferrer\">Informationsveranstaltung des Forschungsprojekts Cognitive Vitality<\/a>\n\t\t\t<\/h4>\n\t\t\t\t\t\t<div class='uagb-post__text uagb-post-grid-byline'>\n\t\t\t\t\t\t\t\t<time datetime=\"2026-04-15T10:00:00+02:00\" class=\"uagb-post__date\">\n\t\t\t\t<span class=\"dashicons-calendar dashicons\"><\/span>\t\t\t\t\t15.04.2026\t\t\t\t<\/time>\n\t\t\t\t\t\t<\/div>\n\t\t\t\t\t\t\t<div class='uagb-post__text uagb-post__excerpt'>\n\t\t\t\t\t<p>Am 18. M\u00e4rz 2026 fand eine Informationsveranstaltung im Rahmen des Forschungsprojekts \u201eCognitive Vitality\u201c der Universit\u00e4tsmedizin&#8230;\t\t\t\t<\/div>\n\t\t\t\t\t\t<div class=\"uagb-post__text uagb-post__cta wp-block-button\">\n\t\t\t\t<a class=\"wp-block-button__link uagb-text-link\" style=\"\" href=\"https:\/\/sfb1436.de\/de\/informationsveranstaltungs-cognitive-vitality\/\" target=\"_self\" rel=\"bookmark noopener noreferrer\">Weiterlesen<\/a>\n\t\t\t<\/div>\n\t\t\t\n\t\t\t\t\t\t\t\t\t<\/article>\n\t\t\t\t\t\t\t\t\t\t\t\t\t\t\t\t<article class=\"uagb-post__inner-wrap\">\t\t\t\t\t\t\t\t<div class='uagb-post__image'>\n\t\t\t\t\t\t\t\t\t<a href=\"https:\/\/sfb1436.de\/de\/maximilian-lenz-in-der-sfb-1436-vortragsreihe\/\" target=\"_self\" rel=\"bookmark noopener noreferrer\"><img fetchpriority=\"high\" decoding=\"async\" width=\"1024\" height=\"184\" src=\"https:\/\/sfb1436.de\/wp-content\/uploads\/2023\/03\/sfb-speaker-1024x184.png\" class=\"attachment-large size-large\" alt=\"Logo der SFB 1436 Speaker Series\" srcset=\"https:\/\/sfb1436.de\/wp-content\/uploads\/2023\/03\/sfb-speaker-1024x184.png 1024w, https:\/\/sfb1436.de\/wp-content\/uploads\/2023\/03\/sfb-speaker-300x54.png 300w, https:\/\/sfb1436.de\/wp-content\/uploads\/2023\/03\/sfb-speaker-768x138.png 768w, https:\/\/sfb1436.de\/wp-content\/uploads\/2023\/03\/sfb-speaker-1536x277.png 1536w, https:\/\/sfb1436.de\/wp-content\/uploads\/2023\/03\/sfb-speaker-1600x288.png 1600w, https:\/\/sfb1436.de\/wp-content\/uploads\/2023\/03\/sfb-speaker.png 1738w\" sizes=\"(max-width: 1024px) 100vw, 1024px\" \/>\t\t\t\t\t<\/a>\n\t\t\t\t\t\t\t\t\t<\/div>\n\t\t\t\t\t\t<h4 class=\"uagb-post__title uagb-post__text\">\n\t\t\t\t<a href=\"https:\/\/sfb1436.de\/de\/maximilian-lenz-in-der-sfb-1436-vortragsreihe\/\" target=\"_self\" rel=\"bookmark noopener noreferrer\">Maximilian Lenz in der SFB 1436 Vortragsreihe<\/a>\n\t\t\t<\/h4>\n\t\t\t\t\t\t<div class='uagb-post__text uagb-post-grid-byline'>\n\t\t\t\t\t\t\t\t<time datetime=\"2026-04-13T09:00:00+02:00\" class=\"uagb-post__date\">\n\t\t\t\t<span class=\"dashicons-calendar dashicons\"><\/span>\t\t\t\t\t13.04.2026\t\t\t\t<\/time>\n\t\t\t\t\t\t<\/div>\n\t\t\t\t\t\t\t<div class='uagb-post__text uagb-post__excerpt'>\n\t\t\t\t\t<p>Am Montag, den 20. April 2026 begr\u00fc\u00dfen wir Professor Maximilian Lenz vom Institut f\u00fcr Neuroanatomie&#8230;\t\t\t\t<\/div>\n\t\t\t\t\t\t<div class=\"uagb-post__text uagb-post__cta wp-block-button\">\n\t\t\t\t<a class=\"wp-block-button__link uagb-text-link\" style=\"\" href=\"https:\/\/sfb1436.de\/de\/maximilian-lenz-in-der-sfb-1436-vortragsreihe\/\" target=\"_self\" rel=\"bookmark noopener noreferrer\">Weiterlesen<\/a>\n\t\t\t<\/div>\n\t\t\t\n\t\t\t\t\t\t\t\t\t<\/article>\n\t\t\t\t\t\t\t\t\t\t\t\t\t\t\t\t<article class=\"uagb-post__inner-wrap\">\t\t\t\t\t\t\t\t<h4 class=\"uagb-post__title uagb-post__text\">\n\t\t\t\t<a href=\"https:\/\/sfb1436.de\/de\/sfb1436-workshop-wissenschaft-in-bildern\/\" target=\"_self\" rel=\"bookmark noopener noreferrer\">SFB1436 Workshop Wissenschaft in Bildern<\/a>\n\t\t\t<\/h4>\n\t\t\t\t\t\t<div class='uagb-post__text uagb-post-grid-byline'>\n\t\t\t\t\t\t\t\t<time datetime=\"2026-04-10T12:17:13+02:00\" class=\"uagb-post__date\">\n\t\t\t\t<span class=\"dashicons-calendar dashicons\"><\/span>\t\t\t\t\t10.04.2026\t\t\t\t<\/time>\n\t\t\t\t\t\t<\/div>\n\t\t\t\t\t\t\t<div class='uagb-post__text uagb-post__excerpt'>\n\t\t\t\t\t<p>Am 23. und 24. M\u00e4rz 2026 fand der Workshop \u201eWissenschaft in Bildern erkl\u00e4ren\u201c bei uns&#8230;\t\t\t\t<\/div>\n\t\t\t\t\t\t<div class=\"uagb-post__text uagb-post__cta wp-block-button\">\n\t\t\t\t<a class=\"wp-block-button__link uagb-text-link\" style=\"\" href=\"https:\/\/sfb1436.de\/de\/sfb1436-workshop-wissenschaft-in-bildern\/\" target=\"_self\" rel=\"bookmark noopener noreferrer\">Weiterlesen<\/a>\n\t\t\t<\/div>\n\t\t\t\n\t\t\t\t\t\t\t\t\t<\/article>\n\t\t\t\t\t\t\t\t\t\t\t\t\t\t\t\t<article class=\"uagb-post__inner-wrap\">\t\t\t\t\t\t\t\t<div class='uagb-post__image'>\n\t\t\t\t\t\t\t\t\t<a href=\"https:\/\/sfb1436.de\/de\/ausbau-neurowissenschaftlichen-spitzenforschung\/\" target=\"_self\" rel=\"bookmark noopener noreferrer\"><img decoding=\"async\" width=\"511\" height=\"216\" src=\"https:\/\/sfb1436.de\/wp-content\/uploads\/2024\/08\/OVGU-Logo.png\" class=\"attachment-large size-large\" alt=\"Logo of OVGU\" srcset=\"https:\/\/sfb1436.de\/wp-content\/uploads\/2024\/08\/OVGU-Logo.png 511w, https:\/\/sfb1436.de\/wp-content\/uploads\/2024\/08\/OVGU-Logo-300x127.png 300w, https:\/\/sfb1436.de\/wp-content\/uploads\/2024\/08\/OVGU-Logo-50x21.png 50w\" sizes=\"(max-width: 511px) 100vw, 511px\" \/>\t\t\t\t\t<\/a>\n\t\t\t\t\t\t\t\t\t<\/div>\n\t\t\t\t\t\t<h4 class=\"uagb-post__title uagb-post__text\">\n\t\t\t\t<a href=\"https:\/\/sfb1436.de\/de\/ausbau-neurowissenschaftlichen-spitzenforschung\/\" target=\"_self\" rel=\"bookmark noopener noreferrer\">Ausbau der internationalen neurowissenschaftlichen Spitzenforschung<\/a>\n\t\t\t<\/h4>\n\t\t\t\t\t\t<div class='uagb-post__text uagb-post-grid-byline'>\n\t\t\t\t\t\t\t\t<time datetime=\"2026-04-07T10:00:00+02:00\" class=\"uagb-post__date\">\n\t\t\t\t<span class=\"dashicons-calendar dashicons\"><\/span>\t\t\t\t\t07.04.2026\t\t\t\t<\/time>\n\t\t\t\t\t\t<\/div>\n\t\t\t\t\t\t\t<div class='uagb-post__text uagb-post__excerpt'>\n\t\t\t\t\t<p>Mit einem Memorandum of Understanding zwischen der Universit\u00e4t Iowa und der Otto-von-Guericke-Universit\u00e4t baut der Standort&#8230;\t\t\t\t<\/div>\n\t\t\t\t\t\t<div class=\"uagb-post__text uagb-post__cta wp-block-button\">\n\t\t\t\t<a class=\"wp-block-button__link uagb-text-link\" style=\"\" href=\"https:\/\/sfb1436.de\/de\/ausbau-neurowissenschaftlichen-spitzenforschung\/\" target=\"_self\" rel=\"bookmark noopener noreferrer\">Weiterlesen<\/a>\n\t\t\t<\/div>\n\t\t\t\n\t\t\t\t\t\t\t\t\t<\/article>\n\t\t\t\t\t\t\t\t\t\t\t\t\t\t\t\t<article class=\"uagb-post__inner-wrap\">\t\t\t\t\t\t\t\t<div class='uagb-post__image'>\n\t\t\t\t\t\t\t\t\t<a href=\"https:\/\/sfb1436.de\/de\/thomas-nickl-jockschat-im-podcast-wdr-5-quarks-wissenschaft-und-mehr\/\" target=\"_self\" rel=\"bookmark noopener noreferrer\"><img loading=\"lazy\" decoding=\"async\" width=\"600\" height=\"150\" src=\"https:\/\/sfb1436.de\/wp-content\/uploads\/2026\/04\/WDR_Logo.webp\" class=\"attachment-large size-large\" alt=\"Logo WDR\" srcset=\"https:\/\/sfb1436.de\/wp-content\/uploads\/2026\/04\/WDR_Logo.webp 600w, https:\/\/sfb1436.de\/wp-content\/uploads\/2026\/04\/WDR_Logo-300x75.webp 300w, https:\/\/sfb1436.de\/wp-content\/uploads\/2026\/04\/WDR_Logo-50x13.webp 50w\" sizes=\"(max-width: 600px) 100vw, 600px\" \/>\t\t\t\t\t<\/a>\n\t\t\t\t\t\t\t\t\t<\/div>\n\t\t\t\t\t\t<h4 class=\"uagb-post__title uagb-post__text\">\n\t\t\t\t<a href=\"https:\/\/sfb1436.de\/de\/thomas-nickl-jockschat-im-podcast-wdr-5-quarks-wissenschaft-und-mehr\/\" target=\"_self\" rel=\"bookmark noopener noreferrer\">Thomas Nickl-Jockschat im Podcast WDR 5 Quarks &#8211; Wissenschaft und mehr<\/a>\n\t\t\t<\/h4>\n\t\t\t\t\t\t<div class='uagb-post__text uagb-post-grid-byline'>\n\t\t\t\t\t\t\t\t<time datetime=\"2026-04-02T12:20:44+02:00\" class=\"uagb-post__date\">\n\t\t\t\t<span class=\"dashicons-calendar dashicons\"><\/span>\t\t\t\t\t02.04.2026\t\t\t\t<\/time>\n\t\t\t\t\t\t<\/div>\n\t\t\t\t\t\t\t<div class='uagb-post__text uagb-post__excerpt'>\n\t\t\t\t\t<p>In der Reihe Quarks \u2013 Wissenschaft und mehr des WDR5 vom 16.03.2026 spricht SFB 1436&#8230;\t\t\t\t<\/div>\n\t\t\t\t\t\t<div class=\"uagb-post__text uagb-post__cta wp-block-button\">\n\t\t\t\t<a class=\"wp-block-button__link uagb-text-link\" style=\"\" href=\"https:\/\/sfb1436.de\/de\/thomas-nickl-jockschat-im-podcast-wdr-5-quarks-wissenschaft-und-mehr\/\" target=\"_self\" rel=\"bookmark noopener noreferrer\">Weiterlesen<\/a>\n\t\t\t<\/div>\n\t\t\t\n\t\t\t\t\t\t\t\t\t<\/article>\n\t\t\t\t\t\t\t\t\t\t\t\t\t\t\t<div class=\"uagb-post__load-more-wrap\">\n\t\t\t\t\t\t\t\t<span class=\"uagb-post-pagination-button\">\n\t\t\t\t\t\t\t\t\t<a class=\"uagb-post__load-more\" href=\"javascript:void(0);\">\n\t\t\t\t\t\t\t\t\tMehr laden\t\t\t\t\t\t\t\t\t<\/a>\n\t\t\t\t\t\t\t\t<\/span>\n\t\t\t\t\t\t\t<\/div>\n\t\t\t\t\t\t\t\t\t\t<\/div>\n\t\t\t<\/div>\n\n\n\n<div class=\"wp-block-uagb-tabs-child uagb-tabs__body-container uagb-inner-tab-2\" aria-labelledby=\"uagb-tabs__tab2\">\n\t\t\t<div class=\"wp-block-uagb-post-masonry uagb-post-grid  uagb-post__image-position-top uagb-post__image-enabled uagb-block-21eb09cd     uagb-post__items uagb-post__columns-3 is-masonry uagb-post__columns-tablet-2 uagb-post__columns-mobile-1\" data-total=\"70\" style=\"\">\n\n\t\t\t\t\t\t\t\t\t\t\t\t<article class=\"uagb-post__inner-wrap\">\t\t\t\t\t\t\t\t<div class='uagb-post__image'>\n\t\t\t\t\t\t\t\t\t<a href=\"https:\/\/sfb1436.de\/de\/maximilian-lenz-zu-gast-im-sfb-1436\/\" target=\"_self\" rel=\"bookmark noopener noreferrer\"><img fetchpriority=\"high\" decoding=\"async\" width=\"1024\" height=\"184\" src=\"https:\/\/sfb1436.de\/wp-content\/uploads\/2023\/03\/sfb-speaker-1024x184.png\" class=\"attachment-large size-large\" alt=\"Logo der SFB 1436 Speaker Series\" srcset=\"https:\/\/sfb1436.de\/wp-content\/uploads\/2023\/03\/sfb-speaker-1024x184.png 1024w, https:\/\/sfb1436.de\/wp-content\/uploads\/2023\/03\/sfb-speaker-300x54.png 300w, https:\/\/sfb1436.de\/wp-content\/uploads\/2023\/03\/sfb-speaker-768x138.png 768w, https:\/\/sfb1436.de\/wp-content\/uploads\/2023\/03\/sfb-speaker-1536x277.png 1536w, https:\/\/sfb1436.de\/wp-content\/uploads\/2023\/03\/sfb-speaker-1600x288.png 1600w, https:\/\/sfb1436.de\/wp-content\/uploads\/2023\/03\/sfb-speaker.png 1738w\" sizes=\"(max-width: 1024px) 100vw, 1024px\" \/>\t\t\t\t\t<\/a>\n\t\t\t\t\t\t\t\t\t<\/div>\n\t\t\t\t\t\t<h4 class=\"uagb-post__title uagb-post__text\">\n\t\t\t\t<a href=\"https:\/\/sfb1436.de\/de\/maximilian-lenz-zu-gast-im-sfb-1436\/\" target=\"_self\" rel=\"bookmark noopener noreferrer\">Maximilian Lenz zu Gast im SFB 1436<\/a>\n\t\t\t<\/h4>\n\t\t\t\t\t\t<div class='uagb-post__text uagb-post-grid-byline'>\n\t\t\t\t\t\t\t\t<time datetime=\"2026-04-17T09:00:00+02:00\" class=\"uagb-post__date\">\n\t\t\t\t<span class=\"dashicons-calendar dashicons\"><\/span>\t\t\t\t\t17.04.2026\t\t\t\t<\/time>\n\t\t\t\t\t\t<\/div>\n\t\t\t\t\t\t\t<div class='uagb-post__text uagb-post__excerpt'>\n\t\t\t\t\t<p>Am Montag, den 20. April 2026 begr\u00fc\u00dfen wir Professor Maximilian Lenz vom Institut f\u00fcr Neuroanatomie&#8230;\t\t\t\t<\/div>\n\t\t\t\t\t\t<div class=\"uagb-post__text uagb-post__cta wp-block-button\">\n\t\t\t\t<a class=\"wp-block-button__link uagb-text-link\" style=\"\" href=\"https:\/\/sfb1436.de\/de\/maximilian-lenz-zu-gast-im-sfb-1436\/\" target=\"_self\" rel=\"bookmark noopener noreferrer\">Weiterlesen<\/a>\n\t\t\t<\/div>\n\t\t\t\n\t\t\t\t\t\t\t\t\t<\/article>\n\t\t\t\t\t\t\t\t\t\t\t\t\t\t\t\t<article class=\"uagb-post__inner-wrap\">\t\t\t\t\t\t\t\t<div class='uagb-post__image'>\n\t\t\t\t\t\t\t\t\t<a href=\"https:\/\/sfb1436.de\/de\/informationsveranstaltungs-cognitive-vitality\/\" target=\"_self\" rel=\"bookmark noopener noreferrer\"><img decoding=\"async\" width=\"500\" height=\"250\" src=\"https:\/\/sfb1436.de\/wp-content\/uploads\/2024\/01\/CoVitality_Logo.webp\" class=\"attachment-large size-large\" alt=\"Logo der Exzellenzinitiative_Cognitive Vitality\" srcset=\"https:\/\/sfb1436.de\/wp-content\/uploads\/2024\/01\/CoVitality_Logo.webp 500w, https:\/\/sfb1436.de\/wp-content\/uploads\/2024\/01\/CoVitality_Logo-300x150.webp 300w, https:\/\/sfb1436.de\/wp-content\/uploads\/2024\/01\/CoVitality_Logo-50x25.webp 50w\" sizes=\"(max-width: 500px) 100vw, 500px\" \/>\t\t\t\t\t<\/a>\n\t\t\t\t\t\t\t\t\t<\/div>\n\t\t\t\t\t\t<h4 class=\"uagb-post__title uagb-post__text\">\n\t\t\t\t<a href=\"https:\/\/sfb1436.de\/de\/informationsveranstaltungs-cognitive-vitality\/\" target=\"_self\" rel=\"bookmark noopener noreferrer\">Informationsveranstaltung des Forschungsprojekts Cognitive Vitality<\/a>\n\t\t\t<\/h4>\n\t\t\t\t\t\t<div class='uagb-post__text uagb-post-grid-byline'>\n\t\t\t\t\t\t\t\t<time datetime=\"2026-04-15T10:00:00+02:00\" class=\"uagb-post__date\">\n\t\t\t\t<span class=\"dashicons-calendar dashicons\"><\/span>\t\t\t\t\t15.04.2026\t\t\t\t<\/time>\n\t\t\t\t\t\t<\/div>\n\t\t\t\t\t\t\t<div class='uagb-post__text uagb-post__excerpt'>\n\t\t\t\t\t<p>Am 18. M\u00e4rz 2026 fand eine Informationsveranstaltung im Rahmen des Forschungsprojekts \u201eCognitive Vitality\u201c der Universit\u00e4tsmedizin&#8230;\t\t\t\t<\/div>\n\t\t\t\t\t\t<div class=\"uagb-post__text uagb-post__cta wp-block-button\">\n\t\t\t\t<a class=\"wp-block-button__link uagb-text-link\" style=\"\" href=\"https:\/\/sfb1436.de\/de\/informationsveranstaltungs-cognitive-vitality\/\" target=\"_self\" rel=\"bookmark noopener noreferrer\">Weiterlesen<\/a>\n\t\t\t<\/div>\n\t\t\t\n\t\t\t\t\t\t\t\t\t<\/article>\n\t\t\t\t\t\t\t\t\t\t\t\t\t\t\t\t<article class=\"uagb-post__inner-wrap\">\t\t\t\t\t\t\t\t<div class='uagb-post__image'>\n\t\t\t\t\t\t\t\t\t<a href=\"https:\/\/sfb1436.de\/de\/maximilian-lenz-in-der-sfb-1436-vortragsreihe\/\" target=\"_self\" rel=\"bookmark noopener noreferrer\"><img fetchpriority=\"high\" decoding=\"async\" width=\"1024\" height=\"184\" src=\"https:\/\/sfb1436.de\/wp-content\/uploads\/2023\/03\/sfb-speaker-1024x184.png\" class=\"attachment-large size-large\" alt=\"Logo der SFB 1436 Speaker Series\" srcset=\"https:\/\/sfb1436.de\/wp-content\/uploads\/2023\/03\/sfb-speaker-1024x184.png 1024w, https:\/\/sfb1436.de\/wp-content\/uploads\/2023\/03\/sfb-speaker-300x54.png 300w, https:\/\/sfb1436.de\/wp-content\/uploads\/2023\/03\/sfb-speaker-768x138.png 768w, https:\/\/sfb1436.de\/wp-content\/uploads\/2023\/03\/sfb-speaker-1536x277.png 1536w, https:\/\/sfb1436.de\/wp-content\/uploads\/2023\/03\/sfb-speaker-1600x288.png 1600w, https:\/\/sfb1436.de\/wp-content\/uploads\/2023\/03\/sfb-speaker.png 1738w\" sizes=\"(max-width: 1024px) 100vw, 1024px\" \/>\t\t\t\t\t<\/a>\n\t\t\t\t\t\t\t\t\t<\/div>\n\t\t\t\t\t\t<h4 class=\"uagb-post__title uagb-post__text\">\n\t\t\t\t<a href=\"https:\/\/sfb1436.de\/de\/maximilian-lenz-in-der-sfb-1436-vortragsreihe\/\" target=\"_self\" rel=\"bookmark noopener noreferrer\">Maximilian Lenz in der SFB 1436 Vortragsreihe<\/a>\n\t\t\t<\/h4>\n\t\t\t\t\t\t<div class='uagb-post__text uagb-post-grid-byline'>\n\t\t\t\t\t\t\t\t<time datetime=\"2026-04-13T09:00:00+02:00\" class=\"uagb-post__date\">\n\t\t\t\t<span class=\"dashicons-calendar dashicons\"><\/span>\t\t\t\t\t13.04.2026\t\t\t\t<\/time>\n\t\t\t\t\t\t<\/div>\n\t\t\t\t\t\t\t<div class='uagb-post__text uagb-post__excerpt'>\n\t\t\t\t\t<p>Am Montag, den 20. April 2026 begr\u00fc\u00dfen wir Professor Maximilian Lenz vom Institut f\u00fcr Neuroanatomie&#8230;\t\t\t\t<\/div>\n\t\t\t\t\t\t<div class=\"uagb-post__text uagb-post__cta wp-block-button\">\n\t\t\t\t<a class=\"wp-block-button__link uagb-text-link\" style=\"\" href=\"https:\/\/sfb1436.de\/de\/maximilian-lenz-in-der-sfb-1436-vortragsreihe\/\" target=\"_self\" rel=\"bookmark noopener noreferrer\">Weiterlesen<\/a>\n\t\t\t<\/div>\n\t\t\t\n\t\t\t\t\t\t\t\t\t<\/article>\n\t\t\t\t\t\t\t\t\t\t\t\t\t\t\t\t<article class=\"uagb-post__inner-wrap\">\t\t\t\t\t\t\t\t<h4 class=\"uagb-post__title uagb-post__text\">\n\t\t\t\t<a href=\"https:\/\/sfb1436.de\/de\/sfb1436-workshop-wissenschaft-in-bildern\/\" target=\"_self\" rel=\"bookmark noopener noreferrer\">SFB1436 Workshop Wissenschaft in Bildern<\/a>\n\t\t\t<\/h4>\n\t\t\t\t\t\t<div class='uagb-post__text uagb-post-grid-byline'>\n\t\t\t\t\t\t\t\t<time datetime=\"2026-04-10T12:17:13+02:00\" class=\"uagb-post__date\">\n\t\t\t\t<span class=\"dashicons-calendar dashicons\"><\/span>\t\t\t\t\t10.04.2026\t\t\t\t<\/time>\n\t\t\t\t\t\t<\/div>\n\t\t\t\t\t\t\t<div class='uagb-post__text uagb-post__excerpt'>\n\t\t\t\t\t<p>Am 23. und 24. M\u00e4rz 2026 fand der Workshop \u201eWissenschaft in Bildern erkl\u00e4ren\u201c bei uns&#8230;\t\t\t\t<\/div>\n\t\t\t\t\t\t<div class=\"uagb-post__text uagb-post__cta wp-block-button\">\n\t\t\t\t<a class=\"wp-block-button__link uagb-text-link\" style=\"\" href=\"https:\/\/sfb1436.de\/de\/sfb1436-workshop-wissenschaft-in-bildern\/\" target=\"_self\" rel=\"bookmark noopener noreferrer\">Weiterlesen<\/a>\n\t\t\t<\/div>\n\t\t\t\n\t\t\t\t\t\t\t\t\t<\/article>\n\t\t\t\t\t\t\t\t\t\t\t\t\t\t\t\t<article class=\"uagb-post__inner-wrap\">\t\t\t\t\t\t\t\t<div class='uagb-post__image'>\n\t\t\t\t\t\t\t\t\t<a href=\"https:\/\/sfb1436.de\/de\/ausbau-neurowissenschaftlichen-spitzenforschung\/\" target=\"_self\" rel=\"bookmark noopener noreferrer\"><img decoding=\"async\" width=\"511\" height=\"216\" src=\"https:\/\/sfb1436.de\/wp-content\/uploads\/2024\/08\/OVGU-Logo.png\" class=\"attachment-large size-large\" alt=\"Logo of OVGU\" srcset=\"https:\/\/sfb1436.de\/wp-content\/uploads\/2024\/08\/OVGU-Logo.png 511w, https:\/\/sfb1436.de\/wp-content\/uploads\/2024\/08\/OVGU-Logo-300x127.png 300w, https:\/\/sfb1436.de\/wp-content\/uploads\/2024\/08\/OVGU-Logo-50x21.png 50w\" sizes=\"(max-width: 511px) 100vw, 511px\" \/>\t\t\t\t\t<\/a>\n\t\t\t\t\t\t\t\t\t<\/div>\n\t\t\t\t\t\t<h4 class=\"uagb-post__title uagb-post__text\">\n\t\t\t\t<a href=\"https:\/\/sfb1436.de\/de\/ausbau-neurowissenschaftlichen-spitzenforschung\/\" target=\"_self\" rel=\"bookmark noopener noreferrer\">Ausbau der internationalen neurowissenschaftlichen Spitzenforschung<\/a>\n\t\t\t<\/h4>\n\t\t\t\t\t\t<div class='uagb-post__text uagb-post-grid-byline'>\n\t\t\t\t\t\t\t\t<time datetime=\"2026-04-07T10:00:00+02:00\" class=\"uagb-post__date\">\n\t\t\t\t<span class=\"dashicons-calendar dashicons\"><\/span>\t\t\t\t\t07.04.2026\t\t\t\t<\/time>\n\t\t\t\t\t\t<\/div>\n\t\t\t\t\t\t\t<div class='uagb-post__text uagb-post__excerpt'>\n\t\t\t\t\t<p>Mit einem Memorandum of Understanding zwischen der Universit\u00e4t Iowa und der Otto-von-Guericke-Universit\u00e4t baut der Standort&#8230;\t\t\t\t<\/div>\n\t\t\t\t\t\t<div class=\"uagb-post__text uagb-post__cta wp-block-button\">\n\t\t\t\t<a class=\"wp-block-button__link uagb-text-link\" style=\"\" href=\"https:\/\/sfb1436.de\/de\/ausbau-neurowissenschaftlichen-spitzenforschung\/\" target=\"_self\" rel=\"bookmark noopener noreferrer\">Weiterlesen<\/a>\n\t\t\t<\/div>\n\t\t\t\n\t\t\t\t\t\t\t\t\t<\/article>\n\t\t\t\t\t\t\t\t\t\t\t\t\t\t\t\t<article class=\"uagb-post__inner-wrap\">\t\t\t\t\t\t\t\t<div class='uagb-post__image'>\n\t\t\t\t\t\t\t\t\t<a href=\"https:\/\/sfb1436.de\/de\/thomas-nickl-jockschat-im-podcast-wdr-5-quarks-wissenschaft-und-mehr\/\" target=\"_self\" rel=\"bookmark noopener noreferrer\"><img loading=\"lazy\" decoding=\"async\" width=\"600\" height=\"150\" src=\"https:\/\/sfb1436.de\/wp-content\/uploads\/2026\/04\/WDR_Logo.webp\" class=\"attachment-large size-large\" alt=\"Logo WDR\" srcset=\"https:\/\/sfb1436.de\/wp-content\/uploads\/2026\/04\/WDR_Logo.webp 600w, https:\/\/sfb1436.de\/wp-content\/uploads\/2026\/04\/WDR_Logo-300x75.webp 300w, https:\/\/sfb1436.de\/wp-content\/uploads\/2026\/04\/WDR_Logo-50x13.webp 50w\" sizes=\"(max-width: 600px) 100vw, 600px\" \/>\t\t\t\t\t<\/a>\n\t\t\t\t\t\t\t\t\t<\/div>\n\t\t\t\t\t\t<h4 class=\"uagb-post__title uagb-post__text\">\n\t\t\t\t<a href=\"https:\/\/sfb1436.de\/de\/thomas-nickl-jockschat-im-podcast-wdr-5-quarks-wissenschaft-und-mehr\/\" target=\"_self\" rel=\"bookmark noopener noreferrer\">Thomas Nickl-Jockschat im Podcast WDR 5 Quarks &#8211; Wissenschaft und mehr<\/a>\n\t\t\t<\/h4>\n\t\t\t\t\t\t<div class='uagb-post__text uagb-post-grid-byline'>\n\t\t\t\t\t\t\t\t<time datetime=\"2026-04-02T12:20:44+02:00\" class=\"uagb-post__date\">\n\t\t\t\t<span class=\"dashicons-calendar dashicons\"><\/span>\t\t\t\t\t02.04.2026\t\t\t\t<\/time>\n\t\t\t\t\t\t<\/div>\n\t\t\t\t\t\t\t<div class='uagb-post__text uagb-post__excerpt'>\n\t\t\t\t\t<p>In der Reihe Quarks \u2013 Wissenschaft und mehr des WDR5 vom 16.03.2026 spricht SFB 1436&#8230;\t\t\t\t<\/div>\n\t\t\t\t\t\t<div class=\"uagb-post__text uagb-post__cta wp-block-button\">\n\t\t\t\t<a class=\"wp-block-button__link uagb-text-link\" style=\"\" href=\"https:\/\/sfb1436.de\/de\/thomas-nickl-jockschat-im-podcast-wdr-5-quarks-wissenschaft-und-mehr\/\" target=\"_self\" rel=\"bookmark noopener noreferrer\">Weiterlesen<\/a>\n\t\t\t<\/div>\n\t\t\t\n\t\t\t\t\t\t\t\t\t<\/article>\n\t\t\t\t\t\t\t\t\t\t\t\t\t\t\t<div class=\"uagb-post__load-more-wrap\">\n\t\t\t\t\t\t\t\t<span class=\"uagb-post-pagination-button\">\n\t\t\t\t\t\t\t\t\t<a class=\"uagb-post__load-more\" href=\"javascript:void(0);\">\n\t\t\t\t\t\t\t\t\tMehr laden\t\t\t\t\t\t\t\t\t<\/a>\n\t\t\t\t\t\t\t\t<\/span>\n\t\t\t\t\t\t\t<\/div>\n\t\t\t\t\t\t\t\t\t\t<\/div>\n\t\t\t<\/div>\n<\/div><\/div>\n<\/div>\n<\/div>\n","protected":false},"excerpt":{"rendered":"","protected":false},"author":4,"featured_media":0,"parent":0,"menu_order":8,"comment_status":"closed","ping_status":"closed","template":"","meta":{"_crdt_document":"","_uag_custom_page_level_css":"","footnotes":""},"class_list":["post-8130","page","type-page","status-publish","hentry"],"yoast_head":"<!-- This site is optimized with the Yoast SEO plugin v27.1.1 - https:\/\/yoast.com\/product\/yoast-seo-wordpress\/ -->\n<title>Aktuelles - SFB1436<\/title>\n<meta name=\"description\" content=\"Neuigkeiten und aktuelle Events des Sonderforschungsbereiches (SFB) 1436 in Magdeburg findet man auf einen Blick.\" \/>\n<meta name=\"robots\" content=\"index, follow, max-snippet:-1, max-image-preview:large, max-video-preview:-1\" \/>\n<link rel=\"canonical\" href=\"https:\/\/sfb1436.de\/de\/aktuelles\/\" \/>\n<meta property=\"og:locale\" content=\"de_DE\" \/>\n<meta property=\"og:type\" content=\"article\" \/>\n<meta property=\"og:title\" content=\"Aktuelles - SFB1436\" \/>\n<meta property=\"og:description\" content=\"Neuigkeiten und aktuelle Events des Sonderforschungsbereiches (SFB) 1436 in Magdeburg findet man auf einen Blick.\" \/>\n<meta property=\"og:url\" content=\"https:\/\/sfb1436.de\/de\/aktuelles\/\" \/>\n<meta property=\"og:site_name\" content=\"SFB1436\" \/>\n<meta property=\"article:modified_time\" content=\"2025-09-17T09:28:51+00:00\" \/>\n<meta name=\"twitter:card\" content=\"summary_large_image\" \/>\n<meta name=\"twitter:label1\" content=\"Gesch\u00e4tzte Lesezeit\" \/>\n\t<meta name=\"twitter:data1\" content=\"1\u00a0Minute\" \/>\n<script type=\"application\/ld+json\" class=\"yoast-schema-graph\">{\"@context\":\"https:\/\/schema.org\",\"@graph\":[{\"@type\":\"WebPage\",\"@id\":\"https:\/\/sfb1436.de\/de\/aktuelles\/\",\"url\":\"https:\/\/sfb1436.de\/de\/aktuelles\/\",\"name\":\"Aktuelles - SFB1436\",\"isPartOf\":{\"@id\":\"https:\/\/sfb1436.de\/de\/#website\"},\"datePublished\":\"2022-04-29T08:07:02+00:00\",\"dateModified\":\"2025-09-17T09:28:51+00:00\",\"description\":\"Neuigkeiten und aktuelle Events des Sonderforschungsbereiches (SFB) 1436 in Magdeburg findet man auf einen Blick.\",\"breadcrumb\":{\"@id\":\"https:\/\/sfb1436.de\/de\/aktuelles\/#breadcrumb\"},\"inLanguage\":\"de\",\"potentialAction\":[{\"@type\":\"ReadAction\",\"target\":[\"https:\/\/sfb1436.de\/de\/aktuelles\/\"]}]},{\"@type\":\"BreadcrumbList\",\"@id\":\"https:\/\/sfb1436.de\/de\/aktuelles\/#breadcrumb\",\"itemListElement\":[{\"@type\":\"ListItem\",\"position\":1,\"name\":\"Startseite\",\"item\":\"https:\/\/sfb1436.de\/de\/\"},{\"@type\":\"ListItem\",\"position\":2,\"name\":\"Aktuelles\"}]},{\"@type\":\"WebSite\",\"@id\":\"https:\/\/sfb1436.de\/de\/#website\",\"url\":\"https:\/\/sfb1436.de\/de\/\",\"name\":\"SFB1436\",\"description\":\"\",\"publisher\":{\"@id\":\"https:\/\/sfb1436.de\/de\/#organization\"},\"potentialAction\":[{\"@type\":\"SearchAction\",\"target\":{\"@type\":\"EntryPoint\",\"urlTemplate\":\"https:\/\/sfb1436.de\/de\/?s={search_term_string}\"},\"query-input\":{\"@type\":\"PropertyValueSpecification\",\"valueRequired\":true,\"valueName\":\"search_term_string\"}}],\"inLanguage\":\"de\"},{\"@type\":\"Organization\",\"@id\":\"https:\/\/sfb1436.de\/de\/#organization\",\"name\":\"Otto-von-Guericke Universit\u00e4t Medizinische Fakult\u00e4t Institut f\u00fcr Kognitive Neurologie und Demenzforschung\",\"url\":\"https:\/\/sfb1436.de\/de\/\",\"logo\":{\"@type\":\"ImageObject\",\"inLanguage\":\"de\",\"@id\":\"https:\/\/sfb1436.de\/de\/#\/schema\/logo\/image\/\",\"url\":\"https:\/\/sfb1436.de\/wp-content\/uploads\/2021\/12\/logo-sfb.png\",\"contentUrl\":\"https:\/\/sfb1436.de\/wp-content\/uploads\/2021\/12\/logo-sfb.png\",\"width\":1244,\"height\":820,\"caption\":\"Otto-von-Guericke Universit\u00e4t Medizinische Fakult\u00e4t Institut f\u00fcr Kognitive Neurologie und Demenzforschung\"},\"image\":{\"@id\":\"https:\/\/sfb1436.de\/de\/#\/schema\/logo\/image\/\"}}]}<\/script>\n<!-- \/ Yoast SEO plugin. -->","yoast_head_json":{"title":"Aktuelles - SFB1436","description":"Neuigkeiten und aktuelle Events des Sonderforschungsbereiches (SFB) 1436 in Magdeburg findet man auf einen Blick.","robots":{"index":"index","follow":"follow","max-snippet":"max-snippet:-1","max-image-preview":"max-image-preview:large","max-video-preview":"max-video-preview:-1"},"canonical":"https:\/\/sfb1436.de\/de\/aktuelles\/","og_locale":"de_DE","og_type":"article","og_title":"Aktuelles - SFB1436","og_description":"Neuigkeiten und aktuelle Events des Sonderforschungsbereiches (SFB) 1436 in Magdeburg findet man auf einen Blick.","og_url":"https:\/\/sfb1436.de\/de\/aktuelles\/","og_site_name":"SFB1436","article_modified_time":"2025-09-17T09:28:51+00:00","twitter_card":"summary_large_image","twitter_misc":{"Gesch\u00e4tzte Lesezeit":"1\u00a0Minute"},"schema":{"@context":"https:\/\/schema.org","@graph":[{"@type":"WebPage","@id":"https:\/\/sfb1436.de\/de\/aktuelles\/","url":"https:\/\/sfb1436.de\/de\/aktuelles\/","name":"Aktuelles - SFB1436","isPartOf":{"@id":"https:\/\/sfb1436.de\/de\/#website"},"datePublished":"2022-04-29T08:07:02+00:00","dateModified":"2025-09-17T09:28:51+00:00","description":"Neuigkeiten und aktuelle Events des Sonderforschungsbereiches (SFB) 1436 in Magdeburg findet man auf einen Blick.","breadcrumb":{"@id":"https:\/\/sfb1436.de\/de\/aktuelles\/#breadcrumb"},"inLanguage":"de","potentialAction":[{"@type":"ReadAction","target":["https:\/\/sfb1436.de\/de\/aktuelles\/"]}]},{"@type":"BreadcrumbList","@id":"https:\/\/sfb1436.de\/de\/aktuelles\/#breadcrumb","itemListElement":[{"@type":"ListItem","position":1,"name":"Startseite","item":"https:\/\/sfb1436.de\/de\/"},{"@type":"ListItem","position":2,"name":"Aktuelles"}]},{"@type":"WebSite","@id":"https:\/\/sfb1436.de\/de\/#website","url":"https:\/\/sfb1436.de\/de\/","name":"SFB1436","description":"","publisher":{"@id":"https:\/\/sfb1436.de\/de\/#organization"},"potentialAction":[{"@type":"SearchAction","target":{"@type":"EntryPoint","urlTemplate":"https:\/\/sfb1436.de\/de\/?s={search_term_string}"},"query-input":{"@type":"PropertyValueSpecification","valueRequired":true,"valueName":"search_term_string"}}],"inLanguage":"de"},{"@type":"Organization","@id":"https:\/\/sfb1436.de\/de\/#organization","name":"Otto-von-Guericke Universit\u00e4t Medizinische Fakult\u00e4t Institut f\u00fcr Kognitive Neurologie und Demenzforschung","url":"https:\/\/sfb1436.de\/de\/","logo":{"@type":"ImageObject","inLanguage":"de","@id":"https:\/\/sfb1436.de\/de\/#\/schema\/logo\/image\/","url":"https:\/\/sfb1436.de\/wp-content\/uploads\/2021\/12\/logo-sfb.png","contentUrl":"https:\/\/sfb1436.de\/wp-content\/uploads\/2021\/12\/logo-sfb.png","width":1244,"height":820,"caption":"Otto-von-Guericke Universit\u00e4t Medizinische Fakult\u00e4t Institut f\u00fcr Kognitive Neurologie und Demenzforschung"},"image":{"@id":"https:\/\/sfb1436.de\/de\/#\/schema\/logo\/image\/"}}]}},"uagb_featured_image_src":{"full":false,"thumbnail":false,"medium":false,"medium_large":false,"large":false,"gs-tiny":false,"xl":false,"xxl":false,"xxxl":false,"xxxxl":false,"xxxxxl":false,"1536x1536":false,"2048x2048":false,"awsm_team":false},"uagb_author_info":{"display_name":"redakteur","author_link":"https:\/\/sfb1436.de\/de\/author\/redakteur\/"},"uagb_comment_info":0,"uagb_excerpt":null,"_links":{"self":[{"href":"https:\/\/sfb1436.de\/de\/wp-json\/wp\/v2\/pages\/8130","targetHints":{"allow":["GET"]}}],"collection":[{"href":"https:\/\/sfb1436.de\/de\/wp-json\/wp\/v2\/pages"}],"about":[{"href":"https:\/\/sfb1436.de\/de\/wp-json\/wp\/v2\/types\/page"}],"author":[{"embeddable":true,"href":"https:\/\/sfb1436.de\/de\/wp-json\/wp\/v2\/users\/4"}],"replies":[{"embeddable":true,"href":"https:\/\/sfb1436.de\/de\/wp-json\/wp\/v2\/comments?post=8130"}],"version-history":[{"count":18,"href":"https:\/\/sfb1436.de\/de\/wp-json\/wp\/v2\/pages\/8130\/revisions"}],"predecessor-version":[{"id":28846,"href":"https:\/\/sfb1436.de\/de\/wp-json\/wp\/v2\/pages\/8130\/revisions\/28846"}],"wp:attachment":[{"href":"https:\/\/sfb1436.de\/de\/wp-json\/wp\/v2\/media?parent=8130"}],"curies":[{"name":"wp","href":"https:\/\/api.w.org\/{rel}","templated":true}]}}