{"id":7109,"date":"2022-03-29T10:33:07","date_gmt":"2022-03-29T08:33:07","guid":{"rendered":"https:\/\/sfb1436.de\/menue-1\/neural-resource-of-mnemonic-discrimination-and-their-interaction-with-hidden-pathology-in-older-adults-and-superagers\/"},"modified":"2025-07-03T12:12:03","modified_gmt":"2025-07-03T10:12:03","slug":"b02-mobilisierung-von-reserve-im-episodischen-gedaechtnis-bei-menschen-mit-alzheimerpathologie","status":"publish","type":"page","link":"https:\/\/sfb1436.de\/de\/projekte\/b02-mobilisierung-von-reserve-im-episodischen-gedaechtnis-bei-menschen-mit-alzheimerpathologie\/","title":{"rendered":"B02 &#8211; Mobilisierung von Reserve im episodischen Ged\u00e4chtnis bei Menschen mit Alzheimerpathologie"},"content":{"rendered":"\n<div class=\"wp-block-uagb-section uagb-section__wrap uagb-section__background-color uagb-block-b9c42995 badge-title\"><div class=\"uagb-section__overlay\"><\/div><div class=\"uagb-section__inner-wrap\">\n<p class=\"has-text-align-center wp-block-paragraph\">B02<\/p>\n<\/div><\/div>\n\n\n\n<div class=\"wp-block-group alignwide has-white-background-color has-background is-layout-flow wp-block-group-is-layout-flow\">\n<div class=\"wp-block-columns are-vertically-aligned-center is-layout-flex wp-container-core-columns-is-layout-147ade55 wp-block-columns-is-layout-flex\" style=\"padding-top:0px;padding-bottom:0px\">\n<div class=\"wp-block-column is-vertically-aligned-center is-layout-flow wp-block-column-is-layout-flow\" style=\"padding-top:20px;padding-right:20px;padding-bottom:20px;padding-left:20px\">\n<figure class=\"wp-block-image size-large\"><a href=\"https:\/\/sfb1436.de\/wp-content\/uploads\/2022\/03\/B02_graphical-abstract-12.2021-B02-SFB-Kopie-1024x655.png\"><img fetchpriority=\"high\" decoding=\"async\" width=\"1024\" height=\"655\" src=\"https:\/\/sfb1436.de\/wp-content\/uploads\/2022\/03\/B02_graphical-abstract-12.2021-B02-SFB-Kopie-1024x655.png\" alt=\"B02_graphical-abstract-12.2021\" class=\"wp-image-5459\"\/><\/a><\/figure>\n<\/div>\n\n\n\n<div class=\"wp-block-column is-vertically-aligned-center is-layout-flow wp-block-column-is-layout-flow\">\n<p class=\"has-text-align-left wp-block-paragraph\">In diesem Projekt wollen wir untersuchen welche Mechanismen die neurokognitiven Schaltkreise verbessern und mobilisieren k\u00f6nnen, die eine hohe Pr\u00e4zision im episodischen Ged\u00e4chtnis erm\u00f6glichen. Wir werden anatomisch fokussierte transkranielle Ultraschallstimulation (TUS) von hippokampal-entorhinalen Schaltkreisen und Reserveregionen, welche wir in gro\u00dfen Kohortenstudien identifiziert haben, einsetzen. Wir werden diese Interventionen bei jungen Menschen und \u00e4lteren Erwachsenen mit Amyloid-Pathologie durchf\u00fchren. Wir werden auch neue Anti-Amyloid-Behandlungen einsetzen, um herauszufinden, wie sich die Beseitigung von Amyloid-Plaques auf die synaptische Funktion in neurokognitiven Schaltkreisen f\u00fcr die Ged\u00e4chtnispr\u00e4zision in Regionen auswirkt, die der kognitiven Reserve dienen. Zusammengefasst sollen diese Untersuchungen kausale Erkenntnisse dar\u00fcber liefern, welche Mechanismen zur Mobilisierung von Schaltkreisen des episodischen Ged\u00e4chtnisses bei Vorhandensein von Pathologie beitragen k\u00f6nnen.<\/p>\n<\/div>\n<\/div>\n\n\n\n<div class=\"wp-block-columns are-vertically-aligned-top is-layout-flex wp-container-core-columns-is-layout-43c3a9c5 wp-block-columns-is-layout-flex\" id=\"project-anchor\" style=\"padding-top:0px;padding-bottom:30px\">\n<div class=\"wp-block-column is-vertically-aligned-top is-layout-flow wp-block-column-is-layout-flow\">\n<div class=\"wp-block-columns is-layout-flex wp-container-core-columns-is-layout-f56f613f wp-block-columns-is-layout-flex\">\n<div class=\"wp-block-column is-layout-flow wp-block-column-is-layout-flow\" id=\"projekt\">\n<div class=\"wp-block-buttons is-horizontal is-content-justification-center is-layout-flex wp-container-core-buttons-is-layout-b0be8b0e wp-block-buttons-is-layout-flex\">\n<div class=\"wp-block-button has-custom-width wp-block-button__width-100 is-style-fill\"><a class=\"wp-block-button__link has-white-color has-project-c-background-color has-text-color has-background has-normal-font-size has-custom-font-size wp-element-button\" href=\"#what-characterizes-the-project\"><strong>Unsere Forschung<\/strong><\/a><\/div>\n<\/div>\n<\/div>\n\n\n\n<div class=\"wp-block-column is-layout-flow wp-block-column-is-layout-flow\" id=\"projekt\">\n<div class=\"wp-block-buttons is-horizontal is-content-justification-center is-layout-flex wp-container-core-buttons-is-layout-b0be8b0e wp-block-buttons-is-layout-flex\">\n<div class=\"wp-block-button has-custom-width wp-block-button__width-100 is-style-fill\"><a class=\"wp-block-button__link has-white-color has-secondary-background-color has-text-color has-background has-normal-font-size has-custom-font-size wp-element-button\" href=\"#research-goals-questions\"><strong><strong>Ziele unseres Projektes<\/strong><\/strong><\/a><\/div>\n<\/div>\n<\/div>\n\n\n\n<div class=\"wp-block-column is-layout-flow wp-block-column-is-layout-flow\">\n<div class=\"wp-block-buttons is-horizontal is-content-justification-center is-layout-flex wp-container-core-buttons-is-layout-b0be8b0e wp-block-buttons-is-layout-flex\">\n<div class=\"wp-block-button has-custom-width wp-block-button__width-100 is-style-fill\"><a class=\"wp-block-button__link has-white-color has-project-c-background-color has-text-color has-background has-normal-font-size has-custom-font-size wp-element-button\" href=\"#long-term-perspective\"><strong><strong>Blick in die Zukunft<\/strong><\/strong><\/a><\/div>\n<\/div>\n<\/div>\n\n\n\n<div class=\"wp-block-column is-layout-flow wp-block-column-is-layout-flow\" id=\"projekt\">\n<div class=\"wp-block-buttons is-horizontal is-content-justification-center is-layout-flex wp-container-core-buttons-is-layout-b0be8b0e wp-block-buttons-is-layout-flex\">\n<div class=\"wp-block-button has-custom-width wp-block-button__width-100 is-style-fill\"><a class=\"wp-block-button__link has-white-color has-secondary-background-color has-text-color has-background has-normal-font-size has-custom-font-size wp-element-button\" href=\"#publications\"><strong><strong>Publikationen<\/strong><\/strong><\/a><\/div>\n<\/div>\n<\/div>\n<\/div>\n<\/div>\n<\/div>\n<\/div>\n\n\n\n<div class=\"wp-block-columns alignfull has-tertiary-background-color has-background is-layout-flex wp-container-core-columns-is-layout-763026b3 wp-block-columns-is-layout-flex\" style=\"margin-top:0px;margin-bottom:0px\">\n<div class=\"wp-block-column is-layout-flow wp-block-column-is-layout-flow\" id=\"pi\">\n<h2 class=\"wp-block-heading has-text-align-center\" id=\"gruppenleitung\" style=\"font-style:normal;font-weight:500\">Gruppenleitung<\/h2>\n\n\n<div id=\"awsm-team-25235\" class=\"awsm-grid-wrapper\">\n\t\t\n\t\t<div class=''>\n\t\t<div class=\"gridder awsm-grid drawer-style style-1 grid-2-col \">\n\t\t\t\t\t\t<div id=\"awsm-member-25235-3635\" class=\"awsm-grid-list awsm-grid-card awsm-team-item awsm-scale-anm awsm-all\" data-griddercontent=\"#awsm-grid-content-3635\">\n\t\t\t\t\t<span class=\"awsm-team-link-control awsm-grid-list-item awsm-grid-list-item-3635\" data-info=\"3635\">\n\t\t\t\t\t\t<figure>\n\t\t\t\t\t\t<img decoding=\"async\" width=\"800\" height=\"982\" src=\"https:\/\/sfb1436.de\/wp-content\/uploads\/2021\/12\/Duezel_web.jpg\" class=\"attachment-awsm_team size-awsm_team wp-post-image\" alt=\"SFB 1436 Mitglied Emrah D\u00fczel\" \/>\t\t\t\t\t\t\t<figcaption>\n\t\t\t\t\t\t\t\t<div class=\"awsm-personal-info\"><span><\/span><h3>Prof. Dr. med. Emrah D\u00fczel<\/h3><\/div>\t\t\t\t\t\t\t<\/figcaption>\n\t\t\t\t\t\t<\/figure>\n\t\t\t\t\t<\/span>\n\t\t\t\t<\/div>\n\t\t\t\t\t\t\t<div id=\"awsm-member-25235-3618\" class=\"awsm-grid-list awsm-grid-card awsm-team-item awsm-scale-anm awsm-all\" data-griddercontent=\"#awsm-grid-content-3618\">\n\t\t\t\t\t<span class=\"awsm-team-link-control awsm-grid-list-item awsm-grid-list-item-3618\" data-info=\"3618\">\n\t\t\t\t\t\t<figure>\n\t\t\t\t\t\t<img decoding=\"async\" width=\"300\" height=\"344\" src=\"https:\/\/sfb1436.de\/wp-content\/uploads\/2022\/02\/Cichy-Radek.png\" class=\"attachment-awsm_team size-awsm_team wp-post-image\" alt=\"SFB 1436 Mitglied Radoslaw Martin Cichy\" \/>\t\t\t\t\t\t\t<figcaption>\n\t\t\t\t\t\t\t\t<div class=\"awsm-personal-info\"><span><\/span><h3>Prof. Dr. Radoslaw\u00a0Martin\u00a0Cichy<\/h3><\/div>\t\t\t\t\t\t\t<\/figcaption>\n\t\t\t\t\t\t<\/figure>\n\t\t\t\t\t<\/span>\n\t\t\t\t<\/div>\n\t\t\t\t\t<\/div>\n\t\t<div class=\"awsm-grid-expander style-1\">\n\t\t\t\t\t\t<div id=\"awsm-member-info-25235-3635\"  class=\"awsm-grid-expander style-1\">\n\t\t\t\t<div class=\"awsm-detailed-info\" id=\"awsm-grid-content-3635\">\n\t\t\t\t\t<div class=\"awsm-details\">\n\t\t\t\t\t\t<div class=\"awsm-personal-details\">\n\t\t\t\t\t\t\t<div class=\"awsm-content-scrollbar\">\n\t\t\t\t\t\t\t\t<span><\/span><h2>Prof. Dr. med. Emrah D\u00fczel<\/h2>\n<p class=\"wp-block-paragraph\">Als Neurologe besch\u00e4ftigt sich Emrah D\u00fczel mit der funktionellen Anatomie menschlicher episodischer Ged\u00e4chtnisnetzwerke, neuromodulatorischen Schaltkreisen, ihren klinischen und mechanistischen Ver\u00e4nderungen bei Alterung und Neurodegeneration und ihren M\u00f6glichkeiten der Plastizit\u00e4t. Er leitet das Institut f\u00fcr Kognitive Neurologie und Demenzforschung sowie die Ged\u00e4chtnisambulanz an der Otto-von-Guericke Universit\u00e4t Magdeburg. Als Sprecher des Magdeburger Standortes des Deutschen Zentrums f\u00fcr Neurodegenerative Erkrankungen (DZNE, Helmholtz-Gemeinschaft) unterst\u00fctzt er die Durchf\u00fchrung und Auswertung von bildgebenden und kognitiven Ma\u00dfnahmen zur fr\u00fchen Alzheimer-Erkrankung. Au\u00dferdem ist er Teilzeitgruppenleiter am Institute of Cognitive Neuroscience am Universit\u00e4ts-College London, Fellow der Max-Planck School of Cognition und Mitbegr\u00fcnder des Digital Health Start-ups neotiv. Innerhalb des neu gegr\u00fcndeten Deutschen Netzwerks der Ged\u00e4chtnisambulanzen koordiniert er eine Arbeitsgruppe zu Digital Health und Telemedizin.<\/p>\n\t\t\t\t\t\t\t<\/div>\n\t\t\t\t\t\t<\/div>\n\t\t\t\t\t<\/div>\n\t\t\t\t\t<div class=\"awsm-personal-contact-info\">\n\t\t\t\t\t   <div class=\"awsm-contact-details\"><p><span>Institut:<\/span><a href=\"http:\/\/www.med.ovgu.de\/\" target=\"_blank\">Otto-von Guericke-Universit\u00e4t Magdeburg, Medizinische Fakult\u00e4t<\/a><\/p><p><span>:<\/span><a href=\"https:\/\/www.dzne.de\/\" target=\"_blank\">Deutsches Zentrum f\u00fcr Neurodegenerative Erkrankungen (DZNE), Magdeburg<\/a><\/p><p><span>Project Title:<\/span><a href=\"https:\/\/sfb1436.de\/de\/projekte\/a04_verbesserung-der-kognitiven-leistungsfaehigkeit-durch-das-anti-aging-hormon-klotho\/\" target=\"_blank\"><b>A04<\/b> Verbesserung der kognitiven Leistungsf\u00e4higkeit durch das Anti-Aging Hormon Klotho \u2013 Von molekularen Mechanismen zu Interventionen<\/a><\/p><p><span>Project Title:<\/span><a href=\"https:\/\/sfb1436.de\/de\/projekte\/b02-mobilisierung-von-reserve-im-episodischen-gedaechtnis-bei-menschen-mit-alzheimerpathologie\/\" target=\"_blank\"><b>B02<\/b> Mobilisierung von Reserve im episodischen Ged\u00e4chtnis bei Menschen mit Alzheimerpathologie<\/a><\/p><p><span>Project Title:<\/span><a href=\"https:\/\/sfb1436.de\/de\/projekte\/z03-erstellung-und-untersuchung-einer-biomarker-basierten-alterskohorte\/\" target=\"_blank\"><b>Z03<\/b> Erstellung und Untersuchung einer Biomarker-basierten Alterskohorte<\/a><\/p><\/div><div class=\"awsm-social-icons\"><span><a href=\"mailto:emrah.duezel@dzne.de\"><i class=\"awsm-icon-mail\" aria-hidden=\"true\"><\/i><\/a><\/span><span><a href=\"tel:+49-391-67-25051\" target=\"_blank\"><i class=\"awsm-icon-phone\" aria-hidden=\"true\"><\/i><\/a><\/span><span><a href=\"http:\/\/www.iknd.ovgu.de\/\" target=\"_blank\"><i class=\"awsm-icon-link\" aria-hidden=\"true\"><\/i><\/a><\/span><span><a href=\"https:\/\/twitter.com\/duzellab\" target=\"_blank\"><i class=\"awsm-icon-twitter\" aria-hidden=\"true\"><\/i><\/a><\/span><\/div>\t\t\t\t\t<\/div>\n\t\t\t\t<\/div>\n\t\t\t<\/div>\n\t\t\t\t\t\t\t<div id=\"awsm-member-info-25235-3618\"  class=\"awsm-grid-expander style-1\">\n\t\t\t\t<div class=\"awsm-detailed-info\" id=\"awsm-grid-content-3618\">\n\t\t\t\t\t<div class=\"awsm-details\">\n\t\t\t\t\t\t<div class=\"awsm-personal-details\">\n\t\t\t\t\t\t\t<div class=\"awsm-content-scrollbar\">\n\t\t\t\t\t\t\t\t<span><\/span><h2>Prof. Dr. Radoslaw\u00a0Martin\u00a0Cichy<\/h2>\n<p class=\"wp-block-paragraph\">Radek Cichy ist ein Kognitionswissenschaftler und Leiter der Gruppe Neuronale Dynamik Visueller Kognition an der Freien Universit\u00e4t Berlin. Seine Arbeitsgruppe erforscht wie das Gehirn den konstanten Fluss der auf die Retina reffenden Photonen in eine bewusste, aus Objekten bestehende und geordnete Wahrnehmung \u00fcbersetzt. Zu diesem Zweck kombiniert die Arbeitsgruppe Methoden aus verschiedenen Disziplinen: Verhaltensmessungen aus der Psychologie, Hirnmessungen aus den Neurowissenschaften und maschinelles Lernen sowie konnektionistische Modellierung aus den Computerwissenschaften. Radek Cichy ist Empf\u00e4nger der F\u00f6rderung durch das Emmy Noether Programm sowie des ERC Starting Grants. Er ist Direktor des Center for Cognitive Neurocience Berlin an der FUB.<\/p>\n\t\t\t\t\t\t\t<\/div>\n\t\t\t\t\t\t<\/div>\n\t\t\t\t\t<\/div>\n\t\t\t\t\t<div class=\"awsm-personal-contact-info\">\n\t\t\t\t\t   <div class=\"awsm-contact-details\"><p><span>Institut:<\/span><a href=\"https:\/\/www.fu-berlin.de\/\" target=\"_blank\">Freie Universit\u00e4t Berlin<\/a> <\/p><p><span>Project Title:<\/span><a href=\"https:\/\/sfb1436.de\/de\/projekte\/b02-mobilisierung-von-reserve-im-episodischen-gedaechtnis-bei-menschen-mit-alzheimerpathologie\/\" target=\"_blank\"><b>B02<\/b> Mobilisierung von Reserve im episodischen Ged\u00e4chtnis bei Menschen mit Alzheimerpathologie<\/a><\/p><\/div><div class=\"awsm-social-icons\"><span><a href=\"mailto:rmcichy@zedat.fu-berlin.de\"><i class=\"awsm-icon-mail\" aria-hidden=\"true\"><\/i><\/a><\/span><span><a href=\"tel:+49-30-838-61132\" target=\"_blank\"><i class=\"awsm-icon-phone\" aria-hidden=\"true\"><\/i><\/a><\/span><span><a href=\"https:\/\/www.ewi-psy.fu-berlin.de\/einrichtungen\/arbeitsbereiche\/neural_dyn_of_vis_cog\/team\/rm_cichy\/index.html\" target=\"_blank\"><i class=\"awsm-icon-link\" aria-hidden=\"true\"><\/i><\/a><\/span><\/div>\t\t\t\t\t<\/div>\n\t\t\t\t<\/div>\n\t\t\t<\/div>\n\t\t\t\t\t\t<\/div>\n\t<\/div>\n\t<\/div>\n\n\n\n\n<div class=\"wp-block-columns justify-content-center is-layout-flex wp-container-core-columns-is-layout-f56f613f wp-block-columns-is-layout-flex\">\n<div class=\"wp-block-column is-layout-flow wp-block-column-is-layout-flow\" style=\"flex-basis:1350px\">\n<h2 class=\"wp-block-heading has-text-align-center\" id=\"gruppenmitglieder\" style=\"font-style:normal;font-weight:500\">Gruppenmitglieder<\/h2>\n\n\n<div id=\"awsm-team-25236\" class=\"awsm-grid-wrapper\">\n\t\t\n\t\t<div class=''>\n\t\t<div class=\"gridder awsm-grid drawer-style style-1 grid-2-col \">\n\t\t\t\t\t\t<div id=\"awsm-member-25236-3662\" class=\"awsm-grid-list awsm-grid-card awsm-team-item awsm-scale-anm awsm-all awsm-121\" data-griddercontent=\"#awsm-grid-content-3662\">\n\t\t\t\t\t<span class=\"awsm-team-link-control awsm-grid-list-item awsm-grid-list-item-3662\" data-info=\"3662\">\n\t\t\t\t\t\t<figure>\n\t\t\t\t\t\t<img loading=\"lazy\" decoding=\"async\" width=\"800\" height=\"1000\" src=\"https:\/\/sfb1436.de\/wp-content\/uploads\/2025\/05\/Panagiotis_Iliopolous-800x1000.jpg\" class=\"attachment-awsm_team size-awsm_team wp-post-image\" alt=\"SFB 1436 Mitglied Panagiotis Iliopoulos\" \/>\t\t\t\t\t\t\t<figcaption>\n\t\t\t\t\t\t\t\t<div class=\"awsm-personal-info\"><span><\/span><h3>Panagiotis Iliopoulos<\/h3><\/div>\t\t\t\t\t\t\t<\/figcaption>\n\t\t\t\t\t\t<\/figure>\n\t\t\t\t\t<\/span>\n\t\t\t\t<\/div>\n\t\t\t\t\t\t\t<div id=\"awsm-member-25236-8250\" class=\"awsm-grid-list awsm-grid-card awsm-team-item awsm-scale-anm awsm-all\" data-griddercontent=\"#awsm-grid-content-8250\">\n\t\t\t\t\t<span class=\"awsm-team-link-control awsm-grid-list-item awsm-grid-list-item-8250\" data-info=\"8250\">\n\t\t\t\t\t\t<figure>\n\t\t\t\t\t\t<img loading=\"lazy\" decoding=\"async\" width=\"800\" height=\"1000\" src=\"https:\/\/sfb1436.de\/wp-content\/uploads\/2022\/05\/Boyan_sfbPhoto-800x1000.jpg\" class=\"attachment-awsm_team size-awsm_team wp-post-image\" alt=\"SFB 1436 Mitglied Boyan Rong\" \/>\t\t\t\t\t\t\t<figcaption>\n\t\t\t\t\t\t\t\t<div class=\"awsm-personal-info\"><span><\/span><h3>Boyan Rong<\/h3><\/div>\t\t\t\t\t\t\t<\/figcaption>\n\t\t\t\t\t\t<\/figure>\n\t\t\t\t\t<\/span>\n\t\t\t\t<\/div>\n\t\t\t\t\t\t\t<div id=\"awsm-member-25236-3740\" class=\"awsm-grid-list awsm-grid-card awsm-team-item awsm-scale-anm awsm-all\" data-griddercontent=\"#awsm-grid-content-3740\">\n\t\t\t\t\t<span class=\"awsm-team-link-control awsm-grid-list-item awsm-grid-list-item-3740\" data-info=\"3740\">\n\t\t\t\t\t\t<figure>\n\t\t\t\t\t\t<img loading=\"lazy\" decoding=\"async\" width=\"800\" height=\"1000\" src=\"https:\/\/sfb1436.de\/wp-content\/uploads\/2022\/05\/20211102-0733-Hartmut-Schuetze-800x1000.jpg\" class=\"attachment-awsm_team size-awsm_team wp-post-image\" alt=\"SFB 1436 Mitglied Hartmut Sch\u00fctze\" \/>\t\t\t\t\t\t\t<figcaption>\n\t\t\t\t\t\t\t\t<div class=\"awsm-personal-info\"><span><\/span><h3>Dr. Hartmut Sch\u00fctze<\/h3><\/div>\t\t\t\t\t\t\t<\/figcaption>\n\t\t\t\t\t\t<\/figure>\n\t\t\t\t\t<\/span>\n\t\t\t\t<\/div>\n\t\t\t\t\t<\/div>\n\t\t<div class=\"awsm-grid-expander style-1\">\n\t\t\t\t\t\t<div id=\"awsm-member-info-25236-3662\"  class=\"awsm-grid-expander style-1\">\n\t\t\t\t<div class=\"awsm-detailed-info\" id=\"awsm-grid-content-3662\">\n\t\t\t\t\t<div class=\"awsm-details\">\n\t\t\t\t\t\t<div class=\"awsm-personal-details\">\n\t\t\t\t\t\t\t<div class=\"awsm-content-scrollbar\">\n\t\t\t\t\t\t\t\t<span><\/span><h2>Panagiotis Iliopoulos<\/h2>\n<p class=\"wp-block-paragraph\">Ich bin derzeit Doktorand an der Universit\u00e4tsklinik Magdeburg unter der Betreuer von Prof. Emrah D\u00fczel und Prof. Radoslaw Cichy (FU Berlin). Ich habe mein Masterstudium der kognitiven Neurowissenschaften an der LMU M\u00fcnchen mit den Schwerpunkten Neuroimaging, menschliches Ged\u00e4chtnis und kognitive Kontrolle abgeschlossen. Die Schwerpunkte meiner Forschung liegen in den Fragestellungen, wie unser Gehirn das Ged\u00e4chtnis unterst\u00fctzt, einschlie\u00dflich der Schl\u00fcsselbereiche im medialen Temporallappen und dar\u00fcber hinaus, und wie sich dies aufgrund von Alterung, Krankheit und Interventionen wie kognitivem Training ver\u00e4ndert.<\/p>\n\t\t\t\t\t\t\t<\/div>\n\t\t\t\t\t\t<\/div>\n\t\t\t\t\t<\/div>\n\t\t\t\t\t<div class=\"awsm-personal-contact-info\">\n\t\t\t\t\t   <div class=\"awsm-contact-details\"><p><span>:<\/span><a href=\"http:\/\/www.med.ovgu.de\/\" target=\"_blank\">Otto-von Guericke-Universit\u00e4t Magdeburg, Medizinische Fakult\u00e4t<\/a><\/p><p><span>Projekt:<\/span><a href=\"https:\/\/sfb1436.de\/de\/projekte\/b02-mobilisierung-von-reserve-im-episodischen-gedaechtnis-bei-menschen-mit-alzheimerpathologie\/\" target=\"_blank\"><b>B02<\/b> Mobilisierung von Reserve im episodischen Ged\u00e4chtnis bei Menschen mit Alzheimerpathologie<\/a><\/p><\/div><div class=\"awsm-social-icons\"><span><a href=\"mailto:panagiotis.iliopoulos@med.ovgu.de\"><i class=\"awsm-icon-mail\" aria-hidden=\"true\"><\/i><\/a><\/span><span><a href=\"http:\/\/www.iknd.ovgu.de\/\" target=\"_blank\"><i class=\"awsm-icon-link\" aria-hidden=\"true\"><\/i><\/a><\/span><\/div>\t\t\t\t\t<\/div>\n\t\t\t\t<\/div>\n\t\t\t<\/div>\n\t\t\t\t\t\t\t<div id=\"awsm-member-info-25236-8250\"  class=\"awsm-grid-expander style-1\">\n\t\t\t\t<div class=\"awsm-detailed-info\" id=\"awsm-grid-content-8250\">\n\t\t\t\t\t<div class=\"awsm-details\">\n\t\t\t\t\t\t<div class=\"awsm-personal-details\">\n\t\t\t\t\t\t\t<div class=\"awsm-content-scrollbar\">\n\t\t\t\t\t\t\t\t<span><\/span><h2>Boyan Rong<\/h2>\n<p class=\"wp-block-paragraph\">Boyan Rong derzeit als Doktorand an der Freien Universit\u00e4t Berlin unter der Betreuung von Prof. Radoslaw Cichy und unter der Co-Betreuung von Prof. Emrah D\u00fczel, t\u00e4tig. Den Master in Elektrotechnik, mit Schwerpunkt datengesteuerter Analyse und Berechnung, hat er an der Columbia University abgeschlossen. In seiner Doktorarbeit besch\u00e4ftigt sich Boyan Rong mit den Fragen, wie kognitives Training den visuellen Kortex beeinflusst und wie man Computer-Vision-Methoden nutzen kann, um das menschliche Sehen zu untersuchen.<\/p>\n\t\t\t\t\t\t\t<\/div>\n\t\t\t\t\t\t<\/div>\n\t\t\t\t\t<\/div>\n\t\t\t\t\t<div class=\"awsm-personal-contact-info\">\n\t\t\t\t\t   <div class=\"awsm-contact-details\"><p><span>:<\/span><a href=\"http:\/\/www.med.ovgu.de\/\" target=\"_blank\">Otto-von Guericke-Universit\u00e4t Magdeburg, Medizinische Fakult\u00e4t<\/a><\/p><p><span>Projekt:<\/span><a href=\"https:\/\/sfb1436.de\/de\/projekte\/b02-mobilisierung-von-reserve-im-episodischen-gedaechtnis-bei-menschen-mit-alzheimerpathologie\/\" target=\"_blank\"><b>B02<\/b> Mobilisierung von Reserve im episodischen Ged\u00e4chtnis bei Menschen mit Alzheimerpathologie<\/a><\/p><\/div><div class=\"awsm-social-icons\"><span><a href=\"mailto:br2566@columbia.edu\"><i class=\"awsm-icon-mail\" aria-hidden=\"true\"><\/i><\/a><\/span><span><a href=\"http:\/\/www.iknd.ovgu.de\/\" target=\"_blank\"><i class=\"awsm-icon-link\" aria-hidden=\"true\"><\/i><\/a><\/span><\/div>\t\t\t\t\t<\/div>\n\t\t\t\t<\/div>\n\t\t\t<\/div>\n\t\t\t\t\t\t\t<div id=\"awsm-member-info-25236-3740\"  class=\"awsm-grid-expander style-1\">\n\t\t\t\t<div class=\"awsm-detailed-info\" id=\"awsm-grid-content-3740\">\n\t\t\t\t\t<div class=\"awsm-details\">\n\t\t\t\t\t\t<div class=\"awsm-personal-details\">\n\t\t\t\t\t\t\t<div class=\"awsm-content-scrollbar\">\n\t\t\t\t\t\t\t\t<span><\/span><h2>Dr. Hartmut Sch\u00fctze<\/h2>\n<p class=\"wp-block-paragraph\">coming soon<\/p>\n\t\t\t\t\t\t\t<\/div>\n\t\t\t\t\t\t<\/div>\n\t\t\t\t\t<\/div>\n\t\t\t\t\t<div class=\"awsm-personal-contact-info\">\n\t\t\t\t\t   <div class=\"awsm-contact-details\"><p><span>Institut:<\/span><a href=\"http:\/\/www.med.ovgu.de\/\" target=\"_blank\">Otto von Guericke Universit\u00e4t Magdeburg, Medizinische Fakult\u00e4t<\/a><\/p><p><span>Projekt:<\/span><a href=\"https:\/\/sfb1436.de\/de\/projekte\/b02-mobilisierung-von-reserve-im-episodischen-gedaechtnis-bei-menschen-mit-alzheimerpathologie\/\" target=\"_blank\"><b>B02<\/b> Mobilisierung von Reserve im episodischen Ged\u00e4chtnis bei Menschen mit Alzheimerpathologie<\/a><\/p><\/div><div class=\"awsm-social-icons\"><span><a href=\"mailto:hartmut.schuetze@med.ovgu.de\"><i class=\"awsm-icon-mail\" aria-hidden=\"true\"><\/i><\/a><\/span><span><a href=\"http:\/\/www.iknd.ovgu.de\/\" target=\"_blank\"><i class=\"awsm-icon-link\" aria-hidden=\"true\"><\/i><\/a><\/span><\/div>\t\t\t\t\t<\/div>\n\t\t\t\t<\/div>\n\t\t\t<\/div>\n\t\t\t\t\t\t<\/div>\n\t<\/div>\n\t<\/div>\n\n<\/div>\n<\/div>\n<\/div>\n<\/div>\n\n\n\n<div class=\"wp-block-columns alignwide is-layout-flex wp-container-core-columns-is-layout-f56f613f wp-block-columns-is-layout-flex\" id=\"what-characterizes-the-project\">\n<div class=\"wp-block-column is-layout-flow wp-block-column-is-layout-flow\">\n<h2 class=\"wp-block-heading has-text-align-center has-secondary-color has-text-color\" id=\"the-memory-circuits-1\"><strong>Die Ged\u00e4chtnis-Schaltkreise<\/strong><\/h2>\n\n\n\n<p class=\"has-text-align-center wp-block-paragraph\">Ein Hauptelement des Ged\u00e4chtnisses ist das hippocampal-entorhinale Netzwerk (HC-EC). Bestimmte Anteile dieses Netzwerks erm\u00f6glichen Erinnerungspr\u00e4zision durch Separierung von \u00e4hnlichen Ged\u00e4chtnisinhalten (\u201apattern separation\u2018). Andere Teile sorgen eher f\u00fcr den assoziativen Abruf (\u201apattern completion\u2018). Interessanterweise scheint es dabei eine gewisse Trennung von Objekt- (\u201ewas\u201c) und Kontextinformation (\u201ewo\u201c) zu geben. In gesunden Erwachsenen wird zur Verarbeitung von einzelnen Objekten ein Netzwerk im Gehirn genutzt, die mit den typischen Regionen \u00fcberlappt, die bei der Entstehung der Alzheimer Erkrankung relativ fr\u00fch Tau-Protein ansammeln. M\u00f6glicherweise wird dieses Netzwerk daher auch bei bei gesunden Personen von sehr fr\u00fcher Tau-Protein Ansammlung gest\u00f6rt. Wir werden hochaufl\u00f6sende Kernspintomographie nutzen, um die Trennung des Informationsflusses f\u00fcr diese Objekt- und Kontextinformation in jungen und \u00e4lteren Erwachsenen zu untersuchen. Messungen auf der Skala kleinr\u00e4umiger, submillimeter Verschaltungen (\u201ameso-scale\u2018) sind technisch schwierig und erfordern bei Untersuchungen an Menschen ein Hochfeld-MRT mit 7 Tesla Feldst\u00e4rke. In Zusammenarbeit mit dem Projekt Z03 werden wir auch Daten aus der Tau-PET Bildgebung erhalten, die uns verraten in welchen Gehirnregionen unsere Teilnehmer eventuell versteckte Tau-Protein-Ablagerungen haben. Zus\u00e4tzlich bekommen wir Informationen \u00fcber Amyloid-Ablagerungen. Das wird uns erlauben zum ersten Mal mit dieser r\u00e4umlichen Aufl\u00f6sung die neuronalen Ressourcen in der Erinnerungspr\u00e4zision unter Amyloid- und Tau-Ablagerung im Alter zu untersuchen.<\/p>\n<\/div>\n<\/div>\n\n\n\n<div class=\"wp-block-columns alignwide is-layout-flex wp-container-core-columns-is-layout-f56f613f wp-block-columns-is-layout-flex\">\n<div class=\"wp-block-column is-layout-flow wp-block-column-is-layout-flow\">\n<h3 class=\"wp-block-heading has-white-color has-secondary-background-color has-text-color has-background\" id=\"kognitives-training-im-alter-und-bei-super-agern\">Kognitives Training im Alter und bei \u201aSuper Agern\u2018<br><\/h3>\n\n\n\n<p class=\"wp-block-paragraph\">Bisher wei\u00df man nur wenig \u00fcber die M\u00f6glichkeit, durch kognitives Training bei \u00e4lteren Erwachsenen und \u201a<a rel=\"noreferrer noopener\" href=\"https:\/\/www.aerzteblatt.de\/nachrichten\/61701\/Super-Agers-Was-das-Gehirn-im-Alter-geistig-fit-haelt\" target=\"_blank\">Super Agern<\/a>\u2018 die Erinnerungspr\u00e4zision zu verbessern. Neuere Daten lassen darauf schlie\u00dfen, dass die Untersuchung dieser Frage die funktionelle Anatomie auf Ebene einzelner Netzwerke der Erinnerungsbildung im medialen Temporallappen ber\u00fccksichtigen muss, sowie auf das Vorhandensein \u201aversteckter\u2018 Pathologien (z.B. Amyloid oder Tau-Protein). Zudem wissen wir sehr wenig \u00fcber die Mechanismen die Ged\u00e4chtnisverbesserungen erm\u00f6glichen k\u00f6nnen. An diesem Punkt wollen wir ansetzen. Dazu werden wir uns mit der Frage besch\u00e4ftigen ob \u201aSuper Ager\u2018 \u00fcberhaupt von einem weiterem Training profitieren, oder bereits an der Grenze ihrer Leistungsf\u00e4higkeit sind.<\/p>\n<\/div>\n\n\n\n<div class=\"wp-block-column is-layout-flow wp-block-column-is-layout-flow\">\n<h3 class=\"wp-block-heading has-white-color has-secondary-background-color has-text-color has-background\" id=\"cognitive-training-in-old-age-and-in-superagers\">Ged\u00e4chtnis, oder visuelle Wahrnehmung, oder beides?<br><strong> <\/strong><\/h3>\n\n\n\n<p class=\"wp-block-paragraph\">Wenn wir Ged\u00e4chtnis-Pr\u00e4zision trainieren, trainieren wir auch solche Regionen im Gehirn, die visuelle Information verarbeiten. Daher ist es wahrscheinlich, dass das Training auch die Funktion der visuellen Regionen verbessert. Eine wichtige M\u00f6glichkeit ist, dass jede beobachtete Verbesserung des Ged\u00e4chtnisses lediglich auf der verbesserten Funktion der visuellen Regionen beruht. Um diese M\u00f6glichkeit zu untersuchen, ist Expertise im Bereich der visuellen Verarbeitung erforderlich. Unser Projekt bringt Forscher mit Expertise in visueller Verarbeitung und Erinnerungsbildung zusammen.<\/p>\n<\/div>\n<\/div>\n\n\n\n<div class=\"wp-block-columns alignwide is-layout-flex wp-container-core-columns-is-layout-f56f613f wp-block-columns-is-layout-flex\" id=\"our-study-designs\">\n<div class=\"wp-block-column is-layout-flow wp-block-column-is-layout-flow\" style=\"padding-top:0px;padding-right:0px;padding-bottom:0px;padding-left:0px\">\n<h2 class=\"wp-block-heading alignwide has-text-align-center has-secondary-color has-text-color\" id=\"unser-studiendesign\"><strong>Unser Studiendesign<\/strong><\/h2>\n\n\n\n<p class=\"wp-block-paragraph\">Unsere Forschung ist als L\u00e4ngsschnittstudie \u00fcber einen l\u00e4ngeren Zeitraum angelegt (\u201alongitudinal design\u2018). Wir werden unsere Teilnehmer f\u00fcr 3 Monate mit einem internetbasierten, spiel\u00e4hnlichen Trainingsprogramm trainieren. Vor und nach dem Training werden wir mittels r\u00e4umlich und zeitlich hochaufl\u00f6sendem MRT verschiedene Messungen zur Funktion und Konnektivit\u00e4t des Gehirns durchf\u00fchren. Im Training selber sollen die Teilnehmer lernen \u00e4hnlich aussehende Bilder von entweder ganzen Szenen oder einzelnen Objekten zu unterscheiden.<\/p>\n<\/div>\n<\/div>\n\n\n\n<div style=\"height:20px\" aria-hidden=\"true\" class=\"wp-block-spacer\"><\/div>\n\n\n\n<div class=\"wp-block-columns alignfull is-layout-flex wp-container-core-columns-is-layout-952ccc31 wp-block-columns-is-layout-flex\" id=\"research-goals-questions\" style=\"margin-top:0px;margin-bottom:0px;padding-top:0px;padding-right:0px;padding-bottom:0px;padding-left:0px\">\n<div class=\"wp-block-column is-layout-flow wp-block-column-is-layout-flow\" style=\"padding-top:0px;padding-right:0px;padding-bottom:0px;padding-left:0px\">\n<div class=\"wp-block-columns alignfull are-vertically-aligned-center has-white-color has-secondary-background-color has-text-color has-background is-layout-flex wp-container-core-columns-is-layout-952ccc31 wp-block-columns-is-layout-flex\" style=\"margin-top:0px;margin-bottom:0px;padding-top:0px;padding-right:0px;padding-bottom:0px;padding-left:0px\">\n<div class=\"wp-block-column is-vertically-aligned-center is-layout-flow wp-block-column-is-layout-flow\" style=\"padding-top:20px;padding-right:20px;padding-bottom:20px;padding-left:20px\">\n<h2 class=\"wp-block-heading has-text-align-right\" id=\"die-ziele-unseres-projektes\" style=\"font-style:normal;font-weight:500\">Forschungsziele \u2013 Fragen:<\/h2>\n<\/div>\n\n\n\n<div class=\"wp-block-column is-vertically-aligned-center has-white-color has-project-c-background-color has-text-color has-background is-layout-flow wp-block-column-is-layout-flow\" style=\"padding-top:50px;padding-right:150px;padding-bottom:50px;padding-left:150px\">\n<p class=\"wp-block-paragraph\">Dieses Projekt soll Informationen zur Kapazit\u00e4t und Plastizit\u00e4t von Ged\u00e4chtnisfunktionen im Alter liefern:<\/p>\n\n\n\n<div class=\"wp-block-group is-layout-flow wp-block-group-is-layout-flow\">\n<ol style=\"list-style-type:1\" class=\"wp-block-list\">\n<li>Was sind die Trainings- und Transfereffekte von Ged\u00e4chtnis-Pr\u00e4zisionstraining (z.B. bessere Erinnerungsf\u00e4higkeit), und welche Einfl\u00fcsse auf andere Ged\u00e4chtnisfunktionen gibt es?<\/li>\n\n\n\n<li>Wie beeinflussen Alter und versteckte pathologische Ver\u00e4nderungen (z.B. Tau-Ablagerungen im Gehirn) diese Effekte?<\/li>\n\n\n\n<li>Was sind die strukturellen Grundlagen dieser Effekte im Gehirn, bei Personen mit oder ohne pathologische Ver\u00e4nderungen?<\/li>\n\n\n\n<li>Was sind die funktionellen Grundlagen dieser Effekte?<\/li>\n<\/ol>\n<\/div>\n<\/div>\n<\/div>\n<\/div>\n<\/div>\n\n\n\n<div class=\"wp-block-columns alignfull has-tertiary-background-color has-background is-layout-flex wp-container-core-columns-is-layout-952ccc31 wp-block-columns-is-layout-flex\" id=\"long-term-perspective\" style=\"margin-top:0px;margin-bottom:0px;padding-top:0px;padding-right:0px;padding-bottom:0px;padding-left:0px\">\n<div class=\"wp-block-column is-layout-flow wp-block-column-is-layout-flow\" style=\"padding-top:0px;padding-right:0px;padding-bottom:0px;padding-left:0px\">\n<div class=\"wp-block-cover is-light is-repeated\"><div class=\"wp-block-cover__image-background wp-image-12591 is-repeated\" style=\"background-position:50% 50%;background-image:url(https:\/\/sfb1436.de\/wp-content\/uploads\/2022\/05\/senior-man-playing-puzzle.png)\"><\/div><span aria-hidden=\"true\" class=\"wp-block-cover__background has-background-dim-20 has-background-dim\"><\/span><div class=\"wp-block-cover__inner-container is-layout-flow wp-block-cover-is-layout-flow\">\n<p class=\"has-text-align-center has-large-font-size wp-block-paragraph\"><\/p>\n<\/div><\/div>\n<\/div>\n\n\n\n<div class=\"wp-block-column has-tertiary-background-color has-background is-layout-flow wp-block-column-is-layout-flow\" style=\"padding-top:30px;padding-right:150px;padding-bottom:30px;padding-left:150px\">\n<h2 class=\"wp-block-heading has-text-align-left\" id=\"ein-blick-in-die-zukunft\" style=\"font-style:normal;font-weight:500\"><strong>Ausblick<\/strong><\/h2>\n\n\n\n<p class=\"has-text-align-left wp-block-paragraph\">Das Verst\u00e4ndnis der Gehirnplastizit\u00e4t und Transferkapazit\u00e4t neurokognitiver Schaltkreise wird neue Einsichten in die Funktionsweise neuronaler Ressourcen im Alter erm\u00f6glichen. Die Langzeitperspektive ist eine neurowissenschaftliche Theorie, die die M\u00f6glichkeiten und Grenzen kognitiven Trainings bei \u00e4lteren Menschen mit und ohne versteckte Pathologie erkl\u00e4rt.<\/p>\n<\/div>\n<\/div>\n\n\n\n<div class=\"wp-block-columns alignfull is-layout-flex wp-container-core-columns-is-layout-dca53f0c wp-block-columns-is-layout-flex\" id=\"publications\" style=\"margin-top:0px;margin-bottom:0px\">\n<div class=\"wp-block-column has-project-c-background-color has-background is-layout-flow wp-block-column-is-layout-flow\" style=\"flex-basis:100%\">\n<section class=\"wp-block-group alignfull is-layout-flow wp-block-group-is-layout-flow\" style=\"padding-top:0px;padding-right:0px;padding-bottom:0px;padding-left:0px\">\n<div class=\"wp-block-columns alignfull has-project-c-background-color has-background is-layout-flex wp-container-core-columns-is-layout-44579ee7 wp-block-columns-is-layout-flex\" style=\"margin-top:0px;margin-bottom:0px;padding-top:0px;padding-right:0px;padding-bottom:0px;padding-left:0px\">\n<div class=\"wp-block-column is-layout-flow wp-block-column-is-layout-flow\">\n<h2 class=\"wp-block-heading has-text-align-center has-white-color has-text-color\" id=\"publikationen\"><strong>Publikationen<\/strong><\/h2>\n\n\n\n\t\t\t<div class=\"wp-block-uagb-post-carousel uagb-post-grid project-slider uagb-post__image-position-top uagb-post__image-disabled uagb-block-826c64d7     uagb-post__arrow-outside uagb-slick-carousel uagb-post__items uagb-post__columns-3 is-carousel uagb-post__columns-tablet-2 uagb-post__columns-mobile-1\" data-total=\"3\" style=\"\">\n\n\t\t\t\t\t\t\t\t\t\t\t\t<article class=\"uagb-post__inner-wrap\">\t\t\t\t\t\t\t\t<h4 class=\"uagb-post__title uagb-post__text\">\n\t\t\t\t<a href=\"https:\/\/doi.org\/10.1038\/s41582-026-01189-9\" target=\"_blank\" rel=\"bookmark noopener noreferrer\">Maintaining and regaining episodic memory in Alzheimer disease: a circuit-based perspective<\/a>\n\t\t\t<\/h4>\n\t\t\t\t\t\t<div class='uagb-post__text uagb-post-grid-byline'>\n\t\t\t\t\t\t\t\t<time datetime=\"2026-03-17T10:15:03+01:00\" class=\"uagb-post__date\">\n\t\t\t\t<span class=\"dashicons-calendar dashicons\"><\/span>\t\t\t\t\t17.03.2026\t\t\t\t<\/time>\n\t\t\t\t\t\t\t<div class=\"uagb-post__text\">\n\t\t\t\t\t<span class='uagb-post__taxonomy'>\n\t\t\t\t\t\t<span class=\"dashicons-tag dashicons\"><\/span>\t\t\t\t\t\t<a href=\"https:\/\/sfb1436.de\/de\/category\/publikation\/a02-de\/\">A02<\/a>,&nbsp;<a href=\"https:\/\/sfb1436.de\/de\/category\/publikation\/a04-de\/\">A04<\/a>,&nbsp;<a href=\"https:\/\/sfb1436.de\/de\/category\/publikation\/b02-de\/\">B02<\/a>,&nbsp;<a href=\"https:\/\/sfb1436.de\/de\/category\/publikation\/z01-de\/\">Z01<\/a>,&nbsp;<a href=\"https:\/\/sfb1436.de\/de\/category\/publikation\/z03-de\/\">Z03<\/a>\t\t\t\t\t<\/span>\n\t\t\t\t<\/div>\n\t\t\t\t\t\t\t<\/div>\n\t\t\t\t\t\t\t<div class='uagb-post__text uagb-post__excerpt'>\n\t\t\t\t\t<p>Emrah D\u00fczel &amp; Michael R. Kreutz <span class=\"excerpt-magazin\">Nature Reviews Neurology (2026)<\/span><\/p>\n<\/span>\t\t\t\t<\/div>\n\t\t\t\n\t\t\t\t\t\t\t\t\t<\/article>\n\t\t\t\t\t\t\t\t\t\t\t\t\t\t\t\t<article class=\"uagb-post__inner-wrap\">\t\t\t\t\t\t\t\t<h4 class=\"uagb-post__title uagb-post__text\">\n\t\t\t\t<a href=\"https:\/\/doi.org\/10.1007\/s11357-025-01764-w\" target=\"_blank\" rel=\"bookmark noopener noreferrer\">A physically and mentally active lifestyle relates to younger brain and cognitive age<\/a>\n\t\t\t<\/h4>\n\t\t\t\t\t\t<div class='uagb-post__text uagb-post-grid-byline'>\n\t\t\t\t\t\t\t\t<time datetime=\"2025-07-07T13:33:33+02:00\" class=\"uagb-post__date\">\n\t\t\t\t<span class=\"dashicons-calendar dashicons\"><\/span>\t\t\t\t\t07.07.2025\t\t\t\t<\/time>\n\t\t\t\t\t\t\t<div class=\"uagb-post__text\">\n\t\t\t\t\t<span class='uagb-post__taxonomy'>\n\t\t\t\t\t\t<span class=\"dashicons-tag dashicons\"><\/span>\t\t\t\t\t\t<a href=\"https:\/\/sfb1436.de\/de\/category\/publikation\/a05-de\/\">A05<\/a>,&nbsp;<a href=\"https:\/\/sfb1436.de\/de\/category\/publikation\/b02-de\/\">B02<\/a>,&nbsp;<a href=\"https:\/\/sfb1436.de\/de\/category\/publikation\/b04-de\/\">B04<\/a>,&nbsp;<a href=\"https:\/\/sfb1436.de\/de\/category\/publikation\/z03-de\/\">Z03<\/a>\t\t\t\t\t<\/span>\n\t\t\t\t<\/div>\n\t\t\t\t\t\t\t<\/div>\n\t\t\t\t\t\t\t<div class='uagb-post__text uagb-post__excerpt'>\n\t\t\t\t\t<p>Niklas Behrenbruch,&nbsp;Svenja Schwarck,&nbsp;Beate Schumann-Werner,&nbsp;E\u00f3in N. Molloy,&nbsp;Berta Garcia-Garcia,&nbsp;Anne Hochkeppler,&nbsp;Larissa Fischer,&nbsp;Anna-Therese B\u00fcchel,&nbsp;Enise I. Incesoy,&nbsp;Jose Bernal,&nbsp;Niklas Vockert,&nbsp;Patrick M\u00fcller,&nbsp;Gusalija Behnisch,&nbsp;B\u00e1rbara Morgado,&nbsp;Hermann Esselmann,&nbsp;Constanze I. Seidenbecher,&nbsp;Bj\u00f6rn H. Schott,&nbsp;Henryk Barthel,&nbsp;Osama Sabri,&nbsp;Jens Wiltfang,&nbsp;Michael C. Kreissl,&nbsp;Emrah D\u00fczel&nbsp;&amp;&nbsp;Anne Maass <span class=\"excerpt-magazin\">GeroScience (2025)<\/span><\/p>\n<\/span>\t\t\t\t<\/div>\n\t\t\t\n\t\t\t\t\t\t\t\t\t<\/article>\n\t\t\t\t\t\t\t\t\t\t\t\t\t\t\t\t<article class=\"uagb-post__inner-wrap\">\t\t\t\t\t\t\t\t<h4 class=\"uagb-post__title uagb-post__text\">\n\t\t\t\t<a href=\"https:\/\/doi.org\/10.1038\/s41467-024-53360-9\" target=\"_blank\" rel=\"bookmark noopener noreferrer\">Kognitive Reserve gegen\u00fcber der Alzheimer-Pathologie ist mit der Gehirnaktivit\u00e4t w\u00e4hrend der Ged\u00e4chtnisbildung verbunden (2024)<\/a>\n\t\t\t<\/h4>\n\t\t\t\t\t\t<div class='uagb-post__text uagb-post-grid-byline'>\n\t\t\t\t\t\t\t\t<time datetime=\"2024-11-13T11:42:27+01:00\" class=\"uagb-post__date\">\n\t\t\t\t<span class=\"dashicons-calendar dashicons\"><\/span>\t\t\t\t\t13.11.2024\t\t\t\t<\/time>\n\t\t\t\t\t\t\t<div class=\"uagb-post__text\">\n\t\t\t\t\t<span class='uagb-post__taxonomy'>\n\t\t\t\t\t\t<span class=\"dashicons-tag dashicons\"><\/span>\t\t\t\t\t\t<a href=\"https:\/\/sfb1436.de\/de\/category\/publikation\/a04-de\/\">A04<\/a>,&nbsp;<a href=\"https:\/\/sfb1436.de\/de\/category\/publikation\/a05-de\/\">A05<\/a>,&nbsp;<a href=\"https:\/\/sfb1436.de\/de\/category\/publikation\/b02-de\/\">B02<\/a>,&nbsp;<a href=\"https:\/\/sfb1436.de\/de\/category\/publikation\/b04-de\/\">B04<\/a>,&nbsp;<a href=\"https:\/\/sfb1436.de\/de\/category\/publikation\/c01-de\/\">C01<\/a>,&nbsp;<a href=\"https:\/\/sfb1436.de\/de\/category\/publikation\/z03-de\/\">Z03<\/a>\t\t\t\t\t<\/span>\n\t\t\t\t<\/div>\n\t\t\t\t\t\t\t<\/div>\n\t\t\t\t\t\t\t<div class='uagb-post__text uagb-post__excerpt'>\n\t\t\t\t\t<p>Niklas Vockert, Judith Machts, Luca Kleineidam, Aditya Nemali, Hartmut Sch\u00fctze, Renat Yakupov, Oliver Peters, Daria Gref, Luisa Sophie Schneider, Lukas Preis, Josef Priller, Eike Jakob Spruth, Slawek Altenstein, Anja Schneider, Klaus Fliessbach, Jens Wiltfang, Ayda Rostamzadeh, Wenzel Glanz, Enise I&#8230;.<\/span>\t\t\t\t<\/div>\n\t\t\t\n\t\t\t\t\t\t\t\t\t<\/article>\n\t\t\t\t\t\t\t\t\t\t\t\t\t\t\t\t<article class=\"uagb-post__inner-wrap\">\t\t\t\t\t\t\t\t<h4 class=\"uagb-post__title uagb-post__text\">\n\t\t\t\t<a href=\"https:\/\/doi.org\/10.1093\/brain\/awae149\" target=\"_blank\" rel=\"bookmark noopener noreferrer\">Single-value brain activity scores reflect both severity and risk across the Alzheimer&#8217;s continuum<\/a>\n\t\t\t<\/h4>\n\t\t\t\t\t\t<div class='uagb-post__text uagb-post-grid-byline'>\n\t\t\t\t\t\t\t\t<time datetime=\"2024-11-04T13:30:38+01:00\" class=\"uagb-post__date\">\n\t\t\t\t<span class=\"dashicons-calendar dashicons\"><\/span>\t\t\t\t\t04.11.2024\t\t\t\t<\/time>\n\t\t\t\t\t\t\t<div class=\"uagb-post__text\">\n\t\t\t\t\t<span class='uagb-post__taxonomy'>\n\t\t\t\t\t\t<span class=\"dashicons-tag dashicons\"><\/span>\t\t\t\t\t\t<a href=\"https:\/\/sfb1436.de\/de\/category\/publikation\/a04-de\/\">A04<\/a>,&nbsp;<a href=\"https:\/\/sfb1436.de\/de\/category\/publikation\/a05-de\/\">A05<\/a>,&nbsp;<a href=\"https:\/\/sfb1436.de\/de\/category\/publikation\/b02-de\/\">B02<\/a>,&nbsp;<a href=\"https:\/\/sfb1436.de\/de\/category\/publikation\/z03-de\/\">Z03<\/a>\t\t\t\t\t<\/span>\n\t\t\t\t<\/div>\n\t\t\t\t\t\t\t<\/div>\n\t\t\t\t\t\t\t<div class='uagb-post__text uagb-post__excerpt'>\n\t\t\t\t\t<p>Niklas Soch J, Richter A, Kizilirmak JM, Sch\u00fctze H, Ziegler G, Altenstein S, Brosseron F, Fliessbach K, Freiesleben SD, Glanz W, Gref D, Heneka MT, Incesoy EI, Kilimann I, Kimmich O, Laske C, Lohse A, L\u00fcsebrink F, Munk MH, Peters&#8230;<\/span>\t\t\t\t<\/div>\n\t\t\t\n\t\t\t\t\t\t\t\t\t<\/article>\n\t\t\t\t\t\t\t\t\t\t\t\t\t\t\t\t<article class=\"uagb-post__inner-wrap\">\t\t\t\t\t\t\t\t<h4 class=\"uagb-post__title uagb-post__text\">\n\t\t\t\t<a href=\"https:\/\/doi.org\/10.1162\/imag_a_00260\" target=\"_blank\" rel=\"bookmark noopener noreferrer\">Reduced expression of fMRI subsequent memory effects with increasing severity across the Alzheimer\u2019s disease risk spectrum<\/a>\n\t\t\t<\/h4>\n\t\t\t\t\t\t<div class='uagb-post__text uagb-post-grid-byline'>\n\t\t\t\t\t\t\t\t<time datetime=\"2024-08-20T13:33:26+02:00\" class=\"uagb-post__date\">\n\t\t\t\t<span class=\"dashicons-calendar dashicons\"><\/span>\t\t\t\t\t20.08.2024\t\t\t\t<\/time>\n\t\t\t\t\t\t\t<div class=\"uagb-post__text\">\n\t\t\t\t\t<span class='uagb-post__taxonomy'>\n\t\t\t\t\t\t<span class=\"dashicons-tag dashicons\"><\/span>\t\t\t\t\t\t<a href=\"https:\/\/sfb1436.de\/de\/category\/publikation\/a04-de\/\">A04<\/a>,&nbsp;<a href=\"https:\/\/sfb1436.de\/de\/category\/publikation\/a05-de\/\">A05<\/a>,&nbsp;<a href=\"https:\/\/sfb1436.de\/de\/category\/publikation\/b02-de\/\">B02<\/a>,&nbsp;<a href=\"https:\/\/sfb1436.de\/de\/category\/publikation\/z03-de\/\">Z03<\/a>\t\t\t\t\t<\/span>\n\t\t\t\t<\/div>\n\t\t\t\t\t\t\t<\/div>\n\t\t\t\t\t\t\t<div class='uagb-post__text uagb-post__excerpt'>\n\t\t\t\t\t<p>Soch J, Richter A, Kizilirmak JM, Sch\u00fctze H, Altenstein S, Dechent P, Fliessbach K, Glanz W, Herrera AL, Hetzer S, Incesoy EI, Kilimann I, Kimmich O, Lammerding D, Laske C, Lohse A, L\u00fcsebrink F, Munk MH, Peters O, Preis L,&#8230;<\/span>\t\t\t\t<\/div>\n\t\t\t\n\t\t\t\t\t\t\t\t\t<\/article>\n\t\t\t\t\t\t\t\t\t\t\t\t\t\t\t\t<article class=\"uagb-post__inner-wrap\">\t\t\t\t\t\t\t\t<h4 class=\"uagb-post__title uagb-post__text\">\n\t\t\t\t<a href=\"https:\/\/doi.org\/10.1177\/0271678x241260629\" target=\"_blank\" rel=\"bookmark noopener noreferrer\">Enlarged perivascular spaces in the basal ganglia are associated with arteries not veins<\/a>\n\t\t\t<\/h4>\n\t\t\t\t\t\t<div class='uagb-post__text uagb-post-grid-byline'>\n\t\t\t\t\t\t\t\t<time datetime=\"2024-06-11T10:33:47+02:00\" class=\"uagb-post__date\">\n\t\t\t\t<span class=\"dashicons-calendar dashicons\"><\/span>\t\t\t\t\t11.06.2024\t\t\t\t<\/time>\n\t\t\t\t\t\t\t<div class=\"uagb-post__text\">\n\t\t\t\t\t<span class='uagb-post__taxonomy'>\n\t\t\t\t\t\t<span class=\"dashicons-tag dashicons\"><\/span>\t\t\t\t\t\t<a href=\"https:\/\/sfb1436.de\/de\/category\/publikation\/a04-de\/\">A04<\/a>,&nbsp;<a href=\"https:\/\/sfb1436.de\/de\/category\/publikation\/b02-de\/\">B02<\/a>,&nbsp;<a href=\"https:\/\/sfb1436.de\/de\/category\/publikation\/b04-de\/\">B04<\/a>,&nbsp;<a href=\"https:\/\/sfb1436.de\/de\/category\/publikation\/z03-de\/\">Z03<\/a>\t\t\t\t\t<\/span>\n\t\t\t\t<\/div>\n\t\t\t\t\t\t\t<\/div>\n\t\t\t\t\t\t\t<div class='uagb-post__text uagb-post__excerpt'>\n\t\t\t\t\t<p>Oltmer J, Mattern H, Beck J, Yakupov R, Greenberg SM, Zwanenburg JJ, Arts T, D\u00fczel E, van Veluw SJ,\u00a0Schreiber S, Perosa V <span class=\"excerpt-magazin\">J Cereb Blood Flow Metab (2024)<\/span><\/p>\n<\/span>\t\t\t\t<\/div>\n\t\t\t\n\t\t\t\t\t\t\t\t\t<\/article>\n\t\t\t\t\t\t\t\t\t\t\t\t\t\t\t\t<article class=\"uagb-post__inner-wrap\">\t\t\t\t\t\t\t\t<h4 class=\"uagb-post__title uagb-post__text\">\n\t\t\t\t<a href=\"https:\/\/doi.org\/10.1101\/2023.11.30.569265\" target=\"_blank\" rel=\"bookmark noopener noreferrer\">Diagnostic images for mild cognitive impairment reveal biomarker status and abnormal scene processing<\/a>\n\t\t\t<\/h4>\n\t\t\t\t\t\t<div class='uagb-post__text uagb-post-grid-byline'>\n\t\t\t\t\t\t\t\t<time datetime=\"2023-12-02T23:51:00+01:00\" class=\"uagb-post__date\">\n\t\t\t\t<span class=\"dashicons-calendar dashicons\"><\/span>\t\t\t\t\t02.12.2023\t\t\t\t<\/time>\n\t\t\t\t\t\t\t<div class=\"uagb-post__text\">\n\t\t\t\t\t<span class='uagb-post__taxonomy'>\n\t\t\t\t\t\t<span class=\"dashicons-tag dashicons\"><\/span>\t\t\t\t\t\t<a href=\"https:\/\/sfb1436.de\/de\/category\/publikation\/b02-de\/\">B02<\/a>\t\t\t\t\t<\/span>\n\t\t\t\t<\/div>\n\t\t\t\t\t\t\t<\/div>\n\t\t\t\t\t\t\t<div class='uagb-post__text uagb-post__excerpt'>\n\t\t\t\t\t<p>Yuetong Bai, Oliver Peters, Silka Dawn Freiesleben, Friederike Fenski, Josef Priller, Eike Jakob Spruth, Anja Schneider, Klaus Fliessbach, Jens Wiltfang, Claudia Bartels, Ayda Rostamzadeh, Wenzel Glanz, Stefan Teipel, Ingo Kilimann, Christoph Laske, Matthias H. Munk, Annika Spottke, Nina Roy-Kluth, Frederic&#8230;<\/span>\t\t\t\t<\/div>\n\t\t\t\n\t\t\t\t\t\t\t\t\t<\/article>\n\t\t\t\t\t\t\t\t\t\t\t\t\t\t\t\t<article class=\"uagb-post__inner-wrap\">\t\t\t\t\t\t\t\t<h4 class=\"uagb-post__title uagb-post__text\">\n\t\t\t\t<a href=\"https:\/\/doi.org\/10.1126\/sciadv.adi2321\" target=\"_blank\" rel=\"bookmark noopener noreferrer\">Alpha-frequency feedback to early visual cortex orchestrates coherent natural vision<\/a>\n\t\t\t<\/h4>\n\t\t\t\t\t\t<div class='uagb-post__text uagb-post-grid-byline'>\n\t\t\t\t\t\t\t\t<time datetime=\"2023-11-10T12:20:52+01:00\" class=\"uagb-post__date\">\n\t\t\t\t<span class=\"dashicons-calendar dashicons\"><\/span>\t\t\t\t\t10.11.2023\t\t\t\t<\/time>\n\t\t\t\t\t\t\t<div class=\"uagb-post__text\">\n\t\t\t\t\t<span class='uagb-post__taxonomy'>\n\t\t\t\t\t\t<span class=\"dashicons-tag dashicons\"><\/span>\t\t\t\t\t\t<a href=\"https:\/\/sfb1436.de\/de\/category\/publikation\/b02-de\/\">B02<\/a>\t\t\t\t\t<\/span>\n\t\t\t\t<\/div>\n\t\t\t\t\t\t\t<\/div>\n\t\t\t\t\t\t\t<div class='uagb-post__text uagb-post__excerpt'>\n\t\t\t\t\t<p>Chen L, Cichy RM*, Kaiser D* <span class=\"excerpt-magazin\">Sci Adv (2023)<\/span><\/p>\n<\/span>\t\t\t\t<\/div>\n\t\t\t\n\t\t\t\t\t\t\t\t\t<\/article>\n\t\t\t\t\t\t\t\t\t\t\t\t\t\t\t\t<article class=\"uagb-post__inner-wrap\">\t\t\t\t\t\t\t\t<h4 class=\"uagb-post__title uagb-post__text\">\n\t\t\t\t<a href=\"https:\/\/doi.org\/10.1101\/2023.10.10.561675\" target=\"_blank\" rel=\"bookmark noopener noreferrer\">Kognitive Reserve gegen\u00fcber der Alzheimer-Pathologie ist mit der Gehirnaktivit\u00e4t w\u00e4hrend der Ged\u00e4chtnisbildung verbunden (2023)<\/a>\n\t\t\t<\/h4>\n\t\t\t\t\t\t<div class='uagb-post__text uagb-post-grid-byline'>\n\t\t\t\t\t\t\t\t<time datetime=\"2023-10-13T23:36:00+02:00\" class=\"uagb-post__date\">\n\t\t\t\t<span class=\"dashicons-calendar dashicons\"><\/span>\t\t\t\t\t13.10.2023\t\t\t\t<\/time>\n\t\t\t\t\t\t\t<div class=\"uagb-post__text\">\n\t\t\t\t\t<span class='uagb-post__taxonomy'>\n\t\t\t\t\t\t<span class=\"dashicons-tag dashicons\"><\/span>\t\t\t\t\t\t<a href=\"https:\/\/sfb1436.de\/de\/category\/publikation\/a05-de\/\">A05<\/a>,&nbsp;<a href=\"https:\/\/sfb1436.de\/de\/category\/publikation\/b02-de\/\">B02<\/a>,&nbsp;<a href=\"https:\/\/sfb1436.de\/de\/category\/publikation\/b04-de\/\">B04<\/a>,&nbsp;<a href=\"https:\/\/sfb1436.de\/de\/category\/publikation\/c01-de\/\">C01<\/a>,&nbsp;<a href=\"https:\/\/sfb1436.de\/de\/category\/publikation\/z03-de\/\">Z03<\/a>\t\t\t\t\t<\/span>\n\t\t\t\t<\/div>\n\t\t\t\t\t\t\t<\/div>\n\t\t\t\t\t\t\t<div class='uagb-post__text uagb-post__excerpt'>\n\t\t\t\t\t<p>Niklas Vockert, Judith Machts, Luca Kleineidam, Aditya Nemali, Hartmut Sch\u00fctze, Renat Yakupov, Oliver Peters, Daria Gref, Luisa Sophie Schneider, Lukas Preis, Josef Priller, Eike Jakob Spruth, Slawek Altenstein, Anja Schneider, Klaus Fliessbach, Jens Wiltfang, Ayda Rostamzadeh, Wenzel Glanz, Enise I&#8230;.<\/span>\t\t\t\t<\/div>\n\t\t\t\n\t\t\t\t\t\t\t\t\t<\/article>\n\t\t\t\t\t\t\t\t\t\t\t\t\t\t\t\t<article class=\"uagb-post__inner-wrap\">\t\t\t\t\t\t\t\t<h4 class=\"uagb-post__title uagb-post__text\">\n\t\t\t\t<a href=\"https:\/\/doi.org\/10.1016\/j.neubiorev.2023.105311\" target=\"_blank\" rel=\"bookmark noopener noreferrer\">Noradrenergic neuromodulation in ageing and disease<\/a>\n\t\t\t<\/h4>\n\t\t\t\t\t\t<div class='uagb-post__text uagb-post-grid-byline'>\n\t\t\t\t\t\t\t\t<time datetime=\"2023-09-01T23:30:00+02:00\" class=\"uagb-post__date\">\n\t\t\t\t<span class=\"dashicons-calendar dashicons\"><\/span>\t\t\t\t\t01.09.2023\t\t\t\t<\/time>\n\t\t\t\t\t\t\t<div class=\"uagb-post__text\">\n\t\t\t\t\t<span class='uagb-post__taxonomy'>\n\t\t\t\t\t\t<span class=\"dashicons-tag dashicons\"><\/span>\t\t\t\t\t\t<a href=\"https:\/\/sfb1436.de\/de\/category\/publikation\/a08-de\/\">A08<\/a>,&nbsp;<a href=\"https:\/\/sfb1436.de\/de\/category\/publikation\/b02-de\/\">B02<\/a>\t\t\t\t\t<\/span>\n\t\t\t\t<\/div>\n\t\t\t\t\t\t\t<\/div>\n\t\t\t\t\t\t\t<div class='uagb-post__text uagb-post__excerpt'>\n\t\t\t\t\t<p>F. Krohn, E. Lancini , M. Ludwig , M. Leiman , G. Guruprasath, L. Haag , J. Panczyszyn, E. D\u00fczel, D. Hammerer, M. Betts <span class=\"excerpt-magazin\">Neurosci Biobehav Rev. (2023)<\/span><\/p>\n<\/span>\t\t\t\t<\/div>\n\t\t\t\n\t\t\t\t\t\t\t\t\t<\/article>\n\t\t\t\t\t\t\t\t\t\t\t\t\t\t\t\t<article class=\"uagb-post__inner-wrap\">\t\t\t\t\t\t\t\t<h4 class=\"uagb-post__title uagb-post__text\">\n\t\t\t\t<a href=\"https:\/\/doi.org\/10.1007\/s00702-023-02638-1\" target=\"_blank\" rel=\"bookmark noopener noreferrer\">Plasma concentrations of anti-inflammatory cytokine TGF-\u03b2 are associated with hippocampal structure related to explicit memory performance in older adults<\/a>\n\t\t\t<\/h4>\n\t\t\t\t\t\t<div class='uagb-post__text uagb-post-grid-byline'>\n\t\t\t\t\t\t\t\t<time datetime=\"2023-04-28T10:44:04+02:00\" class=\"uagb-post__date\">\n\t\t\t\t<span class=\"dashicons-calendar dashicons\"><\/span>\t\t\t\t\t28.04.2023\t\t\t\t<\/time>\n\t\t\t\t\t\t\t<div class=\"uagb-post__text\">\n\t\t\t\t\t<span class='uagb-post__taxonomy'>\n\t\t\t\t\t\t<span class=\"dashicons-tag dashicons\"><\/span>\t\t\t\t\t\t<a href=\"https:\/\/sfb1436.de\/de\/category\/publikation\/a04-de\/\">A04<\/a>,&nbsp;<a href=\"https:\/\/sfb1436.de\/de\/category\/publikation\/a05-de\/\">A05<\/a>,&nbsp;<a href=\"https:\/\/sfb1436.de\/de\/category\/publikation\/b02-de\/\">B02<\/a>,&nbsp;<a href=\"https:\/\/sfb1436.de\/de\/category\/publikation\/z03-de\/\">Z03<\/a>\t\t\t\t\t<\/span>\n\t\t\t\t<\/div>\n\t\t\t\t\t\t\t<\/div>\n\t\t\t\t\t\t\t<div class='uagb-post__text uagb-post__excerpt'>\n\t\t\t\t\t<p>M Raschick, A Richter, L Fischer, L Knopf, A Schult, R Yakupov, G Behnisch, K Guttek, E D\u00fczel, I R Dunay, C I Seidenbecher, B Schraven, D Reinhold, B H Schott <span class=\"excerpt-magazin\">J Neural Transm (2023)<\/span><\/p>\n<\/span>\t\t\t\t<\/div>\n\t\t\t\n\t\t\t\t\t\t\t\t\t<\/article>\n\t\t\t\t\t\t\t\t\t\t\t\t\t\t\t\t<article class=\"uagb-post__inner-wrap\">\t\t\t\t\t\t\t\t<h4 class=\"uagb-post__title uagb-post__text\">\n\t\t\t\t<a href=\"https:\/\/doi.org\/10.1002\/hbm.26299\" target=\"_blank\" rel=\"bookmark noopener noreferrer\">The relationship between resting-state amplitude fluctuations and memory-related deactivations of the default mode network in young and older adults<\/a>\n\t\t\t<\/h4>\n\t\t\t\t\t\t<div class='uagb-post__text uagb-post-grid-byline'>\n\t\t\t\t\t\t\t\t<time datetime=\"2023-04-18T11:05:57+02:00\" class=\"uagb-post__date\">\n\t\t\t\t<span class=\"dashicons-calendar dashicons\"><\/span>\t\t\t\t\t18.04.2023\t\t\t\t<\/time>\n\t\t\t\t\t\t\t<div class=\"uagb-post__text\">\n\t\t\t\t\t<span class='uagb-post__taxonomy'>\n\t\t\t\t\t\t<span class=\"dashicons-tag dashicons\"><\/span>\t\t\t\t\t\t<a href=\"https:\/\/sfb1436.de\/de\/category\/publikation\/a04-de\/\">A04<\/a>,&nbsp;<a href=\"https:\/\/sfb1436.de\/de\/category\/publikation\/a05-de\/\">A05<\/a>,&nbsp;<a href=\"https:\/\/sfb1436.de\/de\/category\/publikation\/b02-de\/\">B02<\/a>,&nbsp;<a href=\"https:\/\/sfb1436.de\/de\/category\/publikation\/z03-de\/\">Z03<\/a>\t\t\t\t\t<\/span>\n\t\t\t\t<\/div>\n\t\t\t\t\t\t\t<\/div>\n\t\t\t\t\t\t\t<div class='uagb-post__text uagb-post__excerpt'>\n\t\t\t\t\t<p>Jasmin M Kizilirmak, Joram Soch, Hartmut Sch\u00fctze, Emrah D\u00fczel, Hannah Feldhoff, Larissa Fischer, Lea Knopf, Anne Maass, Matthias Raschick, Annika Schult, Renat Yakupov, Anni Richter, Bj\u00f6rn H Schott <span class=\"excerpt-magazin\">Hum Brain Mapp (2023)<\/span><\/p>\n<\/span>\t\t\t\t<\/div>\n\t\t\t\n\t\t\t\t\t\t\t\t\t<\/article>\n\t\t\t\t\t\t\t\t\t\t\t<\/div>\n\t\t\t\n\n\n<div class=\"wp-block-buttons is-content-justification-center is-layout-flex wp-container-core-buttons-is-layout-19fccbcd wp-block-buttons-is-layout-flex\" style=\"margin-top:40px;margin-bottom:0px\">\n<div class=\"wp-block-button\"><a class=\"wp-block-button__link has-project-c-color has-white-background-color has-text-color has-background wp-element-button\" href=\"https:\/\/sfb1436.de\/de\/publikationen\/\">Alle Publikationen<\/a><\/div>\n\n\n\n<div class=\"wp-block-button is-style-outline is-style-outline--1\"><a class=\"wp-block-button__link has-white-color has-text-color wp-element-button\" href=\"https:\/\/sfb1436.de\/de\/projekte\/\">Alle Projekte<\/a><\/div>\n<\/div>\n<\/div>\n<\/div>\n<\/section>\n<\/div>\n<\/div>\n","protected":false},"excerpt":{"rendered":"<p>In diesem Projekt wollen wir untersuchen welche Mechanismen die neurokognitiven Schaltkreise verbessern und mobilisieren k\u00f6nnen, die eine hohe Pr\u00e4zision im episodischen Ged\u00e4chtnis erm\u00f6glichen. Wir werden anatomisch fokussierte transkranielle Ultraschallstimulation (TUS) von hippokampal-entorhinalen Schaltkreisen und Reserveregionen, welche wir in gro\u00dfen Kohortenstudien identifiziert haben, einsetzen. Wir werden diese Interventionen bei jungen Menschen und \u00e4lteren Erwachsenen mit Amyloid-Pathologie [&hellip;]<\/p>\n","protected":false},"author":4,"featured_media":0,"parent":3279,"menu_order":0,"comment_status":"closed","ping_status":"closed","template":"","meta":{"_crdt_document":"","_uag_custom_page_level_css":"","footnotes":""},"class_list":["post-7109","page","type-page","status-publish","hentry"],"yoast_head":"<!-- This site is optimized with the Yoast SEO plugin v27.1.1 - https:\/\/yoast.com\/product\/yoast-seo-wordpress\/ -->\n<title>B02 - Mobilisierung im episodischen Ged\u00e4chtnis- SFB1436<\/title>\n<meta name=\"description\" content=\"In diesem Projekt wollen wir untersuchen welche Mechanismen die neurokognitiven Schaltkreise verbessern und mobilisieren k\u00f6nnen, die...\" \/>\n<meta name=\"robots\" content=\"index, follow, max-snippet:-1, max-image-preview:large, max-video-preview:-1\" \/>\n<link rel=\"canonical\" href=\"https:\/\/sfb1436.de\/de\/projekte\/b02-mobilisierung-von-reserve-im-episodischen-gedaechtnis-bei-menschen-mit-alzheimerpathologie\/\" \/>\n<meta property=\"og:locale\" content=\"de_DE\" \/>\n<meta property=\"og:type\" content=\"article\" \/>\n<meta property=\"og:title\" content=\"B02 - Mobilisierung im episodischen Ged\u00e4chtnis- SFB1436\" \/>\n<meta property=\"og:description\" content=\"In diesem Projekt wollen wir untersuchen welche Mechanismen die neurokognitiven Schaltkreise verbessern und mobilisieren k\u00f6nnen, die...\" \/>\n<meta property=\"og:url\" content=\"https:\/\/sfb1436.de\/de\/projekte\/b02-mobilisierung-von-reserve-im-episodischen-gedaechtnis-bei-menschen-mit-alzheimerpathologie\/\" \/>\n<meta property=\"og:site_name\" content=\"SFB1436\" \/>\n<meta property=\"article:modified_time\" content=\"2025-07-03T10:12:03+00:00\" \/>\n<meta property=\"og:image\" content=\"https:\/\/sfb1436.de\/wp-content\/uploads\/2022\/03\/B02_graphical-abstract-12.2021-B02-SFB-Kopie.png\" \/>\n\t<meta property=\"og:image:width\" content=\"2528\" \/>\n\t<meta property=\"og:image:height\" content=\"1616\" \/>\n\t<meta property=\"og:image:type\" content=\"image\/png\" \/>\n<meta name=\"twitter:card\" content=\"summary_large_image\" \/>\n<meta name=\"twitter:label1\" content=\"Gesch\u00e4tzte Lesezeit\" \/>\n\t<meta name=\"twitter:data1\" content=\"9\u00a0Minuten\" \/>\n<script type=\"application\/ld+json\" class=\"yoast-schema-graph\">{\"@context\":\"https:\/\/schema.org\",\"@graph\":[{\"@type\":\"WebPage\",\"@id\":\"https:\/\/sfb1436.de\/de\/projekte\/b02-mobilisierung-von-reserve-im-episodischen-gedaechtnis-bei-menschen-mit-alzheimerpathologie\/\",\"url\":\"https:\/\/sfb1436.de\/de\/projekte\/b02-mobilisierung-von-reserve-im-episodischen-gedaechtnis-bei-menschen-mit-alzheimerpathologie\/\",\"name\":\"B02 - Mobilisierung im episodischen Ged\u00e4chtnis- SFB1436\",\"isPartOf\":{\"@id\":\"https:\/\/sfb1436.de\/de\/#website\"},\"primaryImageOfPage\":{\"@id\":\"https:\/\/sfb1436.de\/de\/projekte\/b02-mobilisierung-von-reserve-im-episodischen-gedaechtnis-bei-menschen-mit-alzheimerpathologie\/#primaryimage\"},\"image\":{\"@id\":\"https:\/\/sfb1436.de\/de\/projekte\/b02-mobilisierung-von-reserve-im-episodischen-gedaechtnis-bei-menschen-mit-alzheimerpathologie\/#primaryimage\"},\"thumbnailUrl\":\"https:\/\/sfb1436.de\/wp-content\/uploads\/2022\/03\/B02_graphical-abstract-12.2021-B02-SFB-Kopie-1024x655.png\",\"datePublished\":\"2022-03-29T08:33:07+00:00\",\"dateModified\":\"2025-07-03T10:12:03+00:00\",\"description\":\"In diesem Projekt wollen wir untersuchen welche Mechanismen die neurokognitiven Schaltkreise verbessern und mobilisieren k\u00f6nnen, die...\",\"breadcrumb\":{\"@id\":\"https:\/\/sfb1436.de\/de\/projekte\/b02-mobilisierung-von-reserve-im-episodischen-gedaechtnis-bei-menschen-mit-alzheimerpathologie\/#breadcrumb\"},\"inLanguage\":\"de\",\"potentialAction\":[{\"@type\":\"ReadAction\",\"target\":[\"https:\/\/sfb1436.de\/de\/projekte\/b02-mobilisierung-von-reserve-im-episodischen-gedaechtnis-bei-menschen-mit-alzheimerpathologie\/\"]}]},{\"@type\":\"ImageObject\",\"inLanguage\":\"de\",\"@id\":\"https:\/\/sfb1436.de\/de\/projekte\/b02-mobilisierung-von-reserve-im-episodischen-gedaechtnis-bei-menschen-mit-alzheimerpathologie\/#primaryimage\",\"url\":\"https:\/\/sfb1436.de\/wp-content\/uploads\/2022\/03\/B02_graphical-abstract-12.2021-B02-SFB-Kopie-1024x655.png\",\"contentUrl\":\"https:\/\/sfb1436.de\/wp-content\/uploads\/2022\/03\/B02_graphical-abstract-12.2021-B02-SFB-Kopie-1024x655.png\"},{\"@type\":\"BreadcrumbList\",\"@id\":\"https:\/\/sfb1436.de\/de\/projekte\/b02-mobilisierung-von-reserve-im-episodischen-gedaechtnis-bei-menschen-mit-alzheimerpathologie\/#breadcrumb\",\"itemListElement\":[{\"@type\":\"ListItem\",\"position\":1,\"name\":\"Startseite\",\"item\":\"https:\/\/sfb1436.de\/de\/\"},{\"@type\":\"ListItem\",\"position\":2,\"name\":\"Unsere Projekte\",\"item\":\"https:\/\/sfb1436.de\/de\/projekte\/\"},{\"@type\":\"ListItem\",\"position\":3,\"name\":\"B02 &#8211; Mobilisierung von Reserve im episodischen Ged\u00e4chtnis bei Menschen mit Alzheimerpathologie\"}]},{\"@type\":\"WebSite\",\"@id\":\"https:\/\/sfb1436.de\/de\/#website\",\"url\":\"https:\/\/sfb1436.de\/de\/\",\"name\":\"SFB1436\",\"description\":\"\",\"publisher\":{\"@id\":\"https:\/\/sfb1436.de\/de\/#organization\"},\"potentialAction\":[{\"@type\":\"SearchAction\",\"target\":{\"@type\":\"EntryPoint\",\"urlTemplate\":\"https:\/\/sfb1436.de\/de\/?s={search_term_string}\"},\"query-input\":{\"@type\":\"PropertyValueSpecification\",\"valueRequired\":true,\"valueName\":\"search_term_string\"}}],\"inLanguage\":\"de\"},{\"@type\":\"Organization\",\"@id\":\"https:\/\/sfb1436.de\/de\/#organization\",\"name\":\"Otto-von-Guericke Universit\u00e4t Medizinische Fakult\u00e4t Institut f\u00fcr Kognitive Neurologie und Demenzforschung\",\"url\":\"https:\/\/sfb1436.de\/de\/\",\"logo\":{\"@type\":\"ImageObject\",\"inLanguage\":\"de\",\"@id\":\"https:\/\/sfb1436.de\/de\/#\/schema\/logo\/image\/\",\"url\":\"https:\/\/sfb1436.de\/wp-content\/uploads\/2021\/12\/logo-sfb.png\",\"contentUrl\":\"https:\/\/sfb1436.de\/wp-content\/uploads\/2021\/12\/logo-sfb.png\",\"width\":1244,\"height\":820,\"caption\":\"Otto-von-Guericke Universit\u00e4t Medizinische Fakult\u00e4t Institut f\u00fcr Kognitive Neurologie und Demenzforschung\"},\"image\":{\"@id\":\"https:\/\/sfb1436.de\/de\/#\/schema\/logo\/image\/\"}}]}<\/script>\n<!-- \/ Yoast SEO plugin. -->","yoast_head_json":{"title":"B02 - Mobilisierung im episodischen Ged\u00e4chtnis- SFB1436","description":"In diesem Projekt wollen wir untersuchen welche Mechanismen die neurokognitiven Schaltkreise verbessern und mobilisieren k\u00f6nnen, die...","robots":{"index":"index","follow":"follow","max-snippet":"max-snippet:-1","max-image-preview":"max-image-preview:large","max-video-preview":"max-video-preview:-1"},"canonical":"https:\/\/sfb1436.de\/de\/projekte\/b02-mobilisierung-von-reserve-im-episodischen-gedaechtnis-bei-menschen-mit-alzheimerpathologie\/","og_locale":"de_DE","og_type":"article","og_title":"B02 - Mobilisierung im episodischen Ged\u00e4chtnis- SFB1436","og_description":"In diesem Projekt wollen wir untersuchen welche Mechanismen die neurokognitiven Schaltkreise verbessern und mobilisieren k\u00f6nnen, die...","og_url":"https:\/\/sfb1436.de\/de\/projekte\/b02-mobilisierung-von-reserve-im-episodischen-gedaechtnis-bei-menschen-mit-alzheimerpathologie\/","og_site_name":"SFB1436","article_modified_time":"2025-07-03T10:12:03+00:00","og_image":[{"width":2528,"height":1616,"url":"https:\/\/sfb1436.de\/wp-content\/uploads\/2022\/03\/B02_graphical-abstract-12.2021-B02-SFB-Kopie.png","type":"image\/png"}],"twitter_card":"summary_large_image","twitter_misc":{"Gesch\u00e4tzte Lesezeit":"9\u00a0Minuten"},"schema":{"@context":"https:\/\/schema.org","@graph":[{"@type":"WebPage","@id":"https:\/\/sfb1436.de\/de\/projekte\/b02-mobilisierung-von-reserve-im-episodischen-gedaechtnis-bei-menschen-mit-alzheimerpathologie\/","url":"https:\/\/sfb1436.de\/de\/projekte\/b02-mobilisierung-von-reserve-im-episodischen-gedaechtnis-bei-menschen-mit-alzheimerpathologie\/","name":"B02 - Mobilisierung im episodischen Ged\u00e4chtnis- SFB1436","isPartOf":{"@id":"https:\/\/sfb1436.de\/de\/#website"},"primaryImageOfPage":{"@id":"https:\/\/sfb1436.de\/de\/projekte\/b02-mobilisierung-von-reserve-im-episodischen-gedaechtnis-bei-menschen-mit-alzheimerpathologie\/#primaryimage"},"image":{"@id":"https:\/\/sfb1436.de\/de\/projekte\/b02-mobilisierung-von-reserve-im-episodischen-gedaechtnis-bei-menschen-mit-alzheimerpathologie\/#primaryimage"},"thumbnailUrl":"https:\/\/sfb1436.de\/wp-content\/uploads\/2022\/03\/B02_graphical-abstract-12.2021-B02-SFB-Kopie-1024x655.png","datePublished":"2022-03-29T08:33:07+00:00","dateModified":"2025-07-03T10:12:03+00:00","description":"In diesem Projekt wollen wir untersuchen welche Mechanismen die neurokognitiven Schaltkreise verbessern und mobilisieren k\u00f6nnen, die...","breadcrumb":{"@id":"https:\/\/sfb1436.de\/de\/projekte\/b02-mobilisierung-von-reserve-im-episodischen-gedaechtnis-bei-menschen-mit-alzheimerpathologie\/#breadcrumb"},"inLanguage":"de","potentialAction":[{"@type":"ReadAction","target":["https:\/\/sfb1436.de\/de\/projekte\/b02-mobilisierung-von-reserve-im-episodischen-gedaechtnis-bei-menschen-mit-alzheimerpathologie\/"]}]},{"@type":"ImageObject","inLanguage":"de","@id":"https:\/\/sfb1436.de\/de\/projekte\/b02-mobilisierung-von-reserve-im-episodischen-gedaechtnis-bei-menschen-mit-alzheimerpathologie\/#primaryimage","url":"https:\/\/sfb1436.de\/wp-content\/uploads\/2022\/03\/B02_graphical-abstract-12.2021-B02-SFB-Kopie-1024x655.png","contentUrl":"https:\/\/sfb1436.de\/wp-content\/uploads\/2022\/03\/B02_graphical-abstract-12.2021-B02-SFB-Kopie-1024x655.png"},{"@type":"BreadcrumbList","@id":"https:\/\/sfb1436.de\/de\/projekte\/b02-mobilisierung-von-reserve-im-episodischen-gedaechtnis-bei-menschen-mit-alzheimerpathologie\/#breadcrumb","itemListElement":[{"@type":"ListItem","position":1,"name":"Startseite","item":"https:\/\/sfb1436.de\/de\/"},{"@type":"ListItem","position":2,"name":"Unsere Projekte","item":"https:\/\/sfb1436.de\/de\/projekte\/"},{"@type":"ListItem","position":3,"name":"B02 &#8211; Mobilisierung von Reserve im episodischen Ged\u00e4chtnis bei Menschen mit Alzheimerpathologie"}]},{"@type":"WebSite","@id":"https:\/\/sfb1436.de\/de\/#website","url":"https:\/\/sfb1436.de\/de\/","name":"SFB1436","description":"","publisher":{"@id":"https:\/\/sfb1436.de\/de\/#organization"},"potentialAction":[{"@type":"SearchAction","target":{"@type":"EntryPoint","urlTemplate":"https:\/\/sfb1436.de\/de\/?s={search_term_string}"},"query-input":{"@type":"PropertyValueSpecification","valueRequired":true,"valueName":"search_term_string"}}],"inLanguage":"de"},{"@type":"Organization","@id":"https:\/\/sfb1436.de\/de\/#organization","name":"Otto-von-Guericke Universit\u00e4t Medizinische Fakult\u00e4t Institut f\u00fcr Kognitive Neurologie und Demenzforschung","url":"https:\/\/sfb1436.de\/de\/","logo":{"@type":"ImageObject","inLanguage":"de","@id":"https:\/\/sfb1436.de\/de\/#\/schema\/logo\/image\/","url":"https:\/\/sfb1436.de\/wp-content\/uploads\/2021\/12\/logo-sfb.png","contentUrl":"https:\/\/sfb1436.de\/wp-content\/uploads\/2021\/12\/logo-sfb.png","width":1244,"height":820,"caption":"Otto-von-Guericke Universit\u00e4t Medizinische Fakult\u00e4t Institut f\u00fcr Kognitive Neurologie und Demenzforschung"},"image":{"@id":"https:\/\/sfb1436.de\/de\/#\/schema\/logo\/image\/"}}]}},"uagb_featured_image_src":{"full":false,"thumbnail":false,"medium":false,"medium_large":false,"large":false,"gs-tiny":false,"xl":false,"xxl":false,"xxxl":false,"xxxxl":false,"xxxxxl":false,"1536x1536":false,"2048x2048":false,"awsm_team":false},"uagb_author_info":{"display_name":"redakteur","author_link":"https:\/\/sfb1436.de\/de\/author\/redakteur\/"},"uagb_comment_info":0,"uagb_excerpt":"In diesem Projekt wollen wir untersuchen welche Mechanismen die neurokognitiven Schaltkreise verbessern und mobilisieren k\u00f6nnen, die eine hohe Pr\u00e4zision im episodischen Ged\u00e4chtnis erm\u00f6glichen. Wir werden anatomisch fokussierte transkranielle Ultraschallstimulation (TUS) von hippokampal-entorhinalen Schaltkreisen und Reserveregionen, welche wir in gro\u00dfen Kohortenstudien identifiziert haben, einsetzen. Wir werden diese Interventionen bei jungen Menschen und \u00e4lteren Erwachsenen mit Amyloid-Pathologie&hellip;","_links":{"self":[{"href":"https:\/\/sfb1436.de\/de\/wp-json\/wp\/v2\/pages\/7109","targetHints":{"allow":["GET"]}}],"collection":[{"href":"https:\/\/sfb1436.de\/de\/wp-json\/wp\/v2\/pages"}],"about":[{"href":"https:\/\/sfb1436.de\/de\/wp-json\/wp\/v2\/types\/page"}],"author":[{"embeddable":true,"href":"https:\/\/sfb1436.de\/de\/wp-json\/wp\/v2\/users\/4"}],"replies":[{"embeddable":true,"href":"https:\/\/sfb1436.de\/de\/wp-json\/wp\/v2\/comments?post=7109"}],"version-history":[{"count":38,"href":"https:\/\/sfb1436.de\/de\/wp-json\/wp\/v2\/pages\/7109\/revisions"}],"predecessor-version":[{"id":28229,"href":"https:\/\/sfb1436.de\/de\/wp-json\/wp\/v2\/pages\/7109\/revisions\/28229"}],"up":[{"embeddable":true,"href":"https:\/\/sfb1436.de\/de\/wp-json\/wp\/v2\/pages\/3279"}],"wp:attachment":[{"href":"https:\/\/sfb1436.de\/de\/wp-json\/wp\/v2\/media?parent=7109"}],"curies":[{"name":"wp","href":"https:\/\/api.w.org\/{rel}","templated":true}]}}