{"id":3279,"date":"2021-11-15T09:50:15","date_gmt":"2021-11-15T08:50:15","guid":{"rendered":"https:\/\/sfb1436.de\/projects\/"},"modified":"2025-06-16T06:05:18","modified_gmt":"2025-06-16T04:05:18","slug":"projekte","status":"publish","type":"page","link":"https:\/\/sfb1436.de\/de\/projekte\/","title":{"rendered":"Unsere Projekte"},"content":{"rendered":"\n<div class=\"wp-block-columns alignwide justify-content-center has-tertiary-background-color has-background is-layout-flex wp-container-core-columns-is-layout-f56f613f wp-block-columns-is-layout-flex\">\n<div class=\"wp-block-column is-layout-flow wp-block-column-is-layout-flow\" style=\"flex-basis:800px\">\n<p class=\"has-text-align-center wp-block-paragraph\">Unser Sonderforschungsbereich umfasst 20 Teilprojekte, die in vier Projektbereichen mit unterschiedlichen Schwerpunkten zusammenarbeiten.<\/p>\n\n\n\n<p class=\"has-text-align-center wp-block-paragraph\"><strong>Projektbereich A<\/strong> erforscht auf der Mikroebene die molekularen und zellul\u00e4ren Determinanten neuraler Ressourcen in den Nervenzellen, in ihren synaptischen Verkn\u00fcpfungen und kleinen Netzwerken. Im <strong>Projektbereich B<\/strong> geht es um neurale Ressourcen auf mesoskopischer Ebene, d.h. um die Konnektivit\u00e4t von Hirnarealen. <strong>Projektbereich C<\/strong> ist der Makroebene gewidmet und untersucht z.B., wie neurale Ressourcen Aufgaben zugewiesen werden. Die <strong>Serviceprojekte (Z)<\/strong> unterst\u00fctzen alle Teilprojekte mit spezialisierter Methodik und Know-how \u2013 von der mikroskopischen Sichtbarmachung aktiver Synapsen bis zum Tau-Imaging in \u201eSuper-Agern\u201c.<\/p>\n<\/div>\n<\/div>\n\n\n\n<div class=\"wp-block-columns alignwide justify-content-center is-layout-flex wp-container-core-columns-is-layout-f56f613f wp-block-columns-is-layout-flex\">\n<div class=\"wp-block-column has-project-a-background-color has-background is-layout-flow wp-block-column-is-layout-flow\" style=\"padding-top:50px;padding-right:20px;padding-bottom:50px;padding-left:20px\">\n<div class=\"wp-block-columns justify-content-center is-layout-flex wp-container-core-columns-is-layout-f56f613f wp-block-columns-is-layout-flex\">\n<div class=\"wp-block-column is-layout-flow wp-block-column-is-layout-flow\" style=\"padding-top:0px;padding-right:0px;padding-bottom:0px\">\n<h2 class=\"wp-block-heading has-text-align-center has-white-color has-text-color\" id=\"neurale-ressourcender-mikroskala\"><strong>Neurale Ressourcen<br>der Mikroskala<\/strong><\/h2>\n\n\n\n<p class=\"has-text-align-center has-white-color has-text-color wp-block-paragraph\"><strong>Forschungsgebiet A<\/strong><\/p>\n\n\n\n<div class=\"wp-block-pb-accordion-item c-accordion__item js-accordion-item no-js\" data-initially-open=\"false\" data-click-to-close=\"true\" data-auto-close=\"true\" data-scroll=\"false\" data-scroll-offset=\"0\" id=\"projekt-a\"><h3 id=\"at-32790\" class=\"c-accordion__title js-accordion-controller\" role=\"button\">Projekt A01 &#8211; A09<\/h3><div id=\"ac-32790\" class=\"c-accordion__content\">\n<div class=\"wp-block-columns is-layout-flex wp-container-core-columns-is-layout-f56f613f wp-block-columns-is-layout-flex\">\n<div class=\"wp-block-column box position-relative project-a01 has-white-background-color has-background is-layout-flow wp-block-column-is-layout-flow\" style=\"padding-top:10px;padding-right:10px;padding-bottom:10px;padding-left:10px\">\n<h5 class=\"wp-block-heading has-text-align-center\" id=\"a01\"><strong><a href=\"https:\/\/sfb1436.de\/de\/projekte\/a01-bedeutung-nmda-rezeptor-abhaengiger-praefrontaler-schaltkreise-fuer-kognitive-flexibilitaet\/\">A01<\/a><\/strong><\/h5>\n\n\n\n<hr class=\"wp-block-separator has-text-color has-project-a-color has-css-opacity has-project-a-background-color has-background is-style-default\"\/>\n\n\n\n<p class=\"has-text-align-center wp-block-paragraph\"><strong><a href=\"https:\/\/sfb1436.de\/de\/projekte\/a01-bedeutung-nmda-rezeptor-abhaengiger-praefrontaler-schaltkreise-fuer-kognitive-flexibilitaet\/\">Bedeutung NMDA-Rezeptor-abh\u00e4ngiger pr\u00e4frontaler Schaltkreise f\u00fcr kognitive Flexibilit\u00e4t<\/a><\/strong><\/p>\n\n\n\n<p class=\"has-text-align-center has-link-color wp-elements-972e77c4821309703a91ec7148ab0c59 wp-block-paragraph\"><strong><a href=\"https:\/\/sfb1436.de\/de\/projekte\/a01-bedeutung-nmda-rezeptor-abhaengiger-praefrontaler-schaltkreise-fuer-kognitive-flexibilitaet\/\">mehr Erfahren<\/a><\/strong><\/p>\n<\/div>\n\n\n\n<div class=\"wp-block-column box position-relative project-a02 has-white-background-color has-background is-layout-flow wp-block-column-is-layout-flow\" style=\"padding-top:10px;padding-right:10px;padding-bottom:10px;padding-left:10px\">\n<h5 class=\"wp-block-heading has-text-align-center\" id=\"a01\"><strong><a href=\"https:\/\/sfb1436.de\/de\/projekte\/a02_die-bildung-von-gedaechtnisspuren-ueber-exzitations-transkriptionskopplung\/\">A02<\/a><\/strong><\/h5>\n\n\n\n<hr class=\"wp-block-separator has-text-color has-project-a-color has-css-opacity has-project-a-background-color has-background is-style-default\"\/>\n\n\n\n<p class=\"has-text-align-center wp-block-paragraph\"><strong><a href=\"https:\/\/sfb1436.de\/de\/projekte\/a02_die-bildung-von-gedaechtnisspuren-ueber-exzitations-transkriptionskopplung\/\"> Die Bildung von Ged\u00e4chtnisspuren \u00fcber Exzitations-Transkriptionskopplung<\/a><\/strong><\/p>\n\n\n\n<p class=\"has-text-align-center has-project-a-color has-text-color has-link-color wp-elements-82cb5cdd646716d29da45966483990e4 wp-block-paragraph\"><strong><a href=\"https:\/\/sfb1436.de\/de\/projekte\/a02_die-bildung-von-gedaechtnisspuren-ueber-exzitations-transkriptionskopplung\/\">mehr Erfahren<\/a><\/strong><\/p>\n<\/div>\n<\/div>\n\n\n\n<div class=\"wp-block-columns is-layout-flex wp-container-core-columns-is-layout-f56f613f wp-block-columns-is-layout-flex\">\n<div class=\"wp-block-column box position-relative project-a03 has-white-background-color has-background is-layout-flow wp-block-column-is-layout-flow\" style=\"padding-top:10px;padding-right:10px;padding-bottom:10px;padding-left:10px\">\n<h5 class=\"wp-block-heading has-text-align-center\" id=\"a01\"><strong><a href=\"https:\/\/sfb1436.de\/de\/projekte\/a03-theta-aktivitaet-dekodierung-inhibitorischer-schaltkreise-in-der-alzheimer-maus-mensch-forschung\/\">A03<\/a><\/strong><\/h5>\n\n\n\n<hr class=\"wp-block-separator has-text-color has-project-a-color has-css-opacity has-project-a-background-color has-background is-style-default\"\/>\n\n\n\n<p class=\"has-text-align-center wp-block-paragraph\"><strong><a href=\"https:\/\/sfb1436.de\/de\/projekte\/a03-theta-aktivitaet-dekodierung-inhibitorischer-schaltkreise-in-der-alzheimer-maus-mensch-forschung\/\">Theta Aktivit\u00e4t: Dekodierung inhibitorischer Schaltkreise in der Alzheimer-Maus-Mensch-Forschung<\/a><\/strong><\/p>\n\n\n\n<p class=\"has-text-align-center has-project-a-color has-text-color has-link-color wp-elements-41a9185a8e60ca84b91d49bcfa9cd359 wp-block-paragraph\"><strong><a href=\"https:\/\/sfb1436.de\/de\/projekte\/a03-theta-aktivitaet-dekodierung-inhibitorischer-schaltkreise-in-der-alzheimer-maus-mensch-forschung\/\">mehr Erfahren<\/a><\/strong><\/p>\n<\/div>\n\n\n\n<div class=\"wp-block-column box position-relative project-a04 has-white-background-color has-background is-layout-flow wp-block-column-is-layout-flow\" style=\"padding-top:10px;padding-right:10px;padding-bottom:10px;padding-left:10px\">\n<h5 class=\"wp-block-heading has-text-align-center\" id=\"a01\"><strong><a href=\"https:\/\/sfb1436.de\/de\/projekte\/a04_verbesserung-der-kognitiven-leistungsfaehigkeit-durch-das-anti-aging-hormon-klotho\/\">A04<\/a><\/strong><\/h5>\n\n\n\n<hr class=\"wp-block-separator has-text-color has-project-a-color has-css-opacity has-project-a-background-color has-background is-style-default\"\/>\n\n\n\n<p class=\"has-text-align-center wp-block-paragraph\"><strong><a href=\"https:\/\/sfb1436.de\/de\/projekte\/a04_verbesserung-der-kognitiven-leistungsfaehigkeit-durch-das-anti-aging-hormon-klotho\/\"> Verbesserung der kognitiven Leistungsf\u00e4higkeit durch das Anti-Aging Hormon Klotho \u2013 Von molekularen Mechanismen zu Interventionen<\/a><\/strong><\/p>\n\n\n\n<p class=\"has-text-align-center has-link-color wp-elements-0b4e1f190496caf6a702d5e711c1a01c wp-block-paragraph\"><strong><a href=\"https:\/\/sfb1436.de\/de\/projekte\/a04_verbesserung-der-kognitiven-leistungsfaehigkeit-durch-das-anti-aging-hormon-klotho\/\">mehr Erfahren<\/a><\/strong><\/p>\n<\/div>\n<\/div>\n\n\n\n<div class=\"wp-block-columns is-layout-flex wp-container-core-columns-is-layout-f56f613f wp-block-columns-is-layout-flex\">\n<div class=\"wp-block-column box position-relative project-a05 has-white-background-color has-background is-layout-flow wp-block-column-is-layout-flow\" style=\"padding-top:10px;padding-right:10px;padding-bottom:10px;padding-left:10px\">\n<h5 class=\"wp-block-heading has-text-align-center\" id=\"a01\"><strong><a href=\"https:\/\/sfb1436.de\/de\/projekte\/integritaet-der-extrazellulaermatrix-als-neurale-ressource-fuer-gedaechtnis-praezision-und-kognitive-flexibilitaet\/\">A05<\/a><\/strong><\/h5>\n\n\n\n<hr class=\"wp-block-separator has-text-color has-project-a-color has-css-opacity has-project-a-background-color has-background is-style-default\"\/>\n\n\n\n<p class=\"has-text-align-center wp-block-paragraph\"><strong><a href=\"https:\/\/sfb1436.de\/de\/projekte\/integritaet-der-extrazellulaermatrix-als-neurale-ressource-fuer-gedaechtnis-praezision-und-kognitive-flexibilitaet\/\">Integrit\u00e4t der Extrazellul\u00e4rmatrix als neurale Ressource f\u00fcr Ged\u00e4chtnis-Pr\u00e4zision und kognitive Flexibilit\u00e4t<\/a><\/strong><\/p>\n\n\n\n<p class=\"has-text-align-center has-link-color wp-elements-99c1a04ae4c1af7bc01a0ed3a08be43e wp-block-paragraph\"><strong><a href=\"https:\/\/sfb1436.de\/de\/projekte\/integritaet-der-extrazellulaermatrix-als-neurale-ressource-fuer-gedaechtnis-praezision-und-kognitive-flexibilitaet\/\">mehr Erfahren<\/a><\/strong><\/p>\n<\/div>\n\n\n\n<div class=\"wp-block-column box position-relative project-a07 has-white-background-color has-background is-layout-flow wp-block-column-is-layout-flow\" style=\"padding-top:10px;padding-right:10px;padding-bottom:10px;padding-left:10px\">\n<h5 class=\"wp-block-heading has-text-align-center\" id=\"a01\"><strong><a href=\"https:\/\/sfb1436.de\/de\/projekte\/mobilisierung-kognitiver-ressourcen-durch-die-orexinerge-modulation-von-hippokampus-schaltkreisen\/\">A07<\/a><\/strong><\/h5>\n\n\n\n<hr class=\"wp-block-separator has-text-color has-project-a-color has-css-opacity has-project-a-background-color has-background is-style-default\"\/>\n\n\n\n<p class=\"has-text-align-center wp-block-paragraph\"><strong><a href=\"https:\/\/sfb1436.de\/de\/projekte\/mobilisierung-kognitiver-ressourcen-durch-die-orexinerge-modulation-von-hippokampus-schaltkreisen\/\">Mobilisierung kognitiver Ressourcen durch die orexinerge Modulation von Hippokampus Schaltkreisen<\/a><\/strong><\/p>\n\n\n\n<p class=\"has-text-align-center has-link-color wp-elements-8235f8a74e80061fbc85229d0d3f5e37 wp-block-paragraph\"><strong><a href=\"https:\/\/sfb1436.de\/de\/projekte\/mobilisierung-kognitiver-ressourcen-durch-die-orexinerge-modulation-von-hippokampus-schaltkreisen\/\">mehr Erfahren<\/a><\/strong><\/p>\n<\/div>\n<\/div>\n\n\n\n<div class=\"wp-block-columns is-layout-flex wp-container-core-columns-is-layout-f56f613f wp-block-columns-is-layout-flex\">\n<div class=\"wp-block-column box project-a09 position-relative has-white-background-color has-background is-layout-flow wp-block-column-is-layout-flow\" style=\"padding-top:10px;padding-right:10px;padding-bottom:10px;padding-left:10px\">\n<h5 class=\"wp-block-heading has-text-align-center has-project-a-color has-text-color has-link-color wp-elements-2563d4f650cc28196d8a27c41be6c266\" id=\"a01\"><strong>NEU<\/strong><\/h5>\n\n\n\n<h5 class=\"wp-block-heading has-text-align-center\" id=\"a01\"><strong><a href=\"https:\/\/sfb1436.de\/de\/projekte\/a09-gedaechtnisressourcen-des-mammillarkoerpers\/\">A09<\/a><\/strong><\/h5>\n\n\n\n<hr class=\"wp-block-separator has-text-color has-project-a-color has-css-opacity has-project-a-background-color has-background is-style-default\"\/>\n\n\n\n<p class=\"has-text-align-center wp-block-paragraph\"><strong><a href=\"https:\/\/sfb1436.de\/de\/projekte\/a09-gedaechtnisressourcen-des-mammillarkoerpers\/\">Ged\u00e4chtnisressourcen des Mammillark\u00f6rpers<\/a><\/strong><\/p>\n\n\n\n<p class=\"has-text-align-center wp-block-paragraph\"><strong><a href=\"https:\/\/sfb1436.de\/de\/projekte\/a09-gedaechtnisressourcen-des-mammillarkoerpers\/\">mehr Erfahren<\/a><\/strong><\/p>\n<\/div>\n\n\n\n<div class=\"wp-block-column is-layout-flow wp-block-column-is-layout-flow\"><\/div>\n<\/div>\n<\/div><\/div>\n<\/div>\n<\/div>\n<\/div>\n\n\n\n<div class=\"wp-block-column has-project-b-background-color has-background is-layout-flow wp-block-column-is-layout-flow\" style=\"padding-top:50px;padding-right:20px;padding-bottom:50px;padding-left:20px\">\n<div class=\"wp-block-columns justify-content-center is-layout-flex wp-container-core-columns-is-layout-f56f613f wp-block-columns-is-layout-flex\">\n<div class=\"wp-block-column is-layout-flow wp-block-column-is-layout-flow\" style=\"padding-top:0px;padding-right:0px;padding-bottom:0px\">\n<h2 class=\"wp-block-heading has-text-align-center has-white-color has-text-color\" id=\"neurale-ressourcender-mesoskala\"><strong>Neurale Ressourcen<br>der Mesoskala<\/strong><\/h2>\n\n\n\n<p class=\"has-text-align-center has-white-color has-text-color wp-block-paragraph\"><strong>Forschungsgebiet B<\/strong><\/p>\n\n\n\n<div class=\"wp-block-pb-accordion-item c-accordion__item js-accordion-item no-js\" data-initially-open=\"false\" data-click-to-close=\"true\" data-auto-close=\"true\" data-scroll=\"false\" data-scroll-offset=\"0\" id=\"projekt-b\"><h3 id=\"at-32791\" class=\"c-accordion__title js-accordion-controller\" role=\"button\">Projekt B02 &#8211; B07<\/h3><div id=\"ac-32791\" class=\"c-accordion__content\">\n<div class=\"wp-block-columns is-layout-flex wp-container-core-columns-is-layout-f56f613f wp-block-columns-is-layout-flex\">\n<div class=\"wp-block-column box position-relative project-b02 has-white-background-color has-background is-layout-flow wp-block-column-is-layout-flow\" style=\"padding-top:10px;padding-right:10px;padding-bottom:10px;padding-left:10px\">\n<h5 class=\"wp-block-heading has-text-align-center\" id=\"a01\"><strong><a href=\"https:\/\/sfb1436.de\/de\/projekte\/b02-mobilisierung-von-reserve-im-episodischen-gedaechtnis-bei-menschen-mit-alzheimerpathologie\/\">B02<\/a><\/strong><\/h5>\n\n\n\n<hr class=\"wp-block-separator has-text-color has-project-b-color has-css-opacity has-project-b-background-color has-background is-style-default\"\/>\n\n\n\n<p class=\"has-text-align-center wp-block-paragraph\"><strong> <strong><a href=\"https:\/\/sfb1436.de\/de\/projekte\/b02-mobilisierung-von-reserve-im-episodischen-gedaechtnis-bei-menschen-mit-alzheimerpathologie\/\">Mobilisierung von Reserve im episodischen Ged\u00e4chtnis bei Menschen mit Alzheimerpathologie<\/a><\/strong><\/strong><\/p>\n\n\n\n<p class=\"has-text-align-center has-link-color wp-elements-75a493df48c0dd2cd7cf231c96b75802 wp-block-paragraph\"><strong><a href=\"https:\/\/sfb1436.de\/de\/projekte\/b02-mobilisierung-von-reserve-im-episodischen-gedaechtnis-bei-menschen-mit-alzheimerpathologie\/\">mehr Erfahren<\/a><\/strong><\/p>\n<\/div>\n\n\n\n<div class=\"wp-block-column box position-relative project-b03 has-white-background-color has-background is-layout-flow wp-block-column-is-layout-flow\" style=\"padding-top:10px;padding-right:10px;padding-bottom:10px;padding-left:10px\">\n<h5 class=\"wp-block-heading has-text-align-center\" id=\"a01\"><strong><a href=\"https:\/\/sfb1436.de\/de\/projekte\/b03-von-der-alzheimer-krankheit-zum-superageing-eine-speziesuebergreifende-studie-ueber-gitterzellen-als-zentrale-ressource-fuer-gedaechtnis-und-navigation\/\">B03<\/a><\/strong><\/h5>\n\n\n\n<hr class=\"wp-block-separator has-text-color has-project-b-color has-css-opacity has-project-b-background-color has-background is-style-default\"\/>\n\n\n\n<p class=\"has-text-align-center wp-block-paragraph\"><strong><a href=\"https:\/\/sfb1436.de\/de\/projekte\/b03-von-der-alzheimer-krankheit-zum-superageing-eine-speziesuebergreifende-studie-ueber-gitterzellen-als-zentrale-ressource-fuer-gedaechtnis-und-navigation\/\">Von der Alzheimer-Krankheit zum SuperAgeing: Eine spezies\u00fcbergreifende Studie \u00fcber Gitterzellen als zentrale Ressource f\u00fcr Ged\u00e4chtnis und Navigation<\/a><\/strong><\/p>\n\n\n\n<p class=\"has-text-align-center has-link-color wp-elements-72d717510e52723b0b040abf8a45d7b4 wp-block-paragraph\"><strong><a href=\"https:\/\/sfb1436.de\/de\/projekte\/b03-von-der-alzheimer-krankheit-zum-superageing-eine-speziesuebergreifende-studie-ueber-gitterzellen-als-zentrale-ressource-fuer-gedaechtnis-und-navigation\/\">mehr Erfahren<\/a><\/strong><\/p>\n<\/div>\n<\/div>\n\n\n\n<div class=\"wp-block-columns is-layout-flex wp-container-core-columns-is-layout-f56f613f wp-block-columns-is-layout-flex\">\n<div class=\"wp-block-column box position-relative project-b04 has-white-background-color has-background is-layout-flow wp-block-column-is-layout-flow\" style=\"padding-top:10px;padding-right:10px;padding-bottom:10px;padding-left:10px\">\n<h5 class=\"wp-block-heading has-text-align-center\" id=\"a01\"><strong><a href=\"https:\/\/sfb1436.de\/de\/projekte\/b04-synaptische-dichte-funktion-von-mtl-kreislaeufen-und-mikrovaskulaere-plastizitaet-im-alterungsprozess-und-bei-super-agern\/\">B04<\/a><\/strong><\/h5>\n\n\n\n<hr class=\"wp-block-separator has-text-color has-project-b-color has-css-opacity has-project-b-background-color has-background is-style-default\"\/>\n\n\n\n<p class=\"has-text-align-center wp-block-paragraph\"><strong><a href=\"https:\/\/sfb1436.de\/de\/projekte\/b04-synaptische-dichte-funktion-von-mtl-kreislaeufen-und-mikrovaskulaere-plastizitaet-im-alterungsprozess-und-bei-super-agern\/\">Synaptische Dichte, Funktion von MTL-Kreisl\u00e4ufen und mikrovaskul\u00e4re Plastizit\u00e4t im Alterungsprozess und bei \u201eSuper-Agern\u201c<\/a><\/strong><\/p>\n\n\n\n<p class=\"has-text-align-center has-link-color wp-elements-63c049eb4f4afd1ab251cbe7d824dd44 wp-block-paragraph\"><strong><a href=\"https:\/\/sfb1436.de\/de\/projekte\/b04-synaptische-dichte-funktion-von-mtl-kreislaeufen-und-mikrovaskulaere-plastizitaet-im-alterungsprozess-und-bei-super-agern\/\">mehr Erfahren<\/a><\/strong><\/p>\n<\/div>\n\n\n\n<div class=\"wp-block-column box position-relative project-b05 has-white-background-color has-background is-layout-flow wp-block-column-is-layout-flow\" style=\"padding-top:10px;padding-right:10px;padding-bottom:10px;padding-left:10px\">\n<h5 class=\"wp-block-heading has-text-align-center\" id=\"a01\"><strong><a href=\"https:\/\/sfb1436.de\/de\/projekte\/b05-mobilisation-attentionaler-resourcen-beim-verfolgen-multipler-objekte-und-merkmale-training-und-perturbation-der-kortikalen-strukturen\/\">B05<\/a><\/strong><\/h5>\n\n\n\n<hr class=\"wp-block-separator has-text-color has-project-b-color has-css-opacity has-project-b-background-color has-background is-style-default\"\/>\n\n\n\n<p class=\"has-text-align-center wp-block-paragraph\"><strong><a href=\"https:\/\/sfb1436.de\/de\/projekte\/b05-mobilisation-attentionaler-resourcen-beim-verfolgen-multipler-objekte-und-merkmale-training-und-perturbation-der-kortikalen-strukturen\/\">Mobilisation attentionaler Resourcen beim Verfolgen multipler Objekte und Merkmale: Training und Perturbation der kortikalen Strukturen<\/a><\/strong><\/p>\n\n\n\n<p class=\"has-text-align-center has-link-color wp-elements-272ec7fde0e7d3de59d659a37bcd48ea wp-block-paragraph\"><strong><a href=\"https:\/\/sfb1436.de\/de\/projekte\/b05-mobilisation-attentionaler-resourcen-beim-verfolgen-multipler-objekte-und-merkmale-training-und-perturbation-der-kortikalen-strukturen\/\">mehr Erfahren<\/a><\/strong><\/p>\n<\/div>\n<\/div>\n\n\n\n<div class=\"wp-block-columns is-layout-flex wp-container-core-columns-is-layout-f56f613f wp-block-columns-is-layout-flex\">\n<div class=\"wp-block-column box position-relative project-b06 has-white-background-color has-background is-layout-flow wp-block-column-is-layout-flow\" style=\"padding-top:10px;padding-right:10px;padding-bottom:10px;padding-left:10px\">\n<h5 class=\"wp-block-heading has-text-align-center\" id=\"a01\"><strong><a href=\"https:\/\/sfb1436.de\/de\/projekte\/b06-der-gebrauch-neuronaler-ressourcen-fuer-die-zeitliche-aufmerksamkeit-ueber-mehrere-sinne\/\">B06<\/a><\/strong><\/h5>\n\n\n\n<hr class=\"wp-block-separator has-text-color has-project-b-color has-css-opacity has-project-b-background-color has-background is-style-default\"\/>\n\n\n\n<p class=\"has-text-align-center wp-block-paragraph\"><strong><a href=\"https:\/\/sfb1436.de\/de\/projekte\/b06-der-gebrauch-neuronaler-ressourcen-fuer-die-zeitliche-aufmerksamkeit-ueber-mehrere-sinne\/\">Der Gebrauch neuronaler Ressourcen f\u00fcr die zeitliche Aufmerksamkeit \u00fcber mehrere Sinne<\/a><\/strong><\/p>\n\n\n\n<p class=\"has-text-align-center has-link-color wp-elements-052ece6c2faa4db96664abb424ea053e wp-block-paragraph\"><strong><a href=\"https:\/\/sfb1436.de\/de\/projekte\/b06-der-gebrauch-neuronaler-ressourcen-fuer-die-zeitliche-aufmerksamkeit-ueber-mehrere-sinne\/\">mehr Erfahren<\/a><\/strong><\/p>\n<\/div>\n\n\n\n<div class=\"wp-block-column box project-b07 position-relative has-white-background-color has-background is-layout-flow wp-block-column-is-layout-flow\" style=\"padding-top:10px;padding-right:10px;padding-bottom:10px;padding-left:10px\">\n<h5 class=\"wp-block-heading has-text-align-center has-project-b-color has-text-color has-link-color wp-elements-bdbef29a3f426b6d9a64f4c225288c56\"><strong>NEU<\/strong><\/h5>\n\n\n\n<h5 class=\"wp-block-heading has-text-align-center\" id=\"a01\"><a href=\"https:\/\/sfb1436.de\/de\/projekte\/b07-verbesserungen-mnemotechnischer-diskriminierungsleistungen-bei-nagetieren-und-menschen-durch-beeinflussung-spezifischer-entorhinal-hippocampaler-subnetzwerke\/\"><strong>B07<\/strong><\/a><\/h5>\n\n\n\n<hr class=\"wp-block-separator has-text-color has-project-b-color has-css-opacity has-project-b-background-color has-background is-style-default\"\/>\n\n\n\n<p class=\"has-text-align-center wp-block-paragraph\"><a href=\"https:\/\/sfb1436.de\/de\/projekte\/b07-verbesserungen-mnemotechnischer-diskriminierungsleistungen-bei-nagetieren-und-menschen-durch-beeinflussung-spezifischer-entorhinal-hippocampaler-subnetzwerke\/\"><strong>Verbesserungen mnemotechnischer Diskriminierungsleistungen bei Nagetieren und Menschen durch Beeinflussung spezifischer entorhinal-hippocampaler Subnetzwerke<\/strong><\/a><\/p>\n\n\n\n<p class=\"has-text-align-center has-project-b-color has-text-color has-link-color wp-elements-3da2d9a855f117dda557ce17386294e1 wp-block-paragraph\"><strong><a href=\"https:\/\/sfb1436.de\/de\/projekte\/b07-verbesserungen-mnemotechnischer-diskriminierungsleistungen-bei-nagetieren-und-menschen-durch-beeinflussung-spezifischer-entorhinal-hippocampaler-subnetzwerke\/\">mehr Erfahren<\/a><\/strong><\/p>\n<\/div>\n<\/div>\n<\/div><\/div>\n<\/div>\n<\/div>\n<\/div>\n<\/div>\n\n\n\n<div class=\"wp-block-columns alignwide justify-content-center is-layout-flex wp-container-core-columns-is-layout-f56f613f wp-block-columns-is-layout-flex\">\n<div class=\"wp-block-column has-project-c-background-color has-background is-layout-flow wp-block-column-is-layout-flow\" style=\"padding-top:50px;padding-right:20px;padding-bottom:50px;padding-left:20px\">\n<div class=\"wp-block-columns justify-content-center is-layout-flex wp-container-core-columns-is-layout-f56f613f wp-block-columns-is-layout-flex\">\n<div class=\"wp-block-column is-layout-flow wp-block-column-is-layout-flow\" style=\"padding-top:0px;padding-right:0px;padding-bottom:0px\">\n<h2 class=\"wp-block-heading has-text-align-center has-white-color has-text-color\" id=\"neurale-ressourcender-makroskala\"><strong>Neurale Ressourcen<br>der Makroskala<\/strong><\/h2>\n\n\n\n<p class=\"has-text-align-center has-white-color has-text-color has-link-color wp-elements-975f322b063681ffe1d72c71a7ab0713 wp-block-paragraph\"><strong>Forschungsgebiet C<\/strong><\/p>\n\n\n\n<div class=\"wp-block-pb-accordion-item c-accordion__item js-accordion-item no-js\" data-initially-open=\"false\" data-click-to-close=\"true\" data-auto-close=\"true\" data-scroll=\"false\" data-scroll-offset=\"0\" id=\"projekt-c\"><h3 id=\"at-32792\" class=\"c-accordion__title js-accordion-controller\" role=\"button\">Projekt C01 &#8211; C05<\/h3><div id=\"ac-32792\" class=\"c-accordion__content\">\n<div class=\"wp-block-columns is-layout-flex wp-container-core-columns-is-layout-f56f613f wp-block-columns-is-layout-flex\">\n<div class=\"wp-block-column box position-relative project-c01 has-white-background-color has-background is-layout-flow wp-block-column-is-layout-flow\" style=\"padding-top:10px;padding-right:10px;padding-bottom:10px;padding-left:10px\">\n<h5 class=\"wp-block-heading has-text-align-center\" id=\"a01\"><strong><a href=\"https:\/\/sfb1436.de\/de\/projekte\/c01-verkoerperte-kognitive-reserve-im-kortiko-subkortikalen-praemotorischen-netzwerk\/\">C01<\/a><\/strong><\/h5>\n\n\n\n<hr class=\"wp-block-separator has-text-color has-project-c-color has-css-opacity has-project-c-background-color has-background is-style-default\"\/>\n\n\n\n<p class=\"has-text-align-center wp-block-paragraph\"><a href=\"https:\/\/sfb1436.de\/de\/projekte\/c01-verkoerperte-kognitive-reserve-im-kortiko-subkortikalen-praemotorischen-netzwerk\/\"><strong>Verk\u00f6rperte kognitive Reserve im kortiko-subkortikalen pr\u00e4motorischen Netzwerk<\/strong><\/a><\/p>\n\n\n\n<p class=\"has-text-align-center has-link-color wp-elements-5c2486aa413c48839ad3d27716d7d4d4 wp-block-paragraph\"><strong><a href=\"https:\/\/sfb1436.de\/de\/projekte\/c01-verkoerperte-kognitive-reserve-im-kortiko-subkortikalen-praemotorischen-netzwerk\/\">mehr Erfahren<\/a><\/strong><\/p>\n<\/div>\n\n\n\n<div class=\"wp-block-column box position-relative project-c03 has-white-background-color has-background is-layout-flow wp-block-column-is-layout-flow\" style=\"padding-top:10px;padding-right:10px;padding-bottom:10px;padding-left:10px\">\n<h5 class=\"wp-block-heading has-text-align-center\" id=\"a01\"><strong><a href=\"https:\/\/sfb1436.de\/de\/projekte\/c03-paralleles-planen-als-ressource-fuer-motorische-fertigkeiten-und-gedaechtnis-beim-menschen\/\">C03<\/a><\/strong><\/h5>\n\n\n\n<hr class=\"wp-block-separator has-text-color has-project-c-color has-css-opacity has-project-c-background-color has-background is-style-default\"\/>\n\n\n\n<p class=\"has-text-align-center wp-block-paragraph\"><a href=\"https:\/\/sfb1436.de\/de\/projekte\/c03-paralleles-planen-als-ressource-fuer-motorische-fertigkeiten-und-gedaechtnis-beim-menschen\/\"><strong>Paralleles Planen als Ressource f\u00fcr motorische Fertigkeiten und Ged\u00e4chtnis beim Menschen<\/strong><\/a><\/p>\n\n\n\n<p class=\"has-text-align-center has-link-color wp-elements-144adbe40f90aa240fdd9ce9ffd1e766 wp-block-paragraph\"><strong><a href=\"https:\/\/sfb1436.de\/de\/projekte\/c03-paralleles-planen-als-ressource-fuer-motorische-fertigkeiten-und-gedaechtnis-beim-menschen\/\">mehr Erfahren<\/a><\/strong><\/p>\n<\/div>\n<\/div>\n\n\n\n<div class=\"wp-block-columns is-layout-flex wp-container-core-columns-is-layout-f56f613f wp-block-columns-is-layout-flex\">\n<div class=\"wp-block-column box position-relative project-c04 has-white-background-color has-background is-layout-flow wp-block-column-is-layout-flow\" style=\"padding-top:10px;padding-right:10px;padding-bottom:10px;padding-left:10px\">\n<h5 class=\"wp-block-heading has-text-align-center\" id=\"a01\"><strong><a href=\"https:\/\/sfb1436.de\/de\/projekte\/c04-wiederherstellung-neuronaler-ressourcen-nach-schlafentzug\/\">C04<\/a><\/strong><\/h5>\n\n\n\n<hr class=\"wp-block-separator has-text-color has-project-c-color has-css-opacity has-project-c-background-color has-background is-style-default\"\/>\n\n\n\n<p class=\"has-text-align-center wp-block-paragraph\"><a href=\"https:\/\/sfb1436.de\/de\/projekte\/c04-wiederherstellung-neuronaler-ressourcen-nach-schlafentzug\/\"><strong> Wiederherstellung  neuraler Ressourcen nach Schlafentzug<\/strong><\/a><\/p>\n\n\n\n<p class=\"has-text-align-center has-link-color wp-elements-6d751e7ce1e64bce3a4404307bddc350 wp-block-paragraph\"><strong><a href=\"https:\/\/sfb1436.de\/de\/projekte\/c04-wiederherstellung-neuronaler-ressourcen-nach-schlafentzug\/\">mehr Erfahren<\/a><\/strong><\/p>\n<\/div>\n\n\n\n<div class=\"wp-block-column box position-relative project-c05 has-white-background-color has-background is-layout-flow wp-block-column-is-layout-flow\" style=\"padding-top:10px;padding-right:10px;padding-bottom:10px;padding-left:10px;flex-basis:45%\">\n<h5 class=\"wp-block-heading has-text-align-center\" id=\"a01\"><strong><a href=\"https:\/\/sfb1436.de\/de\/projekte\/c05-wellenfoermige-dynamik-in-neokortikalen-netzwerken-fuer-kognitive-kontrolle\/\">C05<\/a><\/strong><\/h5>\n\n\n\n<hr class=\"wp-block-separator has-text-color has-project-c-color has-css-opacity has-project-c-background-color has-background is-style-default\"\/>\n\n\n\n<p class=\"has-text-align-center wp-block-paragraph\"><strong><a href=\"https:\/\/sfb1436.de\/de\/projekte\/c05-wellenfoermige-dynamik-in-neokortikalen-netzwerken-fuer-kognitive-kontrolle\/\">Wellenf\u00f6rmige Dynamik in neokortikalen Netzwerken f\u00fcr kognitive Kontrolle<\/a><\/strong><\/p>\n\n\n\n<p class=\"has-text-align-center has-link-color wp-elements-4eea1011d83ccbd3a210c175f2cfc93e wp-block-paragraph\"><strong><a href=\"https:\/\/sfb1436.de\/de\/projekte\/c05-wellenfoermige-dynamik-in-neokortikalen-netzwerken-fuer-kognitive-kontrolle\/\">mehr Erfahren<\/a><\/strong><\/p>\n<\/div>\n<\/div>\n<\/div><\/div>\n<\/div>\n<\/div>\n<\/div>\n\n\n\n<div class=\"wp-block-column has-primary-background-color has-background is-layout-flow wp-block-column-is-layout-flow\" style=\"padding-top:50px;padding-right:20px;padding-bottom:50px;padding-left:20px\">\n<div class=\"wp-block-columns justify-content-center is-layout-flex wp-container-core-columns-is-layout-f56f613f wp-block-columns-is-layout-flex\">\n<div class=\"wp-block-column is-layout-flow wp-block-column-is-layout-flow\" style=\"padding-top:0px;padding-right:0px;padding-bottom:0px\">\n<h2 class=\"wp-block-heading has-text-align-center has-white-color has-text-color\" id=\"sfbserviceprojekte\"><strong>SFB<br>Serviceprojekte<\/strong><\/h2>\n\n\n\n<p class=\"has-text-align-center has-white-color has-text-color wp-block-paragraph\"><strong>Forschungsgebiet Z<\/strong><\/p>\n\n\n\n<div class=\"wp-block-pb-accordion-item c-accordion__item js-accordion-item no-js\" data-initially-open=\"false\" data-click-to-close=\"true\" data-auto-close=\"true\" data-scroll=\"false\" data-scroll-offset=\"0\"><h3 id=\"at-32793\" class=\"c-accordion__title js-accordion-controller\" role=\"button\">Projekt Z01 &#8211; Z03<\/h3><div id=\"ac-32793\" class=\"c-accordion__content\">\n<div class=\"wp-block-columns is-layout-flex wp-container-core-columns-is-layout-f56f613f wp-block-columns-is-layout-flex\">\n<div class=\"wp-block-column box position-relative project-z01 has-white-background-color has-background is-layout-flow wp-block-column-is-layout-flow\" style=\"padding-top:10px;padding-right:10px;padding-bottom:10px;padding-left:10px\">\n<h5 class=\"wp-block-heading has-text-align-center\" id=\"a01\"><strong>Z01<\/strong><\/h5>\n\n\n\n<hr class=\"wp-block-separator has-text-color has-primary-color has-css-opacity has-primary-background-color has-background is-style-default\"\/>\n\n\n\n<p class=\"has-text-align-center wp-block-paragraph\"><a href=\"https:\/\/sfb1436.de\/de\/projekte\/z01-funktionelle-analyse-von-neuronalen-netzwerken-in-nagern\/\"><strong> Funktionelle Analyse von neuronalen Netzwerken in Nagern<\/strong><\/a><\/p>\n\n\n\n<p class=\"has-text-align-center has-link-color wp-elements-041fe5e42bc6d3b168b19c41c1b37e1e wp-block-paragraph\"><strong><a href=\"https:\/\/sfb1436.de\/de\/projekte\/z01-funktionelle-analyse-von-neuronalen-netzwerken-in-nagern\/\">mehr Erfahren<\/a><\/strong><\/p>\n<\/div>\n\n\n\n<div class=\"wp-block-column box position-relative project-z02 has-white-background-color has-background is-layout-flow wp-block-column-is-layout-flow\" style=\"padding-top:10px;padding-right:10px;padding-bottom:10px;padding-left:10px\">\n<h5 class=\"wp-block-heading has-text-align-center\" id=\"a01\"><strong><a href=\"https:\/\/sfb1436.de\/de\/projekte\/z02-mesoskopische-bildgebung-von-struktur-funktion-und-neurofluessigkeiten-des-menschlichen-gehirns\/\">Z02<\/a><\/strong><\/h5>\n\n\n\n<hr class=\"wp-block-separator has-text-color has-primary-color has-css-opacity has-primary-background-color has-background is-style-default\"\/>\n\n\n\n<p class=\"has-text-align-center wp-block-paragraph\"><a href=\"https:\/\/sfb1436.de\/de\/projekte\/z02-mesoskopische-bildgebung-von-struktur-funktion-und-neurofluessigkeiten-des-menschlichen-gehirns\/\"><strong>Mesoskopische Bildgebung von Struktur, Funktion und Neurofl\u00fcssigkeiten des menschlichen Gehirns<\/strong><\/a><\/p>\n\n\n\n<p class=\"has-text-align-center has-link-color wp-elements-8c5fe450668d257c615e944e384b459f wp-block-paragraph\"><strong><a href=\"https:\/\/sfb1436.de\/de\/projekte\/z02-mesoskopische-bildgebung-von-struktur-funktion-und-neurofluessigkeiten-des-menschlichen-gehirns\/\">mehr Erfahren<\/a><\/strong><\/p>\n<\/div>\n<\/div>\n\n\n\n<div class=\"wp-block-columns is-layout-flex wp-container-core-columns-is-layout-f56f613f wp-block-columns-is-layout-flex\">\n<div class=\"wp-block-column box position-relative project-z03 has-white-background-color has-background is-layout-flow wp-block-column-is-layout-flow\" style=\"padding-top:10px;padding-right:10px;padding-bottom:10px;padding-left:10px;flex-basis:45%\">\n<h5 class=\"wp-block-heading has-text-align-center\" id=\"a01\"><strong><a href=\"https:\/\/sfb1436.de\/de\/projekte\/z03-erstellung-und-untersuchung-einer-biomarker-basierten-alterskohorte\/\">Z03<\/a><\/strong><\/h5>\n\n\n\n<hr class=\"wp-block-separator has-text-color has-primary-color has-css-opacity has-primary-background-color has-background is-style-default\"\/>\n\n\n\n<p class=\"has-text-align-center wp-block-paragraph\"><a href=\"https:\/\/sfb1436.de\/de\/projekte\/z03-erstellung-und-untersuchung-einer-biomarker-basierten-alterskohorte\/\"><strong> Erstellung und Untersuchung einer Biomarker-basierten Alterskohorte<\/strong><\/a><\/p>\n\n\n\n<p class=\"has-text-align-center has-link-color wp-elements-49fc62622fdc99a6294ec9b1e1ebda2c wp-block-paragraph\"><strong><a href=\"https:\/\/sfb1436.de\/de\/projekte\/z03-erstellung-und-untersuchung-einer-biomarker-basierten-alterskohorte\/\">mehr Erfahren<\/a><\/strong><\/p>\n<\/div>\n\n\n\n<div class=\"wp-block-column box position-relative project-z04 has-white-background-color has-background is-layout-flow wp-block-column-is-layout-flow\" style=\"padding-top:10px;padding-right:10px;padding-bottom:10px;padding-left:10px\">\n<h5 class=\"wp-block-heading has-text-align-center\" id=\"a01\"><strong><a href=\"https:\/\/sfb1436.de\/de\/projekte\/klinische-experten\/\">Experten<\/a><\/strong><\/h5>\n\n\n\n<hr class=\"wp-block-separator has-text-color has-primary-color has-css-opacity has-primary-background-color has-background is-style-default\"\/>\n\n\n\n<p class=\"has-text-align-center wp-block-paragraph\"> <a href=\"https:\/\/sfb1436.de\/de\/projekte\/klinische-experten\/\">Klinische Experten<\/a><\/p>\n\n\n\n<p class=\"has-text-align-center has-link-color wp-elements-899b9ffdbe0df63f1618b8f0f0ac4afa wp-block-paragraph\"><strong><a href=\"https:\/\/sfb1436.de\/de\/projekte\/klinische-experten\/\">mehr erfahren<\/a><\/strong><\/p>\n<\/div>\n<\/div>\n<\/div><\/div>\n<\/div>\n<\/div>\n<\/div>\n<\/div>\n\n\n\n<div class=\"wp-block-columns alignwide justify-content-center has-tertiary-background-color has-background is-layout-flex wp-container-core-columns-is-layout-f56f613f wp-block-columns-is-layout-flex\">\n<div class=\"wp-block-column is-layout-flow wp-block-column-is-layout-flow\" style=\"flex-basis:800px\">\n<h2 class=\"wp-block-heading has-text-align-center\"><strong><a href=\"https:\/\/sfb1436.de\/de\/projekte\/archiv-sfb-1436-1-2021-2024\/\">Archiv SFB 1436\/1 (2021-2024)<\/a><\/strong><\/h2>\n<\/div>\n<\/div>\n\n\n\n<div style=\"height:100px\" aria-hidden=\"true\" class=\"wp-block-spacer\"><\/div>\n","protected":false},"excerpt":{"rendered":"<p>Unser Sonderforschungsbereich umfasst 20 Teilprojekte, die in vier Projektbereichen mit unterschiedlichen Schwerpunkten zusammenarbeiten. Projektbereich A erforscht auf der Mikroebene die molekularen und zellul\u00e4ren Determinanten neuraler Ressourcen in den Nervenzellen, in ihren synaptischen Verkn\u00fcpfungen und kleinen Netzwerken. Im Projektbereich B geht es um neurale Ressourcen auf mesoskopischer Ebene, d.h. um die Konnektivit\u00e4t von Hirnarealen. Projektbereich C [&hellip;]<\/p>\n","protected":false},"author":4,"featured_media":0,"parent":0,"menu_order":11,"comment_status":"closed","ping_status":"closed","template":"","meta":{"_crdt_document":"","_uag_custom_page_level_css":"","footnotes":""},"class_list":["post-3279","page","type-page","status-publish","hentry"],"yoast_head":"<!-- This site is optimized with the Yoast SEO plugin v27.1.1 - https:\/\/yoast.com\/product\/yoast-seo-wordpress\/ -->\n<title>Unsere Projekte - SFB1436<\/title>\n<meta name=\"description\" content=\"SFB 1436: Sonderforschung mit 22 Teilprojekten, die in vier Projektbereichen mit unterschiedlichen Schwerpunkten zusammenarbeiten.\" \/>\n<meta name=\"robots\" content=\"index, follow, max-snippet:-1, max-image-preview:large, max-video-preview:-1\" \/>\n<link rel=\"canonical\" href=\"https:\/\/sfb1436.de\/de\/projekte\/\" \/>\n<meta property=\"og:locale\" content=\"de_DE\" \/>\n<meta property=\"og:type\" content=\"article\" \/>\n<meta property=\"og:title\" content=\"Unsere Projekte - SFB1436\" \/>\n<meta property=\"og:description\" content=\"SFB 1436: Sonderforschung mit 22 Teilprojekten, die in vier Projektbereichen mit unterschiedlichen Schwerpunkten zusammenarbeiten.\" \/>\n<meta property=\"og:url\" content=\"https:\/\/sfb1436.de\/de\/projekte\/\" \/>\n<meta property=\"og:site_name\" content=\"SFB1436\" \/>\n<meta property=\"article:modified_time\" content=\"2025-06-16T04:05:18+00:00\" \/>\n<meta name=\"twitter:card\" content=\"summary_large_image\" \/>\n<meta name=\"twitter:label1\" content=\"Gesch\u00e4tzte Lesezeit\" \/>\n\t<meta name=\"twitter:data1\" content=\"3\u00a0Minuten\" \/>\n<script type=\"application\/ld+json\" class=\"yoast-schema-graph\">{\"@context\":\"https:\/\/schema.org\",\"@graph\":[{\"@type\":\"WebPage\",\"@id\":\"https:\/\/sfb1436.de\/de\/projekte\/\",\"url\":\"https:\/\/sfb1436.de\/de\/projekte\/\",\"name\":\"Unsere Projekte - SFB1436\",\"isPartOf\":{\"@id\":\"https:\/\/sfb1436.de\/de\/#website\"},\"datePublished\":\"2021-11-15T08:50:15+00:00\",\"dateModified\":\"2025-06-16T04:05:18+00:00\",\"description\":\"SFB 1436: Sonderforschung mit 22 Teilprojekten, die in vier Projektbereichen mit unterschiedlichen Schwerpunkten zusammenarbeiten.\",\"breadcrumb\":{\"@id\":\"https:\/\/sfb1436.de\/de\/projekte\/#breadcrumb\"},\"inLanguage\":\"de\",\"potentialAction\":[{\"@type\":\"ReadAction\",\"target\":[\"https:\/\/sfb1436.de\/de\/projekte\/\"]}]},{\"@type\":\"BreadcrumbList\",\"@id\":\"https:\/\/sfb1436.de\/de\/projekte\/#breadcrumb\",\"itemListElement\":[{\"@type\":\"ListItem\",\"position\":1,\"name\":\"Startseite\",\"item\":\"https:\/\/sfb1436.de\/de\/\"},{\"@type\":\"ListItem\",\"position\":2,\"name\":\"Unsere Projekte\"}]},{\"@type\":\"WebSite\",\"@id\":\"https:\/\/sfb1436.de\/de\/#website\",\"url\":\"https:\/\/sfb1436.de\/de\/\",\"name\":\"SFB1436\",\"description\":\"\",\"publisher\":{\"@id\":\"https:\/\/sfb1436.de\/de\/#organization\"},\"potentialAction\":[{\"@type\":\"SearchAction\",\"target\":{\"@type\":\"EntryPoint\",\"urlTemplate\":\"https:\/\/sfb1436.de\/de\/?s={search_term_string}\"},\"query-input\":{\"@type\":\"PropertyValueSpecification\",\"valueRequired\":true,\"valueName\":\"search_term_string\"}}],\"inLanguage\":\"de\"},{\"@type\":\"Organization\",\"@id\":\"https:\/\/sfb1436.de\/de\/#organization\",\"name\":\"Otto-von-Guericke Universit\u00e4t Medizinische Fakult\u00e4t Institut f\u00fcr Kognitive Neurologie und Demenzforschung\",\"url\":\"https:\/\/sfb1436.de\/de\/\",\"logo\":{\"@type\":\"ImageObject\",\"inLanguage\":\"de\",\"@id\":\"https:\/\/sfb1436.de\/de\/#\/schema\/logo\/image\/\",\"url\":\"https:\/\/sfb1436.de\/wp-content\/uploads\/2021\/12\/logo-sfb.png\",\"contentUrl\":\"https:\/\/sfb1436.de\/wp-content\/uploads\/2021\/12\/logo-sfb.png\",\"width\":1244,\"height\":820,\"caption\":\"Otto-von-Guericke Universit\u00e4t Medizinische Fakult\u00e4t Institut f\u00fcr Kognitive Neurologie und Demenzforschung\"},\"image\":{\"@id\":\"https:\/\/sfb1436.de\/de\/#\/schema\/logo\/image\/\"}}]}<\/script>\n<!-- \/ Yoast SEO plugin. -->","yoast_head_json":{"title":"Unsere Projekte - SFB1436","description":"SFB 1436: Sonderforschung mit 22 Teilprojekten, die in vier Projektbereichen mit unterschiedlichen Schwerpunkten zusammenarbeiten.","robots":{"index":"index","follow":"follow","max-snippet":"max-snippet:-1","max-image-preview":"max-image-preview:large","max-video-preview":"max-video-preview:-1"},"canonical":"https:\/\/sfb1436.de\/de\/projekte\/","og_locale":"de_DE","og_type":"article","og_title":"Unsere Projekte - SFB1436","og_description":"SFB 1436: Sonderforschung mit 22 Teilprojekten, die in vier Projektbereichen mit unterschiedlichen Schwerpunkten zusammenarbeiten.","og_url":"https:\/\/sfb1436.de\/de\/projekte\/","og_site_name":"SFB1436","article_modified_time":"2025-06-16T04:05:18+00:00","twitter_card":"summary_large_image","twitter_misc":{"Gesch\u00e4tzte Lesezeit":"3\u00a0Minuten"},"schema":{"@context":"https:\/\/schema.org","@graph":[{"@type":"WebPage","@id":"https:\/\/sfb1436.de\/de\/projekte\/","url":"https:\/\/sfb1436.de\/de\/projekte\/","name":"Unsere Projekte - SFB1436","isPartOf":{"@id":"https:\/\/sfb1436.de\/de\/#website"},"datePublished":"2021-11-15T08:50:15+00:00","dateModified":"2025-06-16T04:05:18+00:00","description":"SFB 1436: Sonderforschung mit 22 Teilprojekten, die in vier Projektbereichen mit unterschiedlichen Schwerpunkten zusammenarbeiten.","breadcrumb":{"@id":"https:\/\/sfb1436.de\/de\/projekte\/#breadcrumb"},"inLanguage":"de","potentialAction":[{"@type":"ReadAction","target":["https:\/\/sfb1436.de\/de\/projekte\/"]}]},{"@type":"BreadcrumbList","@id":"https:\/\/sfb1436.de\/de\/projekte\/#breadcrumb","itemListElement":[{"@type":"ListItem","position":1,"name":"Startseite","item":"https:\/\/sfb1436.de\/de\/"},{"@type":"ListItem","position":2,"name":"Unsere Projekte"}]},{"@type":"WebSite","@id":"https:\/\/sfb1436.de\/de\/#website","url":"https:\/\/sfb1436.de\/de\/","name":"SFB1436","description":"","publisher":{"@id":"https:\/\/sfb1436.de\/de\/#organization"},"potentialAction":[{"@type":"SearchAction","target":{"@type":"EntryPoint","urlTemplate":"https:\/\/sfb1436.de\/de\/?s={search_term_string}"},"query-input":{"@type":"PropertyValueSpecification","valueRequired":true,"valueName":"search_term_string"}}],"inLanguage":"de"},{"@type":"Organization","@id":"https:\/\/sfb1436.de\/de\/#organization","name":"Otto-von-Guericke Universit\u00e4t Medizinische Fakult\u00e4t Institut f\u00fcr Kognitive Neurologie und Demenzforschung","url":"https:\/\/sfb1436.de\/de\/","logo":{"@type":"ImageObject","inLanguage":"de","@id":"https:\/\/sfb1436.de\/de\/#\/schema\/logo\/image\/","url":"https:\/\/sfb1436.de\/wp-content\/uploads\/2021\/12\/logo-sfb.png","contentUrl":"https:\/\/sfb1436.de\/wp-content\/uploads\/2021\/12\/logo-sfb.png","width":1244,"height":820,"caption":"Otto-von-Guericke Universit\u00e4t Medizinische Fakult\u00e4t Institut f\u00fcr Kognitive Neurologie und Demenzforschung"},"image":{"@id":"https:\/\/sfb1436.de\/de\/#\/schema\/logo\/image\/"}}]}},"uagb_featured_image_src":{"full":false,"thumbnail":false,"medium":false,"medium_large":false,"large":false,"gs-tiny":false,"xl":false,"xxl":false,"xxxl":false,"xxxxl":false,"xxxxxl":false,"1536x1536":false,"2048x2048":false,"awsm_team":false},"uagb_author_info":{"display_name":"redakteur","author_link":"https:\/\/sfb1436.de\/de\/author\/redakteur\/"},"uagb_comment_info":0,"uagb_excerpt":"Unser Sonderforschungsbereich umfasst 20 Teilprojekte, die in vier Projektbereichen mit unterschiedlichen Schwerpunkten zusammenarbeiten. Projektbereich A erforscht auf der Mikroebene die molekularen und zellul\u00e4ren Determinanten neuraler Ressourcen in den Nervenzellen, in ihren synaptischen Verkn\u00fcpfungen und kleinen Netzwerken. Im Projektbereich B geht es um neurale Ressourcen auf mesoskopischer Ebene, d.h. um die Konnektivit\u00e4t von Hirnarealen. Projektbereich C&hellip;","_links":{"self":[{"href":"https:\/\/sfb1436.de\/de\/wp-json\/wp\/v2\/pages\/3279","targetHints":{"allow":["GET"]}}],"collection":[{"href":"https:\/\/sfb1436.de\/de\/wp-json\/wp\/v2\/pages"}],"about":[{"href":"https:\/\/sfb1436.de\/de\/wp-json\/wp\/v2\/types\/page"}],"author":[{"embeddable":true,"href":"https:\/\/sfb1436.de\/de\/wp-json\/wp\/v2\/users\/4"}],"replies":[{"embeddable":true,"href":"https:\/\/sfb1436.de\/de\/wp-json\/wp\/v2\/comments?post=3279"}],"version-history":[{"count":168,"href":"https:\/\/sfb1436.de\/de\/wp-json\/wp\/v2\/pages\/3279\/revisions"}],"predecessor-version":[{"id":28057,"href":"https:\/\/sfb1436.de\/de\/wp-json\/wp\/v2\/pages\/3279\/revisions\/28057"}],"wp:attachment":[{"href":"https:\/\/sfb1436.de\/de\/wp-json\/wp\/v2\/media?parent=3279"}],"curies":[{"name":"wp","href":"https:\/\/api.w.org\/{rel}","templated":true}]}}