{"id":28619,"date":"2025-09-10T08:40:34","date_gmt":"2025-09-10T06:40:34","guid":{"rendered":"https:\/\/sfb1436.de\/?page_id=28619"},"modified":"2026-02-05T11:08:55","modified_gmt":"2026-02-05T10:08:55","slug":"career-days-2025-die-zukunft-der-wissenschaft-ist-divers","status":"publish","type":"page","link":"https:\/\/sfb1436.de\/de\/karriere\/career-days-2025-die-zukunft-der-wissenschaft-ist-divers\/","title":{"rendered":"Career Days 2025: Die Zukunft der Wissenschaft ist divers"},"content":{"rendered":"\n<p class=\"has-text-align-center wp-block-paragraph\">Die Female Career Days, eine Initiative der RTG 1167, finden seit 2011 j\u00e4hrlich statt. Die Veranstaltung hat zum Ziel, Frauen in der Wissenschaft zu f\u00f6rdern und zu unterst\u00fctzen. Wir laden Sie herzlich ein, an dieser wichtigen Veranstaltung teilzunehmen und sich mit anderen Forscher*innen und Interessierten auszutauschen.<\/p>\n\n\n\n<p class=\"has-text-align-center wp-block-paragraph\">Wir \u2013 das sind die am Standort Magdeburg und der hiesigen Otto-von-Guericke Universit\u00e4t ans\u00e4ssigen Forschungseinrichtungen und Verb\u00fcnde:<\/p>\n\n\n\n<div class=\"wp-block-group is-content-justification-center is-nowrap is-layout-flex wp-container-core-group-is-layout-88c01e81 wp-block-group-is-layout-flex\">\n<figure class=\"wp-block-image size-full is-resized\"><a href=\"https:\/\/www.ovgu.de\/en\/\" target=\"_blank\" rel=\"noreferrer noopener\"><img fetchpriority=\"high\" decoding=\"async\" width=\"511\" height=\"216\" src=\"https:\/\/sfb1436.de\/wp-content\/uploads\/2024\/08\/OVGU-Logo.png\" alt=\"Logo of OVGU\" class=\"wp-image-22104\" style=\"width:400px\" srcset=\"https:\/\/sfb1436.de\/wp-content\/uploads\/2024\/08\/OVGU-Logo.png 511w, https:\/\/sfb1436.de\/wp-content\/uploads\/2024\/08\/OVGU-Logo-300x127.png 300w, https:\/\/sfb1436.de\/wp-content\/uploads\/2024\/08\/OVGU-Logo-50x21.png 50w\" sizes=\"(max-width: 511px) 100vw, 511px\" \/><\/a><\/figure>\n\n\n\n<figure class=\"wp-block-image size-full is-resized\"><a href=\"https:\/\/www.med.uni-magdeburg.de\/en\/\" target=\"_blank\" rel=\"noreferrer noopener\"><img decoding=\"async\" width=\"831\" height=\"201\" src=\"https:\/\/sfb1436.de\/wp-content\/uploads\/2024\/08\/OVGUMED_logo_druck_blau-1.png\" alt=\"University magdeburg - medical faculty Logo\" class=\"wp-image-22102\" style=\"width:500px\" srcset=\"https:\/\/sfb1436.de\/wp-content\/uploads\/2024\/08\/OVGUMED_logo_druck_blau-1.png 831w, https:\/\/sfb1436.de\/wp-content\/uploads\/2024\/08\/OVGUMED_logo_druck_blau-1-300x73.png 300w, https:\/\/sfb1436.de\/wp-content\/uploads\/2024\/08\/OVGUMED_logo_druck_blau-1-768x186.png 768w, https:\/\/sfb1436.de\/wp-content\/uploads\/2024\/08\/OVGUMED_logo_druck_blau-1-50x12.png 50w\" sizes=\"(max-width: 831px) 100vw, 831px\" \/><\/a><\/figure>\n\n\n\n<figure class=\"wp-block-image size-full is-resized\"><a href=\"https:\/\/www.fsn.ovgu.de\/\" target=\"_blank\" rel=\"noreferrer noopener\"><img decoding=\"async\" width=\"766\" height=\"285\" src=\"https:\/\/sfb1436.de\/wp-content\/uploads\/2024\/08\/FSN-Logo.png\" alt=\"Female Scientists Network Logo\" class=\"wp-image-22094\" style=\"width:315px\" srcset=\"https:\/\/sfb1436.de\/wp-content\/uploads\/2024\/08\/FSN-Logo.png 766w, https:\/\/sfb1436.de\/wp-content\/uploads\/2024\/08\/FSN-Logo-300x112.png 300w, https:\/\/sfb1436.de\/wp-content\/uploads\/2024\/08\/FSN-Logo-50x19.png 50w\" sizes=\"(max-width: 766px) 100vw, 766px\" \/><\/a><\/figure>\n\n\n\n<figure class=\"wp-block-image size-full is-resized\"><a href=\"https:\/\/rtg2413.med.ovgu.de\/\" target=\"_blank\" rel=\"noreferrer noopener\"><img loading=\"lazy\" decoding=\"async\" width=\"2560\" height=\"2560\" src=\"https:\/\/sfb1436.de\/wp-content\/uploads\/2024\/08\/SynAGE_Logo300ppi-1.png\" alt=\"Synage Logo\" class=\"wp-image-22108\" style=\"width:275px\" srcset=\"https:\/\/sfb1436.de\/wp-content\/uploads\/2024\/08\/SynAGE_Logo300ppi-1.png 2560w, https:\/\/sfb1436.de\/wp-content\/uploads\/2024\/08\/SynAGE_Logo300ppi-1-300x300.png 300w, https:\/\/sfb1436.de\/wp-content\/uploads\/2024\/08\/SynAGE_Logo300ppi-1-1024x1024.png 1024w, https:\/\/sfb1436.de\/wp-content\/uploads\/2024\/08\/SynAGE_Logo300ppi-1-150x150.png 150w, https:\/\/sfb1436.de\/wp-content\/uploads\/2024\/08\/SynAGE_Logo300ppi-1-768x768.png 768w, https:\/\/sfb1436.de\/wp-content\/uploads\/2024\/08\/SynAGE_Logo300ppi-1-50x50.png 50w, https:\/\/sfb1436.de\/wp-content\/uploads\/2024\/08\/SynAGE_Logo300ppi-1-1600x1600.png 1600w, https:\/\/sfb1436.de\/wp-content\/uploads\/2024\/08\/SynAGE_Logo300ppi-1-1536x1536.png 1536w, https:\/\/sfb1436.de\/wp-content\/uploads\/2024\/08\/SynAGE_Logo300ppi-1-2048x2048.png 2048w\" sizes=\"(max-width: 2560px) 100vw, 2560px\" \/><\/a><\/figure>\n\n\n\n<figure class=\"wp-block-image size-full is-resized\"><a href=\"http:\/\/grk2408.ovgu.de\/\" target=\"_blank\" rel=\"noreferrer noopener\"><img loading=\"lazy\" decoding=\"async\" width=\"230\" height=\"230\" src=\"https:\/\/sfb1436.de\/wp-content\/uploads\/2024\/08\/Logo_RTG_col_back2_90.png\" alt=\"RTG 2408 logo\" class=\"wp-image-21989\" style=\"width:275px\" srcset=\"https:\/\/sfb1436.de\/wp-content\/uploads\/2024\/08\/Logo_RTG_col_back2_90.png 230w, https:\/\/sfb1436.de\/wp-content\/uploads\/2024\/08\/Logo_RTG_col_back2_90-150x150.png 150w, https:\/\/sfb1436.de\/wp-content\/uploads\/2024\/08\/Logo_RTG_col_back2_90-50x50.png 50w\" sizes=\"(max-width: 230px) 100vw, 230px\" \/><\/a><\/figure>\n\n\n\n<figure class=\"wp-block-image size-full is-resized\"><a href=\"https:\/\/sfb1436.de\/de\/\"><img loading=\"lazy\" decoding=\"async\" width=\"1500\" height=\"1000\" src=\"https:\/\/sfb1436.de\/wp-content\/uploads\/2024\/08\/SFB-Logo.png\" alt=\"CRC 1436 Logo\" class=\"wp-image-22106\" style=\"width:315px\" srcset=\"https:\/\/sfb1436.de\/wp-content\/uploads\/2024\/08\/SFB-Logo.png 1500w, https:\/\/sfb1436.de\/wp-content\/uploads\/2024\/08\/SFB-Logo-300x200.png 300w, https:\/\/sfb1436.de\/wp-content\/uploads\/2024\/08\/SFB-Logo-1024x683.png 1024w, https:\/\/sfb1436.de\/wp-content\/uploads\/2024\/08\/SFB-Logo-768x512.png 768w, https:\/\/sfb1436.de\/wp-content\/uploads\/2024\/08\/SFB-Logo-50x33.png 50w\" sizes=\"(max-width: 1500px) 100vw, 1500px\" \/><\/a><\/figure>\n\n\n\n<figure class=\"wp-block-image size-full is-resized\"><a href=\"https:\/\/www.lin-magdeburg.org\/\" target=\"_blank\" rel=\"noreferrer noopener\"><img loading=\"lazy\" decoding=\"async\" width=\"643\" height=\"191\" src=\"https:\/\/sfb1436.de\/wp-content\/uploads\/2024\/08\/logo_lin_eng.jpg\" alt=\"Logo of LIN\" class=\"wp-image-22098\" style=\"width:400px\" srcset=\"https:\/\/sfb1436.de\/wp-content\/uploads\/2024\/08\/logo_lin_eng.jpg 643w, https:\/\/sfb1436.de\/wp-content\/uploads\/2024\/08\/logo_lin_eng-300x89.jpg 300w, https:\/\/sfb1436.de\/wp-content\/uploads\/2024\/08\/logo_lin_eng-50x15.jpg 50w\" sizes=\"(max-width: 643px) 100vw, 643px\" \/><\/a><\/figure>\n\n\n\n<figure class=\"wp-block-image size-full is-resized\"><a href=\"https:\/\/cognitive-vitality.de\/en\/\" target=\"_blank\" rel=\"noreferrer noopener\"><img loading=\"lazy\" decoding=\"async\" width=\"730\" height=\"439\" src=\"https:\/\/sfb1436.de\/wp-content\/uploads\/2024\/08\/Logo_main_dark.jpg\" alt=\"Cognitive Vitality Logo\" class=\"wp-image-22100\" style=\"width:300px\" srcset=\"https:\/\/sfb1436.de\/wp-content\/uploads\/2024\/08\/Logo_main_dark.jpg 730w, https:\/\/sfb1436.de\/wp-content\/uploads\/2024\/08\/Logo_main_dark-300x180.jpg 300w, https:\/\/sfb1436.de\/wp-content\/uploads\/2024\/08\/Logo_main_dark-50x30.jpg 50w\" sizes=\"(max-width: 730px) 100vw, 730px\" \/><\/a><\/figure>\n\n\n\n<figure class=\"wp-block-image size-full is-resized\"><a href=\"http:\/\/gp.cbbs.eu\/\" target=\"_blank\" rel=\"noreferrer noopener\"><img loading=\"lazy\" decoding=\"async\" width=\"747\" height=\"459\" src=\"https:\/\/sfb1436.de\/wp-content\/uploads\/2024\/08\/logo_cbbs.png\" alt=\"CBBS graduate program\" class=\"wp-image-22096\" style=\"width:300px\" srcset=\"https:\/\/sfb1436.de\/wp-content\/uploads\/2024\/08\/logo_cbbs.png 747w, https:\/\/sfb1436.de\/wp-content\/uploads\/2024\/08\/logo_cbbs-300x184.png 300w, https:\/\/sfb1436.de\/wp-content\/uploads\/2024\/08\/logo_cbbs-50x31.png 50w\" sizes=\"(max-width: 747px) 100vw, 747px\" \/><\/a><\/figure>\n<\/div>\n\n\n\n<p class=\"wp-block-paragraph\">Die Female Career Days 2025 stehen unter dem Motto \u201eThe Future of Science is Diverse\u201c und bieten eine Plattform, um \u00fcber Themen wie Gleichstellung, Diversit\u00e4t und die Vereinbarkeit von Beruf und Familie zu diskutieren.<\/p>\n\n\n\n<div class=\"wp-block-pb-accordion-item c-accordion__item js-accordion-item no-js\" data-auto-close=\"true\"><h2 id=\"at-286196\" class=\"c-accordion__title js-accordion-controller\" role=\"button\">Er\u00f6ffnungsvortrag am 28.10.2025<\/h2><div id=\"ac-286196\" class=\"c-accordion__content\">\n\n<p class=\"wp-block-paragraph\">W\u00e4hrend der Veranstaltung werden wir uns mit den Herausforderungen und Chancen auseinandersetzen, die Frauen in der Wissenschaft gegen\u00fcberstehen. Wir werden auch Strategien und L\u00f6sungen er\u00f6rtern, um die Gleichstellung und Diversit\u00e4t in der Wissenschaft zu f\u00f6rdern und die Forscherinnen zu unterst\u00fctzen. Die Female Career Days 2025 bieten eine einzigartige Gelegenheit, um:<\/p>\n\n\n<ul class=\"wp-block-list\">\n\n<li>sich mit anderen Forscherinnen und Interessierten auszutauschen<\/li>\n\n\n<li>\u00fcber aktuelle Themen und Trends in der Wissenschaft zu diskutieren<\/li>\n\n\n<li>Strategien und L\u00f6sungen f\u00fcr die Gleichstellung und Diversit\u00e4t in der Wissenschaft zu er\u00f6rtern<\/li>\n\n\n<li>die Vereinbarkeit von Beruf und Familie zu diskutieren<\/li>\n\n\n<li>sich von anderen Forscherinnen inspirieren zu lassen und voneinander zu lernen<\/li>\n\n<\/ul>\n\n\n<p class=\"has-text-align-center has-project-c-color has-text-color has-link-color wp-elements-bcf12e90b4ded6fb481ddcc636bbe34d wp-block-paragraph\"><strong>Wir freuen uns darauf, Sie bei den Female Career Days 2025 begr\u00fc\u00dfen zu d\u00fcrfen!<\/strong><\/p>\n\n\n<div class=\"wp-block-columns is-layout-flex wp-container-core-columns-is-layout-f56f613f wp-block-columns-is-layout-flex\">\n\n<div class=\"wp-block-column has-tertiary-background-color has-background is-layout-flow wp-block-column-is-layout-flow\" style=\"padding-right:var(--wp--preset--spacing--30);padding-left:var(--wp--preset--spacing--30)\">\n      \n\t\t\t<div class=\"uagb-icon-wrapper uagb-block-edf8cb89      \"\n\t\t\tstyle=\"\" >\n\t\t\t\t\t\t\t\t\t<span class=\"uagb-svg-wrapper\" \n\t\t\t\t\t aria-label=\"calendar-check\"\t\t\t\t\ttabindex=\"0\">\t\t\n\t\t\t\t\t\t\t\t\t\t<svg xmlns=\"https:\/\/www.w3.org\/2000\/svg\" viewBox= \"0 0 448 512\" role=\"graphics-symbol\" aria-hidden=\"false\" aria-label=\"\"><path d=\"M160 32V64H288V32C288 14.33 302.3 0 320 0C337.7 0 352 14.33 352 32V64H400C426.5 64 448 85.49 448 112V160H0V112C0 85.49 21.49 64 48 64H96V32C96 14.33 110.3 0 128 0C145.7 0 160 14.33 160 32zM0 192H448V464C448 490.5 426.5 512 400 512H48C21.49 512 0 490.5 0 464V192zM328.1 304.1C338.3 295.6 338.3 280.4 328.1 271C319.6 261.7 304.4 261.7 295 271L200 366.1L152.1 319C143.6 309.7 128.4 309.7 119 319C109.7 328.4 109.7 343.6 119 352.1L183 416.1C192.4 426.3 207.6 426.3 216.1 416.1L328.1 304.1z\"><\/path><\/svg>\n\t\t\t\t\t\t\t\t\t<\/span>\n\t\t\t\t\t\t\t<\/div>\n\t\t\t\n\n<p class=\"has-text-align-center has-tertiary-color has-secondary-background-color has-text-color has-background has-link-color has-medium-font-size wp-elements-00e55afb1d0e1870f9af62e5ffca1c86 wp-block-paragraph\">28.10.2025<br> <strong>Kick-off-Vortrag &#8222;Career Days 2025&#8220; <\/strong><\/p>\n\n\n<div class=\"wp-block-columns is-layout-flex wp-container-core-columns-is-layout-f56f613f wp-block-columns-is-layout-flex\">\n\n<div class=\"wp-block-column is-layout-flow wp-block-column-is-layout-flow\">\n\n<p class=\"wp-block-paragraph\">Wir freuen uns, die Female Career Days 2025 mit einem spannenden Vortrag von Universit\u00e4tsprofessorin Dr. med. Ute Seeland zu er\u00f6ffnen. Univ.-Prof. Dr. med. Ute Seeland ist Professorin am Zentrum f\u00fcr Innere Medizin, Sektion Geschlechtersensible Medizin und Pr\u00e4vention mit Hochschulambulanz an der Otto-von-Guericke Universit\u00e4t Magdeburg.<\/p>\n\n\n<p class=\"wp-block-paragraph\">Nach einem Gru\u00dfwort von Prof. Dr. med. Dr.rer.nat. Anne Albrecht, Prodekanin f\u00fcr Nachwuchsentwicklung und Chancengleichheit, wird Univ.-Prof. Dr. med. Ute Seeland \u00fcber \u201eFemale Career and the Support of Gender- and Sex-Specific Medicine\u201c sprechen. In ihrem Vortrag wird sie auf die Bedeutung von geschlechtersensibler Medizin und Pr\u00e4vention eingehen und diskutieren, wie Frauen in der Wissenschaft unterst\u00fctzt werden k\u00f6nnen.<\/p>\n\n\n<p class=\"wp-block-paragraph\">Im Anschluss an den Vortrag findet eine Podiumsdiskussion statt, an der neben Univ.-Prof. Dr. med. Ute Seeland auch Prof. Dr. med. Dr.rer.nat. Anne Albrecht, Dr. Hanna Zwaka (Leibniz-Institut f\u00fcr Neurobiologie) und Dr. Lorena Morton (Otto-von-Guericke Universit\u00e4t Magdeburg) teilnehmen. Die Diskussion wird von M.A. Katalin Varga moderiert, die das Mentoring- und Coachingprogramm f\u00fcr Studentinnen und Nachwuchswissenschaftlerinnen der MINT-F\u00e4cher in Sachsen-Anhalt koordiniert.<\/p>\n\n\n<p class=\"wp-block-paragraph\">Wir freuen uns darauf, Sie zu den Female Career Days 2025 begr\u00fc\u00dfen zu d\u00fcrfen.<\/p>\n\n\n<div class=\"wp-block-uagb-buttons uagb-buttons__outer-wrap uagb-btn__default-btn uagb-btn-tablet__default-btn uagb-btn-mobile__default-btn uagb-block-9e0bba92\"><div class=\"uagb-buttons__wrap uagb-buttons-layout-wrap \">\n\n<div class=\"wp-block-uagb-buttons-child uagb-buttons__outer-wrap uagb-block-7db24f3a wp-block-button\"><div class=\"uagb-button__wrapper\"><a class=\"uagb-buttons-repeater wp-block-button__link\" aria-label=\"\" href=\"https:\/\/sfb1436.de\/ninja-forms\/9ff75\" rel=\"follow noopener\" target=\"_self\" role=\"button\"><div class=\"uagb-button__link\">Jetzt anmelden!<\/div><\/a><\/div><\/div>\n\n<\/div><\/div>\n\n<\/div>\n\n\n<div class=\"wp-block-column is-layout-flow wp-block-column-is-layout-flow\">\n\n<figure class=\"wp-block-image aligncenter size-large is-resized\"><img loading=\"lazy\" decoding=\"async\" width=\"1024\" height=\"491\" src=\"https:\/\/sfb1436.de\/wp-content\/uploads\/2025\/09\/CAREER-DAYS-2025-1024x491.webp\" alt=\"CAREER DAYS 2025\" class=\"wp-image-28593\" style=\"width:900px\" srcset=\"https:\/\/sfb1436.de\/wp-content\/uploads\/2025\/09\/CAREER-DAYS-2025-1024x491.webp 1024w, https:\/\/sfb1436.de\/wp-content\/uploads\/2025\/09\/CAREER-DAYS-2025-300x144.webp 300w, https:\/\/sfb1436.de\/wp-content\/uploads\/2025\/09\/CAREER-DAYS-2025-768x368.webp 768w, https:\/\/sfb1436.de\/wp-content\/uploads\/2025\/09\/CAREER-DAYS-2025-50x24.webp 50w, https:\/\/sfb1436.de\/wp-content\/uploads\/2025\/09\/CAREER-DAYS-2025-1600x767.webp 1600w, https:\/\/sfb1436.de\/wp-content\/uploads\/2025\/09\/CAREER-DAYS-2025-1536x736.webp 1536w, https:\/\/sfb1436.de\/wp-content\/uploads\/2025\/09\/CAREER-DAYS-2025-2048x981.webp 2048w\" sizes=\"(max-width: 1024px) 100vw, 1024px\" \/><\/figure>\n\n\n<p class=\"wp-block-paragraph\"><strong>Kick-off-Vortrag: Dienstag, den 28. Oktober 2025<\/strong><\/p>\n\n\n<p class=\"wp-block-paragraph\"><strong>16:00 Uhr<\/strong>: Ankommen<\/p>\n\n\n<p class=\"wp-block-paragraph\"><strong>16:30 Uhr<\/strong>: Gru\u00dfwort von der Prodekanin f\u00fcr Nachwuchsentwicklung und Chancengleichheit von der Medizinische Fakult\u00e4t Prof. Dr. med. Dr.rer.nat. Anne Albrecht<\/p>\n\n\n<p class=\"wp-block-paragraph\"><strong>16:35 Uhr<\/strong>: Vortrag von Univ.-Prof. Dr. med. Ute Seeland mit dem Titel \u201e<strong><em>Female Careers and the Support of Gender- and Sex-Specific Medicine<\/em><\/strong><strong>\u201c<\/strong><\/p>\n\n\n<p class=\"wp-block-paragraph\"><strong>17:15 Uhr<\/strong>: Podiumsdiskussion mit unseren G\u00e4sten und Teilnehmer*innen (Univ.-Prof. Dr. med. Ute Seeland, Prof. Dr. med. Dr.rer.nat. Anne Albrecht, Dr. Hanna Zwaka und Dr. Lorena Morton, moderiert von M.A. Katalin Varga <\/p>\n\n\n<p class=\"wp-block-paragraph\"><strong>18:00 Uhr<\/strong>:&nbsp;anschlie\u00dfender Imbiss und Gelegenheit zum Netzwerken<\/p>\n\n<\/div>\n\n<\/div>\n\n\n<div class=\"wp-block-pb-accordion-item c-accordion__item js-accordion-item no-js\" data-initially-open=\"false\" data-click-to-close=\"true\" data-auto-close=\"true\" data-scroll=\"false\" data-scroll-offset=\"0\"><h2 id=\"at-286197\" class=\"c-accordion__title js-accordion-controller\" role=\"button\">Weitere Informationen zu unseren G\u00e4sten finden Sie hier:<\/h2><div id=\"ac-286197\" class=\"c-accordion__content\">\n\n<p class=\"wp-block-paragraph\"><strong>Univ.-Prof. Dr. med. <a href=\"https:\/\/gsm.med.ovgu.de\/geschlechtersensible_medizin_ute_seeland.html\">Ute Seeland<\/a>, <a href=\"https:\/\/gsm.med.ovgu.de\/\" target=\"_blank\" rel=\"noreferrer noopener\">Otto-von-Guericke-Universit\u00e4t Magdeburg<\/a><\/strong><\/p>\n\n\n<div class=\"wp-block-columns is-layout-flex wp-container-core-columns-is-layout-f56f613f wp-block-columns-is-layout-flex\">\n\n<div class=\"wp-block-column is-vertically-aligned-center is-layout-flow wp-block-column-is-layout-flow\" style=\"flex-basis:15%\">\n\n<figure class=\"wp-block-image size-full\"><img loading=\"lazy\" decoding=\"async\" width=\"230\" height=\"346\" src=\"https:\/\/sfb1436.de\/wp-content\/uploads\/2025\/09\/Prof-Ute-Seeland.jpg\" alt=\"Prof Ute Seeland\" class=\"wp-image-28673\" srcset=\"https:\/\/sfb1436.de\/wp-content\/uploads\/2025\/09\/Prof-Ute-Seeland.jpg 230w, https:\/\/sfb1436.de\/wp-content\/uploads\/2025\/09\/Prof-Ute-Seeland-199x300.jpg 199w, https:\/\/sfb1436.de\/wp-content\/uploads\/2025\/09\/Prof-Ute-Seeland-50x75.jpg 50w\" sizes=\"(max-width: 230px) 100vw, 230px\" \/><figcaption class=\"wp-element-caption\">Copyright: UMMD<\/figcaption><\/figure>\n\n<\/div>\n\n\n<div class=\"wp-block-column is-vertically-aligned-top is-layout-flow wp-block-column-is-layout-flow\" style=\"flex-basis:85%\">\n\n<p class=\"has-text-align-left wp-block-paragraph\">Ute Seeland ist berufene W3-Professorin auf den Lehrstuhl f\u00fcr Innere Medizin\/ Geschlechtersensible Medizin der Otto-von Guericke-Universit\u00e4t in Magdeburg, Deutschland. Gef\u00f6rdert wird die Professur von der&nbsp;Margarete Ammon Stiftung. Sie ist Fach\u00e4rztin f\u00fcr Innere Medizin und hat die Lehrbef\u00e4higung f\u00fcr Innere Medizin\/ Geschlechtersensible Medizin an der Charit\u00e9 &#8211; Universit\u00e4tsmedizin Berlin erworben. Frau Seeland ist Vorsitzende der Deutschen Gesellschaft f\u00fcr&nbsp;Geschlechtsspezifische Medizin e.V. (DGesGM\u00ae&nbsp;)&nbsp;und im erweiterten Vorstand der&nbsp;International Society of Gender Medicine (IGM). Im SoSe 2021 war sie Klara Marie Fa\u00dfbinder-Gastprofessorin f\u00fcr Frauen- und Geschlechterforschung an der Universit\u00e4t Mainz (Gr\u00fcndung AG Geschlechtersensible Lehre). Als Sprecherin der AG28 Gendermedizin in der Kardiologie (DGK) hat sie das erste Positionspapier zu geschlechterspezifischen Unterschieden in der Kardiologie initiiert. Forschungsschwerpunkt ist die geschlechtersensible Medizin mit Fokus auf Pr\u00e4vention, Risikofaktoren, Alter, Schwangerschaft, mikrovaskul\u00e4re funktionelle Erkrankungen, Hypertonie und Herzinsuffizienz. Besondere klinische Expertise besteht in der nicht invasiven Diagnostik funktioneller arterieller Gef\u00e4\u00dferkrankungen und der Echokardiographie. Sie ist Vorsitzende der internationalen Sex and Gender VascAgeNet Expert Group (EU-COST-Projekt, seit 2024 Artery Society).<\/p>\n\n\n<p class=\"wp-block-paragraph\">Professorin Seelands Expertise ist als \u201eZentrum f\u00fcr arterielle Gef\u00e4\u00dfsteifigkeitsmessung\u201c (DeGAG) anerkannt. Ihr wissenschaftlich-theoretisches Wissen bringt Sie direkt in die&nbsp;Versorgung&nbsp;ein. Ein weiterer Schwerpunkt ist die Lehrforschung. Sie begleitete die Transition des Regelstudiengangs in den Modellstudiengang der Charit\u00e9 und implementierte und lehrte geschlechtersensible Lehrinhalte in unterschiedlichen Formaten und Semestern bis 2023 in der Pflichtlehre der Humanmedizin. Seit 2024 lehrt Frau Seeland das Fach Geschlechtersensible Medizin unter Ber\u00fccksichtigung weiterer Diversit\u00e4tsfaktoren und Pr\u00e4vention im Regelstudiengang der Humanmedizin der Otto-von Guericke-Universit\u00e4t Magdeburg in vollem&nbsp;Lehrumfang als Teil des Zentrums f\u00fcr Innere Medizin.<\/p>\n\n<\/div>\n\n<\/div>\n\n\n<p class=\"wp-block-paragraph\"><strong><a href=\"https:\/\/www.albrechtlab.de\/\" target=\"_blank\" rel=\"noreferrer noopener\">Prof. Dr. Dr. Anne Albrecht<\/a>, <a href=\"https:\/\/iana.med.ovgu.de\/\" target=\"_blank\" rel=\"noreferrer noopener\">Otto-von-Guericke Universit\u00e4t Magdeburg<\/a><\/strong><\/p>\n\n\n<div class=\"wp-block-columns is-layout-flex wp-container-core-columns-is-layout-f56f613f wp-block-columns-is-layout-flex\">\n\n<div class=\"wp-block-column is-vertically-aligned-center is-layout-flow wp-block-column-is-layout-flow\" style=\"flex-basis:15%\">\n\n<figure class=\"wp-block-image size-large\"><img loading=\"lazy\" decoding=\"async\" width=\"1630\" height=\"1706\" src=\"https:\/\/sfb1436.de\/wp-content\/uploads\/2025\/09\/Anne-Albrecht-c-UMMD-Sarah-Rinka-e1757502573642.jpg\" alt=\"Anne Albrecht (c) UMMD Sarah Rinka\" class=\"wp-image-28671\" srcset=\"https:\/\/sfb1436.de\/wp-content\/uploads\/2025\/09\/Anne-Albrecht-c-UMMD-Sarah-Rinka-e1757502573642.jpg 1630w, https:\/\/sfb1436.de\/wp-content\/uploads\/2025\/09\/Anne-Albrecht-c-UMMD-Sarah-Rinka-e1757502573642-287x300.jpg 287w, https:\/\/sfb1436.de\/wp-content\/uploads\/2025\/09\/Anne-Albrecht-c-UMMD-Sarah-Rinka-e1757502573642-978x1024.jpg 978w, https:\/\/sfb1436.de\/wp-content\/uploads\/2025\/09\/Anne-Albrecht-c-UMMD-Sarah-Rinka-e1757502573642-768x804.jpg 768w, https:\/\/sfb1436.de\/wp-content\/uploads\/2025\/09\/Anne-Albrecht-c-UMMD-Sarah-Rinka-e1757502573642-50x52.jpg 50w, https:\/\/sfb1436.de\/wp-content\/uploads\/2025\/09\/Anne-Albrecht-c-UMMD-Sarah-Rinka-e1757502573642-1600x1675.jpg 1600w, https:\/\/sfb1436.de\/wp-content\/uploads\/2025\/09\/Anne-Albrecht-c-UMMD-Sarah-Rinka-e1757502573642-1468x1536.jpg 1468w\" sizes=\"(max-width: 1630px) 100vw, 1630px\" \/><figcaption class=\"wp-element-caption\">Copyright: UMMD<\/figcaption><\/figure>\n\n<\/div>\n\n\n<div class=\"wp-block-column is-vertically-aligned-top is-layout-flow wp-block-column-is-layout-flow\" style=\"flex-basis:85%\">\n\n<p class=\"wp-block-paragraph\">Anne Albrecht ist Prodekanin f\u00fcr Nachwuchsentwicklung und Chancengleichheit und hat den Lehrstuhl f\u00fcr Neuroanatomie am Institut f\u00fcr Anatomie der Otto-von-Guericke Universit\u00e4t inne. Ihre Arbeitsgruppe besch\u00e4ftigt sich mit der funktionellen Neuroanatomie des emotionalen Ged\u00e4chtnisses und der Stressadaptation. Sie unterrichtet au\u00dferdem Medizinstudierenden im 1. und 2. Studienjahr in Anatomie. Im Focus ihrer wissenschaftlichen Arbeit steht die Untersuchung GABAerger Interneurone und Neuropeptide bei Lernen, Ged\u00e4chtnisbildung und Stressverarbeitung in Nagermodellen. Um die Rolle von z.B. Orexin in Schaltkreisen der Ged\u00e4chtnisbildung zu analysieren, nutzt ihre Gruppe neuronales Tracing, hochaufl\u00f6sende Methoden zur Expressionsanalyse (RNAScope, lasergest\u00fctzte Mikrodissektion &amp; qPCR) sowie virale und pharmakologische Interventionen in Verbindung mit Verhaltensanalysen in M\u00e4usen sowie strukturellen und molekularen Untersuchungen in Zell- und Gewebekulturen<\/p>\n\n\n<p class=\"wp-block-paragraph\">Seit 2021 ist Anne Albrecht PI in unserem Sonderforschungsbereich 1436 im <a href=\"https:\/\/sfb1436.de\/de\/projekte\/mobilisierung-kognitiver-ressourcen-durch-die-orexinerge-modulation-von-hippokampus-schaltkreisen\/\">Projekt A07<\/a> und seit 2025 hat sie auch die Leitung des IRTG in der zweiten F\u00f6rderperiode des SFB \u00fcbernommen.<\/p>\n\n<\/div>\n\n<\/div>\n\n\n<p class=\"has-text-align-left wp-block-paragraph\"><a href=\"http:\/\/www.hannazwaka.com\"><strong>Dr.<\/strong> <strong>Hanna Zwaka<\/strong><\/a><strong>, Group Leader, <a href=\"http:\/\/www.lin-magdeburg.org\/research\/research-units\/research-group-behavioral-neuroscience\" target=\"_blank\" rel=\"noreferrer noopener\">Leibniz Institut f\u00fcr Neurobiologie<\/a><\/strong><\/p>\n\n\n<div class=\"wp-block-columns is-layout-flex wp-container-core-columns-is-layout-f56f613f wp-block-columns-is-layout-flex\">\n\n<div class=\"wp-block-column is-vertically-aligned-center is-layout-flow wp-block-column-is-layout-flow\" style=\"flex-basis:15%\">\n\n<figure class=\"wp-block-image size-full\"><img loading=\"lazy\" decoding=\"async\" width=\"750\" height=\"1090\" src=\"https:\/\/sfb1436.de\/wp-content\/uploads\/2025\/09\/Hanna_2.webp\" alt=\"Hanna_2\" class=\"wp-image-28731\" srcset=\"https:\/\/sfb1436.de\/wp-content\/uploads\/2025\/09\/Hanna_2.webp 750w, https:\/\/sfb1436.de\/wp-content\/uploads\/2025\/09\/Hanna_2-206x300.webp 206w, https:\/\/sfb1436.de\/wp-content\/uploads\/2025\/09\/Hanna_2-705x1024.webp 705w, https:\/\/sfb1436.de\/wp-content\/uploads\/2025\/09\/Hanna_2-50x73.webp 50w\" sizes=\"(max-width: 750px) 100vw, 750px\" \/><figcaption class=\"wp-element-caption\">Copyright: Hanna Zwaka<\/figcaption><\/figure>\n\n<\/div>\n\n\n<div class=\"wp-block-column is-layout-flow wp-block-column-is-layout-flow\" style=\"flex-basis:85%\">\n\n<p class=\"wp-block-paragraph\">Dr. Hanna Zwaka studierte Biologie an der Freien Universit\u00e4t Berlin, wo sie auch ihren Doktortitel in Neurowissenschaften erwarb und sich mit der Ged\u00e4chtniskonsolidierung w\u00e4hrend des Schlafs befasste. Anschlie\u00dfend zog sie nach Cambridge, Massachusetts, um als Postdoktorandin im Bereich Systemneurowissenschaften an der Harvard University zu arbeiten. Dort konzentrierte sie sich darauf, aufzudecken, wie Schlafentzug die neuronalen Schaltkreise im Gehirn beeinflusst und das Verhalten ver\u00e4ndert.<\/p>\n\n\n<p class=\"wp-block-paragraph\">Derzeit leitet sie ihre eigene Forschungsgruppe, die die Auswirkungen von Schlafentzug auf die Gehirn- und K\u00f6rperfunktionen anhand von Zebrafischlarven als Modellorganismen untersucht. Im Laufe ihrer Karriere hat sie zahlreiche Bachelor-, Master- und Doktoranden betreut, die aktiv zu ihrer Forschung beigetragen haben. Dr. Hanna Zwaka engagiert sich f\u00fcr mehr Vielfalt und Inklusion in der Wissenschaft. Sie war Mentorin im Harvard Graduate Women in Science and Engineering Program, Mitglied der Harvard Diversity and Belonging Task Force und ist derzeit Gleichstellungsbeauftragte an ihrem Institut.<\/p>\n\n\n<p class=\"wp-block-paragraph\">Neben ihrer akademischen Arbeit verf\u00fcgt sie \u00fcber fundierte Kenntnisse in der Wissenschaftskommunikation. W\u00e4hrend ihres Studiums in Harvard arbeitete sie als Wissenschaftskommunikatorin f\u00fcr das Harvard Museum of Natural History. Dar\u00fcber hinaus hat sie zahlreiche \u00f6ffentliche Vortr\u00e4ge gehalten, an Podcast- und Radiointerviews teilgenommen und Beitr\u00e4ge f\u00fcr Zeitungen und andere Medien verfasst, um der \u00d6ffentlichkeit die Wissenschaft n\u00e4herzubringen. Sie hat mehrere begutachtete Fachartikel ver\u00f6ffentlicht und ihre Arbeiten auf internationalen Konferenzen vorgestellt. Sie ist Mutter von zwei wunderbaren S\u00f6hnen und verfolgt ihre Karriere mit der Unterst\u00fctzung ihres liebevollen Partners und ihrer ebenso engagierten Eltern.<\/p>\n\n<\/div>\n\n<\/div>\n\n\n<p class=\"wp-block-paragraph\"><strong>Dr. Lorena Morton, <\/strong><a href=\"https:\/\/iin.med.ovgu.de\/\" target=\"_blank\" rel=\"noreferrer noopener\"><strong>Otto-von-Guericke Universit\u00e4t Magdeburg<\/strong><\/a><\/p>\n\n\n<div class=\"wp-block-columns is-layout-flex wp-container-core-columns-is-layout-f56f613f wp-block-columns-is-layout-flex\">\n\n<div class=\"wp-block-column is-vertically-aligned-center is-layout-flow wp-block-column-is-layout-flow\" style=\"flex-basis:15%\">\n\n<figure class=\"wp-block-image aligncenter size-full\"><img loading=\"lazy\" decoding=\"async\" width=\"100\" height=\"133\" src=\"https:\/\/sfb1436.de\/wp-content\/uploads\/2025\/09\/Lorena-Morton.jpg\" alt=\"Lorena Morton\" class=\"wp-image-28677\" srcset=\"https:\/\/sfb1436.de\/wp-content\/uploads\/2025\/09\/Lorena-Morton.jpg 100w, https:\/\/sfb1436.de\/wp-content\/uploads\/2025\/09\/Lorena-Morton-50x67.jpg 50w\" sizes=\"(max-width: 100px) 100vw, 100px\" \/><figcaption class=\"wp-element-caption\">Copyright: UMMD<\/figcaption><\/figure>\n\n<\/div>\n\n\n<div class=\"wp-block-column is-layout-flow wp-block-column-is-layout-flow\" style=\"flex-basis:85%\">\n\n<p class=\"wp-block-paragraph\">Dr. Lorena Morton ist \u00c4rztin und Neurowissenschaftlerin am Institut&nbsp;f\u00fcr Inflammation und Neurodegeneration&nbsp;der Otto-von-Guericke-Universit\u00e4t Magdeburg. Sie erwarb ihren PhD in Neuroimmunologie, wo sie Perizyten und Mikroglia in der neurovaskul\u00e4ren Einheit und ihre Rolle bei der zerebralen Kleinschlagadererkrankung untersuchte. Ihre derzeitige Forschung konzentriert sich auf neurovaskul\u00e4re-Immunit\u00e4ts-Interaktionen bei chronischen entz\u00fcndlichen Erkrankungen wie Bluthochdruck, chronischem Stress und systemischen oder CNS-Infektionen, mit einer translationalen Perspektive auf extrazellul\u00e4re Vesikel als Biomarker und therapeutische Werkzeuge. Sie ist die Preistr\u00e4gerin des OVGU Young Investigator Award 2024 und des Polycarp Leporin Program-Stipendiums (2025\u20132027).<\/p>\n\n<\/div>\n\n<\/div>\n\n\n<p class=\"wp-block-paragraph\"><strong>M.A. Katalin Varga, <a href=\"https:\/\/www.kgc-sachsen-anhalt.de\/Katalin+Varga-p-4002.html\" target=\"_blank\" rel=\"noreferrer noopener\">Otto-von-Guericke Universit\u00e4t Magdeburg<\/a><\/strong><\/p>\n\n\n<div class=\"wp-block-columns is-layout-flex wp-container-core-columns-is-layout-f56f613f wp-block-columns-is-layout-flex\">\n\n<div class=\"wp-block-column is-vertically-aligned-center is-layout-flow wp-block-column-is-layout-flow\" style=\"flex-basis:15%\">\n\n<figure class=\"wp-block-image size-full\"><img loading=\"lazy\" decoding=\"async\" width=\"1221\" height=\"1832\" src=\"https:\/\/sfb1436.de\/wp-content\/uploads\/2025\/09\/Katalin_Varga.webp\" alt=\"Katalin Varga\" class=\"wp-image-28806\" srcset=\"https:\/\/sfb1436.de\/wp-content\/uploads\/2025\/09\/Katalin_Varga.webp 1221w, https:\/\/sfb1436.de\/wp-content\/uploads\/2025\/09\/Katalin_Varga-200x300.webp 200w, https:\/\/sfb1436.de\/wp-content\/uploads\/2025\/09\/Katalin_Varga-682x1024.webp 682w, https:\/\/sfb1436.de\/wp-content\/uploads\/2025\/09\/Katalin_Varga-768x1152.webp 768w, https:\/\/sfb1436.de\/wp-content\/uploads\/2025\/09\/Katalin_Varga-50x75.webp 50w, https:\/\/sfb1436.de\/wp-content\/uploads\/2025\/09\/Katalin_Varga-1024x1536.webp 1024w\" sizes=\"(max-width: 1221px) 100vw, 1221px\" \/><figcaption class=\"wp-element-caption\">Copyright: Katalin Varga<\/figcaption><\/figure>\n\n<\/div>\n\n\n<div class=\"wp-block-column is-layout-flow wp-block-column-is-layout-flow\" style=\"flex-basis:85%\">\n\n<p class=\"wp-block-paragraph\">Katalin Varga ist Projektkoordinatorin von MeCoSa MINT Career im Koordinierungsstelle f\u00fcr Genderforschung und Chancengleichheit Sachsen-Anhalt (KGC). In dieser Funktion leitet sie Projekte, koordiniert Teams und organisiert Veranstaltungen zur St\u00e4rkung der Karriereentwicklung, des interkulturellen Austauschs und der Talentbindung in Sachsen-Anhalt. Zuvor arbeitete sie als Sozialarbeiterin in der Beratungsstelle Magdalena der AWO Sachsen-Anhalt, wo sie Sozial- und Berufsberatung, interkulturelle Kommunikation und mehrsprachige Unterst\u00fctzung anbot. Zu Beginn ihrer Karriere war sie als Koordinatorin f\u00fcr Fl\u00fcchtlings- und Integrationsangelegenheiten an der Hochschule Harz t\u00e4tig, wo sie Integrationskonzepte entwickelte, Studieninteressierte mit Fl\u00fcchtlingshintergrund unterst\u00fctzte und inklusive akademische M\u00f6glichkeiten f\u00f6rderte.<\/p>\n\n\n<p class=\"wp-block-paragraph\">Aufgrund ihrer umfangreichen Erfahrung in den Bereichen Beratung, Networking und Veranstaltungsmoderation wird Katalin die Career Days 2025 moderieren und Diskussionen \u00fcber Diversit\u00e4t, Chancengleichheit und die Zukunft der Wissenschaft leiten.<\/p>\n\n<\/div>\n\n<\/div>\n\n<\/div><\/div>\n\n<\/div>\n\n<\/div>\n\n<\/div><\/div>\n\n\n\n<p class=\"has-text-align-center wp-block-paragraph\">Nach der erfolgreichen Er\u00f6ffnungsveranstaltung werden die Female Career Days mit spannenden Workshops und Einzelgespr\u00e4chen fortgesetzt. Einer der H\u00f6hepunkte sind die individuellen Lebenslaufchecks, die sich in den letzten Jahren gro\u00dfer Beliebtheit erfreuten. Expert*innen zeigen, was bei der Erstellung eines Lebenslaufs zu beachten ist.<br>Weitere Workshops behandeln verschiedene Themen, darunter:<br>Diversity, Grant Writing, Social Media &amp; Professorship Appointment Procedures<\/p>\n\n\n\n<p class=\"has-text-align-center has-project-c-color has-text-color has-link-color wp-elements-5e7999890184c92310c7dbc34fac6694 wp-block-paragraph\"><strong>Nutzen Sie diese Gelegenheit, um Ihre Karriere voranzubringen und von Experten zu lernen!<\/strong><\/p>\n\n\n\n<div style=\"height:50px\" aria-hidden=\"true\" class=\"wp-block-spacer\"><\/div>\n","protected":false},"excerpt":{"rendered":"<p>Die Female Career Days, eine Initiative der RTG 1167, finden seit 2011 j\u00e4hrlich statt. Die Veranstaltung hat zum Ziel, Frauen in der Wissenschaft zu f\u00f6rdern und zu unterst\u00fctzen. Wir laden Sie herzlich ein, an dieser wichtigen Veranstaltung teilzunehmen und sich mit anderen Forscher*innen und Interessierten auszutauschen. Wir \u2013 das sind die am Standort Magdeburg und [&hellip;]<\/p>\n","protected":false},"author":4,"featured_media":0,"parent":11505,"menu_order":3,"comment_status":"closed","ping_status":"closed","template":"","meta":{"_crdt_document":"","_uag_custom_page_level_css":"","footnotes":""},"class_list":["post-28619","page","type-page","status-publish","hentry"],"yoast_head":"<!-- This site is optimized with the Yoast SEO plugin v27.1.1 - https:\/\/yoast.com\/product\/yoast-seo-wordpress\/ -->\n<title>Career Days 2025: Die Zukunft der Wissenschaft ist divers<\/title>\n<meta name=\"description\" content=\"Career Days 2025: Die Zukunft der Wissenschaft ist divers - so lautet das Motto der diesj\u00e4hrigen Karriere-Tage, die am 28.10.2025 starten.\" \/>\n<meta name=\"robots\" content=\"index, follow, max-snippet:-1, max-image-preview:large, max-video-preview:-1\" \/>\n<link rel=\"canonical\" href=\"https:\/\/sfb1436.de\/de\/karriere\/career-days-2025-die-zukunft-der-wissenschaft-ist-divers\/\" \/>\n<meta property=\"og:locale\" content=\"de_DE\" \/>\n<meta property=\"og:type\" content=\"article\" \/>\n<meta property=\"og:title\" content=\"Career Days 2025: Die Zukunft der Wissenschaft ist divers\" \/>\n<meta property=\"og:description\" content=\"Career Days 2025: Die Zukunft der Wissenschaft ist divers - so lautet das Motto der diesj\u00e4hrigen Karriere-Tage, die am 28.10.2025 starten.\" \/>\n<meta property=\"og:url\" content=\"https:\/\/sfb1436.de\/de\/karriere\/career-days-2025-die-zukunft-der-wissenschaft-ist-divers\/\" \/>\n<meta property=\"og:site_name\" content=\"SFB1436\" \/>\n<meta property=\"article:modified_time\" content=\"2026-02-05T10:08:55+00:00\" \/>\n<meta property=\"og:image\" content=\"https:\/\/sfb1436.de\/wp-content\/uploads\/2024\/08\/OVGU-Logo.png\" \/>\n\t<meta property=\"og:image:width\" content=\"511\" \/>\n\t<meta property=\"og:image:height\" content=\"216\" \/>\n\t<meta property=\"og:image:type\" content=\"image\/png\" \/>\n<meta name=\"twitter:card\" content=\"summary_large_image\" \/>\n<meta name=\"twitter:label1\" content=\"Gesch\u00e4tzte Lesezeit\" \/>\n\t<meta name=\"twitter:data1\" content=\"12\u00a0Minuten\" \/>\n<script type=\"application\/ld+json\" class=\"yoast-schema-graph\">{\"@context\":\"https:\/\/schema.org\",\"@graph\":[{\"@type\":\"WebPage\",\"@id\":\"https:\/\/sfb1436.de\/de\/karriere\/career-days-2025-die-zukunft-der-wissenschaft-ist-divers\/\",\"url\":\"https:\/\/sfb1436.de\/de\/karriere\/career-days-2025-die-zukunft-der-wissenschaft-ist-divers\/\",\"name\":\"Career Days 2025: Die Zukunft der Wissenschaft ist divers\",\"isPartOf\":{\"@id\":\"https:\/\/sfb1436.de\/de\/#website\"},\"primaryImageOfPage\":{\"@id\":\"https:\/\/sfb1436.de\/de\/karriere\/career-days-2025-die-zukunft-der-wissenschaft-ist-divers\/#primaryimage\"},\"image\":{\"@id\":\"https:\/\/sfb1436.de\/de\/karriere\/career-days-2025-die-zukunft-der-wissenschaft-ist-divers\/#primaryimage\"},\"thumbnailUrl\":\"https:\/\/sfb1436.de\/wp-content\/uploads\/2024\/08\/OVGU-Logo.png\",\"datePublished\":\"2025-09-10T06:40:34+00:00\",\"dateModified\":\"2026-02-05T10:08:55+00:00\",\"description\":\"Career Days 2025: Die Zukunft der Wissenschaft ist divers - so lautet das Motto der diesj\u00e4hrigen Karriere-Tage, die am 28.10.2025 starten.\",\"breadcrumb\":{\"@id\":\"https:\/\/sfb1436.de\/de\/karriere\/career-days-2025-die-zukunft-der-wissenschaft-ist-divers\/#breadcrumb\"},\"inLanguage\":\"de\",\"potentialAction\":[{\"@type\":\"ReadAction\",\"target\":[\"https:\/\/sfb1436.de\/de\/karriere\/career-days-2025-die-zukunft-der-wissenschaft-ist-divers\/\"]}]},{\"@type\":\"ImageObject\",\"inLanguage\":\"de\",\"@id\":\"https:\/\/sfb1436.de\/de\/karriere\/career-days-2025-die-zukunft-der-wissenschaft-ist-divers\/#primaryimage\",\"url\":\"https:\/\/sfb1436.de\/wp-content\/uploads\/2024\/08\/OVGU-Logo.png\",\"contentUrl\":\"https:\/\/sfb1436.de\/wp-content\/uploads\/2024\/08\/OVGU-Logo.png\"},{\"@type\":\"BreadcrumbList\",\"@id\":\"https:\/\/sfb1436.de\/de\/karriere\/career-days-2025-die-zukunft-der-wissenschaft-ist-divers\/#breadcrumb\",\"itemListElement\":[{\"@type\":\"ListItem\",\"position\":1,\"name\":\"Startseite\",\"item\":\"https:\/\/sfb1436.de\/de\/\"},{\"@type\":\"ListItem\",\"position\":2,\"name\":\"Karriere\",\"item\":\"https:\/\/sfb1436.de\/de\/karriere\/\"},{\"@type\":\"ListItem\",\"position\":3,\"name\":\"Career Days 2025: Die Zukunft der Wissenschaft ist divers\"}]},{\"@type\":\"WebSite\",\"@id\":\"https:\/\/sfb1436.de\/de\/#website\",\"url\":\"https:\/\/sfb1436.de\/de\/\",\"name\":\"SFB1436\",\"description\":\"\",\"publisher\":{\"@id\":\"https:\/\/sfb1436.de\/de\/#organization\"},\"potentialAction\":[{\"@type\":\"SearchAction\",\"target\":{\"@type\":\"EntryPoint\",\"urlTemplate\":\"https:\/\/sfb1436.de\/de\/?s={search_term_string}\"},\"query-input\":{\"@type\":\"PropertyValueSpecification\",\"valueRequired\":true,\"valueName\":\"search_term_string\"}}],\"inLanguage\":\"de\"},{\"@type\":\"Organization\",\"@id\":\"https:\/\/sfb1436.de\/de\/#organization\",\"name\":\"Otto-von-Guericke Universit\u00e4t Medizinische Fakult\u00e4t Institut f\u00fcr Kognitive Neurologie und Demenzforschung\",\"url\":\"https:\/\/sfb1436.de\/de\/\",\"logo\":{\"@type\":\"ImageObject\",\"inLanguage\":\"de\",\"@id\":\"https:\/\/sfb1436.de\/de\/#\/schema\/logo\/image\/\",\"url\":\"https:\/\/sfb1436.de\/wp-content\/uploads\/2021\/12\/logo-sfb.png\",\"contentUrl\":\"https:\/\/sfb1436.de\/wp-content\/uploads\/2021\/12\/logo-sfb.png\",\"width\":1244,\"height\":820,\"caption\":\"Otto-von-Guericke Universit\u00e4t Medizinische Fakult\u00e4t Institut f\u00fcr Kognitive Neurologie und Demenzforschung\"},\"image\":{\"@id\":\"https:\/\/sfb1436.de\/de\/#\/schema\/logo\/image\/\"}}]}<\/script>\n<!-- \/ Yoast SEO plugin. -->","yoast_head_json":{"title":"Career Days 2025: Die Zukunft der Wissenschaft ist divers","description":"Career Days 2025: Die Zukunft der Wissenschaft ist divers - so lautet das Motto der diesj\u00e4hrigen Karriere-Tage, die am 28.10.2025 starten.","robots":{"index":"index","follow":"follow","max-snippet":"max-snippet:-1","max-image-preview":"max-image-preview:large","max-video-preview":"max-video-preview:-1"},"canonical":"https:\/\/sfb1436.de\/de\/karriere\/career-days-2025-die-zukunft-der-wissenschaft-ist-divers\/","og_locale":"de_DE","og_type":"article","og_title":"Career Days 2025: Die Zukunft der Wissenschaft ist divers","og_description":"Career Days 2025: Die Zukunft der Wissenschaft ist divers - so lautet das Motto der diesj\u00e4hrigen Karriere-Tage, die am 28.10.2025 starten.","og_url":"https:\/\/sfb1436.de\/de\/karriere\/career-days-2025-die-zukunft-der-wissenschaft-ist-divers\/","og_site_name":"SFB1436","article_modified_time":"2026-02-05T10:08:55+00:00","og_image":[{"width":511,"height":216,"url":"https:\/\/sfb1436.de\/wp-content\/uploads\/2024\/08\/OVGU-Logo.png","type":"image\/png"}],"twitter_card":"summary_large_image","twitter_misc":{"Gesch\u00e4tzte Lesezeit":"12\u00a0Minuten"},"schema":{"@context":"https:\/\/schema.org","@graph":[{"@type":"WebPage","@id":"https:\/\/sfb1436.de\/de\/karriere\/career-days-2025-die-zukunft-der-wissenschaft-ist-divers\/","url":"https:\/\/sfb1436.de\/de\/karriere\/career-days-2025-die-zukunft-der-wissenschaft-ist-divers\/","name":"Career Days 2025: Die Zukunft der Wissenschaft ist divers","isPartOf":{"@id":"https:\/\/sfb1436.de\/de\/#website"},"primaryImageOfPage":{"@id":"https:\/\/sfb1436.de\/de\/karriere\/career-days-2025-die-zukunft-der-wissenschaft-ist-divers\/#primaryimage"},"image":{"@id":"https:\/\/sfb1436.de\/de\/karriere\/career-days-2025-die-zukunft-der-wissenschaft-ist-divers\/#primaryimage"},"thumbnailUrl":"https:\/\/sfb1436.de\/wp-content\/uploads\/2024\/08\/OVGU-Logo.png","datePublished":"2025-09-10T06:40:34+00:00","dateModified":"2026-02-05T10:08:55+00:00","description":"Career Days 2025: Die Zukunft der Wissenschaft ist divers - so lautet das Motto der diesj\u00e4hrigen Karriere-Tage, die am 28.10.2025 starten.","breadcrumb":{"@id":"https:\/\/sfb1436.de\/de\/karriere\/career-days-2025-die-zukunft-der-wissenschaft-ist-divers\/#breadcrumb"},"inLanguage":"de","potentialAction":[{"@type":"ReadAction","target":["https:\/\/sfb1436.de\/de\/karriere\/career-days-2025-die-zukunft-der-wissenschaft-ist-divers\/"]}]},{"@type":"ImageObject","inLanguage":"de","@id":"https:\/\/sfb1436.de\/de\/karriere\/career-days-2025-die-zukunft-der-wissenschaft-ist-divers\/#primaryimage","url":"https:\/\/sfb1436.de\/wp-content\/uploads\/2024\/08\/OVGU-Logo.png","contentUrl":"https:\/\/sfb1436.de\/wp-content\/uploads\/2024\/08\/OVGU-Logo.png"},{"@type":"BreadcrumbList","@id":"https:\/\/sfb1436.de\/de\/karriere\/career-days-2025-die-zukunft-der-wissenschaft-ist-divers\/#breadcrumb","itemListElement":[{"@type":"ListItem","position":1,"name":"Startseite","item":"https:\/\/sfb1436.de\/de\/"},{"@type":"ListItem","position":2,"name":"Karriere","item":"https:\/\/sfb1436.de\/de\/karriere\/"},{"@type":"ListItem","position":3,"name":"Career Days 2025: Die Zukunft der Wissenschaft ist divers"}]},{"@type":"WebSite","@id":"https:\/\/sfb1436.de\/de\/#website","url":"https:\/\/sfb1436.de\/de\/","name":"SFB1436","description":"","publisher":{"@id":"https:\/\/sfb1436.de\/de\/#organization"},"potentialAction":[{"@type":"SearchAction","target":{"@type":"EntryPoint","urlTemplate":"https:\/\/sfb1436.de\/de\/?s={search_term_string}"},"query-input":{"@type":"PropertyValueSpecification","valueRequired":true,"valueName":"search_term_string"}}],"inLanguage":"de"},{"@type":"Organization","@id":"https:\/\/sfb1436.de\/de\/#organization","name":"Otto-von-Guericke Universit\u00e4t Medizinische Fakult\u00e4t Institut f\u00fcr Kognitive Neurologie und Demenzforschung","url":"https:\/\/sfb1436.de\/de\/","logo":{"@type":"ImageObject","inLanguage":"de","@id":"https:\/\/sfb1436.de\/de\/#\/schema\/logo\/image\/","url":"https:\/\/sfb1436.de\/wp-content\/uploads\/2021\/12\/logo-sfb.png","contentUrl":"https:\/\/sfb1436.de\/wp-content\/uploads\/2021\/12\/logo-sfb.png","width":1244,"height":820,"caption":"Otto-von-Guericke Universit\u00e4t Medizinische Fakult\u00e4t Institut f\u00fcr Kognitive Neurologie und Demenzforschung"},"image":{"@id":"https:\/\/sfb1436.de\/de\/#\/schema\/logo\/image\/"}}]}},"uagb_featured_image_src":{"full":false,"thumbnail":false,"medium":false,"medium_large":false,"large":false,"gs-tiny":false,"xl":false,"xxl":false,"xxxl":false,"xxxxl":false,"xxxxxl":false,"1536x1536":false,"2048x2048":false,"awsm_team":false},"uagb_author_info":{"display_name":"redakteur","author_link":"https:\/\/sfb1436.de\/de\/author\/redakteur\/"},"uagb_comment_info":0,"uagb_excerpt":"Die Female Career Days, eine Initiative der RTG 1167, finden seit 2011 j\u00e4hrlich statt. Die Veranstaltung hat zum Ziel, Frauen in der Wissenschaft zu f\u00f6rdern und zu unterst\u00fctzen. Wir laden Sie herzlich ein, an dieser wichtigen Veranstaltung teilzunehmen und sich mit anderen Forscher*innen und Interessierten auszutauschen. Wir \u2013 das sind die am Standort Magdeburg und&hellip;","_links":{"self":[{"href":"https:\/\/sfb1436.de\/de\/wp-json\/wp\/v2\/pages\/28619","targetHints":{"allow":["GET"]}}],"collection":[{"href":"https:\/\/sfb1436.de\/de\/wp-json\/wp\/v2\/pages"}],"about":[{"href":"https:\/\/sfb1436.de\/de\/wp-json\/wp\/v2\/types\/page"}],"author":[{"embeddable":true,"href":"https:\/\/sfb1436.de\/de\/wp-json\/wp\/v2\/users\/4"}],"replies":[{"embeddable":true,"href":"https:\/\/sfb1436.de\/de\/wp-json\/wp\/v2\/comments?post=28619"}],"version-history":[{"count":81,"href":"https:\/\/sfb1436.de\/de\/wp-json\/wp\/v2\/pages\/28619\/revisions"}],"predecessor-version":[{"id":29957,"href":"https:\/\/sfb1436.de\/de\/wp-json\/wp\/v2\/pages\/28619\/revisions\/29957"}],"up":[{"embeddable":true,"href":"https:\/\/sfb1436.de\/de\/wp-json\/wp\/v2\/pages\/11505"}],"wp:attachment":[{"href":"https:\/\/sfb1436.de\/de\/wp-json\/wp\/v2\/media?parent=28619"}],"curies":[{"name":"wp","href":"https:\/\/api.w.org\/{rel}","templated":true}]}}