{"id":25356,"date":"2025-01-30T15:40:39","date_gmt":"2025-01-30T14:40:39","guid":{"rendered":"https:\/\/sfb1436.de\/?page_id=25356"},"modified":"2025-12-12T04:08:24","modified_gmt":"2025-12-12T03:08:24","slug":"b07-verbesserungen-mnemotechnischer-diskriminierungsleistungen-bei-nagetieren-und-menschen-durch-beeinflussung-spezifischer-entorhinal-hippocampaler-subnetzwerke","status":"publish","type":"page","link":"https:\/\/sfb1436.de\/de\/projekte\/b07-verbesserungen-mnemotechnischer-diskriminierungsleistungen-bei-nagetieren-und-menschen-durch-beeinflussung-spezifischer-entorhinal-hippocampaler-subnetzwerke\/","title":{"rendered":"B07 &#8211; Verbesserungen mnemotechnischer Diskriminierungsleistungen bei Nagetieren und Menschen durch Beeinflussung spezifischer entorhinal-hippocampaler Subnetzwerke"},"content":{"rendered":"\n<div class=\"wp-block-uagb-section uagb-section__wrap uagb-section__background-color uagb-block-9425c21b badge-title\"><div class=\"uagb-section__overlay\"><\/div><div class=\"uagb-section__inner-wrap\">\n<p class=\"has-text-align-center wp-block-paragraph\">B07<\/p>\n<\/div><\/div>\n\n\n\n<div class=\"wp-block-group alignwide has-white-background-color has-background is-layout-flow wp-block-group-is-layout-flow\" style=\"padding-top:0px;padding-right:0px;padding-bottom:0px;padding-left:0px\">\n<div class=\"wp-block-columns are-vertically-aligned-center is-layout-flex wp-container-core-columns-is-layout-147ade55 wp-block-columns-is-layout-flex\" style=\"padding-top:0px;padding-bottom:0px\">\n<div class=\"wp-block-column is-vertically-aligned-center is-layout-flow wp-block-column-is-layout-flow\" style=\"padding-top:20px;padding-right:20px;padding-bottom:20px;padding-left:20px;flex-basis:40%\">\n<figure class=\"wp-block-image size-full is-resized\"><a href=\"https:\/\/sfb1436.de\/wp-content\/uploads\/2025\/01\/B07_25-28_abstract.png\"><img fetchpriority=\"high\" decoding=\"async\" width=\"532\" height=\"570\" src=\"https:\/\/sfb1436.de\/wp-content\/uploads\/2025\/01\/B07_25-28_abstract.png\" alt=\"B07 25-28 abstract\" class=\"wp-image-25363\" style=\"width:369px;height:auto\"\/><\/a><\/figure>\n<\/div>\n\n\n\n<div class=\"wp-block-column is-vertically-aligned-center is-layout-flow wp-block-column-is-layout-flow\" style=\"flex-basis:60%\">\n<p class=\"has-text-align-left wp-block-paragraph\">Wir stellen die Hypothese auf, dass neuronale Ressourcen f\u00fcr das r\u00e4umliche und nicht-r\u00e4umliche Ged\u00e4chtnis selektiv und netzwerkspezifisch mobilisiert werden k\u00f6nnen. Unsere Forschungsstrategie besteht darin, zum einem die verschiedenen entorhinal-hippocampalen Netzwerke zu beschreiben und zum anderen exogene (Tiefenhirnstimulation, Optogenetik) und endogene Stimulation (kognitives Training) in einem spezies\u00fcbergreifenden Ansatz zu nutzen, um damit die neurophysiologischen Mechanismen, die dieser Mobilisierung zugrunde liegen, auf Einzelzell- und Ganzhirnebene zu charakterisieren.<\/p>\n<\/div>\n<\/div>\n\n\n\n<div class=\"wp-block-columns are-vertically-aligned-top is-layout-flex wp-container-core-columns-is-layout-43c3a9c5 wp-block-columns-is-layout-flex\" id=\"project-anchor\" style=\"padding-top:0px;padding-bottom:30px\">\n<div class=\"wp-block-column is-vertically-aligned-top display-none is-layout-flow wp-block-column-is-layout-flow\">\n<div class=\"wp-block-columns is-layout-flex wp-container-core-columns-is-layout-f56f613f wp-block-columns-is-layout-flex\">\n<div class=\"wp-block-column is-layout-flow wp-block-column-is-layout-flow\">\n<div class=\"wp-block-buttons is-horizontal is-content-justification-center is-layout-flex wp-container-core-buttons-is-layout-b0be8b0e wp-block-buttons-is-layout-flex\">\n<div class=\"wp-block-button has-custom-width wp-block-button__width-100 is-style-fill\"><a class=\"wp-block-button__link has-white-color has-project-c-background-color has-text-color has-background has-normal-font-size has-custom-font-size wp-element-button\" href=\"#what-characterizes-the-project\"><strong>Unsere Forschung<\/strong><\/a><\/div>\n<\/div>\n<\/div>\n\n\n\n<div class=\"wp-block-column is-layout-flow wp-block-column-is-layout-flow\">\n<div class=\"wp-block-buttons is-horizontal is-content-justification-center is-layout-flex wp-container-core-buttons-is-layout-b0be8b0e wp-block-buttons-is-layout-flex\">\n<div class=\"wp-block-button has-custom-width wp-block-button__width-100 is-style-fill\"><a class=\"wp-block-button__link has-white-color has-secondary-background-color has-text-color has-background has-normal-font-size has-custom-font-size wp-element-button\" href=\"#goals-of-our-project\"><strong><strong>Ziele unseres Projektes<\/strong><\/strong><\/a><\/div>\n<\/div>\n<\/div>\n\n\n\n<div class=\"wp-block-column is-layout-flow wp-block-column-is-layout-flow\">\n<div class=\"wp-block-buttons is-horizontal is-content-justification-center is-layout-flex wp-container-core-buttons-is-layout-b0be8b0e wp-block-buttons-is-layout-flex\">\n<div class=\"wp-block-button has-custom-width wp-block-button__width-100 is-style-fill\"><a class=\"wp-block-button__link has-white-color has-project-c-background-color has-text-color has-background has-normal-font-size has-custom-font-size wp-element-button\" href=\"#long-term-perspective-and-impact\"><strong><strong><strong><strong><strong>Blick in die Zukunft<\/strong><\/strong><\/strong><\/strong><\/strong><\/a><\/div>\n<\/div>\n<\/div>\n\n\n\n<div class=\"wp-block-column is-layout-flow wp-block-column-is-layout-flow\">\n<div class=\"wp-block-buttons is-horizontal is-content-justification-center is-layout-flex wp-container-core-buttons-is-layout-b0be8b0e wp-block-buttons-is-layout-flex\">\n<div class=\"wp-block-button has-custom-width wp-block-button__width-100 is-style-fill\"><a class=\"wp-block-button__link has-white-color has-secondary-background-color has-text-color has-background has-normal-font-size has-custom-font-size wp-element-button\" href=\"#publikationen-des-projektes-b06\"><strong><strong>Publikationen<\/strong><\/strong><\/a><\/div>\n<\/div>\n<\/div>\n<\/div>\n<\/div>\n<\/div>\n<\/div>\n\n\n\n<div class=\"wp-block-columns alignfull has-tertiary-background-color has-background is-layout-flex wp-container-core-columns-is-layout-763026b3 wp-block-columns-is-layout-flex\" style=\"margin-top:0px;margin-bottom:0px\">\n<div class=\"wp-block-column is-layout-flow wp-block-column-is-layout-flow\" id=\"pi\">\n<h2 class=\"wp-block-heading has-text-align-center\" id=\"gruppenleitung\" style=\"font-style:normal;font-weight:500\">Gruppenleitung<\/h2>\n\n\n<div id=\"awsm-team-25380\" class=\"awsm-grid-wrapper\">\n\t\t\n\t\t<div class=''>\n\t\t<div class=\"gridder awsm-grid drawer-style style-1 grid-2-col \">\n\t\t\t\t\t\t<div id=\"awsm-member-25380-3598\" class=\"awsm-grid-list awsm-grid-card awsm-team-item awsm-scale-anm awsm-all\" data-griddercontent=\"#awsm-grid-content-3598\">\n\t\t\t\t\t<span class=\"awsm-team-link-control awsm-grid-list-item awsm-grid-list-item-3598\" data-info=\"3598\">\n\t\t\t\t\t\t<figure>\n\t\t\t\t\t\t<img decoding=\"async\" width=\"800\" height=\"1000\" src=\"https:\/\/sfb1436.de\/wp-content\/uploads\/2022\/02\/20210419-071-Prof.-Dr.-Frank-Angenstein-800x1000.jpg\" class=\"attachment-awsm_team size-awsm_team wp-post-image\" alt=\"SFB 1436 Mitglied Frank Angenstein\" \/>\t\t\t\t\t\t\t<figcaption>\n\t\t\t\t\t\t\t\t<div class=\"awsm-personal-info\"><span><\/span><h3>Prof. Dr. med. Frank Angenstein<\/h3><\/div>\t\t\t\t\t\t\t<\/figcaption>\n\t\t\t\t\t\t<\/figure>\n\t\t\t\t\t<\/span>\n\t\t\t\t<\/div>\n\t\t\t\t\t\t\t<div id=\"awsm-member-25380-21952\" class=\"awsm-grid-list awsm-grid-card awsm-team-item awsm-scale-anm awsm-all\" data-griddercontent=\"#awsm-grid-content-21952\">\n\t\t\t\t\t<span class=\"awsm-team-link-control awsm-grid-list-item awsm-grid-list-item-21952\" data-info=\"21952\">\n\t\t\t\t\t\t<figure>\n\t\t\t\t\t\t<img decoding=\"async\" width=\"800\" height=\"1000\" src=\"https:\/\/sfb1436.de\/wp-content\/uploads\/2025\/05\/Davide_Ciliberti-800x1000.jpg\" class=\"attachment-awsm_team size-awsm_team wp-post-image\" alt=\"SFB 1436 Mitglied Davide Ciliberti\" \/>\t\t\t\t\t\t\t<figcaption>\n\t\t\t\t\t\t\t\t<div class=\"awsm-personal-info\"><span><\/span><h3>Dr. Davide Ciliberti<\/h3><\/div>\t\t\t\t\t\t\t<\/figcaption>\n\t\t\t\t\t\t<\/figure>\n\t\t\t\t\t<\/span>\n\t\t\t\t<\/div>\n\t\t\t\t\t\t\t<div id=\"awsm-member-25380-3728\" class=\"awsm-grid-list awsm-grid-card awsm-team-item awsm-scale-anm awsm-all\" data-griddercontent=\"#awsm-grid-content-3728\">\n\t\t\t\t\t<span class=\"awsm-team-link-control awsm-grid-list-item awsm-grid-list-item-3728\" data-info=\"3728\">\n\t\t\t\t\t\t<figure>\n\t\t\t\t\t\t<img loading=\"lazy\" decoding=\"async\" width=\"800\" height=\"1000\" src=\"https:\/\/sfb1436.de\/wp-content\/uploads\/2022\/05\/20210211-Sauvage-001-800x1000.jpg\" class=\"attachment-awsm_team size-awsm_team wp-post-image\" alt=\"SFB 1436 Mitglied Magdalena Sauvage\" \/>\t\t\t\t\t\t\t<figcaption>\n\t\t\t\t\t\t\t\t<div class=\"awsm-personal-info\"><span><\/span><h3>Prof. Dr. Magdalena Sauvage<\/h3><\/div>\t\t\t\t\t\t\t<\/figcaption>\n\t\t\t\t\t\t<\/figure>\n\t\t\t\t\t<\/span>\n\t\t\t\t<\/div>\n\t\t\t\t\t<\/div>\n\t\t<div class=\"awsm-grid-expander style-1\">\n\t\t\t\t\t\t<div id=\"awsm-member-info-25380-3598\"  class=\"awsm-grid-expander style-1\">\n\t\t\t\t<div class=\"awsm-detailed-info\" id=\"awsm-grid-content-3598\">\n\t\t\t\t\t<div class=\"awsm-details\">\n\t\t\t\t\t\t<div class=\"awsm-personal-details\">\n\t\t\t\t\t\t\t<div class=\"awsm-content-scrollbar\">\n\t\t\t\t\t\t\t\t<span><\/span><h2>Prof. Dr. med. Frank Angenstein<\/h2>\n<p class=\"wp-block-paragraph\">Ich bin seit 2012 Leiter der Arbeitsgruppe \u201cFunktionales Neuroimaging\u201c am Deutsches Zentrum f\u00fcr neurodegenerative Erkrankungen (DZNE) in Magdeburg. Meine Arbeit fokussiert sich zum einen auf die Suche nach den neurophysiologischen Grundlagen der fMRT Bildgebung und zum anderen auf die Frage wie verschiedene modulatorische Transmittersysteme die Interaktion des Hippocampus mit einzelnen cortikalen und subcorticalen Hirnstrukturen beeinflussen und wie sich dies unter verschiedenen pathologischen Bedingungen ver\u00e4ndert. Daf\u00fcr werden einzelne Strukturen des Gehirns selektiv durch elektrische, optogenetische oder chemogenetische Stimulation aktiviert und gleichzeitig die dadurch ausgel\u00f6sten neuronalen Aktivit\u00e4ten zum einen direkt durch in-vivo elektrophysiologische Ableitungen im Hippokampus und zum anderen indirekt im gesamten Gehirn mit Hilfe der fMRT Messungen gemessen.<\/p>\n\t\t\t\t\t\t\t<\/div>\n\t\t\t\t\t\t<\/div>\n\t\t\t\t\t<\/div>\n\t\t\t\t\t<div class=\"awsm-personal-contact-info\">\n\t\t\t\t\t   <div class=\"awsm-contact-details\"><p><span>Institut:<\/span><a href=\"https:\/\/www.dzne.de\/\" target=\"_blank\">Deutsches Zentrum f\u00fcr Neurodegenerative Erkrankungen e.V. (DZNE), Magdeburg<\/a><\/p><p><span>Project Title:<\/span><a href=\"https:\/\/sfb1436.de\/de\/projekte\/b07-verbesserungen-mnemotechnischer-diskriminierungsleistungen-bei-nagetieren-und-menschen-durch-beeinflussung-spezifischer-entorhinal-hippocampaler-subnetzwerke\/\" target=\"_blank\"><b>B07<\/b> Verbesserungen mnemotechnischer Diskriminierungsleistungen bei Nagetieren und Menschen durch Beeinflussung spezifischer entorhinal-hippocampaler Subnetzwerke \/<\/a><\/p><\/div><div class=\"awsm-social-icons\"><span><a href=\"mailto:Frank.Angenstein@dzne.de\"><i class=\"awsm-icon-mail\" aria-hidden=\"true\"><\/i><\/a><\/span><span><a href=\"tel:+49-391-67-24525\" target=\"_blank\"><i class=\"awsm-icon-phone\" aria-hidden=\"true\"><\/i><\/a><\/span><span><a href=\"https:\/\/www.dzne.de\/forschung\/forschungsbereiche\/klinische-forschung\/forschungsgruppen\/angenstein\/forschungsschwerpunkte\/\" target=\"_blank\"><i class=\"awsm-icon-link\" aria-hidden=\"true\"><\/i><\/a><\/span><\/div>\t\t\t\t\t<\/div>\n\t\t\t\t<\/div>\n\t\t\t<\/div>\n\t\t\t\t\t\t\t<div id=\"awsm-member-info-25380-21952\"  class=\"awsm-grid-expander style-1\">\n\t\t\t\t<div class=\"awsm-detailed-info\" id=\"awsm-grid-content-21952\">\n\t\t\t\t\t<div class=\"awsm-details\">\n\t\t\t\t\t\t<div class=\"awsm-personal-details\">\n\t\t\t\t\t\t\t<div class=\"awsm-content-scrollbar\">\n\t\t\t\t\t\t\t\t<span><\/span><h2>Dr. Davide Ciliberti<\/h2>\n<p class=\"wp-block-paragraph\">Dr. Davide Ciliberti ist Leiter der Forschungsgruppe &#8222;Kognitive Elektrophysiologie und Neurotechnologie&#8220; am Institut f\u00fcr Kognitive Neurologie und Demenzforschung an der Medizinischen Fakult\u00e4t der Otto-von-Guericke-Universit\u00e4t Magdeburg. Er studierte Biomedizinische Technik am Polytechnikum von Mailand (Mailand, Italien) und promovierte am NeuroElectronics Research Flanders (KU Leuven, Leuven, Belgien). W\u00e4hrend seiner Postdoc-Ausbildung an der UCLA (Los Angeles, Kalifornien, USA) im Labor von Prof. Itzhak Fried erwarb er Fachwissen \u00fcber invasive Aufzeichnungen und Stimulation des menschlichen Gehirns.<\/p>\n\n\n\n<p class=\"wp-block-paragraph\">Er ist ein Experte f\u00fcr elektrophysiologische Ableitungen und Gehirn-Computer-Schnittstellen. Seine Forschungsgruppe untersucht die Dynamik des menschlichen Ged\u00e4chtnisses mit Hilfe intrakranieller Aufzeichnungen lokaler Feldpotentiale und der Aktivit\u00e4t einzelner Einheiten bei neurochirurgischen Epilepsiepatienten. Seine Gruppe setzt auch elektrische Tiefenhirnstimulation und Closed-Loop-Ans\u00e4tze zur Verbesserung des Ged\u00e4chtnisses ein, mit dem langfristigen Ziel, eine kognitive Neuroprothese zur Wiederherstellung des Ged\u00e4chtnisses zu entwickeln.<\/p>\n\t\t\t\t\t\t\t<\/div>\n\t\t\t\t\t\t<\/div>\n\t\t\t\t\t<\/div>\n\t\t\t\t\t<div class=\"awsm-personal-contact-info\">\n\t\t\t\t\t   <div class=\"awsm-contact-details\"><p><span>Institut:<\/span><a href=\"http:\/\/www.med.ovgu.de\/\" target=\"_blank\">Otto-von Guericke-Universit\u00e4t Magdeburg, Medizinische Fakult\u00e4t<\/a><\/p><p><span>Project Title:<\/span><a href=\"https:\/\/sfb1436.de\/de\/projekte\/b07-verbesserungen-mnemotechnischer-diskriminierungsleistungen-bei-nagetieren-und-menschen-durch-beeinflussung-spezifischer-entorhinal-hippocampaler-subnetzwerke\/\" target=\"_blank\"><b>B07<\/b> Verbesserungen mnemotechnischer Diskriminierungsleistungen bei Nagetieren und Menschen durch Beeinflussung spezifischer entorhinal-hippocampaler Subnetzwerke \/<\/a><\/p><\/div><div class=\"awsm-social-icons\"><span><a href=\"mailto:davide.ciliberti@med.ovgu.de\"><i class=\"awsm-icon-mail\" aria-hidden=\"true\"><\/i><\/a><\/span><span><a href=\"https:\/\/iknd.med.ovgu.de\/AG+Dr_+Ciliberti-p-1318.html\" target=\"_blank\"><i class=\"awsm-icon-link\" aria-hidden=\"true\"><\/i><\/a><\/span><\/div>\t\t\t\t\t<\/div>\n\t\t\t\t<\/div>\n\t\t\t<\/div>\n\t\t\t\t\t\t\t<div id=\"awsm-member-info-25380-3728\"  class=\"awsm-grid-expander style-1\">\n\t\t\t\t<div class=\"awsm-detailed-info\" id=\"awsm-grid-content-3728\">\n\t\t\t\t\t<div class=\"awsm-details\">\n\t\t\t\t\t\t<div class=\"awsm-personal-details\">\n\t\t\t\t\t\t\t<div class=\"awsm-content-scrollbar\">\n\t\t\t\t\t\t\t\t<span><\/span><h2>Prof. Dr. Magdalena Sauvage<\/h2>\n<p class=\"wp-block-paragraph\">Magdalena Sauvage leitet die Abteilung <em>Funktionelle Architektur des Ged\u00e4chtnisses<\/em> (FAM) und ist Co-Direktorin des Leibniz-Instituts f\u00fcr Neurobiologie (LIN) in Magdeburg. Ihre Expertise zu Ged\u00e4chtnisfunktionen erwarb sie w\u00e4hrend ihrer Laufbahn am MPI f\u00fcr Psychiatrie (M\u00fcnchen, Deutschland), am MIT (Graybiel-Labor, Boston, USA) und an der Boston University (Eichenbaum-Labor, USA). Ihre Abteilung untersucht die neuronalen Grundlagen des Ged\u00e4chtnisses bei Gesundheit und bei Pathologie, indem sie translationale , also von der Ratte auf den Menschen \u00fcbertragbare Verhaltenstest mit hochaufl\u00f6sender molekularer Bildgebung, Optogenetik, in-vivo-Elektrophysiologie an Einzelzellen und mit 9,4T fMRT an wachen Ratten kombiniert. Sie organisiert die alle zwei Jahre stattfindende <a rel=\"noreferrer noopener\" href=\"https:\/\/www.lin-magdeburg.org\/research\/conferences\/fifth-functional-architecture-of-memory-fam-conference\" target=\"_blank\">internationale und interdisziplin\u00e4re FAM-Konferenzreihe<\/a>, ist Mitglied des CRC1436 Steering Committees und ist zudem als Herausgeberin von <em>Neurobiology of Learning and Memory<\/em> t\u00e4tig.&nbsp;&nbsp; <\/p>\n\t\t\t\t\t\t\t<\/div>\n\t\t\t\t\t\t<\/div>\n\t\t\t\t\t<\/div>\n\t\t\t\t\t<div class=\"awsm-personal-contact-info\">\n\t\t\t\t\t   <div class=\"awsm-contact-details\"><p><span>Institut:<\/span><a href=\"https:\/\/www.lin-magdeburg.de\/\" target=\"_blank\">Leibniz-Institut f\u00fcr Neurobiologie (LIN) Magdeburg<\/a><\/p><p><span>Project Title:<\/span><a href=\"https:\/\/sfb1436.de\/de\/projekte\/b07-verbesserungen-mnemotechnischer-diskriminierungsleistungen-bei-nagetieren-und-menschen-durch-beeinflussung-spezifischer-entorhinal-hippocampaler-subnetzwerke\/\" target=\"_blank\"><b>B07<\/b> Verbesserungen mnemotechnischer Diskriminierungsleistungen bei Nagetieren und Menschen durch Beeinflussung spezifischer entorhinal-hippocampaler Subnetzwerke \/<\/a><\/p><\/div><div class=\"awsm-social-icons\"><span><a href=\"mailto:Magdalena.Sauvage@lin-magdeburg.de\"><i class=\"awsm-icon-mail\" aria-hidden=\"true\"><\/i><\/a><\/span><span><a href=\"tel:+49-391-6263-94011\" target=\"_blank\"><i class=\"awsm-icon-phone\" aria-hidden=\"true\"><\/i><\/a><\/span><span><a href=\"https:\/\/www.lin-magdeburg.de\/forschung\/forschungseinheiten\/abteilung-funktionelle-architektur-des-gedaechtnisses\" target=\"_blank\"><i class=\"awsm-icon-link\" aria-hidden=\"true\"><\/i><\/a><\/span><\/div>\t\t\t\t\t<\/div>\n\t\t\t\t<\/div>\n\t\t\t<\/div>\n\t\t\t\t\t\t<\/div>\n\t<\/div>\n\t<\/div>\n\n\n\n\n<div class=\"wp-block-columns justify-content-center is-layout-flex wp-container-core-columns-is-layout-f56f613f wp-block-columns-is-layout-flex\">\n<div class=\"wp-block-column is-layout-flow wp-block-column-is-layout-flow\" style=\"flex-basis:1350px\">\n<h2 class=\"wp-block-heading has-text-align-center\" id=\"gruppenmitglieder\" style=\"font-style:normal;font-weight:500\">Gruppenmitglieder<\/h2>\n\n\n<div id=\"awsm-team-26501\" class=\"awsm-grid-wrapper\">\n\t\t\n\t\t<div class=''>\n\t\t<div class=\"gridder awsm-grid drawer-style style-1 grid-2-col \">\n\t\t\t\t\t\t<div id=\"awsm-member-26501-3699\" class=\"awsm-grid-list awsm-grid-card awsm-team-item awsm-scale-anm awsm-all\" data-griddercontent=\"#awsm-grid-content-3699\">\n\t\t\t\t\t<span class=\"awsm-team-link-control awsm-grid-list-item awsm-grid-list-item-3699\" data-info=\"3699\">\n\t\t\t\t\t\t<figure>\n\t\t\t\t\t\t<img loading=\"lazy\" decoding=\"async\" width=\"800\" height=\"1000\" src=\"https:\/\/sfb1436.de\/wp-content\/uploads\/2022\/02\/Liv_Mahnke-800x1000.webp\" class=\"attachment-awsm_team size-awsm_team wp-post-image\" alt=\"CRC 1436 member Liv Mahnke\" \/>\t\t\t\t\t\t\t<figcaption>\n\t\t\t\t\t\t\t\t<div class=\"awsm-personal-info\"><span><\/span><h3>Liv Mahnke<\/h3><\/div>\t\t\t\t\t\t\t<\/figcaption>\n\t\t\t\t\t\t<\/figure>\n\t\t\t\t\t<\/span>\n\t\t\t\t<\/div>\n\t\t\t\t\t\t\t<div id=\"awsm-member-26501-26500\" class=\"awsm-grid-list awsm-grid-card awsm-team-item awsm-scale-anm awsm-all\" data-griddercontent=\"#awsm-grid-content-26500\">\n\t\t\t\t\t<span class=\"awsm-team-link-control awsm-grid-list-item awsm-grid-list-item-26500\" data-info=\"26500\">\n\t\t\t\t\t\t<figure>\n\t\t\t\t\t\t<img loading=\"lazy\" decoding=\"async\" width=\"800\" height=\"1000\" src=\"https:\/\/sfb1436.de\/wp-content\/uploads\/2025\/02\/Viviana_Villafane-800x1000.webp\" class=\"attachment-awsm_team size-awsm_team wp-post-image\" alt=\"SFB 1436 Mitglied Viviana Villafane Barraza\" \/>\t\t\t\t\t\t\t<figcaption>\n\t\t\t\t\t\t\t\t<div class=\"awsm-personal-info\"><span><\/span><h3>Viviana Villafa\u00f1e Barraza<\/h3><\/div>\t\t\t\t\t\t\t<\/figcaption>\n\t\t\t\t\t\t<\/figure>\n\t\t\t\t\t<\/span>\n\t\t\t\t<\/div>\n\t\t\t\t\t<\/div>\n\t\t<div class=\"awsm-grid-expander style-1\">\n\t\t\t\t\t\t<div id=\"awsm-member-info-26501-3699\"  class=\"awsm-grid-expander style-1\">\n\t\t\t\t<div class=\"awsm-detailed-info\" id=\"awsm-grid-content-3699\">\n\t\t\t\t\t<div class=\"awsm-details\">\n\t\t\t\t\t\t<div class=\"awsm-personal-details\">\n\t\t\t\t\t\t\t<div class=\"awsm-content-scrollbar\">\n\t\t\t\t\t\t\t\t<span><\/span><h2>Liv Mahnke<\/h2>\n<p class=\"wp-block-paragraph\">coming soon<\/p>\n\t\t\t\t\t\t\t<\/div>\n\t\t\t\t\t\t<\/div>\n\t\t\t\t\t<\/div>\n\t\t\t\t\t<div class=\"awsm-personal-contact-info\">\n\t\t\t\t\t   <div class=\"awsm-contact-details\"><p><span>:<\/span><a href=\"https:\/\/www.lin-magdeburg.de\/\" target=\"_blank\">Leibniz-Institut f\u00fcr Neurobiologie (LIN) Magdeburg<\/a><\/p><p><span>:<\/span><a href=\"https:\/\/sfb1436.de\/de\/projekte\/b07-verbesserungen-mnemotechnischer-diskriminierungsleistungen-bei-nagetieren-und-menschen-durch-beeinflussung-spezifischer-entorhinal-hippocampaler-subnetzwerke\/\" target=\"_blank\"><b>B07<\/b> Verbesserungen mnemotechnischer Diskriminierungsleistungen bei Nagetieren und Menschen durch Beeinflussung spezifischer entorhinal-hippocampaler Subnetzwerke \/<\/a><\/p><\/div><div class=\"awsm-social-icons\"><span><a href=\"mailto:Liv.Mahnke@lin-magdeburg.de\"><i class=\"awsm-icon-mail\" aria-hidden=\"true\"><\/i><\/a><\/span><span><a href=\"https:\/\/www.lin-magdeburg.de\/forschung\/forschungseinheiten\/abteilung-funktionelle-architektur-des-gedaechtnisses\" target=\"_blank\"><i class=\"awsm-icon-link\" aria-hidden=\"true\"><\/i><\/a><\/span><\/div>\t\t\t\t\t<\/div>\n\t\t\t\t<\/div>\n\t\t\t<\/div>\n\t\t\t\t\t\t\t<div id=\"awsm-member-info-26501-26500\"  class=\"awsm-grid-expander style-1\">\n\t\t\t\t<div class=\"awsm-detailed-info\" id=\"awsm-grid-content-26500\">\n\t\t\t\t\t<div class=\"awsm-details\">\n\t\t\t\t\t\t<div class=\"awsm-personal-details\">\n\t\t\t\t\t\t\t<div class=\"awsm-content-scrollbar\">\n\t\t\t\t\t\t\t\t<span><\/span><h2>Viviana Villafa\u00f1e Barraza<\/h2>\n<p class=\"wp-block-paragraph\">coming soon<\/p>\n\t\t\t\t\t\t\t<\/div>\n\t\t\t\t\t\t<\/div>\n\t\t\t\t\t<\/div>\n\t\t\t\t\t<div class=\"awsm-personal-contact-info\">\n\t\t\t\t\t   <div class=\"awsm-contact-details\"><p><span>Institut:<\/span><a href=\"http:\/\/www.med.ovgu.de\/\" target=\"_blank\">Otto-von Guericke-Universit\u00e4t Magdeburg, Medizinische Fakult\u00e4t<\/a><\/p><p><span>Projekt:<\/span><a href=\"https:\/\/sfb1436.de\/de\/projekte\/b07-verbesserungen-mnemotechnischer-diskriminierungsleistungen-bei-nagetieren-und-menschen-durch-beeinflussung-spezifischer-entorhinal-hippocampaler-subnetzwerke\/\" target=\"_blank\"><b>B07<\/b> Verbesserungen mnemotechnischer Diskriminierungsleistungen bei Nagetieren und Menschen durch Beeinflussung spezifischer entorhinal-hippocampaler Subnetzwerke \/<\/a><\/p><\/div><div class=\"awsm-social-icons\"><span><a href=\"mailto:viviana.villafanebarraza@med.ovgu.de\"><i class=\"awsm-icon-mail\" aria-hidden=\"true\"><\/i><\/a><\/span><span><a href=\"http:\/\/www.iknd.ovgu.de\/\" target=\"_blank\"><i class=\"awsm-icon-link\" aria-hidden=\"true\"><\/i><\/a><\/span><\/div>\t\t\t\t\t<\/div>\n\t\t\t\t<\/div>\n\t\t\t<\/div>\n\t\t\t\t\t\t<\/div>\n\t<\/div>\n\t<\/div>\n\n<\/div>\n<\/div>\n<\/div>\n<\/div>\n\n\n\n<div class=\"wp-block-columns alignwide is-layout-flex wp-container-core-columns-is-layout-f56f613f wp-block-columns-is-layout-flex\" id=\"what-characterizes-the-project\">\n<div class=\"wp-block-column display-none is-layout-flow wp-block-column-is-layout-flow\">\n<h2 class=\"wp-block-heading has-text-align-center has-secondary-color has-text-color\" id=\"the-memory-circuits-1\">Was sind zeitliche Erwartungen?<\/h2>\n\n\n\n<p class=\"has-text-align-center wp-block-paragraph\">Informationen aus der Vergangenheit \u00fcber das Timing von Ereignissen sind entscheidend f\u00fcr die Verbesserung des Ergebnisses aus einer aktuellen Situation. Stellen Sie sich einen Sprinter vor, der sich auf das Startsignal &#8222;Auf die Pl\u00e4tze, Fertig, Los&#8220; vorbereitet &#8211; effiziente zeitliche Erwartungen k\u00f6nnen zum Sieg f\u00fchren und Fehler in der Erwartung zur Disqualifikation. Die Bildung von sensorisch gesteuerten zeitlichen Erwartungen erfordert Lernmechanismen im Gehirn, die das Timing des eingehenden sensorischen Inputs sowie die zugrunde liegenden neuronalen Ressourcen zur Bildung von Erwartungen \u00fcber zuk\u00fcnftige Ereignisse festlegen. Diese dynamische Verarbeitung erfordert eine Koordination zwischen prim\u00e4ren sensorischen Systemen, assoziativen sensorischen Bereichen (wie dem posterioren parietalen Kortex) und exekutiven Zentren im pr\u00e4frontalen Kortex. Es bleiben jedoch noch viele Fragen offen, was die zugrundeliegenden neuronalen Ressourcen betrifft, die die Bildung von zeitlichen Erwartungen im Gehirn unterst\u00fctzen, und wie die Informationsverarbeitung von mehreren sensorischen Systemen diese Dynamik ver\u00e4ndern kann.<\/p>\n<\/div>\n<\/div>\n\n\n\n<div class=\"wp-block-columns alignwide is-layout-flex wp-container-core-columns-is-layout-f56f613f wp-block-columns-is-layout-flex\">\n<div class=\"wp-block-column display-none is-layout-flow wp-block-column-is-layout-flow\">\n<h3 class=\"wp-block-heading has-white-color has-secondary-background-color has-text-color has-background has-medium-font-size\" id=\"multisensorische-reprasentationen-der-umwelt\">Multisensorische Repr\u00e4sentationen der Umwelt<\/h3>\n\n\n\n<p class=\"wp-block-paragraph\">Ereignisse in der realen Welt stimulieren oft mehrere Sinne &#8211; unter normalen Bedingungen sehen wir zum Beispiel selten etwas ohne auch etwas zu h\u00f6ren. Da wir in unserer nat\u00fcrlichen Umgebung st\u00e4ndig mit zuf\u00e4lligen und verrauschten Sinnesreizen konfrontiert werden, durch die wir verhaltensrelevante Informationen isolieren m\u00fcssen, kann die Nutzung von Informationen aus mehreren Sinnen unsere Wahrnehmung verbessern und es uns erm\u00f6glichen, effizientere zeitliche Erwartungen zu bilden, um die Ergebnisse unseres Verhaltens zu verbessern. Das Wissen \u00fcber zeitliche Regelm\u00e4\u00dfigkeiten l\u00e4sst sich jedoch nicht immer leicht \u00fcber die verschiedenen Sinne hinweg \u00fcbertragen und die Art und Weise, wie wir multisensorische Informationen nutzen, kann sich \u00fcber die Lebensspanne hinweg unterscheiden, wobei \u00e4ltere Menschen oft st\u00e4rker von multisensorischen Stimulusrepr\u00e4sentationen profitieren. Daher verwenden wir in diesem Projekt Kombinationen aus einem oder mehreren Sinnesreizen, um die Mobilisierung neuronaler Ressourcen w\u00e4hrend der zeitlichen Verarbeitung zu untersuchen.<\/p>\n<\/div>\n\n\n\n<div class=\"wp-block-column display-none is-layout-flow wp-block-column-is-layout-flow\">\n<h3 class=\"wp-block-heading has-white-color has-secondary-background-color has-text-color has-background has-medium-font-size\" id=\"cognitive-training-in-old-age-and-in-superagers\">Neuronale Schaltkreise: von M\u00e4usen zu Menschen <\/h3>\n\n\n\n<p class=\"wp-block-paragraph\">Es ist bekannt, dass der posteriore parietale Kortex eine Rolle bei der Integration von multisensorischen Signalen und der zeitlichen Aufmerksamkeit spielt. Er ist ideal positioniert, um Informationen sowohl aus den prim\u00e4ren sensorischen Kortizes als auch aus den Zentren der exekutiven Kontrolle im pr\u00e4frontalen Kortex zu integrieren. Von Menschen bis zu Nagetieren liefern gegenseitige Verbindungen zwischen prim\u00e4ren sensorischen Kortizes spezifische sensorische Inputs f\u00fcr den posterioren parietalen Kortex, verarbeiten aber auch aufgabenabh\u00e4ngige Informationen. Verbindungen mit dem pr\u00e4frontalen Kortex spielen m\u00f6glicherweise eine wichtige Rolle bei der assoziativen Ged\u00e4chtnisbildung und der Verarbeitung von Feedback. J\u00fcngste Arbeiten \u00fcber die Wirkung der Erwartung, die auf zeitlich vorhersehbaren Sequenzen beruht, haben gezeigt, dass Menschen und Tiere in der Lage sind, Regelm\u00e4\u00dfigkeiten festzustellen. W\u00e4hrend wir mit Hilfe von bildgebenden Techniken aufgabenspezifische Ver\u00e4nderungen der fMRT-Signale beim Menschen untersuchen k\u00f6nnen, bieten M\u00e4use den zus\u00e4tzlichen Vorteil, dass wir die Aktivit\u00e4t innerhalb neuronaler Schaltkreise bis auf die Ebene einzelner Zellen direkt beobachten und manipulieren k\u00f6nnen. Daher zielt unser Projekt auf der Mikro- und Mesoebene auf lokale neurologische Schaltkreise im posterioren parietalen Kortex von M\u00e4usen sowie auf der Makroebene auf intrakortikale Schaltkreise ab, die auch den pr\u00e4frontalen Kortex und sensorische Bereiche bei Menschen und Tieren einbeziehen.<\/p>\n<\/div>\n<\/div>\n\n\n\n<div class=\"wp-block-columns alignfull is-layout-flex wp-container-core-columns-is-layout-952ccc31 wp-block-columns-is-layout-flex\" id=\"goals-of-our-project\" style=\"margin-top:0px;margin-bottom:0px;padding-top:0px;padding-right:0px;padding-bottom:0px;padding-left:0px\">\n<div class=\"wp-block-column display-none is-layout-flow wp-block-column-is-layout-flow\" style=\"padding-top:0px;padding-right:0px;padding-bottom:0px;padding-left:0px\">\n<div class=\"wp-block-columns alignfull are-vertically-aligned-center has-white-color has-secondary-background-color has-text-color has-background is-layout-flex wp-container-core-columns-is-layout-952ccc31 wp-block-columns-is-layout-flex\" style=\"margin-top:0px;margin-bottom:0px;padding-top:0px;padding-right:0px;padding-bottom:0px;padding-left:0px\">\n<div class=\"wp-block-column is-vertically-aligned-center is-layout-flow wp-block-column-is-layout-flow\" style=\"padding-top:20px;padding-right:20px;padding-bottom:20px;padding-left:20px\">\n<h2 class=\"wp-block-heading has-text-align-right\" id=\"die-ziele-unseres-projektes\" style=\"font-style:normal;font-weight:500\"><strong><strong><strong>Ziele des Projekts<\/strong><\/strong><\/strong><\/h2>\n<\/div>\n\n\n\n<div class=\"wp-block-column is-vertically-aligned-center has-white-color has-project-c-background-color has-text-color has-background is-layout-flow wp-block-column-is-layout-flow\" style=\"padding-top:30px;padding-right:150px;padding-bottom:30px;padding-left:150px\">\n<p class=\"wp-block-paragraph\">Das Hauptziel dieses Projekts ist es, die Mobilisierung neuronaler Ressourcen zu verstehen, die das Nutzen der zeitlichen Struktur multisensorischer Informationen w\u00e4hrend des Lernens, und im zunehmendem Alter, steuern. Insbesondere konzentrieren wir uns auf die frontoparietalen und prim\u00e4r sensorisch-parietalen Schaltkreise als dynamische neuronale Ressourcen und untersuchen, wie Vorhersagen \u00fcber das sequenzielle Timing eingehender sensorischer Reize f\u00fcr eine verbesserte Effizienz und Geschwindigkeit der Informationsverarbeitung genutzt werden kann, was letztendlich zu einem zielgerichteten und erfolgreichen Verhalten f\u00fchrt. Zu diesem Zweck werden wir Variationen eines audiovisuellen Paradigmas mit bekannter\/unbekannter zeitlicher Erwartung \u00fcber Zielereignisse verwenden. Die Auswertung der interindividuellen Variabilit\u00e4t wird genutzt um die Unterschiede in neuronalen Schaltkreisen bei verschiedenen Lernstrategien und die zugrunde liegende Ged\u00e4chtnisleistung bei jungen und \u00e4lteren Menschen zu bewerten.<\/p>\n<\/div>\n<\/div>\n<\/div>\n<\/div>\n\n\n\n<div class=\"wp-block-columns alignfull has-tertiary-background-color has-background is-layout-flex wp-container-core-columns-is-layout-cda6d148 wp-block-columns-is-layout-flex\" id=\"long-term-perspective-and-impact\" style=\"margin-top:0px;margin-bottom:0px;padding-top:0px;padding-right:0px;padding-bottom:0px;padding-left:0px\">\n<div class=\"wp-block-column display-none is-layout-flow wp-block-column-is-layout-flow\" style=\"padding-top:0px;padding-right:0px;padding-bottom:0px;padding-left:0px\">\n<div class=\"wp-block-cover is-light is-repeated\" style=\"min-height:445px;aspect-ratio:unset;\"><div class=\"wp-block-cover__image-background wp-image-12591 is-repeated\" style=\"background-position:50% 50%;background-image:url(https:\/\/sfb1436.de\/wp-content\/uploads\/2022\/05\/senior-man-playing-puzzle.png)\"><\/div><span aria-hidden=\"true\" class=\"wp-block-cover__background has-background-dim-10 has-background-dim\"><\/span><div class=\"wp-block-cover__inner-container is-layout-flow wp-block-cover-is-layout-flow\">\n<p class=\"has-text-align-center has-large-font-size wp-block-paragraph\"><\/p>\n<\/div><\/div>\n<\/div>\n\n\n\n<div class=\"wp-block-column display-none is-layout-flow wp-block-column-is-layout-flow\" style=\"padding-top:30px;padding-right:150px;padding-bottom:30px;padding-left:150px\">\n<h2 class=\"wp-block-heading\" id=\"langfristige-perspektive-und-auswirkungen\"><strong><strong><strong>Langfristige Perspektive und Auswirkungen<\/strong><\/strong><\/strong><\/h2>\n\n\n\n<p class=\"wp-block-paragraph\">Letztendlich wollen wir die zugrundeliegenden neuronalen Ressourcen verstehen, die es uns erm\u00f6glichen, uns kontinuierlich an eingehende sensorische Informationen anzupassen. In Zukunft werden wir die analysierten Daten f\u00fcr die Weiterentwicklung von MRT-Techniken sowohl in Experimenten an Menschen als auch an Tieren nutzen. Wir werden die lokale Dynamik in den verschiedenen kortikalen Schichten in Bezug auf die Mobilisierung neuronaler Ressourcen w\u00e4hrend multisensorischer Lernparadigmen im posterioren parietalen Kortex und anderen aufgabenbezogenen Hirnregionen weiter untersuchen. Letztlich werden diese Erkenntnisse weitere Experimente vorantreiben, um aufgabenabh\u00e4ngige neuronale Schaltkreise w\u00e4hrend des Verhaltens gezielt zu manipulieren und neurobiologisch plausible Berechnungsmodelle zu entwickeln.<\/p>\n<\/div>\n<\/div>\n\n\n\n<div class=\"wp-block-columns alignfull is-layout-flex wp-container-core-columns-is-layout-dca53f0c wp-block-columns-is-layout-flex\" style=\"margin-top:0px;margin-bottom:0px\">\n<div class=\"wp-block-column has-project-c-background-color has-background is-layout-flow wp-block-column-is-layout-flow\" style=\"flex-basis:100%\">\n<section class=\"wp-block-group alignfull is-layout-flow wp-block-group-is-layout-flow\" style=\"padding-top:0px;padding-right:0px;padding-bottom:0px;padding-left:0px\">\n<div class=\"wp-block-columns alignfull has-project-c-background-color has-background is-layout-flex wp-container-core-columns-is-layout-44579ee7 wp-block-columns-is-layout-flex\" style=\"margin-top:0px;margin-bottom:0px;padding-top:0px;padding-right:0px;padding-bottom:0px;padding-left:0px\">\n<div class=\"wp-block-column is-layout-flow wp-block-column-is-layout-flow\">\n<h2 class=\"wp-block-heading has-text-align-center has-white-color has-text-color\" id=\"publikationen-des-projektes-b06\"><strong>Publikationen des Projektes B07<\/strong><\/h2>\n\n\n\n\t\t\t<div class=\"wp-block-uagb-post-carousel uagb-post-grid project-slider uagb-post__image-position-top uagb-post__image-disabled uagb-block-91488fdc     uagb-post__arrow-outside uagb-slick-carousel uagb-post__items uagb-post__columns-3 is-carousel uagb-post__columns-tablet-2 uagb-post__columns-mobile-1\" data-total=\"1\" style=\"\">\n\n\t\t\t\t\t\t\t\t\t\t\t\t<article class=\"uagb-post__inner-wrap\">\t\t\t\t\t\t\t\t<h4 class=\"uagb-post__title uagb-post__text\">\n\t\t\t\t<a href=\"https:\/\/doi.org\/10.1038\/s41586-024-07973-1\" target=\"_blank\" rel=\"bookmark noopener noreferrer\">Human hippocampal and entorhinal neurons encode the temporal structure of experience<\/a>\n\t\t\t<\/h4>\n\t\t\t\t\t\t<div class='uagb-post__text uagb-post-grid-byline'>\n\t\t\t\t\t\t\t\t<time datetime=\"2024-11-06T13:17:57+01:00\" class=\"uagb-post__date\">\n\t\t\t\t<span class=\"dashicons-calendar dashicons\"><\/span>\t\t\t\t\t06.11.2024\t\t\t\t<\/time>\n\t\t\t\t\t\t\t<div class=\"uagb-post__text\">\n\t\t\t\t\t<span class='uagb-post__taxonomy'>\n\t\t\t\t\t\t<span class=\"dashicons-tag dashicons\"><\/span>\t\t\t\t\t\t<a href=\"https:\/\/sfb1436.de\/de\/category\/publikation\/b07-de\/\">B07<\/a>\t\t\t\t\t<\/span>\n\t\t\t\t<\/div>\n\t\t\t\t\t\t\t<\/div>\n\t\t\t\t\t\t\t<div class='uagb-post__text uagb-post__excerpt'>\n\t\t\t\t\t<p>Tacikowski, P., Kalender, G.,&nbsp;Ciliberti, D., &amp; Fried, I. <span class=\"excerpt-magazin\">Nature (2024)<\/span><\/p>\n<\/span>\t\t\t\t<\/div>\n\t\t\t\n\t\t\t\t\t\t\t\t\t<\/article>\n\t\t\t\t\t\t\t\t\t\t\t\t\t\t\t\t<article class=\"uagb-post__inner-wrap\">\t\t\t\t\t\t\t\t<h4 class=\"uagb-post__title uagb-post__text\">\n\t\t\t\t<a href=\"https:\/\/doi.org\/10.1016\/j.celrep.2024.114276\" target=\"_blank\" rel=\"bookmark noopener noreferrer\">Phase locking of hippocampal CA3 neurons to distal CA1 theta oscillations selectively predicts memory performance<\/a>\n\t\t\t<\/h4>\n\t\t\t\t\t\t<div class='uagb-post__text uagb-post-grid-byline'>\n\t\t\t\t\t\t\t\t<time datetime=\"2024-06-25T17:33:00+02:00\" class=\"uagb-post__date\">\n\t\t\t\t<span class=\"dashicons-calendar dashicons\"><\/span>\t\t\t\t\t25.06.2024\t\t\t\t<\/time>\n\t\t\t\t\t\t\t<div class=\"uagb-post__text\">\n\t\t\t\t\t<span class='uagb-post__taxonomy'>\n\t\t\t\t\t\t<span class=\"dashicons-tag dashicons\"><\/span>\t\t\t\t\t\t<a href=\"https:\/\/sfb1436.de\/de\/category\/publikation\/b01-de\/\">B01<\/a>,&nbsp;<a href=\"https:\/\/sfb1436.de\/de\/category\/publikation\/b07-de\/\">B07<\/a>\t\t\t\t\t<\/span>\n\t\t\t\t<\/div>\n\t\t\t\t\t\t\t<\/div>\n\t\t\t\t\t\t\t<div class='uagb-post__text uagb-post__excerpt'>\n\t\t\t\t\t<p>Shih-Pi Ku, Erika Atucha, Nico Alavi, Halla Mulla-Osman, Rukhshona Kayumova, Motoharu Yoshida, Jozsef Csicsvari, Magdalena M. Sauvage <span class=\"excerpt-magazin\">Cell Report (2024)<\/span><\/p>\n<\/span>\t\t\t\t<\/div>\n\t\t\t\n\t\t\t\t\t\t\t\t\t<\/article>\n\t\t\t\t\t\t\t\t\t\t\t\t\t\t\t\t<article class=\"uagb-post__inner-wrap\">\t\t\t\t\t\t\t\t<h4 class=\"uagb-post__title uagb-post__text\">\n\t\t\t\t<a href=\"https:\/\/doi.org\/10.1016\/j.celrep.2023.113317\" target=\"_blank\" rel=\"bookmark noopener noreferrer\">Recalling gist memory depends on CA1 hippocampal neurons for lifetime retention and CA3 neurons for memory precision<\/a>\n\t\t\t<\/h4>\n\t\t\t\t\t\t<div class='uagb-post__text uagb-post-grid-byline'>\n\t\t\t\t\t\t\t\t<time datetime=\"2023-11-28T17:13:00+01:00\" class=\"uagb-post__date\">\n\t\t\t\t<span class=\"dashicons-calendar dashicons\"><\/span>\t\t\t\t\t28.11.2023\t\t\t\t<\/time>\n\t\t\t\t\t\t\t<div class=\"uagb-post__text\">\n\t\t\t\t\t<span class='uagb-post__taxonomy'>\n\t\t\t\t\t\t<span class=\"dashicons-tag dashicons\"><\/span>\t\t\t\t\t\t<a href=\"https:\/\/sfb1436.de\/de\/category\/publikation\/b01-de\/\">B01<\/a>,&nbsp;<a href=\"https:\/\/sfb1436.de\/de\/category\/publikation\/b07-de\/\">B07<\/a>\t\t\t\t\t<\/span>\n\t\t\t\t<\/div>\n\t\t\t\t\t\t\t<\/div>\n\t\t\t\t\t\t\t<div class='uagb-post__text uagb-post__excerpt'>\n\t\t\t\t\t<p>Erika Atucha, Shih-Pi Ku, Michael T. Lippert, Magdalena M. Sauvage <span class=\"excerpt-magazin\">Cell Rep (2023)<\/span><\/p>\n<\/span>\t\t\t\t<\/div>\n\t\t\t\n\t\t\t\t\t\t\t\t\t<\/article>\n\t\t\t\t\t\t\t\t\t\t\t\t\t\t\t\t<article class=\"uagb-post__inner-wrap\">\t\t\t\t\t\t\t\t<h4 class=\"uagb-post__title uagb-post__text\">\n\t\t\t\t<a href=\"https:\/\/doi.org\/10.1016\/j.cortex.2020.12.017\" target=\"_blank\" rel=\"bookmark noopener noreferrer\">Age impairs mnemonic discrimination of objects more than scenes: A web-based, large-scale approach across the lifespan<\/a>\n\t\t\t<\/h4>\n\t\t\t\t\t\t<div class='uagb-post__text uagb-post-grid-byline'>\n\t\t\t\t\t\t\t\t<time datetime=\"2021-01-19T17:26:00+01:00\" class=\"uagb-post__date\">\n\t\t\t\t<span class=\"dashicons-calendar dashicons\"><\/span>\t\t\t\t\t19.01.2021\t\t\t\t<\/time>\n\t\t\t\t\t\t\t<div class=\"uagb-post__text\">\n\t\t\t\t\t<span class='uagb-post__taxonomy'>\n\t\t\t\t\t\t<span class=\"dashicons-tag dashicons\"><\/span>\t\t\t\t\t\t<a href=\"https:\/\/sfb1436.de\/de\/category\/publikation\/b07-de\/\">B07<\/a>,&nbsp;<a href=\"https:\/\/sfb1436.de\/de\/category\/publikation\/c01-de\/\">C01<\/a>,&nbsp;<a href=\"https:\/\/sfb1436.de\/de\/category\/publikation\/z03-de\/\">Z03<\/a>\t\t\t\t\t<\/span>\n\t\t\t\t<\/div>\n\t\t\t\t\t\t\t<\/div>\n\t\t\t\t\t\t\t<div class='uagb-post__text uagb-post__excerpt'>\n\t\t\t\t\t<p>Jeremie G\u00fcsten, Gabriel Ziegler, Emrah D\u00fczel, David Berron Epub (2021)<\/p>\n<\/span>\t\t\t\t<\/div>\n\t\t\t\n\t\t\t\t\t\t\t\t\t<\/article>\n\t\t\t\t\t\t\t\t\t\t\t<\/div>\n\t\t\t\n\n\n<div class=\"wp-block-buttons is-content-justification-center is-layout-flex wp-container-core-buttons-is-layout-19fccbcd wp-block-buttons-is-layout-flex\" style=\"margin-top:40px;margin-bottom:0px\">\n<div class=\"wp-block-button\"><a class=\"wp-block-button__link has-project-c-color has-white-background-color has-text-color has-background wp-element-button\" href=\"https:\/\/sfb1436.de\/de\/publikationen\/\">Alle Publikationen<\/a><\/div>\n\n\n\n<div class=\"wp-block-button is-style-outline is-style-outline--1\"><a class=\"wp-block-button__link has-white-color has-text-color wp-element-button\" href=\"https:\/\/sfb1436.de\/de\/projekte\/\">Alle Projekte<\/a><\/div>\n<\/div>\n<\/div>\n<\/div>\n<\/section>\n<\/div>\n<\/div>\n","protected":false},"excerpt":{"rendered":"<p>Wir stellen die Hypothese auf, dass neuronale Ressourcen f\u00fcr das r\u00e4umliche und nicht-r\u00e4umliche Ged\u00e4chtnis selektiv und netzwerkspezifisch mobilisiert werden k\u00f6nnen. Unsere Forschungsstrategie besteht darin, zum einem die verschiedenen entorhinal-hippocampalen Netzwerke zu beschreiben und zum anderen exogene (Tiefenhirnstimulation, Optogenetik) und endogene Stimulation (kognitives Training) in einem spezies\u00fcbergreifenden Ansatz zu nutzen, um damit die neurophysiologischen Mechanismen, die [&hellip;]<\/p>\n","protected":false},"author":4,"featured_media":0,"parent":3279,"menu_order":0,"comment_status":"closed","ping_status":"closed","template":"","meta":{"_crdt_document":"","_uag_custom_page_level_css":"","footnotes":""},"class_list":["post-25356","page","type-page","status-publish","hentry"],"yoast_head":"<!-- This site is optimized with the Yoast SEO plugin v27.1.1 - https:\/\/yoast.com\/product\/yoast-seo-wordpress\/ -->\n<title>B07 - entorhinal-hippocampale Subnetzwerke<\/title>\n<meta name=\"description\" content=\"Wir stellen die Hypothese auf, dass neuronale Ressourcen f\u00fcr das r\u00e4umliche und nicht-r\u00e4umliche Ged\u00e4chtnis selektiv und netzwerkspezifisch...\" \/>\n<meta name=\"robots\" content=\"index, follow, max-snippet:-1, max-image-preview:large, max-video-preview:-1\" \/>\n<link rel=\"canonical\" href=\"https:\/\/sfb1436.de\/de\/projekte\/b07-verbesserungen-mnemotechnischer-diskriminierungsleistungen-bei-nagetieren-und-menschen-durch-beeinflussung-spezifischer-entorhinal-hippocampaler-subnetzwerke\/\" \/>\n<meta property=\"og:locale\" content=\"de_DE\" \/>\n<meta property=\"og:type\" content=\"article\" \/>\n<meta property=\"og:title\" content=\"B07 - entorhinal-hippocampale Subnetzwerke\" \/>\n<meta property=\"og:description\" content=\"Wir stellen die Hypothese auf, dass neuronale Ressourcen f\u00fcr das r\u00e4umliche und nicht-r\u00e4umliche Ged\u00e4chtnis selektiv und netzwerkspezifisch...\" \/>\n<meta property=\"og:url\" content=\"https:\/\/sfb1436.de\/de\/projekte\/b07-verbesserungen-mnemotechnischer-diskriminierungsleistungen-bei-nagetieren-und-menschen-durch-beeinflussung-spezifischer-entorhinal-hippocampaler-subnetzwerke\/\" \/>\n<meta property=\"og:site_name\" content=\"SFB1436\" \/>\n<meta property=\"article:modified_time\" content=\"2025-12-12T03:08:24+00:00\" \/>\n<meta property=\"og:image\" content=\"https:\/\/sfb1436.de\/wp-content\/uploads\/2025\/01\/B07_25-28_abstract.png\" \/>\n\t<meta property=\"og:image:width\" content=\"532\" \/>\n\t<meta property=\"og:image:height\" content=\"570\" \/>\n\t<meta property=\"og:image:type\" content=\"image\/png\" \/>\n<meta name=\"twitter:card\" content=\"summary_large_image\" \/>\n<meta name=\"twitter:label1\" content=\"Gesch\u00e4tzte Lesezeit\" \/>\n\t<meta name=\"twitter:data1\" content=\"10\u00a0Minuten\" \/>\n<script type=\"application\/ld+json\" class=\"yoast-schema-graph\">{\"@context\":\"https:\/\/schema.org\",\"@graph\":[{\"@type\":\"WebPage\",\"@id\":\"https:\/\/sfb1436.de\/de\/projekte\/b07-verbesserungen-mnemotechnischer-diskriminierungsleistungen-bei-nagetieren-und-menschen-durch-beeinflussung-spezifischer-entorhinal-hippocampaler-subnetzwerke\/\",\"url\":\"https:\/\/sfb1436.de\/de\/projekte\/b07-verbesserungen-mnemotechnischer-diskriminierungsleistungen-bei-nagetieren-und-menschen-durch-beeinflussung-spezifischer-entorhinal-hippocampaler-subnetzwerke\/\",\"name\":\"B07 - entorhinal-hippocampale Subnetzwerke\",\"isPartOf\":{\"@id\":\"https:\/\/sfb1436.de\/de\/#website\"},\"primaryImageOfPage\":{\"@id\":\"https:\/\/sfb1436.de\/de\/projekte\/b07-verbesserungen-mnemotechnischer-diskriminierungsleistungen-bei-nagetieren-und-menschen-durch-beeinflussung-spezifischer-entorhinal-hippocampaler-subnetzwerke\/#primaryimage\"},\"image\":{\"@id\":\"https:\/\/sfb1436.de\/de\/projekte\/b07-verbesserungen-mnemotechnischer-diskriminierungsleistungen-bei-nagetieren-und-menschen-durch-beeinflussung-spezifischer-entorhinal-hippocampaler-subnetzwerke\/#primaryimage\"},\"thumbnailUrl\":\"https:\/\/sfb1436.de\/wp-content\/uploads\/2025\/01\/B07_25-28_abstract.png\",\"datePublished\":\"2025-01-30T14:40:39+00:00\",\"dateModified\":\"2025-12-12T03:08:24+00:00\",\"description\":\"Wir stellen die Hypothese auf, dass neuronale Ressourcen f\u00fcr das r\u00e4umliche und nicht-r\u00e4umliche Ged\u00e4chtnis selektiv und netzwerkspezifisch...\",\"breadcrumb\":{\"@id\":\"https:\/\/sfb1436.de\/de\/projekte\/b07-verbesserungen-mnemotechnischer-diskriminierungsleistungen-bei-nagetieren-und-menschen-durch-beeinflussung-spezifischer-entorhinal-hippocampaler-subnetzwerke\/#breadcrumb\"},\"inLanguage\":\"de\",\"potentialAction\":[{\"@type\":\"ReadAction\",\"target\":[\"https:\/\/sfb1436.de\/de\/projekte\/b07-verbesserungen-mnemotechnischer-diskriminierungsleistungen-bei-nagetieren-und-menschen-durch-beeinflussung-spezifischer-entorhinal-hippocampaler-subnetzwerke\/\"]}]},{\"@type\":\"ImageObject\",\"inLanguage\":\"de\",\"@id\":\"https:\/\/sfb1436.de\/de\/projekte\/b07-verbesserungen-mnemotechnischer-diskriminierungsleistungen-bei-nagetieren-und-menschen-durch-beeinflussung-spezifischer-entorhinal-hippocampaler-subnetzwerke\/#primaryimage\",\"url\":\"https:\/\/sfb1436.de\/wp-content\/uploads\/2025\/01\/B07_25-28_abstract.png\",\"contentUrl\":\"https:\/\/sfb1436.de\/wp-content\/uploads\/2025\/01\/B07_25-28_abstract.png\"},{\"@type\":\"BreadcrumbList\",\"@id\":\"https:\/\/sfb1436.de\/de\/projekte\/b07-verbesserungen-mnemotechnischer-diskriminierungsleistungen-bei-nagetieren-und-menschen-durch-beeinflussung-spezifischer-entorhinal-hippocampaler-subnetzwerke\/#breadcrumb\",\"itemListElement\":[{\"@type\":\"ListItem\",\"position\":1,\"name\":\"Startseite\",\"item\":\"https:\/\/sfb1436.de\/de\/\"},{\"@type\":\"ListItem\",\"position\":2,\"name\":\"Unsere Projekte\",\"item\":\"https:\/\/sfb1436.de\/de\/projekte\/\"},{\"@type\":\"ListItem\",\"position\":3,\"name\":\"B07 &#8211; Verbesserungen mnemotechnischer Diskriminierungsleistungen bei Nagetieren und Menschen durch Beeinflussung spezifischer entorhinal-hippocampaler Subnetzwerke\"}]},{\"@type\":\"WebSite\",\"@id\":\"https:\/\/sfb1436.de\/de\/#website\",\"url\":\"https:\/\/sfb1436.de\/de\/\",\"name\":\"SFB1436\",\"description\":\"\",\"publisher\":{\"@id\":\"https:\/\/sfb1436.de\/de\/#organization\"},\"potentialAction\":[{\"@type\":\"SearchAction\",\"target\":{\"@type\":\"EntryPoint\",\"urlTemplate\":\"https:\/\/sfb1436.de\/de\/?s={search_term_string}\"},\"query-input\":{\"@type\":\"PropertyValueSpecification\",\"valueRequired\":true,\"valueName\":\"search_term_string\"}}],\"inLanguage\":\"de\"},{\"@type\":\"Organization\",\"@id\":\"https:\/\/sfb1436.de\/de\/#organization\",\"name\":\"Otto-von-Guericke Universit\u00e4t Medizinische Fakult\u00e4t Institut f\u00fcr Kognitive Neurologie und Demenzforschung\",\"url\":\"https:\/\/sfb1436.de\/de\/\",\"logo\":{\"@type\":\"ImageObject\",\"inLanguage\":\"de\",\"@id\":\"https:\/\/sfb1436.de\/de\/#\/schema\/logo\/image\/\",\"url\":\"https:\/\/sfb1436.de\/wp-content\/uploads\/2021\/12\/logo-sfb.png\",\"contentUrl\":\"https:\/\/sfb1436.de\/wp-content\/uploads\/2021\/12\/logo-sfb.png\",\"width\":1244,\"height\":820,\"caption\":\"Otto-von-Guericke Universit\u00e4t Medizinische Fakult\u00e4t Institut f\u00fcr Kognitive Neurologie und Demenzforschung\"},\"image\":{\"@id\":\"https:\/\/sfb1436.de\/de\/#\/schema\/logo\/image\/\"}}]}<\/script>\n<!-- \/ Yoast SEO plugin. -->","yoast_head_json":{"title":"B07 - entorhinal-hippocampale Subnetzwerke","description":"Wir stellen die Hypothese auf, dass neuronale Ressourcen f\u00fcr das r\u00e4umliche und nicht-r\u00e4umliche Ged\u00e4chtnis selektiv und netzwerkspezifisch...","robots":{"index":"index","follow":"follow","max-snippet":"max-snippet:-1","max-image-preview":"max-image-preview:large","max-video-preview":"max-video-preview:-1"},"canonical":"https:\/\/sfb1436.de\/de\/projekte\/b07-verbesserungen-mnemotechnischer-diskriminierungsleistungen-bei-nagetieren-und-menschen-durch-beeinflussung-spezifischer-entorhinal-hippocampaler-subnetzwerke\/","og_locale":"de_DE","og_type":"article","og_title":"B07 - entorhinal-hippocampale Subnetzwerke","og_description":"Wir stellen die Hypothese auf, dass neuronale Ressourcen f\u00fcr das r\u00e4umliche und nicht-r\u00e4umliche Ged\u00e4chtnis selektiv und netzwerkspezifisch...","og_url":"https:\/\/sfb1436.de\/de\/projekte\/b07-verbesserungen-mnemotechnischer-diskriminierungsleistungen-bei-nagetieren-und-menschen-durch-beeinflussung-spezifischer-entorhinal-hippocampaler-subnetzwerke\/","og_site_name":"SFB1436","article_modified_time":"2025-12-12T03:08:24+00:00","og_image":[{"width":532,"height":570,"url":"https:\/\/sfb1436.de\/wp-content\/uploads\/2025\/01\/B07_25-28_abstract.png","type":"image\/png"}],"twitter_card":"summary_large_image","twitter_misc":{"Gesch\u00e4tzte Lesezeit":"10\u00a0Minuten"},"schema":{"@context":"https:\/\/schema.org","@graph":[{"@type":"WebPage","@id":"https:\/\/sfb1436.de\/de\/projekte\/b07-verbesserungen-mnemotechnischer-diskriminierungsleistungen-bei-nagetieren-und-menschen-durch-beeinflussung-spezifischer-entorhinal-hippocampaler-subnetzwerke\/","url":"https:\/\/sfb1436.de\/de\/projekte\/b07-verbesserungen-mnemotechnischer-diskriminierungsleistungen-bei-nagetieren-und-menschen-durch-beeinflussung-spezifischer-entorhinal-hippocampaler-subnetzwerke\/","name":"B07 - entorhinal-hippocampale Subnetzwerke","isPartOf":{"@id":"https:\/\/sfb1436.de\/de\/#website"},"primaryImageOfPage":{"@id":"https:\/\/sfb1436.de\/de\/projekte\/b07-verbesserungen-mnemotechnischer-diskriminierungsleistungen-bei-nagetieren-und-menschen-durch-beeinflussung-spezifischer-entorhinal-hippocampaler-subnetzwerke\/#primaryimage"},"image":{"@id":"https:\/\/sfb1436.de\/de\/projekte\/b07-verbesserungen-mnemotechnischer-diskriminierungsleistungen-bei-nagetieren-und-menschen-durch-beeinflussung-spezifischer-entorhinal-hippocampaler-subnetzwerke\/#primaryimage"},"thumbnailUrl":"https:\/\/sfb1436.de\/wp-content\/uploads\/2025\/01\/B07_25-28_abstract.png","datePublished":"2025-01-30T14:40:39+00:00","dateModified":"2025-12-12T03:08:24+00:00","description":"Wir stellen die Hypothese auf, dass neuronale Ressourcen f\u00fcr das r\u00e4umliche und nicht-r\u00e4umliche Ged\u00e4chtnis selektiv und netzwerkspezifisch...","breadcrumb":{"@id":"https:\/\/sfb1436.de\/de\/projekte\/b07-verbesserungen-mnemotechnischer-diskriminierungsleistungen-bei-nagetieren-und-menschen-durch-beeinflussung-spezifischer-entorhinal-hippocampaler-subnetzwerke\/#breadcrumb"},"inLanguage":"de","potentialAction":[{"@type":"ReadAction","target":["https:\/\/sfb1436.de\/de\/projekte\/b07-verbesserungen-mnemotechnischer-diskriminierungsleistungen-bei-nagetieren-und-menschen-durch-beeinflussung-spezifischer-entorhinal-hippocampaler-subnetzwerke\/"]}]},{"@type":"ImageObject","inLanguage":"de","@id":"https:\/\/sfb1436.de\/de\/projekte\/b07-verbesserungen-mnemotechnischer-diskriminierungsleistungen-bei-nagetieren-und-menschen-durch-beeinflussung-spezifischer-entorhinal-hippocampaler-subnetzwerke\/#primaryimage","url":"https:\/\/sfb1436.de\/wp-content\/uploads\/2025\/01\/B07_25-28_abstract.png","contentUrl":"https:\/\/sfb1436.de\/wp-content\/uploads\/2025\/01\/B07_25-28_abstract.png"},{"@type":"BreadcrumbList","@id":"https:\/\/sfb1436.de\/de\/projekte\/b07-verbesserungen-mnemotechnischer-diskriminierungsleistungen-bei-nagetieren-und-menschen-durch-beeinflussung-spezifischer-entorhinal-hippocampaler-subnetzwerke\/#breadcrumb","itemListElement":[{"@type":"ListItem","position":1,"name":"Startseite","item":"https:\/\/sfb1436.de\/de\/"},{"@type":"ListItem","position":2,"name":"Unsere Projekte","item":"https:\/\/sfb1436.de\/de\/projekte\/"},{"@type":"ListItem","position":3,"name":"B07 &#8211; Verbesserungen mnemotechnischer Diskriminierungsleistungen bei Nagetieren und Menschen durch Beeinflussung spezifischer entorhinal-hippocampaler Subnetzwerke"}]},{"@type":"WebSite","@id":"https:\/\/sfb1436.de\/de\/#website","url":"https:\/\/sfb1436.de\/de\/","name":"SFB1436","description":"","publisher":{"@id":"https:\/\/sfb1436.de\/de\/#organization"},"potentialAction":[{"@type":"SearchAction","target":{"@type":"EntryPoint","urlTemplate":"https:\/\/sfb1436.de\/de\/?s={search_term_string}"},"query-input":{"@type":"PropertyValueSpecification","valueRequired":true,"valueName":"search_term_string"}}],"inLanguage":"de"},{"@type":"Organization","@id":"https:\/\/sfb1436.de\/de\/#organization","name":"Otto-von-Guericke Universit\u00e4t Medizinische Fakult\u00e4t Institut f\u00fcr Kognitive Neurologie und Demenzforschung","url":"https:\/\/sfb1436.de\/de\/","logo":{"@type":"ImageObject","inLanguage":"de","@id":"https:\/\/sfb1436.de\/de\/#\/schema\/logo\/image\/","url":"https:\/\/sfb1436.de\/wp-content\/uploads\/2021\/12\/logo-sfb.png","contentUrl":"https:\/\/sfb1436.de\/wp-content\/uploads\/2021\/12\/logo-sfb.png","width":1244,"height":820,"caption":"Otto-von-Guericke Universit\u00e4t Medizinische Fakult\u00e4t Institut f\u00fcr Kognitive Neurologie und Demenzforschung"},"image":{"@id":"https:\/\/sfb1436.de\/de\/#\/schema\/logo\/image\/"}}]}},"uagb_featured_image_src":{"full":false,"thumbnail":false,"medium":false,"medium_large":false,"large":false,"gs-tiny":false,"xl":false,"xxl":false,"xxxl":false,"xxxxl":false,"xxxxxl":false,"1536x1536":false,"2048x2048":false,"awsm_team":false},"uagb_author_info":{"display_name":"redakteur","author_link":"https:\/\/sfb1436.de\/de\/author\/redakteur\/"},"uagb_comment_info":0,"uagb_excerpt":"Wir stellen die Hypothese auf, dass neuronale Ressourcen f\u00fcr das r\u00e4umliche und nicht-r\u00e4umliche Ged\u00e4chtnis selektiv und netzwerkspezifisch mobilisiert werden k\u00f6nnen. Unsere Forschungsstrategie besteht darin, zum einem die verschiedenen entorhinal-hippocampalen Netzwerke zu beschreiben und zum anderen exogene (Tiefenhirnstimulation, Optogenetik) und endogene Stimulation (kognitives Training) in einem spezies\u00fcbergreifenden Ansatz zu nutzen, um damit die neurophysiologischen Mechanismen, die&hellip;","_links":{"self":[{"href":"https:\/\/sfb1436.de\/de\/wp-json\/wp\/v2\/pages\/25356","targetHints":{"allow":["GET"]}}],"collection":[{"href":"https:\/\/sfb1436.de\/de\/wp-json\/wp\/v2\/pages"}],"about":[{"href":"https:\/\/sfb1436.de\/de\/wp-json\/wp\/v2\/types\/page"}],"author":[{"embeddable":true,"href":"https:\/\/sfb1436.de\/de\/wp-json\/wp\/v2\/users\/4"}],"replies":[{"embeddable":true,"href":"https:\/\/sfb1436.de\/de\/wp-json\/wp\/v2\/comments?post=25356"}],"version-history":[{"count":7,"href":"https:\/\/sfb1436.de\/de\/wp-json\/wp\/v2\/pages\/25356\/revisions"}],"predecessor-version":[{"id":29618,"href":"https:\/\/sfb1436.de\/de\/wp-json\/wp\/v2\/pages\/25356\/revisions\/29618"}],"up":[{"embeddable":true,"href":"https:\/\/sfb1436.de\/de\/wp-json\/wp\/v2\/pages\/3279"}],"wp:attachment":[{"href":"https:\/\/sfb1436.de\/de\/wp-json\/wp\/v2\/media?parent=25356"}],"curies":[{"name":"wp","href":"https:\/\/api.w.org\/{rel}","templated":true}]}}