{"id":16045,"date":"2022-10-28T11:05:23","date_gmt":"2022-10-28T09:05:23","guid":{"rendered":"https:\/\/sfb1436.de\/?page_id=16045"},"modified":"2025-02-03T12:25:41","modified_gmt":"2025-02-03T11:25:41","slug":"klinische-experten","status":"publish","type":"page","link":"https:\/\/sfb1436.de\/de\/projekte\/klinische-experten\/","title":{"rendered":"Klinische Experten"},"content":{"rendered":"\n<div class=\"wp-block-uagb-section uagb-section__wrap uagb-section__background-color uagb-block-e037ceff badge-title\"><div class=\"uagb-section__overlay\"><\/div><div class=\"uagb-section__inner-wrap\">\n<p class=\"has-text-align-center wp-block-paragraph\">Team<\/p>\n<\/div><\/div>\n\n\n\n<div class=\"wp-block-group alignwide has-white-background-color has-background is-layout-flow wp-block-group-is-layout-flow\">\n<div class=\"wp-block-columns are-vertically-aligned-center is-layout-flex wp-container-core-columns-is-layout-b418dbf2 wp-block-columns-is-layout-flex\" style=\"margin-top:0px;margin-bottom:0px;padding-top:0px;padding-bottom:0px\">\n<div class=\"wp-block-column is-vertically-aligned-center is-layout-flow wp-block-column-is-layout-flow\" style=\"padding-top:0px;padding-right:0px;padding-bottom:0px;padding-left:0px\">\n<p class=\"has-text-align-center wp-block-paragraph\">Der SFB 1436 wird au\u00dferdem durch ein Team an klinischen Wissenschaftlern unterst\u00fctzt.<\/p>\n<\/div>\n<\/div>\n<\/div>\n\n\n<div id=\"awsm-team-25693\" class=\"awsm-grid-wrapper\">\n\t\t\n\t\t<div class=''>\n\t\t<div class=\"gridder awsm-grid drawer-style style-1 grid-2-col \">\n\t\t\t\t\t\t<div id=\"awsm-member-25693-16220\" class=\"awsm-grid-list awsm-grid-card awsm-team-item awsm-scale-anm awsm-all\" data-griddercontent=\"#awsm-grid-content-16220\">\n\t\t\t\t\t<span class=\"awsm-team-link-control awsm-grid-list-item awsm-grid-list-item-16220\" data-info=\"16220\">\n\t\t\t\t\t\t<figure>\n\t\t\t\t\t\t<img fetchpriority=\"high\" decoding=\"async\" width=\"800\" height=\"1000\" src=\"https:\/\/sfb1436.de\/wp-content\/uploads\/2022\/12\/M_Butryn-800x1000.jpg\" class=\"attachment-awsm_team size-awsm_team wp-post-image\" alt=\"SFB 1436 Mitglied Michaela Butryn\" \/>\t\t\t\t\t\t\t<figcaption>\n\t\t\t\t\t\t\t\t<div class=\"awsm-personal-info\"><span><\/span><h3>Dr. Michaela Butryn<\/h3><\/div>\t\t\t\t\t\t\t<\/figcaption>\n\t\t\t\t\t\t<\/figure>\n\t\t\t\t\t<\/span>\n\t\t\t\t<\/div>\n\t\t\t\t\t\t\t<div id=\"awsm-member-25693-15847\" class=\"awsm-grid-list awsm-grid-card awsm-team-item awsm-scale-anm awsm-all\" data-griddercontent=\"#awsm-grid-content-15847\">\n\t\t\t\t\t<span class=\"awsm-team-link-control awsm-grid-list-item awsm-grid-list-item-15847\" data-info=\"15847\">\n\t\t\t\t\t\t<figure>\n\t\t\t\t\t\t<img decoding=\"async\" width=\"800\" height=\"1000\" src=\"https:\/\/sfb1436.de\/wp-content\/uploads\/2025\/05\/Ugur-Cikrikcili-800x1000.jpg\" class=\"attachment-awsm_team size-awsm_team wp-post-image\" alt=\"SFB 1436 Mitglied Ugur Cikrikcili\" \/>\t\t\t\t\t\t\t<figcaption>\n\t\t\t\t\t\t\t\t<div class=\"awsm-personal-info\"><span><\/span><h3>Ugur Cikrikcili<\/h3><\/div>\t\t\t\t\t\t\t<\/figcaption>\n\t\t\t\t\t\t<\/figure>\n\t\t\t\t\t<\/span>\n\t\t\t\t<\/div>\n\t\t\t\t\t\t\t<div id=\"awsm-member-25693-16219\" class=\"awsm-grid-list awsm-grid-card awsm-team-item awsm-scale-anm awsm-all\" data-griddercontent=\"#awsm-grid-content-16219\">\n\t\t\t\t\t<span class=\"awsm-team-link-control awsm-grid-list-item awsm-grid-list-item-16219\" data-info=\"16219\">\n\t\t\t\t\t\t<figure>\n\t\t\t\t\t\t<img decoding=\"async\" width=\"800\" height=\"785\" src=\"https:\/\/sfb1436.de\/wp-content\/uploads\/2022\/01\/no-image-men-4.png\" class=\"attachment-awsm_team size-awsm_team wp-post-image\" alt=\"Platzhalter SFB 1436 Magdeburg Mitglieder kein Foto\" \/>\t\t\t\t\t\t\t<figcaption>\n\t\t\t\t\t\t\t\t<div class=\"awsm-personal-info\"><span><\/span><h3>Dr. Wenzel Glanz<\/h3><\/div>\t\t\t\t\t\t\t<\/figcaption>\n\t\t\t\t\t\t<\/figure>\n\t\t\t\t\t<\/span>\n\t\t\t\t<\/div>\n\t\t\t\t\t\t\t<div id=\"awsm-member-25693-15972\" class=\"awsm-grid-list awsm-grid-card awsm-team-item awsm-scale-anm awsm-all\" data-griddercontent=\"#awsm-grid-content-15972\">\n\t\t\t\t\t<span class=\"awsm-team-link-control awsm-grid-list-item awsm-grid-list-item-15972\" data-info=\"15972\">\n\t\t\t\t\t\t<figure>\n\t\t\t\t\t\t<img loading=\"lazy\" decoding=\"async\" width=\"800\" height=\"1000\" src=\"https:\/\/sfb1436.de\/wp-content\/uploads\/2022\/10\/Patrick_Mu\u0308ller-800x1000.jpg\" class=\"attachment-awsm_team size-awsm_team wp-post-image\" alt=\"SFB 1436 Mitglied Patrick M\u00fcller\" \/>\t\t\t\t\t\t\t<figcaption>\n\t\t\t\t\t\t\t\t<div class=\"awsm-personal-info\"><span><\/span><h3>Patrick M\u00fcller<\/h3><\/div>\t\t\t\t\t\t\t<\/figcaption>\n\t\t\t\t\t\t<\/figure>\n\t\t\t\t\t<\/span>\n\t\t\t\t<\/div>\n\t\t\t\t\t<\/div>\n\t\t<div class=\"awsm-grid-expander style-1\">\n\t\t\t\t\t\t<div id=\"awsm-member-info-25693-16220\"  class=\"awsm-grid-expander style-1\">\n\t\t\t\t<div class=\"awsm-detailed-info\" id=\"awsm-grid-content-16220\">\n\t\t\t\t\t<div class=\"awsm-details\">\n\t\t\t\t\t\t<div class=\"awsm-personal-details\">\n\t\t\t\t\t\t\t<div class=\"awsm-content-scrollbar\">\n\t\t\t\t\t\t\t\t<span><\/span><h2>Dr. Michaela Butryn<\/h2>\n<p class=\"wp-block-paragraph\">coming soon<\/p>\n\t\t\t\t\t\t\t<\/div>\n\t\t\t\t\t\t<\/div>\n\t\t\t\t\t<\/div>\n\t\t\t\t\t<div class=\"awsm-personal-contact-info\">\n\t\t\t\t\t   <div class=\"awsm-contact-details\"><p><span>Institut:<\/span><a href=\"https:\/\/www.med.ovgu.de\/\" target=\"_blank\">Otto von Guericke Universit\u00e4t Magdeburg, Medizinische Fakult\u00e4t<\/a><\/p><p><span>Institut:<\/span><a href=\"https:\/\/www.dzne.de\/\" target=\"_blank\">Deutsches Zentrum f\u00fcr Neurodegenerative Erkrankungen (DZNE), Magdeburg<\/a><\/p><\/div><div class=\"awsm-social-icons\"><span><a href=\"mailto:michaela.butryn@med.ovgu.de\"><i class=\"awsm-icon-mail\" aria-hidden=\"true\"><\/i><\/a><\/span><span><a href=\"https:\/\/www.dzne.de\/forschung\/forschungsbereiche\/klinische-forschung\/forschungsgruppen\/duezel\/gruppenmitglieder\/\" target=\"_blank\"><i class=\"awsm-icon-link\" aria-hidden=\"true\"><\/i><\/a><\/span><\/div>\t\t\t\t\t<\/div>\n\t\t\t\t<\/div>\n\t\t\t<\/div>\n\t\t\t\t\t\t\t<div id=\"awsm-member-info-25693-15847\"  class=\"awsm-grid-expander style-1\">\n\t\t\t\t<div class=\"awsm-detailed-info\" id=\"awsm-grid-content-15847\">\n\t\t\t\t\t<div class=\"awsm-details\">\n\t\t\t\t\t\t<div class=\"awsm-personal-details\">\n\t\t\t\t\t\t\t<div class=\"awsm-content-scrollbar\">\n\t\t\t\t\t\t\t\t<span><\/span><h2>Ugur Cikrikcili<\/h2>\n<p class=\"wp-block-paragraph\">Ugur Cikrikcili schloss sein Studium an der Universit\u00e4t Istanbul ab und absolvierte seine Facharztausbildung in Psychiatrie an derselben Einrichtung. Er hat an mehreren multidisziplin\u00e4ren Studien und internationalen Teams teilgenommen. Seine klinischen Arbeitsschwerpunkte sind Neuropsychiatrie, geriatrische Psychiatrie und dynamische Psychotherapien.<\/p>\n\t\t\t\t\t\t\t<\/div>\n\t\t\t\t\t\t<\/div>\n\t\t\t\t\t<\/div>\n\t\t\t\t\t<div class=\"awsm-personal-contact-info\">\n\t\t\t\t\t   <div class=\"awsm-contact-details\"><p><span>Institut:<\/span><a href=\"http:\/\/www.med.ovgu.de\/\" target=\"_blank\">Otto-von Guericke-Universit\u00e4t Magdeburg, Medizinische Fakult\u00e4t<\/a><\/p><\/div><div class=\"awsm-social-icons\"><span><a href=\"mailto:ugur.cikrikcili@med.ovgu.de\"><i class=\"awsm-icon-mail\" aria-hidden=\"true\"><\/i><\/a><\/span><span><a href=\"http:\/\/www.iknd.ovgu.de\/\" target=\"_blank\"><i class=\"awsm-icon-link\" aria-hidden=\"true\"><\/i><\/a><\/span><\/div>\t\t\t\t\t<\/div>\n\t\t\t\t<\/div>\n\t\t\t<\/div>\n\t\t\t\t\t\t\t<div id=\"awsm-member-info-25693-16219\"  class=\"awsm-grid-expander style-1\">\n\t\t\t\t<div class=\"awsm-detailed-info\" id=\"awsm-grid-content-16219\">\n\t\t\t\t\t<div class=\"awsm-details\">\n\t\t\t\t\t\t<div class=\"awsm-personal-details\">\n\t\t\t\t\t\t\t<div class=\"awsm-content-scrollbar\">\n\t\t\t\t\t\t\t\t<span><\/span><h2>Dr. Wenzel Glanz<\/h2>\n<p class=\"wp-block-paragraph\">Wenzel Glanz wurde in Magdeburg zum Neurologen ausgebildet. Er arbeitet als leitender Arzt in der Ged\u00e4chtnissprechstunde, die als Kooperation zwischen dem Standort Magdeburg des Deutschen Zentrums f\u00fcr Neurodegenerative Erkrankungen (DZNE, Helmholtz-Gesellschaft) und der Universit\u00e4tsklinik f\u00fcr Neurologie Magdeburg etabliert ist. Im Rahmen dieser T\u00e4tigkeit liegt der Fokus nicht nur auf der Patientenversorgung, sondern auch auf der Rekrutierung von Probanden f\u00fcr Studien und der Betreuung der Studien als Studienarzt auch f\u00fcr den SFB 1436, insbesondere das Z03-Projekt. Wenzel Glanz steht bez\u00fcglich klinischer Aspekte bei der Entwicklung von Studiendesigns beratend zur Seite<\/p>\n\t\t\t\t\t\t\t<\/div>\n\t\t\t\t\t\t<\/div>\n\t\t\t\t\t<\/div>\n\t\t\t\t\t<div class=\"awsm-personal-contact-info\">\n\t\t\t\t\t   <div class=\"awsm-contact-details\"><p><span>Institut:<\/span><a href=\"https:\/\/www.dzne.de\/\" target=\"_blank\">Deutsches Zentrum f\u00fcr Neurodegenerative Erkrankungen (DZNE), Magdeburg<\/a><\/p><p><span>Institut:<\/span><a href=\"https:\/\/www.iknd.ovgu.de\/\" target=\"_blank\">Otto-von Guericke-Universit\u00e4t Magdeburg, Medizinische Fakult\u00e4t<\/a><\/p><\/div><div class=\"awsm-social-icons\"><span><a href=\"mailto:wenzel.glanz@dzne.de\"><i class=\"awsm-icon-mail\" aria-hidden=\"true\"><\/i><\/a><\/span><span><a href=\"https:\/\/www.dzne.de\" target=\"_blank\"><i class=\"awsm-icon-link\" aria-hidden=\"true\"><\/i><\/a><\/span><span><a href=\"https:\/\/www.iknd.ovgu.de\" target=\"_blank\"><i class=\"awsm-icon-link\" aria-hidden=\"true\"><\/i><\/a><\/span><\/div>\t\t\t\t\t<\/div>\n\t\t\t\t<\/div>\n\t\t\t<\/div>\n\t\t\t\t\t\t\t<div id=\"awsm-member-info-25693-15972\"  class=\"awsm-grid-expander style-1\">\n\t\t\t\t<div class=\"awsm-detailed-info\" id=\"awsm-grid-content-15972\">\n\t\t\t\t\t<div class=\"awsm-details\">\n\t\t\t\t\t\t<div class=\"awsm-personal-details\">\n\t\t\t\t\t\t\t<div class=\"awsm-content-scrollbar\">\n\t\t\t\t\t\t\t\t<span><\/span><h2>Patrick M\u00fcller<\/h2>\n<p class=\"wp-block-paragraph\">coming soon<\/p>\n\t\t\t\t\t\t\t<\/div>\n\t\t\t\t\t\t<\/div>\n\t\t\t\t\t<\/div>\n\t\t\t\t\t<div class=\"awsm-personal-contact-info\">\n\t\t\t\t\t   <div class=\"awsm-contact-details\"><p><span>Institut:<\/span><a href=\"http:\/\/kkar.med.ovgu.de\/\" target=\"_blank\">Otto-von-Guericke-Universit\u00e4t Magdeburg, Medizinische Fakult\u00e4t <\/a><\/p><p><span>Institut:<\/span><a href=\"https:\/\/www.dzne.de\/forschung\/forschungsbereiche\/klinische-forschung\/forschungsgruppen\/schreiber\/forschungsschwerpunkte\/\" target=\"_blank\">Deutsches Zentrum f\u00fcr Neurodegenerative Erkrankungen (DZNE), Magdeburg<\/a><\/p><\/div><div class=\"awsm-social-icons\"><span><a href=\"mailto:patrick.mueller@med.ovgu.de\"><i class=\"awsm-icon-mail\" aria-hidden=\"true\"><\/i><\/a><\/span><span><a href=\"http:\/\/kkar.med.ovgu.de\/\" target=\"_blank\"><i class=\"awsm-icon-link\" aria-hidden=\"true\"><\/i><\/a><\/span><span><a href=\"https:\/\/www.dzne.de\/\" target=\"_blank\"><i class=\"awsm-icon-link\" aria-hidden=\"true\"><\/i><\/a><\/span><\/div>\t\t\t\t\t<\/div>\n\t\t\t\t<\/div>\n\t\t\t<\/div>\n\t\t\t\t\t\t<\/div>\n\t<\/div>\n\t<\/div>\n\n\n\n\n<div style=\"height:50px\" aria-hidden=\"true\" class=\"wp-block-spacer\"><\/div>\n","protected":false},"excerpt":{"rendered":"<p>Der SFB 1436 wird au\u00dferdem durch ein Team an klinischen Wissenschaftlern unterst\u00fctzt.<\/p>\n","protected":false},"author":4,"featured_media":0,"parent":3279,"menu_order":0,"comment_status":"closed","ping_status":"closed","template":"","meta":{"_crdt_document":"","_uag_custom_page_level_css":"","footnotes":""},"class_list":["post-16045","page","type-page","status-publish","hentry"],"yoast_head":"<!-- This site is optimized with the Yoast SEO plugin v27.1.1 - https:\/\/yoast.com\/product\/yoast-seo-wordpress\/ -->\n<title>Klinische Experten- SFB1436<\/title>\n<meta name=\"description\" content=\"Der Sonderforschungsbereich der Neurowissenschaften (SFB 1436) wird au\u00dferdem durch ein Team an klinischen Wissenschaftlern unterst\u00fctzt.\" \/>\n<meta name=\"robots\" content=\"index, follow, max-snippet:-1, max-image-preview:large, max-video-preview:-1\" \/>\n<link rel=\"canonical\" href=\"https:\/\/sfb1436.de\/de\/projekte\/klinische-experten\/\" \/>\n<meta property=\"og:locale\" content=\"de_DE\" \/>\n<meta property=\"og:type\" content=\"article\" \/>\n<meta property=\"og:title\" content=\"Klinische Experten- SFB1436\" \/>\n<meta property=\"og:description\" content=\"Der Sonderforschungsbereich der Neurowissenschaften (SFB 1436) wird au\u00dferdem durch ein Team an klinischen Wissenschaftlern unterst\u00fctzt.\" \/>\n<meta property=\"og:url\" content=\"https:\/\/sfb1436.de\/de\/projekte\/klinische-experten\/\" \/>\n<meta property=\"og:site_name\" content=\"SFB1436\" \/>\n<meta property=\"article:modified_time\" content=\"2025-02-03T11:25:41+00:00\" \/>\n<meta name=\"twitter:card\" content=\"summary_large_image\" \/>\n<meta name=\"twitter:label1\" content=\"Gesch\u00e4tzte Lesezeit\" \/>\n\t<meta name=\"twitter:data1\" content=\"1\u00a0Minute\" \/>\n<script type=\"application\/ld+json\" class=\"yoast-schema-graph\">{\"@context\":\"https:\/\/schema.org\",\"@graph\":[{\"@type\":\"WebPage\",\"@id\":\"https:\/\/sfb1436.de\/de\/projekte\/klinische-experten\/\",\"url\":\"https:\/\/sfb1436.de\/de\/projekte\/klinische-experten\/\",\"name\":\"Klinische Experten- SFB1436\",\"isPartOf\":{\"@id\":\"https:\/\/sfb1436.de\/de\/#website\"},\"datePublished\":\"2022-10-28T09:05:23+00:00\",\"dateModified\":\"2025-02-03T11:25:41+00:00\",\"description\":\"Der Sonderforschungsbereich der Neurowissenschaften (SFB 1436) wird au\u00dferdem durch ein Team an klinischen Wissenschaftlern unterst\u00fctzt.\",\"breadcrumb\":{\"@id\":\"https:\/\/sfb1436.de\/de\/projekte\/klinische-experten\/#breadcrumb\"},\"inLanguage\":\"de\",\"potentialAction\":[{\"@type\":\"ReadAction\",\"target\":[\"https:\/\/sfb1436.de\/de\/projekte\/klinische-experten\/\"]}]},{\"@type\":\"BreadcrumbList\",\"@id\":\"https:\/\/sfb1436.de\/de\/projekte\/klinische-experten\/#breadcrumb\",\"itemListElement\":[{\"@type\":\"ListItem\",\"position\":1,\"name\":\"Startseite\",\"item\":\"https:\/\/sfb1436.de\/de\/\"},{\"@type\":\"ListItem\",\"position\":2,\"name\":\"Unsere Projekte\",\"item\":\"https:\/\/sfb1436.de\/de\/projekte\/\"},{\"@type\":\"ListItem\",\"position\":3,\"name\":\"Klinische Experten\"}]},{\"@type\":\"WebSite\",\"@id\":\"https:\/\/sfb1436.de\/de\/#website\",\"url\":\"https:\/\/sfb1436.de\/de\/\",\"name\":\"SFB1436\",\"description\":\"\",\"publisher\":{\"@id\":\"https:\/\/sfb1436.de\/de\/#organization\"},\"potentialAction\":[{\"@type\":\"SearchAction\",\"target\":{\"@type\":\"EntryPoint\",\"urlTemplate\":\"https:\/\/sfb1436.de\/de\/?s={search_term_string}\"},\"query-input\":{\"@type\":\"PropertyValueSpecification\",\"valueRequired\":true,\"valueName\":\"search_term_string\"}}],\"inLanguage\":\"de\"},{\"@type\":\"Organization\",\"@id\":\"https:\/\/sfb1436.de\/de\/#organization\",\"name\":\"Otto-von-Guericke Universit\u00e4t Medizinische Fakult\u00e4t Institut f\u00fcr Kognitive Neurologie und Demenzforschung\",\"url\":\"https:\/\/sfb1436.de\/de\/\",\"logo\":{\"@type\":\"ImageObject\",\"inLanguage\":\"de\",\"@id\":\"https:\/\/sfb1436.de\/de\/#\/schema\/logo\/image\/\",\"url\":\"https:\/\/sfb1436.de\/wp-content\/uploads\/2021\/12\/logo-sfb.png\",\"contentUrl\":\"https:\/\/sfb1436.de\/wp-content\/uploads\/2021\/12\/logo-sfb.png\",\"width\":1244,\"height\":820,\"caption\":\"Otto-von-Guericke Universit\u00e4t Medizinische Fakult\u00e4t Institut f\u00fcr Kognitive Neurologie und Demenzforschung\"},\"image\":{\"@id\":\"https:\/\/sfb1436.de\/de\/#\/schema\/logo\/image\/\"}}]}<\/script>\n<!-- \/ Yoast SEO plugin. -->","yoast_head_json":{"title":"Klinische Experten- SFB1436","description":"Der Sonderforschungsbereich der Neurowissenschaften (SFB 1436) wird au\u00dferdem durch ein Team an klinischen Wissenschaftlern unterst\u00fctzt.","robots":{"index":"index","follow":"follow","max-snippet":"max-snippet:-1","max-image-preview":"max-image-preview:large","max-video-preview":"max-video-preview:-1"},"canonical":"https:\/\/sfb1436.de\/de\/projekte\/klinische-experten\/","og_locale":"de_DE","og_type":"article","og_title":"Klinische Experten- SFB1436","og_description":"Der Sonderforschungsbereich der Neurowissenschaften (SFB 1436) wird au\u00dferdem durch ein Team an klinischen Wissenschaftlern unterst\u00fctzt.","og_url":"https:\/\/sfb1436.de\/de\/projekte\/klinische-experten\/","og_site_name":"SFB1436","article_modified_time":"2025-02-03T11:25:41+00:00","twitter_card":"summary_large_image","twitter_misc":{"Gesch\u00e4tzte Lesezeit":"1\u00a0Minute"},"schema":{"@context":"https:\/\/schema.org","@graph":[{"@type":"WebPage","@id":"https:\/\/sfb1436.de\/de\/projekte\/klinische-experten\/","url":"https:\/\/sfb1436.de\/de\/projekte\/klinische-experten\/","name":"Klinische Experten- SFB1436","isPartOf":{"@id":"https:\/\/sfb1436.de\/de\/#website"},"datePublished":"2022-10-28T09:05:23+00:00","dateModified":"2025-02-03T11:25:41+00:00","description":"Der Sonderforschungsbereich der Neurowissenschaften (SFB 1436) wird au\u00dferdem durch ein Team an klinischen Wissenschaftlern unterst\u00fctzt.","breadcrumb":{"@id":"https:\/\/sfb1436.de\/de\/projekte\/klinische-experten\/#breadcrumb"},"inLanguage":"de","potentialAction":[{"@type":"ReadAction","target":["https:\/\/sfb1436.de\/de\/projekte\/klinische-experten\/"]}]},{"@type":"BreadcrumbList","@id":"https:\/\/sfb1436.de\/de\/projekte\/klinische-experten\/#breadcrumb","itemListElement":[{"@type":"ListItem","position":1,"name":"Startseite","item":"https:\/\/sfb1436.de\/de\/"},{"@type":"ListItem","position":2,"name":"Unsere Projekte","item":"https:\/\/sfb1436.de\/de\/projekte\/"},{"@type":"ListItem","position":3,"name":"Klinische Experten"}]},{"@type":"WebSite","@id":"https:\/\/sfb1436.de\/de\/#website","url":"https:\/\/sfb1436.de\/de\/","name":"SFB1436","description":"","publisher":{"@id":"https:\/\/sfb1436.de\/de\/#organization"},"potentialAction":[{"@type":"SearchAction","target":{"@type":"EntryPoint","urlTemplate":"https:\/\/sfb1436.de\/de\/?s={search_term_string}"},"query-input":{"@type":"PropertyValueSpecification","valueRequired":true,"valueName":"search_term_string"}}],"inLanguage":"de"},{"@type":"Organization","@id":"https:\/\/sfb1436.de\/de\/#organization","name":"Otto-von-Guericke Universit\u00e4t Medizinische Fakult\u00e4t Institut f\u00fcr Kognitive Neurologie und Demenzforschung","url":"https:\/\/sfb1436.de\/de\/","logo":{"@type":"ImageObject","inLanguage":"de","@id":"https:\/\/sfb1436.de\/de\/#\/schema\/logo\/image\/","url":"https:\/\/sfb1436.de\/wp-content\/uploads\/2021\/12\/logo-sfb.png","contentUrl":"https:\/\/sfb1436.de\/wp-content\/uploads\/2021\/12\/logo-sfb.png","width":1244,"height":820,"caption":"Otto-von-Guericke Universit\u00e4t Medizinische Fakult\u00e4t Institut f\u00fcr Kognitive Neurologie und Demenzforschung"},"image":{"@id":"https:\/\/sfb1436.de\/de\/#\/schema\/logo\/image\/"}}]}},"uagb_featured_image_src":{"full":false,"thumbnail":false,"medium":false,"medium_large":false,"large":false,"gs-tiny":false,"xl":false,"xxl":false,"xxxl":false,"xxxxl":false,"xxxxxl":false,"1536x1536":false,"2048x2048":false,"awsm_team":false},"uagb_author_info":{"display_name":"redakteur","author_link":"https:\/\/sfb1436.de\/de\/author\/redakteur\/"},"uagb_comment_info":0,"uagb_excerpt":"Der SFB 1436 wird au\u00dferdem durch ein Team an klinischen Wissenschaftlern unterst\u00fctzt.","_links":{"self":[{"href":"https:\/\/sfb1436.de\/de\/wp-json\/wp\/v2\/pages\/16045","targetHints":{"allow":["GET"]}}],"collection":[{"href":"https:\/\/sfb1436.de\/de\/wp-json\/wp\/v2\/pages"}],"about":[{"href":"https:\/\/sfb1436.de\/de\/wp-json\/wp\/v2\/types\/page"}],"author":[{"embeddable":true,"href":"https:\/\/sfb1436.de\/de\/wp-json\/wp\/v2\/users\/4"}],"replies":[{"embeddable":true,"href":"https:\/\/sfb1436.de\/de\/wp-json\/wp\/v2\/comments?post=16045"}],"version-history":[{"count":13,"href":"https:\/\/sfb1436.de\/de\/wp-json\/wp\/v2\/pages\/16045\/revisions"}],"predecessor-version":[{"id":25697,"href":"https:\/\/sfb1436.de\/de\/wp-json\/wp\/v2\/pages\/16045\/revisions\/25697"}],"up":[{"embeddable":true,"href":"https:\/\/sfb1436.de\/de\/wp-json\/wp\/v2\/pages\/3279"}],"wp:attachment":[{"href":"https:\/\/sfb1436.de\/de\/wp-json\/wp\/v2\/media?parent=16045"}],"curies":[{"name":"wp","href":"https:\/\/api.w.org\/{rel}","templated":true}]}}