{"id":11505,"date":"2022-05-17T10:25:17","date_gmt":"2022-05-17T08:25:17","guid":{"rendered":"https:\/\/sfb1436.de\/karriere\/"},"modified":"2026-02-05T11:11:28","modified_gmt":"2026-02-05T10:11:28","slug":"karriere","status":"publish","type":"page","link":"https:\/\/sfb1436.de\/de\/karriere\/","title":{"rendered":"Karriere"},"content":{"rendered":"\n<div class=\"wp-block-columns alignwide justify-content-center has-tertiary-background-color has-background is-layout-flex wp-container-core-columns-is-layout-f56f613f wp-block-columns-is-layout-flex\">\n<div class=\"wp-block-column is-layout-flow wp-block-column-is-layout-flow\" style=\"flex-basis:800px\">\n<p class=\"has-text-align-center wp-block-paragraph\"><em>&#8222;Unser SFB lebt von der Kreativit\u00e4t, Energie und Bereicherung durch die einzigartigen Lebensgeschichten und Kulturen unserer Mitarbeiter und Mitarbeiterinnen. Die Vereinbarkeit von Familie und Beruf ist uns ein zentrales Anliegen. Wir m\u00f6chten insbesondere junge Wissenschaftlerinnen f\u00fcr eine Karriere in den Neurowissenschaften inspirieren und f\u00f6rdern.&#8220;<\/em><\/p>\n<\/div>\n<\/div>\n\n\n\n<div class=\"wp-block-columns alignwide is-layout-flex wp-container-core-columns-is-layout-8bd6526c wp-block-columns-is-layout-flex\" style=\"margin-top:40px;margin-bottom:50px;padding-top:0px;padding-right:0px;padding-bottom:0px;padding-left:0px\">\n<div class=\"wp-block-column is-layout-flow wp-block-column-is-layout-flow\" style=\"padding-top:0px;padding-right:0px;padding-bottom:0px;padding-left:0px\">\n<div class=\"wp-block-buttons is-content-justification-left is-layout-flex wp-container-core-buttons-is-layout-fa5e4718 wp-block-buttons-is-layout-flex\">\n<div class=\"wp-block-button has-custom-width wp-block-button__width-100\"><a class=\"wp-block-button__link has-white-color has-project-c-background-color has-text-color has-background has-normal-font-size has-custom-font-size wp-element-button\" href=\"#stellenanzeige\" style=\"padding-top:30px;padding-right:10px;padding-bottom:30px;padding-left:10px\">Stellenanzeigen<\/a><\/div>\n<\/div>\n<\/div>\n\n\n\n<div class=\"wp-block-column is-layout-flow wp-block-column-is-layout-flow\" style=\"padding-top:0px;padding-right:0px;padding-bottom:0px;padding-left:0px\">\n<div class=\"wp-block-buttons is-content-justification-left is-layout-flex wp-container-core-buttons-is-layout-fa5e4718 wp-block-buttons-is-layout-flex\">\n<div class=\"wp-block-button has-custom-width wp-block-button__width-100\"><a class=\"wp-block-button__link has-white-color has-secondary-background-color has-text-color has-background has-normal-font-size has-custom-font-size wp-element-button\" href=\"#promotion-of-young-talents\" style=\"padding-top:30px;padding-right:10px;padding-bottom:30px;padding-left:10px\">Nachwuchsf\u00f6rderung<\/a><\/div>\n<\/div>\n<\/div>\n\n\n\n<div class=\"wp-block-column is-layout-flow wp-block-column-is-layout-flow\" style=\"padding-top:0px;padding-right:0px;padding-bottom:0px;padding-left:0px\">\n<div class=\"wp-block-buttons is-vertical is-content-justification-space-between is-layout-flex wp-container-core-buttons-is-layout-5d18260b wp-block-buttons-is-layout-flex\">\n<div class=\"wp-block-button has-custom-width wp-block-button__width-100\"><a class=\"wp-block-button__link has-white-color has-project-c-background-color has-text-color has-background has-normal-font-size has-custom-font-size wp-element-button\" href=\"#equal-opportunities-and-career\" style=\"padding-top:30px;padding-right:10px;padding-bottom:30px;padding-left:10px\">Chancengleichheit und Karriere<\/a><\/div>\n<\/div>\n<\/div>\n<\/div>\n\n\n\n<div class=\"wp-block-columns alignwide is-layout-flex wp-container-core-columns-is-layout-c602df06 wp-block-columns-is-layout-flex\" style=\"margin-top:40px;margin-bottom:60px\">\n<div class=\"wp-block-column is-layout-flow wp-block-column-is-layout-flow\" style=\"padding-top:0px;padding-right:0px;padding-bottom:0px;padding-left:0px;flex-basis:100%\">\n<div class=\"wp-block-columns is-layout-flex wp-container-core-columns-is-layout-f56f613f wp-block-columns-is-layout-flex\">\n<div class=\"wp-block-column has-foreground-color has-tertiary-background-color has-text-color has-background has-link-color wp-elements-2975e55b1a837b9a3389b68a6f19185c is-layout-flow wp-block-column-is-layout-flow\" style=\"border-style:none;border-width:0px;padding-top:0px;padding-right:20px;padding-bottom:20px;padding-left:20px\">\n<h2 class=\"wp-block-heading has-text-align-left\" id=\"join-our-team\"><strong>Offene Stellen<\/strong><\/h2>\n\n\n\n<p class=\"wp-block-paragraph\">Deine Abschlussarbeit steht an, doch du m\u00f6chtest daf\u00fcr nicht nur Literatur w\u00e4lzen, sondern auch praktische Erfahrung sammeln, du willst ein Praktikum in den Semesterferien absolvieren und neue Labore kennenlernen, oder du m\u00f6chtest uns als Hilfswissenschaftler zu Seite stehen, dann bewirb dich initiativ.<\/p>\n\n\n\n<p class=\"wp-block-paragraph\">Weitere offene Stellen f\u00fcr Hiwis, Bachelor, Master, PhD-Studenten und Postdocs findest du auch am \u201cSchwarzen Brett\u201d des CBBS Graduiertenprogrammes.<\/p>\n\n\n\n<div style=\"height:10px\" aria-hidden=\"true\" class=\"wp-block-spacer\"><\/div>\n\n\n\n<div class=\"wp-block-buttons is-content-justification-left is-layout-flex wp-container-core-buttons-is-layout-fa5e4718 wp-block-buttons-is-layout-flex\">\n<div class=\"wp-block-button is-style-outline is-style-outline--1\"><a class=\"wp-block-button__link has-secondary-color has-text-color wp-element-button\" href=\"https:\/\/cbbsgp.med.ovgu.de\/blackboard\/\" target=\"_blank\" rel=\"noreferrer noopener\">bulletin board<\/a><\/div>\n<\/div>\n<\/div>\n\n\n\n<div class=\"wp-block-column display-none has-white-color has-foreground-background-color has-text-color has-background has-link-color wp-elements-17fa9ef0905207a31662f29f61024fb2 is-layout-flow wp-block-column-is-layout-flow\" style=\"border-style:none;border-width:0px;padding-top:0px;padding-right:20px;padding-bottom:20px;padding-left:20px\" id=\"stellenanzeige\">\n<h2 class=\"wp-block-heading has-text-align-left\" id=\"join-our-team\">Kontakt<\/h2>\n\n\n\n<p class=\"wp-block-paragraph\">Weitere Fragen rund um die Karriere und alle Gleichstellungsthemen im SFB 1436 beantworten wir Ihnen gern, wenn Sie uns eine Nachricht \u00fcber das Kontaktformular schicken. <\/p>\n\n\n\n<div class=\"wp-block-uagb-icon-list uagb-block-3e803efb uagb-icon-list__outer-wrap uagb-icon-list__layout-horizontal\"><div class=\"uagb-icon-list__wrap\">\n<div class=\"wp-block-uagb-icon-list-child uagb-block-154709ed uagb-icon-list-repeater uagb-icon-list__wrapper\"><span class=\"uagb-icon-list__source-wrap\"><svg xmlns=\"https:\/\/www.w3.org\/2000\/svg\" viewBox=\"0 0 512 512\"><path d=\"M256 417.1c-16.38 0-32.88-4.1-46.88-15.12L0 250.9v213.1C0 490.5 21.5 512 48 512h416c26.5 0 48-21.5 48-47.1V250.9l-209.1 151.1C288.9 412 272.4 417.1 256 417.1zM493.6 163C484.8 156 476.4 149.5 464 140.1v-44.12c0-26.5-21.5-48-48-48l-77.5 .0016c-3.125-2.25-5.875-4.25-9.125-6.5C312.6 29.13 279.3-.3732 256 .0018C232.8-.3732 199.4 29.13 182.6 41.5c-3.25 2.25-6 4.25-9.125 6.5L96 48c-26.5 0-48 21.5-48 48v44.12C35.63 149.5 27.25 156 18.38 163C6.75 172 0 186 0 200.8v10.62l96 69.37V96h320v184.7l96-69.37V200.8C512 186 505.3 172 493.6 163zM176 255.1h160c8.836 0 16-7.164 16-15.1c0-8.838-7.164-16-16-16h-160c-8.836 0-16 7.162-16 16C160 248.8 167.2 255.1 176 255.1zM176 191.1h160c8.836 0 16-7.164 16-16c0-8.838-7.164-15.1-16-15.1h-160c-8.836 0-16 7.162-16 15.1C160 184.8 167.2 191.1 176 191.1z\"><\/path><\/svg><\/span><span class=\"uagb-icon-list__label\">u003ca href=u0022https:\/\/sfb1436.de\/de\/kontaktformular\/u0022u003eKlicken Sie hier.u003c\/au003e<\/span><\/div>\n<\/div><\/div>\n\n\n\n<p class=\"wp-block-paragraph\"><\/p>\n<\/div>\n<\/div>\n<\/div>\n<\/div>\n\n\n\n<div class=\"wp-block-columns alignwide is-layout-flex wp-container-core-columns-is-layout-5ea3205c wp-block-columns-is-layout-flex\" style=\"margin-top:40px\">\n<div class=\"wp-block-column is-layout-flow wp-block-column-is-layout-flow\">\n<h2 class=\"wp-block-heading has-text-align-center\" id=\"promotion-of-young-talents\"><strong>Nachwuchs gesucht &#8211; und gefunden!<\/strong><\/h2>\n<\/div>\n<\/div>\n\n\n\n<div class=\"wp-block-columns alignwide is-layout-flex wp-container-core-columns-is-layout-a2fc545c wp-block-columns-is-layout-flex\" style=\"margin-top:0px;margin-bottom:40px\">\n<div class=\"wp-block-column has-foreground-background-color has-background has-link-color wp-elements-ce49de5f4bfd4080b88b9d61453ab0ef is-layout-flow wp-block-column-is-layout-flow\">\n<div class=\"wp-block-columns is-layout-flex wp-container-core-columns-is-layout-f56f613f wp-block-columns-is-layout-flex\">\n<div class=\"wp-block-column has-white-color has-text-color is-layout-flow wp-block-column-is-layout-flow\" style=\"padding-top:10px;padding-right:20px;padding-bottom:10px;padding-left:20px\">\n<h3 class=\"wp-block-heading\" id=\"md-fellowships\"><strong>MD fellowships<\/strong><\/h3>\n\n\n\n<p class=\"wp-block-paragraph\">Der SFB 1436 bietet im Rahmen des Integrierten Forschungskolleg Medical Doctor-Fellowships an. Die Fellowships richten sich an Medizinstudenten, die daran interessiert sind, in das Forschungs- und Qualifizierungsprogramm des SFB 1436 integriert zu werden. Dieses Programm dient als Schnittstelle zwischen klinischer und biologischer Forschung und zielt darauf ab, das Interesse an biomedizinischer Forschung zu st\u00e4rken und das Verst\u00e4ndnis f\u00fcr klinische und wissenschaftliche Ans\u00e4tze zu f\u00f6rdern. <\/p>\n\n\n\n<p class=\"wp-block-paragraph\">N\u00e4here Informationen finden Sie auf der <a href=\"https:\/\/sfb1436.de\/de\/graduate-school\/irtg-graduate-program\/#MD-Studenten\">Website<\/a>.<\/p>\n\n\n\n<div style=\"height:34px\" aria-hidden=\"true\" class=\"wp-block-spacer\"><\/div>\n\n\n\n<div class=\"wp-block-buttons is-layout-flex wp-block-buttons-is-layout-flex\">\n<div class=\"wp-block-button is-style-outline is-style-outline--2\"><a class=\"wp-block-button__link has-white-color has-text-color wp-element-button\" href=\"https:\/\/sfb1436.de\/de\/graduate-school\/irtg-graduate-program\/#MD-Studenten\">Weitere Informationen<\/a><\/div>\n<\/div>\n<\/div>\n<\/div>\n<\/div>\n\n\n\n<div class=\"wp-block-column has-tertiary-background-color has-background is-layout-flow wp-block-column-is-layout-flow\">\n<div class=\"wp-block-columns is-layout-flex wp-container-core-columns-is-layout-f56f613f wp-block-columns-is-layout-flex\">\n<div class=\"wp-block-column is-layout-flow wp-block-column-is-layout-flow\" style=\"padding-top:10px;padding-right:20px;padding-bottom:10px;padding-left:20px\">\n<h3 class=\"wp-block-heading\" id=\"md-fellowships\"><strong>PI der Zukunft<\/strong><\/h3>\n\n\n\n<p class=\"wp-block-paragraph\">Als Nachwuchswissenschaftler ist es Ihr Ziel, irgendwann die n\u00e4chste Stufe Ihrer Karriereleiter zu erklimmen? Sie fragen sich, wie wird man ein Principal Investigator oder wie werbe ich Drittmittel ein? Wen spreche ich f\u00fcr weitere Informationen an?<\/p>\n\n\n\n<p class=\"wp-block-paragraph\">Hier finden Sie einige n\u00fctzliche Informationen:<\/p>\n\n\n\n<ul class=\"wp-block-list\">\n<li><a href=\"https:\/\/intranet.med.ovgu.de\/ummd\/plp2.html\" target=\"_blank\" rel=\"noreferrer noopener\">Polycarp-Leporin-Programm&nbsp;<\/a><\/li>\n\n\n\n<li><a href=\"https:\/\/www.grs.ovgu.de\/\" target=\"_blank\" rel=\"noreferrer noopener\">OVGU Graduate Academy<\/a><\/li>\n\n\n\n<li><a href=\"https:\/\/www.bmbf.de\/DE\/Forschung\/Wissenschaftssystem\/WissenschaftlicheKarriere\/Promotionsstipendium\/promotionsstipendium_node.html\" target=\"_blank\" rel=\"noreferrer noopener\">Stipendienlotse des BMBF<\/a><\/li>\n\n\n\n<li><a href=\"https:\/\/www.dfg.de\/foerderung\/wissenschaftliche_karriere\/index.html\" target=\"_blank\" rel=\"noreferrer noopener\">F\u00f6rderung der DFG<\/a><\/li>\n<\/ul>\n\n\n\n<div class=\"wp-block-buttons is-layout-flex wp-block-buttons-is-layout-flex\">\n<div class=\"wp-block-button is-style-outline is-style-outline--3\"><a class=\"wp-block-button__link has-secondary-color has-text-color wp-element-button\" href=\"https:\/\/sfb1436.de\/de\/graduate-school\/\" target=\"_blank\" rel=\"noreferrer noopener\">Weitere Informationen<\/a><\/div>\n<\/div>\n<\/div>\n<\/div>\n<\/div>\n<\/div>\n\n\n\n<div class=\"wp-block-columns alignwide is-layout-flex wp-container-core-columns-is-layout-6e03183f wp-block-columns-is-layout-flex\" id=\"equal-opportunities-and-career\" style=\"margin-top:80px;margin-bottom:0px\">\n<div class=\"wp-block-column is-layout-flow wp-block-column-is-layout-flow\">\n<h2 class=\"wp-block-heading has-text-align-center\" id=\"equal-opportunities-and-career\">Chancengleichheit und Karriere<\/h2>\n<\/div>\n<\/div>\n\n\n\n<div class=\"wp-block-columns alignwide is-layout-flex wp-container-core-columns-is-layout-248921b6 wp-block-columns-is-layout-flex\" style=\"margin-top:0px;margin-bottom:20px\">\n<div class=\"wp-block-column has-tertiary-background-color has-background is-layout-flow wp-block-column-is-layout-flow\">\n<div class=\"wp-block-columns is-layout-flex wp-container-core-columns-is-layout-f56f613f wp-block-columns-is-layout-flex\">\n<div class=\"wp-block-column is-layout-flow wp-block-column-is-layout-flow\" style=\"padding-top:10px;padding-right:20px;padding-bottom:10px;padding-left:20px\">\n<div class=\"wp-block-media-text alignwide is-stacked-on-mobile is-vertically-aligned-center\"><figure class=\"wp-block-media-text__media\"><img fetchpriority=\"high\" decoding=\"async\" width=\"425\" height=\"311\" src=\"https:\/\/sfb1436.de\/wp-content\/uploads\/2022\/07\/OWN_Award_Logo.jpg\" alt=\"Logo des SFB 1436 OWN-Award - Outstanding Woman in Neuroscience\" class=\"wp-image-14519 size-full\" srcset=\"https:\/\/sfb1436.de\/wp-content\/uploads\/2022\/07\/OWN_Award_Logo.jpg 425w, https:\/\/sfb1436.de\/wp-content\/uploads\/2022\/07\/OWN_Award_Logo-300x220.jpg 300w\" sizes=\"(max-width: 425px) 100vw, 425px\" \/><\/figure><div class=\"wp-block-media-text__content\">\n<h3 class=\"wp-block-heading\"><strong>Outstanding Women in Neuroscience Award<\/strong> <strong>(OWN Award)<\/strong><\/h3>\n<\/div><\/div>\n\n\n\n<p class=\"wp-block-paragraph\">Frauen sind noch immer im Bereich Neurowissenschaften unterrepr\u00e4sentiert. Um junge, talentierte Nachwuchswissenschaftlerinnen zu f\u00f6rdern, vergibt der SFB 1436 j\u00e4hrlich den Outstanding Women in Neuroscience (OWN) Award. Durch diesen Preis werden bedeutende Leistungen von Wissenschaftlerinnen aus unserem SFB-Netzwerk hervorgehoben. Wir hoffen, dass dieser Preis durch die Anerkennung und W\u00fcrdigung der Leistungen zu einem positiven Wandel beitragen kann. Die Gewinnerinnen des Preises sind inspirierende Vorbilder f\u00fcr k\u00fcnftige Generationen von Frauen in der Wissenschaft.<\/p>\n\n\n\n<div class=\"wp-block-columns is-layout-flex wp-container-core-columns-is-layout-f56f613f wp-block-columns-is-layout-flex\">\n<div class=\"wp-block-column is-layout-flow wp-block-column-is-layout-flow\">\n<div class=\"wp-block-buttons is-layout-flex wp-block-buttons-is-layout-flex\">\n<div class=\"wp-block-button is-style-outline is-style-outline--4\"><a class=\"wp-block-button__link has-secondary-color has-text-color wp-element-button\" href=\"https:\/\/sfb1436.de\/de\/mitgliederversammlung-des-sfb-1436-und-verleihung-des-own-awards-2025\/\">Weitere Informationen<\/a><\/div>\n<\/div>\n<\/div>\n<\/div>\n<\/div>\n<\/div>\n<\/div>\n\n\n\n<div class=\"wp-block-column has-white-color has-foreground-background-color has-text-color has-background is-layout-flow wp-block-column-is-layout-flow\">\n<div class=\"wp-block-columns is-layout-flex wp-container-core-columns-is-layout-f56f613f wp-block-columns-is-layout-flex\">\n<div class=\"wp-block-column is-layout-flow wp-block-column-is-layout-flow\" style=\"padding-top:10px;padding-right:20px;padding-bottom:10px;padding-left:20px\">\n<h3 class=\"wp-block-heading\" id=\"md-fellowships\"><strong><strong>Female Scientists Network &#8211; Magdeburg<\/strong><\/strong>\n<strong><strong>connects Life-Scientists and Alumnae<\/strong><\/strong><\/h3>\n\n\n\n<p class=\"wp-block-paragraph\">Das Female Scientists Network (FSN) l\u00e4dt alle mit Magdeburg verbundenen Wissenschaftlerinnen ein beizutreten. Dabei spielt es keine Rolle, ob Magdeburg der Ausgangspunkt, eine Zwischenstation oder das Ziel Ihrer Karriere war.<\/p>\n\n\n\n<p class=\"wp-block-paragraph\">Aufgabe unseres Netzwerks ist es, Alumni und derzeit in Magdeburg arbeitende Wissenschaftler*innen zu vernetzen, sie als Role Model oder Mentor*innen f\u00fcr den wissenschaftlichen Nachwuchs zu gewinnen und verschiedene Karrierewege innerhalb und au\u00dferhalb der Wissenschaft aufzuzeigen.<\/p>\n\n\n\n<p class=\"has-link-color wp-elements-0105742d78972e2bed02dc40cb52bcd2 wp-block-paragraph\"><strong>Projektkoordination&nbsp;<\/strong> <\/p>\n\n\n\n<p class=\"has-link-color wp-elements-0ea129da149a362aaf50f674a5d1de64 wp-block-paragraph\">Dr. Carolina Bonmassar<br>E-Mail: <a href=\"mailto:contact.fsn@ovgu.de\">Schreiben Sie uns<\/a><\/p>\n\n\n\n<div style=\"height:67px\" aria-hidden=\"true\" class=\"wp-block-spacer\"><\/div>\n\n\n\n<div class=\"wp-block-buttons is-layout-flex wp-block-buttons-is-layout-flex\">\n<div class=\"wp-block-button is-style-outline is-style-outline--5\"><a class=\"wp-block-button__link wp-element-button\" href=\"https:\/\/www.fsn.ovgu.de\/\" target=\"_blank\" rel=\"noreferrer noopener\">Weitere Informationen<\/a><\/div>\n<\/div>\n<\/div>\n<\/div>\n<\/div>\n<\/div>\n\n\n\n<div class=\"wp-block-columns alignwide is-layout-flex wp-container-core-columns-is-layout-248921b6 wp-block-columns-is-layout-flex\" style=\"margin-top:0px;margin-bottom:20px\">\n<div class=\"wp-block-column has-white-color has-foreground-background-color has-text-color has-background is-layout-flow wp-block-column-is-layout-flow\">\n<div class=\"wp-block-columns is-layout-flex wp-container-core-columns-is-layout-f56f613f wp-block-columns-is-layout-flex\">\n<div class=\"wp-block-column is-layout-flow wp-block-column-is-layout-flow\" style=\"padding-top:10px;padding-right:20px;padding-bottom:10px;padding-left:20px\">\n<h3 class=\"wp-block-heading\" id=\"md-fellowships\"><strong><strong>Annual Female Career Day<\/strong><\/strong><\/h3>\n\n\n\n<p class=\"wp-block-paragraph\">Gemeinsam mit der FSN, dem GRK 2413, dem GRK 2408 und dem CBBS-Graduiertenprogramm wird j\u00e4hrlich ein Karrieretag f\u00fcr Frauen organisiert. Diese Veranstaltung soll jungen Wissenschaftlerinnen Karrierem\u00f6glichkeiten aufzeigen und sie bei der Gestaltung ihrer Karrierewege unterst\u00fctzen. Dabei stehen nicht nur die Sichtung von Bewerbungsunterlagen und der Erstellung professioneller Bewerbungsfotos im Fokus, sondern auch mit jungen PIs in Kontakt zu kommen, sich auszutauschen und neue Kontakte im Bereich Neurowissenschaften zu kn\u00fcpfen.<\/p>\n\n\n\n<div style=\"height:70px\" aria-hidden=\"true\" class=\"wp-block-spacer\"><\/div>\n\n\n\n<div class=\"wp-block-buttons is-layout-flex wp-block-buttons-is-layout-flex\">\n<div class=\"wp-block-button is-style-outline is-style-outline--6\"><a class=\"wp-block-button__link wp-element-button\" href=\"https:\/\/sfb1436.de\/de\/karriere\/career-days-2025-die-zukunft-der-wissenschaft-ist-divers\/\" target=\"_blank\" rel=\"noreferrer noopener\">Weitere Informationen<\/a><\/div>\n<\/div>\n<\/div>\n<\/div>\n<\/div>\n\n\n\n<div class=\"wp-block-column has-tertiary-background-color has-background is-layout-flow wp-block-column-is-layout-flow\">\n<div class=\"wp-block-columns is-layout-flex wp-container-core-columns-is-layout-f56f613f wp-block-columns-is-layout-flex\">\n<div class=\"wp-block-column is-layout-flow wp-block-column-is-layout-flow\" style=\"padding-top:10px;padding-right:20px;padding-bottom:10px;padding-left:20px\">\n<h3 class=\"wp-block-heading\" id=\"md-fellowships\"><strong>B\u00fcro f\u00fcr Gleichstellung und Familie<\/strong><\/h3>\n\n\n\n<p class=\"wp-block-paragraph\">Die Herstellung von Chancengleichheit f\u00fcr Frauen und M\u00e4nner ist uns wichtig in unserem SFB. Deswegen m\u00f6chten wir an dieser Stelle auf das B\u00fcro f\u00fcr Gleichstellungsfragen der Otto-von-Guericke Universit\u00e4t aufmerksam machen. <\/p>\n\n\n\n<p class=\"wp-block-paragraph\"><a href=\"https:\/\/www.bfg.ovgu.de\/\"><strong>B\u00fcro f\u00fcr Gleichstellung und Familie<\/strong><\/a><br>Otto-von-Guericke-Universit\u00e4t Magdeburg <br>Geb\u00e4ude 18, Raum 240 <br>Universit\u00e4tsplatz 2 <br>39106 Magdeburg <br>Telefon: <a href=\"tel:0391-67-58944\">+49 391-67-58944<\/a> <br>E-Mail: <a href=\"mailto:gleichstellungsbeauftragte@ovgu.de\">Schreiben Sie uns<\/a><\/p>\n\n\n\n<div class=\"wp-block-buttons is-content-justification-left is-layout-flex wp-container-core-buttons-is-layout-fa5e4718 wp-block-buttons-is-layout-flex\">\n<div class=\"wp-block-button is-style-outline is-style-outline--7\"><a class=\"wp-block-button__link has-secondary-color has-text-color wp-element-button\" href=\"https:\/\/www.bfg.ovgu.de\/\" target=\"_blank\" rel=\"noreferrer noopener\">Weitere Informationen<\/a><\/div>\n<\/div>\n<\/div>\n<\/div>\n<\/div>\n<\/div>\n\n\n\n<div class=\"wp-block-columns alignwide is-layout-flex wp-container-core-columns-is-layout-a2fc545c wp-block-columns-is-layout-flex\" style=\"margin-top:0px;margin-bottom:40px\">\n<div class=\"wp-block-column has-tertiary-background-color has-background is-layout-flow wp-block-column-is-layout-flow\">\n<div class=\"wp-block-columns is-layout-flex wp-container-core-columns-is-layout-f56f613f wp-block-columns-is-layout-flex\">\n<div class=\"wp-block-column is-layout-flow wp-block-column-is-layout-flow\" style=\"padding-top:10px;padding-right:20px;padding-bottom:10px;padding-left:20px\">\n<h3 class=\"wp-block-heading\" id=\"md-fellowships\"><strong>Virtuelle Kinderbetreuung<\/strong><\/h3>\n\n\n\n<p class=\"wp-block-paragraph\">In den vergangenen Jahren wurde unser Alltag auf den Kopf gestellt. Familien hatten\/haben es schwer, Arbeit und Kinderbetreuung zu koordinieren. In dieser Zeit sind wir alle mit den digitalen Medien vertrauter geworden. Selbst unsere J\u00fcngsten sind kleine Profis. Die OvGU macht sich dies zunutze und bietet in Zusammenarbeit mit der Firma Voiio eine digitale Kinderbetreuung an. \u00dcber die <a href=\"https:\/\/ovgu.voiio.family\/accounts\/login\" target=\"_blank\" rel=\"noreferrer noopener\">Website<\/a> k\u00f6nnen Sie bequem virtuelle Betreuungsangebote f\u00fcr Ihre Kinder zu Ihren Wunschzeiten buchen. Dieses Angebot kann von allen SFB-Mitgliedern genutzt werden.<\/p>\n\n\n\n<div style=\"height:331px\" aria-hidden=\"true\" class=\"wp-block-spacer\"><\/div>\n\n\n\n<div class=\"wp-block-buttons is-content-justification-left is-layout-flex wp-container-core-buttons-is-layout-fa5e4718 wp-block-buttons-is-layout-flex\">\n<div class=\"wp-block-button is-style-outline is-style-outline--8\"><a class=\"wp-block-button__link has-secondary-color has-text-color wp-element-button\" href=\"https:\/\/www.bfg.ovgu.de\/Familienservice\/Besch%C3%A4ftigte\/Kinderbetreuung.html\" target=\"_blank\" rel=\"noreferrer noopener\">Weitere Informationen<\/a><\/div>\n<\/div>\n<\/div>\n<\/div>\n<\/div>\n\n\n\n<div class=\"wp-block-column has-white-color has-foreground-background-color has-text-color has-background is-layout-flow wp-block-column-is-layout-flow\">\n<div class=\"wp-block-columns is-layout-flex wp-container-core-columns-is-layout-f56f613f wp-block-columns-is-layout-flex\">\n<div class=\"wp-block-column is-layout-flow wp-block-column-is-layout-flow\" style=\"padding-top:10px;padding-right:20px;padding-bottom:10px;padding-left:20px\">\n<h3 class=\"wp-block-heading\" id=\"md-fellowships\"><strong>SFB 1436 Familienzimmer \u2013 Weil uns Familie wichtig ist<\/strong><\/h3>\n\n\n\n<figure class=\"wp-block-image size-full\"><img decoding=\"async\" width=\"375\" height=\"250\" src=\"https:\/\/sfb1436.de\/wp-content\/uploads\/2022\/05\/Bild4.jpg\" alt=\"SFB 1436 Familienzimmer Magdeburg Medizinische Fakult\u00e4t der Otto-von-Guericke-Universit\u00e4t\" class=\"wp-image-10856\" srcset=\"https:\/\/sfb1436.de\/wp-content\/uploads\/2022\/05\/Bild4.jpg 375w, https:\/\/sfb1436.de\/wp-content\/uploads\/2022\/05\/Bild4-300x200.jpg 300w\" sizes=\"(max-width: 375px) 100vw, 375px\" \/><\/figure>\n\n\n\n<p class=\"wp-block-paragraph\">Manchmal ist es schwer Familie und Beruf unter einen Hut zu bekommen. Um unsere M\u00fctter und V\u00e4ter zu unterst\u00fctzen und ihnen zu helfen, Familie und Beruf zu vereinen, stellt der SFB 1436 allen Interessierten ein Familienzimmer zur Verf\u00fcgung. Dieses Zimmer kann von all unseren Mitgliedern, assoziierten Mitglieder sowie G\u00e4sten kurzfristig in Betreuungsnotf\u00e4llen zur Selbstbetreuung genutzt werden. Im Familienzimmer stehen neben einem Arbeitsplatz, Spielsachen, Stillm\u00f6glichkeiten, ein Laufgitter, Sitz- und Malm\u00f6glichkeiten f\u00fcr unsere kleinen G\u00e4ste bereit. Das Zimmer kann beliebig oft genutzt werden. Um eine Registrierung im Koordinationsb\u00fcro wird jedoch gebeten.<\/p>\n\n\n\n<p class=\"has-tertiary-color has-text-color has-link-color wp-elements-159a3d2db96364e7e0e8c47d23e22aac wp-block-paragraph\">Bitte melden Sie sich hier im <a href=\"https:\/\/sfb1436.de\/de\/outreach-forschung-fuer-alle\/#we4you\"><strong>Koordinationsb\u00fcro<\/strong> .<\/a><\/p>\n<\/div>\n<\/div>\n<\/div>\n<\/div>\n\n\n\n<div class=\"wp-block-columns alignwide is-layout-flex wp-container-core-columns-is-layout-dcf33982 wp-block-columns-is-layout-flex\" style=\"margin-top:0px;margin-bottom:60px\">\n<div class=\"wp-block-column has-foreground-color has-tertiary-background-color has-text-color has-background is-layout-flow wp-block-column-is-layout-flow\">\n<div class=\"wp-block-columns is-layout-flex wp-container-core-columns-is-layout-f56f613f wp-block-columns-is-layout-flex\">\n<div class=\"wp-block-column is-layout-flow wp-block-column-is-layout-flow\" style=\"padding-top:10px;padding-right:20px;padding-bottom:10px;padding-left:20px\">\n<h3 class=\"wp-block-heading\" id=\"md-fellowships\"><strong>COMETiN &#8211; Coaching, Mentoring und Training im Netzwerk<\/strong><\/h3>\n\n\n\n<p class=\"wp-block-paragraph\">COMETiN richtet sich an Frauen, die ihre berufliche Zukunft aktiv gestalten wollen und eine Professur oder eine andere Leitungsfunktion in Wissenschaft und Forschung anstreben. Das Programm bietet Nachwuchswissenschaftlerinnen die M\u00f6glichkeit, sich im Rahmen verschiedener Module kontinuierlich und nachhaltig mit der Planung und Umsetzung ihrer Karriereschritte auseinanderzusetzen, ihre akademischen Schl\u00fcsselqualifikationen zu erweitern sowie f\u00f6rdernde Beziehungen zu Wissenschaftler*innen aufzubauen. Das Programm unterst\u00fctzt die individuelle Karriereentwicklung von Wissenschaftlerinnen ab der Promotionsphase.<\/p>\n\n\n\n<p class=\"wp-block-paragraph\"><strong>Kontakt<\/strong>:<br>Dr. Anne Teller<br>Otto-von-Guericke-Universit\u00e4t Magdeburg<br>Tel.: +49 391-67-58020<br>E-Mail: <a href=\"mailto:cometin@ovgu.de\">Schreiben Sie uns<\/a><strong><br><\/strong><\/p>\n\n\n\n<div class=\"wp-block-buttons is-layout-flex wp-block-buttons-is-layout-flex\">\n<div class=\"wp-block-button is-style-outline is-style-outline--9\"><a class=\"wp-block-button__link has-secondary-color has-text-color wp-element-button\" href=\"https:\/\/www.grs.ovgu.de\/COMETiN.html\" target=\"_blank\" rel=\"noreferrer noopener\">Weitere Informationen<\/a><\/div>\n<\/div>\n<\/div>\n<\/div>\n<\/div>\n<\/div>\n","protected":false},"excerpt":{"rendered":"<p>&#8222;Unser SFB lebt von der Kreativit\u00e4t, Energie und Bereicherung durch die einzigartigen Lebensgeschichten und Kulturen unserer Mitarbeiter und Mitarbeiterinnen. Die Vereinbarkeit von Familie und Beruf ist uns ein zentrales Anliegen. Wir m\u00f6chten insbesondere junge Wissenschaftlerinnen f\u00fcr eine Karriere in den Neurowissenschaften inspirieren und f\u00f6rdern.&#8220; Offene Stellen Deine Abschlussarbeit steht an, doch du m\u00f6chtest daf\u00fcr nicht [&hellip;]<\/p>\n","protected":false},"author":4,"featured_media":0,"parent":0,"menu_order":6,"comment_status":"closed","ping_status":"closed","template":"","meta":{"_crdt_document":"","_uag_custom_page_level_css":"","footnotes":""},"class_list":["post-11505","page","type-page","status-publish","hentry"],"yoast_head":"<!-- This site is optimized with the Yoast SEO plugin v27.1.1 - https:\/\/yoast.com\/product\/yoast-seo-wordpress\/ -->\n<title>Karriere - SFB1436<\/title>\n<meta name=\"description\" content=\"Stellananzeigen, Nachwuchsf\u00f6rderung, Chanchengleicheit, Karriere, Coaching, Mentoring und Training beim SFB 1436.\" \/>\n<meta name=\"robots\" content=\"index, follow, max-snippet:-1, max-image-preview:large, max-video-preview:-1\" \/>\n<link rel=\"canonical\" href=\"https:\/\/sfb1436.de\/de\/karriere\/\" \/>\n<meta property=\"og:locale\" content=\"de_DE\" \/>\n<meta property=\"og:type\" content=\"article\" \/>\n<meta property=\"og:title\" content=\"Karriere - SFB1436\" \/>\n<meta property=\"og:description\" content=\"Stellananzeigen, Nachwuchsf\u00f6rderung, Chanchengleicheit, Karriere, Coaching, Mentoring und Training beim SFB 1436.\" \/>\n<meta property=\"og:url\" content=\"https:\/\/sfb1436.de\/de\/karriere\/\" \/>\n<meta property=\"og:site_name\" content=\"SFB1436\" \/>\n<meta property=\"article:modified_time\" content=\"2026-02-05T10:11:28+00:00\" \/>\n<meta property=\"og:image\" content=\"https:\/\/sfb1436.de\/wp-content\/uploads\/2022\/07\/OWN_Award_Logo.jpg\" \/>\n\t<meta property=\"og:image:width\" content=\"425\" \/>\n\t<meta property=\"og:image:height\" content=\"311\" \/>\n\t<meta property=\"og:image:type\" content=\"image\/jpeg\" \/>\n<meta name=\"twitter:card\" content=\"summary_large_image\" \/>\n<meta name=\"twitter:label1\" content=\"Gesch\u00e4tzte Lesezeit\" \/>\n\t<meta name=\"twitter:data1\" content=\"6\u00a0Minuten\" \/>\n<script type=\"application\/ld+json\" class=\"yoast-schema-graph\">{\"@context\":\"https:\/\/schema.org\",\"@graph\":[{\"@type\":\"WebPage\",\"@id\":\"https:\/\/sfb1436.de\/de\/karriere\/\",\"url\":\"https:\/\/sfb1436.de\/de\/karriere\/\",\"name\":\"Karriere - SFB1436\",\"isPartOf\":{\"@id\":\"https:\/\/sfb1436.de\/de\/#website\"},\"primaryImageOfPage\":{\"@id\":\"https:\/\/sfb1436.de\/de\/karriere\/#primaryimage\"},\"image\":{\"@id\":\"https:\/\/sfb1436.de\/de\/karriere\/#primaryimage\"},\"thumbnailUrl\":\"https:\/\/sfb1436.de\/wp-content\/uploads\/2022\/07\/OWN_Award_Logo.jpg\",\"datePublished\":\"2022-05-17T08:25:17+00:00\",\"dateModified\":\"2026-02-05T10:11:28+00:00\",\"description\":\"Stellananzeigen, Nachwuchsf\u00f6rderung, Chanchengleicheit, Karriere, Coaching, Mentoring und Training beim SFB 1436.\",\"breadcrumb\":{\"@id\":\"https:\/\/sfb1436.de\/de\/karriere\/#breadcrumb\"},\"inLanguage\":\"de\",\"potentialAction\":[{\"@type\":\"ReadAction\",\"target\":[\"https:\/\/sfb1436.de\/de\/karriere\/\"]}]},{\"@type\":\"ImageObject\",\"inLanguage\":\"de\",\"@id\":\"https:\/\/sfb1436.de\/de\/karriere\/#primaryimage\",\"url\":\"https:\/\/sfb1436.de\/wp-content\/uploads\/2022\/07\/OWN_Award_Logo.jpg\",\"contentUrl\":\"https:\/\/sfb1436.de\/wp-content\/uploads\/2022\/07\/OWN_Award_Logo.jpg\"},{\"@type\":\"BreadcrumbList\",\"@id\":\"https:\/\/sfb1436.de\/de\/karriere\/#breadcrumb\",\"itemListElement\":[{\"@type\":\"ListItem\",\"position\":1,\"name\":\"Startseite\",\"item\":\"https:\/\/sfb1436.de\/de\/\"},{\"@type\":\"ListItem\",\"position\":2,\"name\":\"Karriere\"}]},{\"@type\":\"WebSite\",\"@id\":\"https:\/\/sfb1436.de\/de\/#website\",\"url\":\"https:\/\/sfb1436.de\/de\/\",\"name\":\"SFB1436\",\"description\":\"\",\"publisher\":{\"@id\":\"https:\/\/sfb1436.de\/de\/#organization\"},\"potentialAction\":[{\"@type\":\"SearchAction\",\"target\":{\"@type\":\"EntryPoint\",\"urlTemplate\":\"https:\/\/sfb1436.de\/de\/?s={search_term_string}\"},\"query-input\":{\"@type\":\"PropertyValueSpecification\",\"valueRequired\":true,\"valueName\":\"search_term_string\"}}],\"inLanguage\":\"de\"},{\"@type\":\"Organization\",\"@id\":\"https:\/\/sfb1436.de\/de\/#organization\",\"name\":\"Otto-von-Guericke Universit\u00e4t Medizinische Fakult\u00e4t Institut f\u00fcr Kognitive Neurologie und Demenzforschung\",\"url\":\"https:\/\/sfb1436.de\/de\/\",\"logo\":{\"@type\":\"ImageObject\",\"inLanguage\":\"de\",\"@id\":\"https:\/\/sfb1436.de\/de\/#\/schema\/logo\/image\/\",\"url\":\"https:\/\/sfb1436.de\/wp-content\/uploads\/2021\/12\/logo-sfb.png\",\"contentUrl\":\"https:\/\/sfb1436.de\/wp-content\/uploads\/2021\/12\/logo-sfb.png\",\"width\":1244,\"height\":820,\"caption\":\"Otto-von-Guericke Universit\u00e4t Medizinische Fakult\u00e4t Institut f\u00fcr Kognitive Neurologie und Demenzforschung\"},\"image\":{\"@id\":\"https:\/\/sfb1436.de\/de\/#\/schema\/logo\/image\/\"}}]}<\/script>\n<!-- \/ Yoast SEO plugin. -->","yoast_head_json":{"title":"Karriere - SFB1436","description":"Stellananzeigen, Nachwuchsf\u00f6rderung, Chanchengleicheit, Karriere, Coaching, Mentoring und Training beim SFB 1436.","robots":{"index":"index","follow":"follow","max-snippet":"max-snippet:-1","max-image-preview":"max-image-preview:large","max-video-preview":"max-video-preview:-1"},"canonical":"https:\/\/sfb1436.de\/de\/karriere\/","og_locale":"de_DE","og_type":"article","og_title":"Karriere - SFB1436","og_description":"Stellananzeigen, Nachwuchsf\u00f6rderung, Chanchengleicheit, Karriere, Coaching, Mentoring und Training beim SFB 1436.","og_url":"https:\/\/sfb1436.de\/de\/karriere\/","og_site_name":"SFB1436","article_modified_time":"2026-02-05T10:11:28+00:00","og_image":[{"width":425,"height":311,"url":"https:\/\/sfb1436.de\/wp-content\/uploads\/2022\/07\/OWN_Award_Logo.jpg","type":"image\/jpeg"}],"twitter_card":"summary_large_image","twitter_misc":{"Gesch\u00e4tzte Lesezeit":"6\u00a0Minuten"},"schema":{"@context":"https:\/\/schema.org","@graph":[{"@type":"WebPage","@id":"https:\/\/sfb1436.de\/de\/karriere\/","url":"https:\/\/sfb1436.de\/de\/karriere\/","name":"Karriere - SFB1436","isPartOf":{"@id":"https:\/\/sfb1436.de\/de\/#website"},"primaryImageOfPage":{"@id":"https:\/\/sfb1436.de\/de\/karriere\/#primaryimage"},"image":{"@id":"https:\/\/sfb1436.de\/de\/karriere\/#primaryimage"},"thumbnailUrl":"https:\/\/sfb1436.de\/wp-content\/uploads\/2022\/07\/OWN_Award_Logo.jpg","datePublished":"2022-05-17T08:25:17+00:00","dateModified":"2026-02-05T10:11:28+00:00","description":"Stellananzeigen, Nachwuchsf\u00f6rderung, Chanchengleicheit, Karriere, Coaching, Mentoring und Training beim SFB 1436.","breadcrumb":{"@id":"https:\/\/sfb1436.de\/de\/karriere\/#breadcrumb"},"inLanguage":"de","potentialAction":[{"@type":"ReadAction","target":["https:\/\/sfb1436.de\/de\/karriere\/"]}]},{"@type":"ImageObject","inLanguage":"de","@id":"https:\/\/sfb1436.de\/de\/karriere\/#primaryimage","url":"https:\/\/sfb1436.de\/wp-content\/uploads\/2022\/07\/OWN_Award_Logo.jpg","contentUrl":"https:\/\/sfb1436.de\/wp-content\/uploads\/2022\/07\/OWN_Award_Logo.jpg"},{"@type":"BreadcrumbList","@id":"https:\/\/sfb1436.de\/de\/karriere\/#breadcrumb","itemListElement":[{"@type":"ListItem","position":1,"name":"Startseite","item":"https:\/\/sfb1436.de\/de\/"},{"@type":"ListItem","position":2,"name":"Karriere"}]},{"@type":"WebSite","@id":"https:\/\/sfb1436.de\/de\/#website","url":"https:\/\/sfb1436.de\/de\/","name":"SFB1436","description":"","publisher":{"@id":"https:\/\/sfb1436.de\/de\/#organization"},"potentialAction":[{"@type":"SearchAction","target":{"@type":"EntryPoint","urlTemplate":"https:\/\/sfb1436.de\/de\/?s={search_term_string}"},"query-input":{"@type":"PropertyValueSpecification","valueRequired":true,"valueName":"search_term_string"}}],"inLanguage":"de"},{"@type":"Organization","@id":"https:\/\/sfb1436.de\/de\/#organization","name":"Otto-von-Guericke Universit\u00e4t Medizinische Fakult\u00e4t Institut f\u00fcr Kognitive Neurologie und Demenzforschung","url":"https:\/\/sfb1436.de\/de\/","logo":{"@type":"ImageObject","inLanguage":"de","@id":"https:\/\/sfb1436.de\/de\/#\/schema\/logo\/image\/","url":"https:\/\/sfb1436.de\/wp-content\/uploads\/2021\/12\/logo-sfb.png","contentUrl":"https:\/\/sfb1436.de\/wp-content\/uploads\/2021\/12\/logo-sfb.png","width":1244,"height":820,"caption":"Otto-von-Guericke Universit\u00e4t Medizinische Fakult\u00e4t Institut f\u00fcr Kognitive Neurologie und Demenzforschung"},"image":{"@id":"https:\/\/sfb1436.de\/de\/#\/schema\/logo\/image\/"}}]}},"uagb_featured_image_src":{"full":false,"thumbnail":false,"medium":false,"medium_large":false,"large":false,"gs-tiny":false,"xl":false,"xxl":false,"xxxl":false,"xxxxl":false,"xxxxxl":false,"1536x1536":false,"2048x2048":false,"awsm_team":false},"uagb_author_info":{"display_name":"redakteur","author_link":"https:\/\/sfb1436.de\/de\/author\/redakteur\/"},"uagb_comment_info":0,"uagb_excerpt":"&#8222;Unser SFB lebt von der Kreativit\u00e4t, Energie und Bereicherung durch die einzigartigen Lebensgeschichten und Kulturen unserer Mitarbeiter und Mitarbeiterinnen. Die Vereinbarkeit von Familie und Beruf ist uns ein zentrales Anliegen. Wir m\u00f6chten insbesondere junge Wissenschaftlerinnen f\u00fcr eine Karriere in den Neurowissenschaften inspirieren und f\u00f6rdern.&#8220; Offene Stellen Deine Abschlussarbeit steht an, doch du m\u00f6chtest daf\u00fcr nicht&hellip;","_links":{"self":[{"href":"https:\/\/sfb1436.de\/de\/wp-json\/wp\/v2\/pages\/11505","targetHints":{"allow":["GET"]}}],"collection":[{"href":"https:\/\/sfb1436.de\/de\/wp-json\/wp\/v2\/pages"}],"about":[{"href":"https:\/\/sfb1436.de\/de\/wp-json\/wp\/v2\/types\/page"}],"author":[{"embeddable":true,"href":"https:\/\/sfb1436.de\/de\/wp-json\/wp\/v2\/users\/4"}],"replies":[{"embeddable":true,"href":"https:\/\/sfb1436.de\/de\/wp-json\/wp\/v2\/comments?post=11505"}],"version-history":[{"count":140,"href":"https:\/\/sfb1436.de\/de\/wp-json\/wp\/v2\/pages\/11505\/revisions"}],"predecessor-version":[{"id":29958,"href":"https:\/\/sfb1436.de\/de\/wp-json\/wp\/v2\/pages\/11505\/revisions\/29958"}],"wp:attachment":[{"href":"https:\/\/sfb1436.de\/de\/wp-json\/wp\/v2\/media?parent=11505"}],"curies":[{"name":"wp","href":"https:\/\/api.w.org\/{rel}","templated":true}]}}