{"id":10627,"date":"2022-05-04T14:37:40","date_gmt":"2022-05-04T12:37:40","guid":{"rendered":"https:\/\/sfb1436.de\/graduate-school\/irtg-md-fellowships\/"},"modified":"2025-02-28T08:48:04","modified_gmt":"2025-02-28T07:48:04","slug":"irtg-md-fellowships","status":"publish","type":"page","link":"https:\/\/sfb1436.de\/de\/graduate-school\/irtg-md-fellowships\/","title":{"rendered":"IRTG &#8211; MD Fellowships"},"content":{"rendered":"\n<div class=\"logo-box\"><a href=\"\/\" class=\"logo-graduateschool\"><\/a><\/div>\n\n\n\n<div style=\"height:30px\" aria-hidden=\"true\" class=\"wp-block-spacer\"><\/div>\n\n\n\n<div style=\"height:30px\" aria-hidden=\"true\" class=\"wp-block-spacer\"><\/div>\n\n\n\n<div class=\"wp-block-columns alignwide justify-content-center is-layout-flex wp-container-core-columns-is-layout-f56f613f wp-block-columns-is-layout-flex\">\n<div class=\"wp-block-column is-layout-flow wp-block-column-is-layout-flow\">\n<p class=\"has-text-align-left wp-block-paragraph\">Im Rahmen des SFB 1436 &#8211; Integriertes Graduiertenkolleg bieten wir MD-Stipendien an. Dieses Stipendium richtet sich an Medizinstudenten, die daran interessiert sind, in das Forschungs- und Qualifizierungsprogramm integriert zu werden.<\/p>\n\n\n\n<p class=\"has-text-align-left wp-block-paragraph\">Dieses Programm dient als Schnittstelle zwischen klinischer und biologischer Forschung und zielt darauf ab, ihr Interesse an biomedizinischer Forschung zu wecken und ihr Verst\u00e4ndnis f\u00fcr klinische und wissenschaftliche Ans\u00e4tze zu verbessern.<\/p>\n\n\n\n<ul class=\"wp-block-list\">\n<li>Die Stipendien sollten je nach Bedarf (+\/-) gleichm\u00e4\u00dfig auf die Teilprojekte verteilt werden.<\/li>\n\n\n\n<li>Die Dauer eines individuellen MD-Stipendiums betr\u00e4gt 12 Monate (3 Studenten\/Jahr f\u00fcr den gesamten SFB).<\/li>\n\n\n\n<li>Das durchschnittliche monatliche Stipendium betr\u00e4gt 992 EUR\/Person.<\/li>\n\n\n\n<li>G\u00e4ngiger Zeitraum: 01.04. &#8211; 31.03. &amp; 01.10. &#8211; 30.09.<\/li>\n<\/ul>\n\n\n\n<p class=\"has-text-align-left wp-block-paragraph\">Die Auswahl der Stipendiaten erfolgt durch unseren Lenkungsausschuss auf Empfehlung des MD-Stipendienausschusses.<\/p>\n<\/div>\n<\/div>\n\n\n\n<h2 class=\"wp-block-heading has-text-align-center has-secondary-color has-text-color\" id=\"application-documents\">Unterlagen f\u00fcr die Bewerbung<\/h2>\n\n\n\n<div class=\"wp-block-columns alignwide is-layout-flex wp-container-core-columns-is-layout-f56f613f wp-block-columns-is-layout-flex\">\n<div class=\"wp-block-column is-layout-flow wp-block-column-is-layout-flow\">\n<p class=\"has-normal-font-size wp-block-paragraph\" style=\"font-style:normal;font-weight:600\"><p class=\"has-normal-font-size\" id=\"from-pi\" style=\"font-style:normal;font-weight:600\"><strong>Projektleiter:<\/strong><\/p><\/p>\n\n\n\n<ol class=\"wp-block-list\">\n<li>Abstract des Projekts einschlie\u00dflich einer Erl\u00e4uterung, wie das vorgeschlagene Projekt zu den Forschungszielen des SFB 1436 beitragen soll 2)<\/li>\n\n\n\n<li>Zeitplan f\u00fcr die Arbeitspakete w\u00e4hrend der Stipendienzeit Beachten Sie, dass die geplanten Arbeitspakete f\u00fcr einen (in der Regel forschungsunerfahrenen) MD-Studenten innerhalb der Stipendienzeit von maximal 12 Monaten durchf\u00fchrbar sein sollten.<\/li>\n\n\n\n<li>Empfehlungsschreiben Stellungnahme des PI zur Auswahl dieses bestimmten Bewerbers, einschlie\u00dflich des Interesses des Bewerbers, seines Hintergrundwissens, seiner Motivation und anderer Faktoren, die f\u00fcr die Eignung f\u00fcr die Stelle ausschlaggebend sein k\u00f6nnen<\/li>\n<\/ol>\n<\/div>\n\n\n\n<div class=\"wp-block-column is-layout-flow wp-block-column-is-layout-flow\">\n<p class=\"has-normal-font-size wp-block-paragraph\"><p class=\"has-normal-font-size\" id=\"from-pi\"><strong>MD-Studenten:<\/strong><\/p><\/p>\n\n\n\n<ol class=\"wp-block-list\">\n<li>Motivationsschreiben<\/li>\n\n\n\n<li>Lebenslauf<\/li>\n\n\n\n<li>Zeugnis und Note des 1. Staatsexamens (Physikum)<\/li>\n<\/ol>\n\n\n\n<p class=\"wp-block-paragraph\">MD-Studenten m\u00fcssen ihr Studium w\u00e4hrend der Stipendienzeit unterbrechen. Erfolgreiche Bewerber werden gebeten, sp\u00e4testens 2 Wochen vor Beginn des Stipendiums eine offizielle Freistellungsbescheinigung der medizinischen Fakult\u00e4t vorzulegen.<\/p>\n<\/div>\n<\/div>\n\n\n\n<div class=\"wp-block-columns alignfull has-tertiary-background-color has-background is-layout-flex wp-container-core-columns-is-layout-f56f613f wp-block-columns-is-layout-flex\">\n<div class=\"wp-block-column is-layout-flow wp-block-column-is-layout-flow\">\n<h2 class=\"wp-block-heading has-text-align-center\" id=\"our-md-fellows\"><strong>Unsere MD Fellows<\/strong><\/h2>\n\n\n<div id=\"awsm-team-9152\" class=\"awsm-grid-wrapper\">\n\t\t\n\t\t<div class=''>\n\t\t<div class=\"gridder awsm-grid drawer-style style-1 grid-4-col \">\n\t\t\t\t\t\t<div id=\"awsm-member-9152-15853\" class=\"awsm-grid-list awsm-grid-card awsm-team-item awsm-scale-anm awsm-all\" data-griddercontent=\"#awsm-grid-content-15853\">\n\t\t\t\t\t<span class=\"awsm-team-link-control awsm-grid-list-item awsm-grid-list-item-15853\" data-info=\"15853\">\n\t\t\t\t\t\t<figure>\n\t\t\t\t\t\t<img fetchpriority=\"high\" decoding=\"async\" width=\"800\" height=\"780\" src=\"https:\/\/sfb1436.de\/wp-content\/uploads\/2022\/01\/no-image-woman-2.png\" class=\"attachment-awsm_team size-awsm_team wp-post-image\" alt=\"Platzhalter SFB 1436 Magdeburg Mitglieder kein Foto\" \/>\t\t\t\t\t\t\t<figcaption>\n\t\t\t\t\t\t\t\t<div class=\"awsm-personal-info\"><span><\/span><h3>Luca Budinger<\/h3><\/div>\t\t\t\t\t\t\t<\/figcaption>\n\t\t\t\t\t\t<\/figure>\n\t\t\t\t\t<\/span>\n\t\t\t\t<\/div>\n\t\t\t\t\t\t\t<div id=\"awsm-member-9152-29418\" class=\"awsm-grid-list awsm-grid-card awsm-team-item awsm-scale-anm awsm-all\" data-griddercontent=\"#awsm-grid-content-29418\">\n\t\t\t\t\t<span class=\"awsm-team-link-control awsm-grid-list-item awsm-grid-list-item-29418\" data-info=\"29418\">\n\t\t\t\t\t\t<figure>\n\t\t\t\t\t\t<img decoding=\"async\" width=\"800\" height=\"780\" src=\"https:\/\/sfb1436.de\/wp-content\/uploads\/2022\/01\/no-image-woman-1.png\" class=\"attachment-awsm_team size-awsm_team wp-post-image\" alt=\"Platzhalter SFB 1436 Magdeburg Mitglieder kein Foto\" \/>\t\t\t\t\t\t\t<figcaption>\n\t\t\t\t\t\t\t\t<div class=\"awsm-personal-info\"><span><\/span><h3>Rojin Diako<\/h3><\/div>\t\t\t\t\t\t\t<\/figcaption>\n\t\t\t\t\t\t<\/figure>\n\t\t\t\t\t<\/span>\n\t\t\t\t<\/div>\n\t\t\t\t\t\t\t<div id=\"awsm-member-9152-15848\" class=\"awsm-grid-list awsm-grid-card awsm-team-item awsm-scale-anm awsm-all\" data-griddercontent=\"#awsm-grid-content-15848\">\n\t\t\t\t\t<span class=\"awsm-team-link-control awsm-grid-list-item awsm-grid-list-item-15848\" data-info=\"15848\">\n\t\t\t\t\t\t<figure>\n\t\t\t\t\t\t<img decoding=\"async\" width=\"800\" height=\"1000\" src=\"https:\/\/sfb1436.de\/wp-content\/uploads\/2022\/12\/j_duske-800x1000.jpg\" class=\"attachment-awsm_team size-awsm_team wp-post-image\" alt=\"SFB 1436 Mitglied Julius Duske\" \/>\t\t\t\t\t\t\t<figcaption>\n\t\t\t\t\t\t\t\t<div class=\"awsm-personal-info\"><span><\/span><h3>Julius Duske<\/h3><\/div>\t\t\t\t\t\t\t<\/figcaption>\n\t\t\t\t\t\t<\/figure>\n\t\t\t\t\t<\/span>\n\t\t\t\t<\/div>\n\t\t\t\t\t\t\t<div id=\"awsm-member-9152-19247\" class=\"awsm-grid-list awsm-grid-card awsm-team-item awsm-scale-anm awsm-all awsm-121\" data-griddercontent=\"#awsm-grid-content-19247\">\n\t\t\t\t\t<span class=\"awsm-team-link-control awsm-grid-list-item awsm-grid-list-item-19247\" data-info=\"19247\">\n\t\t\t\t\t\t<figure>\n\t\t\t\t\t\t<img loading=\"lazy\" decoding=\"async\" width=\"800\" height=\"1000\" src=\"https:\/\/sfb1436.de\/wp-content\/uploads\/2023\/10\/Sophia_Engler-800x1000.webp\" class=\"attachment-awsm_team size-awsm_team wp-post-image\" alt=\"SFB 1436 Mitglied Sophia Engler\" \/>\t\t\t\t\t\t\t<figcaption>\n\t\t\t\t\t\t\t\t<div class=\"awsm-personal-info\"><span><\/span><h3>Sophia Engler<\/h3><\/div>\t\t\t\t\t\t\t<\/figcaption>\n\t\t\t\t\t\t<\/figure>\n\t\t\t\t\t<\/span>\n\t\t\t\t<\/div>\n\t\t\t\t\t\t\t<div id=\"awsm-member-9152-19243\" class=\"awsm-grid-list awsm-grid-card awsm-team-item awsm-scale-anm awsm-all\" data-griddercontent=\"#awsm-grid-content-19243\">\n\t\t\t\t\t<span class=\"awsm-team-link-control awsm-grid-list-item awsm-grid-list-item-19243\" data-info=\"19243\">\n\t\t\t\t\t\t<figure>\n\t\t\t\t\t\t<img decoding=\"async\" width=\"800\" height=\"780\" src=\"https:\/\/sfb1436.de\/wp-content\/uploads\/2022\/01\/no-image-woman-1.png\" class=\"attachment-awsm_team size-awsm_team wp-post-image\" alt=\"Platzhalter SFB 1436 Magdeburg Mitglieder kein Foto\" \/>\t\t\t\t\t\t\t<figcaption>\n\t\t\t\t\t\t\t\t<div class=\"awsm-personal-info\"><span><\/span><h3>Annabell Ernst<\/h3><\/div>\t\t\t\t\t\t\t<\/figcaption>\n\t\t\t\t\t\t<\/figure>\n\t\t\t\t\t<\/span>\n\t\t\t\t<\/div>\n\t\t\t\t\t\t\t<div id=\"awsm-member-9152-15447\" class=\"awsm-grid-list awsm-grid-card awsm-team-item awsm-scale-anm awsm-all awsm-131\" data-griddercontent=\"#awsm-grid-content-15447\">\n\t\t\t\t\t<span class=\"awsm-team-link-control awsm-grid-list-item awsm-grid-list-item-15447\" data-info=\"15447\">\n\t\t\t\t\t\t<figure>\n\t\t\t\t\t\t<img fetchpriority=\"high\" decoding=\"async\" width=\"800\" height=\"780\" src=\"https:\/\/sfb1436.de\/wp-content\/uploads\/2022\/01\/no-image-woman-2.png\" class=\"attachment-awsm_team size-awsm_team wp-post-image\" alt=\"Platzhalter SFB 1436 Magdeburg Mitglieder kein Foto\" \/>\t\t\t\t\t\t\t<figcaption>\n\t\t\t\t\t\t\t\t<div class=\"awsm-personal-info\"><span><\/span><h3>Erelle Fuchs<\/h3><\/div>\t\t\t\t\t\t\t<\/figcaption>\n\t\t\t\t\t\t<\/figure>\n\t\t\t\t\t<\/span>\n\t\t\t\t<\/div>\n\t\t\t\t\t\t\t<div id=\"awsm-member-9152-3644\" class=\"awsm-grid-list awsm-grid-card awsm-team-item awsm-scale-anm awsm-all\" data-griddercontent=\"#awsm-grid-content-3644\">\n\t\t\t\t\t<span class=\"awsm-team-link-control awsm-grid-list-item awsm-grid-list-item-3644\" data-info=\"3644\">\n\t\t\t\t\t\t<figure>\n\t\t\t\t\t\t<img loading=\"lazy\" decoding=\"async\" width=\"800\" height=\"1000\" src=\"https:\/\/sfb1436.de\/wp-content\/uploads\/2022\/05\/20211102-0909Hannah-Gapp-800x1000.jpg\" class=\"attachment-awsm_team size-awsm_team wp-post-image\" alt=\"SFB 1436 Mitglied Hannah Gapp\" \/>\t\t\t\t\t\t\t<figcaption>\n\t\t\t\t\t\t\t\t<div class=\"awsm-personal-info\"><span><\/span><h3>Hannah Gapp<\/h3><\/div>\t\t\t\t\t\t\t<\/figcaption>\n\t\t\t\t\t\t<\/figure>\n\t\t\t\t\t<\/span>\n\t\t\t\t<\/div>\n\t\t\t\t\t\t\t<div id=\"awsm-member-9152-29420\" class=\"awsm-grid-list awsm-grid-card awsm-team-item awsm-scale-anm awsm-all\" data-griddercontent=\"#awsm-grid-content-29420\">\n\t\t\t\t\t<span class=\"awsm-team-link-control awsm-grid-list-item awsm-grid-list-item-29420\" data-info=\"29420\">\n\t\t\t\t\t\t<figure>\n\t\t\t\t\t\t<img decoding=\"async\" width=\"800\" height=\"780\" src=\"https:\/\/sfb1436.de\/wp-content\/uploads\/2022\/01\/no-image-woman-1.png\" class=\"attachment-awsm_team size-awsm_team wp-post-image\" alt=\"Platzhalter SFB 1436 Magdeburg Mitglieder kein Foto\" \/>\t\t\t\t\t\t\t<figcaption>\n\t\t\t\t\t\t\t\t<div class=\"awsm-personal-info\"><span><\/span><h3>Alina K\u00fchn<\/h3><\/div>\t\t\t\t\t\t\t<\/figcaption>\n\t\t\t\t\t\t<\/figure>\n\t\t\t\t\t<\/span>\n\t\t\t\t<\/div>\n\t\t\t\t\t\t\t<div id=\"awsm-member-9152-3695\" class=\"awsm-grid-list awsm-grid-card awsm-team-item awsm-scale-anm awsm-all awsm-131\" data-griddercontent=\"#awsm-grid-content-3695\">\n\t\t\t\t\t<span class=\"awsm-team-link-control awsm-grid-list-item awsm-grid-list-item-3695\" data-info=\"3695\">\n\t\t\t\t\t\t<figure>\n\t\t\t\t\t\t<img fetchpriority=\"high\" decoding=\"async\" width=\"800\" height=\"780\" src=\"https:\/\/sfb1436.de\/wp-content\/uploads\/2022\/01\/no-image-woman-2.png\" class=\"attachment-awsm_team size-awsm_team wp-post-image\" alt=\"Platzhalter SFB 1436 Magdeburg Mitglieder kein Foto\" \/>\t\t\t\t\t\t\t<figcaption>\n\t\t\t\t\t\t\t\t<div class=\"awsm-personal-info\"><span><\/span><h3>Lilli Marie L\u00fcmkemann<\/h3><\/div>\t\t\t\t\t\t\t<\/figcaption>\n\t\t\t\t\t\t<\/figure>\n\t\t\t\t\t<\/span>\n\t\t\t\t<\/div>\n\t\t\t\t\t\t\t<div id=\"awsm-member-9152-15850\" class=\"awsm-grid-list awsm-grid-card awsm-team-item awsm-scale-anm awsm-all\" data-griddercontent=\"#awsm-grid-content-15850\">\n\t\t\t\t\t<span class=\"awsm-team-link-control awsm-grid-list-item awsm-grid-list-item-15850\" data-info=\"15850\">\n\t\t\t\t\t\t<figure>\n\t\t\t\t\t\t<img loading=\"lazy\" decoding=\"async\" width=\"800\" height=\"785\" src=\"https:\/\/sfb1436.de\/wp-content\/uploads\/2022\/01\/no-image-men-4.png\" class=\"attachment-awsm_team size-awsm_team wp-post-image\" alt=\"Platzhalter SFB 1436 Magdeburg Mitglieder kein Foto\" \/>\t\t\t\t\t\t\t<figcaption>\n\t\t\t\t\t\t\t\t<div class=\"awsm-personal-info\"><span><\/span><h3>Linus Marquering<\/h3><\/div>\t\t\t\t\t\t\t<\/figcaption>\n\t\t\t\t\t\t<\/figure>\n\t\t\t\t\t<\/span>\n\t\t\t\t<\/div>\n\t\t\t\t\t\t\t<div id=\"awsm-member-9152-19244\" class=\"awsm-grid-list awsm-grid-card awsm-team-item awsm-scale-anm awsm-all\" data-griddercontent=\"#awsm-grid-content-19244\">\n\t\t\t\t\t<span class=\"awsm-team-link-control awsm-grid-list-item awsm-grid-list-item-19244\" data-info=\"19244\">\n\t\t\t\t\t\t<figure>\n\t\t\t\t\t\t<img decoding=\"async\" width=\"800\" height=\"780\" src=\"https:\/\/sfb1436.de\/wp-content\/uploads\/2022\/01\/no-image-woman-1.png\" class=\"attachment-awsm_team size-awsm_team wp-post-image\" alt=\"Platzhalter SFB 1436 Magdeburg Mitglieder kein Foto\" \/>\t\t\t\t\t\t\t<figcaption>\n\t\t\t\t\t\t\t\t<div class=\"awsm-personal-info\"><span><\/span><h3>Julia Poppke<\/h3><\/div>\t\t\t\t\t\t\t<\/figcaption>\n\t\t\t\t\t\t<\/figure>\n\t\t\t\t\t<\/span>\n\t\t\t\t<\/div>\n\t\t\t\t\t\t\t<div id=\"awsm-member-9152-3729\" class=\"awsm-grid-list awsm-grid-card awsm-team-item awsm-scale-anm awsm-all\" data-griddercontent=\"#awsm-grid-content-3729\">\n\t\t\t\t\t<span class=\"awsm-team-link-control awsm-grid-list-item awsm-grid-list-item-3729\" data-info=\"3729\">\n\t\t\t\t\t\t<figure>\n\t\t\t\t\t\t<img loading=\"lazy\" decoding=\"async\" width=\"800\" height=\"853\" src=\"https:\/\/sfb1436.de\/wp-content\/uploads\/2022\/08\/Theresa_Schaaf-800x853.jpeg\" class=\"attachment-awsm_team size-awsm_team wp-post-image\" alt=\"SFB 1436 Mitglied Theresa Schaaf\" \/>\t\t\t\t\t\t\t<figcaption>\n\t\t\t\t\t\t\t\t<div class=\"awsm-personal-info\"><span><\/span><h3>Theresa Schaaf<\/h3><\/div>\t\t\t\t\t\t\t<\/figcaption>\n\t\t\t\t\t\t<\/figure>\n\t\t\t\t\t<\/span>\n\t\t\t\t<\/div>\n\t\t\t\t\t<\/div>\n\t\t<div class=\"awsm-grid-expander style-1\">\n\t\t\t\t\t\t<div id=\"awsm-member-info-9152-15853\"  class=\"awsm-grid-expander style-1\">\n\t\t\t\t<div class=\"awsm-detailed-info\" id=\"awsm-grid-content-15853\">\n\t\t\t\t\t<div class=\"awsm-details\">\n\t\t\t\t\t\t<div class=\"awsm-personal-details\">\n\t\t\t\t\t\t\t<div class=\"awsm-content-scrollbar\">\n\t\t\t\t\t\t\t\t<span><\/span><h2>Luca Budinger<\/h2>\n<p class=\"wp-block-paragraph\">coming soon<\/p>\n\t\t\t\t\t\t\t<\/div>\n\t\t\t\t\t\t<\/div>\n\t\t\t\t\t<\/div>\n\t\t\t\t\t<div class=\"awsm-personal-contact-info\">\n\t\t\t\t\t   <div class=\"awsm-contact-details\"><p><span>Institut:<\/span><a href=\"https:\/\/www.fnw.ovgu.de\/\" target=\"_blank\">Otto von Guericke Universit\u00e4t Magdeburg, Fakult\u00e4t f\u00fcr Naturwissenschaften<\/a><\/p><p><span>C04:<\/span><a href=\"https:\/\/sfb1436.de\/de\/projekte\/c04-wiederherstellung-neuronaler-ressourcen-nach-schlafentzug\/\" target=\"_blank\"><b>C04<\/b> Wiederherstellung neuronaler Ressourcen nach Schlafentzug<\/a><\/p><\/div><div class=\"awsm-social-icons\"><span><a href=\"mailto:luca.louise.budinger@gmail.com\"><i class=\"awsm-icon-mail\" aria-hidden=\"true\"><\/i><\/a><\/span><span><a href=\"https:\/\/www.ipsy.ovgu.de\/\" target=\"_blank\"><i class=\"awsm-icon-link\" aria-hidden=\"true\"><\/i><\/a><\/span><\/div>\t\t\t\t\t<\/div>\n\t\t\t\t<\/div>\n\t\t\t<\/div>\n\t\t\t\t\t\t\t<div id=\"awsm-member-info-9152-29418\"  class=\"awsm-grid-expander style-1\">\n\t\t\t\t<div class=\"awsm-detailed-info\" id=\"awsm-grid-content-29418\">\n\t\t\t\t\t<div class=\"awsm-details\">\n\t\t\t\t\t\t<div class=\"awsm-personal-details\">\n\t\t\t\t\t\t\t<div class=\"awsm-content-scrollbar\">\n\t\t\t\t\t\t\t\t<span><\/span><h2>Rojin Diako<\/h2>\n<p class=\"wp-block-paragraph\">coming soon<\/p>\n\t\t\t\t\t\t\t<\/div>\n\t\t\t\t\t\t<\/div>\n\t\t\t\t\t<\/div>\n\t\t\t\t\t<div class=\"awsm-personal-contact-info\">\n\t\t\t\t\t   <div class=\"awsm-contact-details\"><p><span>:<\/span><a href=\"http:\/\/www.med.ovgu.de\/\" target=\"_blank\">Otto von Guericke Universit\u00e4t Magdeburg, Medizinische Fakult\u00e4t<\/a><\/p><p><span>:<\/span><a href=\"https:\/\/sfb1436.de\/de\/projekte\/mobilisierung-kognitiver-ressourcen-durch-die-orexinerge-modulation-von-hippokampus-schaltkreisen\/\" target=\"_blank\"><b>A07<\/b> Mobilisierung kognitiver Ressourcen durch die orexinerge Modulation von Hippokampus Schaltkreisen<\/a><\/p><\/div><div class=\"awsm-social-icons\"><span><a href=\"mailto:rojin.diako@st.ovgu.de\"><i class=\"awsm-icon-mail\" aria-hidden=\"true\"><\/i><\/a><\/span><span><a href=\"http:\/\/iana.med.ovgu.de\/\" target=\"_blank\"><i class=\"awsm-icon-link\" aria-hidden=\"true\"><\/i><\/a><\/span><\/div>\t\t\t\t\t<\/div>\n\t\t\t\t<\/div>\n\t\t\t<\/div>\n\t\t\t\t\t\t\t<div id=\"awsm-member-info-9152-15848\"  class=\"awsm-grid-expander style-1\">\n\t\t\t\t<div class=\"awsm-detailed-info\" id=\"awsm-grid-content-15848\">\n\t\t\t\t\t<div class=\"awsm-details\">\n\t\t\t\t\t\t<div class=\"awsm-personal-details\">\n\t\t\t\t\t\t\t<div class=\"awsm-content-scrollbar\">\n\t\t\t\t\t\t\t\t<span><\/span><h2>Julius Duske<\/h2>\n<p class=\"wp-block-paragraph\">Ich bin Medizinstudent an der Otto-von-Guericke Universit\u00e4t Magdeburg und pausiere seit Oktober 2022 mein Studium, um am Institut f\u00fcr Pharmakologie und Toxikologie f\u00fcr meine Doktorarbeit zu forschen. Als Teil des Projekts A01 beim SFB1436 besch\u00e4ftige ich mich mit dem Einfluss, den St\u00f6rungen des circadianen Rhythmus auf die kognitive Flexibilit\u00e4t aus\u00fcben. Vor allem mit dem Neuropeptid Orexin, welches f\u00fcr die Regulation des Schlaf-Wach-Rhythmus eine wichtige Rolle spielt, befasse ich mich und m\u00f6chte herausfinden, inwiefern Defizite der kognitiven Flexibilit\u00e4t bei chronischem Jetlag ausgesetzten M\u00e4usen mit orexinerger Modulation zu beheben sind.<\/p>\n\t\t\t\t\t\t\t<\/div>\n\t\t\t\t\t\t<\/div>\n\t\t\t\t\t<\/div>\n\t\t\t\t\t<div class=\"awsm-personal-contact-info\">\n\t\t\t\t\t   <div class=\"awsm-contact-details\"><p><span>Institut:<\/span><a href=\"http:\/\/www.med.ovgu.de\/\" target=\"_blank\">Otto von Guericke Universit\u00e4t Magdeburg, Medizinische Fakult\u00e4t<\/a><\/p><p><span>A01:<\/span><a href=\"https:\/\/sfb1436.de\/de\/projekte\/a01-bedeutung-nmda-rezeptor-abhaengiger-praefrontaler-schaltkreise-fuer-kognitive-flexibilitaet\/#member-3689-info\" target=\"_blank\"><b>A01<\/b> Bedeutung NMDA-Rezeptor-abh\u00e4ngiger pr\u00e4frontaler Schaltkreise f\u00fcr kognitive Flexibilit\u00e4t<\/a><\/p><\/div><div class=\"awsm-social-icons\"><span><a href=\"mailto:julius.duske@st.ovgu.de\"><i class=\"awsm-icon-mail\" aria-hidden=\"true\"><\/i><\/a><\/span><span><a href=\"http:\/\/www.med.ovgu.de\" target=\"_blank\"><i class=\"awsm-icon-link\" aria-hidden=\"true\"><\/i><\/a><\/span><\/div>\t\t\t\t\t<\/div>\n\t\t\t\t<\/div>\n\t\t\t<\/div>\n\t\t\t\t\t\t\t<div id=\"awsm-member-info-9152-19247\"  class=\"awsm-grid-expander style-1\">\n\t\t\t\t<div class=\"awsm-detailed-info\" id=\"awsm-grid-content-19247\">\n\t\t\t\t\t<div class=\"awsm-details\">\n\t\t\t\t\t\t<div class=\"awsm-personal-details\">\n\t\t\t\t\t\t\t<div class=\"awsm-content-scrollbar\">\n\t\t\t\t\t\t\t\t<span><\/span><h2>Sophia Engler<\/h2>\n<p class=\"wp-block-paragraph\">Ich studiere Medizin an der Otto-von-Guericke-Universit\u00e4t in Magdeburg und werde ab Oktober 2023 mein Studium f\u00fcr ein Jahr unterbrechen, um mich auf meine Forschung im Projekts B02 zu konzentrieren. In meiner Arbeit werde ich die Auswirkungen von kognitivem Training bei \u00e4lteren Erwachsenen auf die Ged\u00e4chtnisleistung und Plastizit\u00e4t untersuchen. Dabei werde ich die strukturellen Ver\u00e4nderungen im Gehirn analysieren und auch die Bedeutung von versteckten Pathologien untersuchen.<\/p>\n\t\t\t\t\t\t\t<\/div>\n\t\t\t\t\t\t<\/div>\n\t\t\t\t\t<\/div>\n\t\t\t\t\t<div class=\"awsm-personal-contact-info\">\n\t\t\t\t\t   <div class=\"awsm-contact-details\"><p><span>Institut:<\/span><a href=\"http:\/\/www.med.ovgu.de\/\" target=\"_blank\">Otto-von Guericke-Universit\u00e4t Magdeburg, Medizinische Fakult\u00e4t<\/a><\/p><p><span>:<\/span><a href=\"https:\/\/sfb1436.de\/de\/projekte\/archiv-sfb-1436-1-2021-2024\/b02-neurale-ressourcen-der-mnemonischen-diskrimination-und-ihre-interaktion-mit-verborgener-pathologie-bei-aelteren-erwachsenen-und-superagern\/\" target=\"_blank\"><b>B02<\/b> Neurale Ressourcen der mnemonischen Diskrimination und ihre Interaktion mit verborgener Pathologie bei \u00e4lteren Erwachsenen und SuperAgern<\/a><\/p><\/div><div class=\"awsm-social-icons\"><span><a href=\"mailto:sophia.engler@st.ovgu.de\"><i class=\"awsm-icon-mail\" aria-hidden=\"true\"><\/i><\/a><\/span><span><a href=\"http:\/\/www.iknd.ovgu.de\/\" target=\"_blank\"><i class=\"awsm-icon-link\" aria-hidden=\"true\"><\/i><\/a><\/span><\/div>\t\t\t\t\t<\/div>\n\t\t\t\t<\/div>\n\t\t\t<\/div>\n\t\t\t\t\t\t\t<div id=\"awsm-member-info-9152-19243\"  class=\"awsm-grid-expander style-1\">\n\t\t\t\t<div class=\"awsm-detailed-info\" id=\"awsm-grid-content-19243\">\n\t\t\t\t\t<div class=\"awsm-details\">\n\t\t\t\t\t\t<div class=\"awsm-personal-details\">\n\t\t\t\t\t\t\t<div class=\"awsm-content-scrollbar\">\n\t\t\t\t\t\t\t\t<span><\/span><h2>Annabell Ernst<\/h2>\n<p class=\"wp-block-paragraph\">coming soon<\/p>\n\t\t\t\t\t\t\t<\/div>\n\t\t\t\t\t\t<\/div>\n\t\t\t\t\t<\/div>\n\t\t\t\t\t<div class=\"awsm-personal-contact-info\">\n\t\t\t\t\t   <div class=\"awsm-contact-details\"><p><span>Institut:<\/span><a href=\"https:\/\/www.dzne.de\/\" target=\"_blank\">Deutsches Zentrum f\u00fcr Neurodegenerative Erkrankungen (DZNE), Magdeburg<\/a><\/p><p><span>A05:<\/span><a href=\"https:\/\/sfb1436.de\/de\/projekte\/archiv-sfb-1436-1-2021-2024\/a05-die-integritaet-der-extrazellulaeren-matrix-als-neuronale-ressource-kognitiver-flexibilitaet\/\" target=\"_blank\"><b>A05<\/b> Die Integrit\u00e4t der Extrazellul\u00e4ren Matrix als neuronale Ressource kognitiver Flexibilit\u00e4t<\/a><\/p><\/div><div class=\"awsm-social-icons\"><span><a href=\"mailto:Annabell.Ernst@dzne.de\"><i class=\"awsm-icon-mail\" aria-hidden=\"true\"><\/i><\/a><\/span><span><a href=\"https:\/\/www.dzne.de\/forschung\/forschungsbereiche\/grundlagenforschung\/forschungsgruppen\/dityatev\/forschungsschwerpunkte\/\" target=\"_blank\"><i class=\"awsm-icon-link\" aria-hidden=\"true\"><\/i><\/a><\/span><\/div>\t\t\t\t\t<\/div>\n\t\t\t\t<\/div>\n\t\t\t<\/div>\n\t\t\t\t\t\t\t<div id=\"awsm-member-info-9152-15447\"  class=\"awsm-grid-expander style-1\">\n\t\t\t\t<div class=\"awsm-detailed-info\" id=\"awsm-grid-content-15447\">\n\t\t\t\t\t<div class=\"awsm-details\">\n\t\t\t\t\t\t<div class=\"awsm-personal-details\">\n\t\t\t\t\t\t\t<div class=\"awsm-content-scrollbar\">\n\t\t\t\t\t\t\t\t<span><\/span><h2>Erelle Fuchs<\/h2>\n<p class=\"wp-block-paragraph\">coming soon<\/p>\n\t\t\t\t\t\t\t<\/div>\n\t\t\t\t\t\t<\/div>\n\t\t\t\t\t<\/div>\n\t\t\t\t\t<div class=\"awsm-personal-contact-info\">\n\t\t\t\t\t   <div class=\"awsm-contact-details\"><p><span>:<\/span><a href=\"http:\/\/www.med.ovgu.de\/\" target=\"_blank\">Otto von Guericke Universit\u00e4t Magdeburg, Medizinische Fakult\u00e4t<\/a><\/p><p><span>:<\/span><a href=\"https:\/\/sfb1436.de\/de\/projekte\/archiv-sfb-1436-1-2021-2024\/b04-einfluss-hippokampaler-gefaessversorgungsmuster-auf-die-neuronalen-ressourcen-der-neurokognitiven-verbindungen-innerhalb-des-medialen-temporallappens\/\" target=\"_blank\"><b>B04<\/b> Einfluss hippokampaler Gef\u00e4\u00dfversorgungsmuster auf die neuronalen Ressourcen der neurokognitiven Verbindungen innerhalb des medialen Temporallappens<\/a><\/p><\/div><div class=\"awsm-social-icons\"><span><a href=\"mailto:erelle.fuchs@st.ovgu.de\"><i class=\"awsm-icon-mail\" aria-hidden=\"true\"><\/i><\/a><\/span><span><a href=\"http:\/\/kneu.med.ovgu.de\/\" target=\"_blank\"><i class=\"awsm-icon-link\" aria-hidden=\"true\"><\/i><\/a><\/span><\/div>\t\t\t\t\t<\/div>\n\t\t\t\t<\/div>\n\t\t\t<\/div>\n\t\t\t\t\t\t\t<div id=\"awsm-member-info-9152-3644\"  class=\"awsm-grid-expander style-1\">\n\t\t\t\t<div class=\"awsm-detailed-info\" id=\"awsm-grid-content-3644\">\n\t\t\t\t\t<div class=\"awsm-details\">\n\t\t\t\t\t\t<div class=\"awsm-personal-details\">\n\t\t\t\t\t\t\t<div class=\"awsm-content-scrollbar\">\n\t\t\t\t\t\t\t\t<span><\/span><h2>Hannah Gapp<\/h2>\n<p class=\"wp-block-paragraph\">coming soon<\/p>\n\t\t\t\t\t\t\t<\/div>\n\t\t\t\t\t\t<\/div>\n\t\t\t\t\t<\/div>\n\t\t\t\t\t<div class=\"awsm-personal-contact-info\">\n\t\t\t\t\t   <div class=\"awsm-contact-details\"><p><span>Institut:<\/span><a href=\"http:\/\/www.med.ovgu.de\/\" target=\"_blank\">Otto von Guericke Universit\u00e4t Magdeburg, Medizinische Fakult\u00e4t<\/a><\/p><p><span>Projekt:<\/span><a href=\"https:\/\/sfb1436.de\/de\/projekte\/archiv-sfb-1436-1-2021-2024\/a07-orexinerge-modulation-neuraler-ressourcen\/\" target=\"_blank\"><b>A07<\/b> Orexinerge Modulation neuraler Ressourcen<\/a><\/p><\/div><div class=\"awsm-social-icons\"><span><a href=\"mailto:hannah.gapp@st.ovgu.de\"><i class=\"awsm-icon-mail\" aria-hidden=\"true\"><\/i><\/a><\/span><span><a href=\"http:\/\/storklab.de\/\" target=\"_blank\"><i class=\"awsm-icon-link\" aria-hidden=\"true\"><\/i><\/a><\/span><\/div>\t\t\t\t\t<\/div>\n\t\t\t\t<\/div>\n\t\t\t<\/div>\n\t\t\t\t\t\t\t<div id=\"awsm-member-info-9152-29420\"  class=\"awsm-grid-expander style-1\">\n\t\t\t\t<div class=\"awsm-detailed-info\" id=\"awsm-grid-content-29420\">\n\t\t\t\t\t<div class=\"awsm-details\">\n\t\t\t\t\t\t<div class=\"awsm-personal-details\">\n\t\t\t\t\t\t\t<div class=\"awsm-content-scrollbar\">\n\t\t\t\t\t\t\t\t<span><\/span><h2>Alina K\u00fchn<\/h2>\n<p class=\"wp-block-paragraph\">coming soon<\/p>\n\t\t\t\t\t\t\t<\/div>\n\t\t\t\t\t\t<\/div>\n\t\t\t\t\t<\/div>\n\t\t\t\t\t<div class=\"awsm-personal-contact-info\">\n\t\t\t\t\t   <div class=\"awsm-contact-details\"><p><span>Institut:<\/span><a href=\"http:\/\/www.med.ovgu.de\/\" target=\"_blank\">Otto-von Guericke-Universit\u00e4t Magdeburg, Medizinische Fakult\u00e4t<\/a><\/p><p><span>Projekt:<\/span><a href=\"https:\/\/sfb1436.de\/de\/projekte\/a01-bedeutung-nmda-rezeptor-abhaengiger-praefrontaler-schaltkreise-fuer-kognitive-flexibilitaet\/#member-3689-info\" target=\"_blank\"><b>A01<\/b> Bedeutung NMDA-Rezeptor-abh\u00e4ngiger pr\u00e4frontaler Schaltkreise f\u00fcr kognitive Flexibilit\u00e4t<\/a><\/p><\/div><div class=\"awsm-social-icons\"><span><a href=\"mailto:alina.kuehn@st.ovgu.de\"><i class=\"awsm-icon-mail\" aria-hidden=\"true\"><\/i><\/a><\/span><span><a href=\"http:\/\/ipt.med.ovgu.de\/\" target=\"_blank\"><i class=\"awsm-icon-link\" aria-hidden=\"true\"><\/i><\/a><\/span><\/div>\t\t\t\t\t<\/div>\n\t\t\t\t<\/div>\n\t\t\t<\/div>\n\t\t\t\t\t\t\t<div id=\"awsm-member-info-9152-3695\"  class=\"awsm-grid-expander style-1\">\n\t\t\t\t<div class=\"awsm-detailed-info\" id=\"awsm-grid-content-3695\">\n\t\t\t\t\t<div class=\"awsm-details\">\n\t\t\t\t\t\t<div class=\"awsm-personal-details\">\n\t\t\t\t\t\t\t<div class=\"awsm-content-scrollbar\">\n\t\t\t\t\t\t\t\t<span><\/span><h2>Lilli Marie L\u00fcmkemann<\/h2>\n<p class=\"wp-block-paragraph\">coming soon<\/p>\n\t\t\t\t\t\t\t<\/div>\n\t\t\t\t\t\t<\/div>\n\t\t\t\t\t<\/div>\n\t\t\t\t\t<div class=\"awsm-personal-contact-info\">\n\t\t\t\t\t   <div class=\"awsm-contact-details\"><p><span>:<\/span><a href=\"http:\/\/www.med.ovgu.de\/\" target=\"_blank\">Otto von Guericke Universit\u00e4t Magdeburg, Medizinische Fakult\u00e4t<\/a><\/p><p><span>:<\/span><a href=\"https:\/\/sfb1436.de\/de\/projekte\/archiv-sfb-1436-1-2021-2024\/b04-einfluss-hippokampaler-gefaessversorgungsmuster-auf-die-neuronalen-ressourcen-der-neurokognitiven-verbindungen-innerhalb-des-medialen-temporallappens\/\" target=\"_blank\"><b>B04<\/b> Einfluss hippokampaler Gef\u00e4\u00dfversorgungsmuster auf die neuronalen Ressourcen der neurokognitiven Verbindungen innerhalb des medialen Temporallappens<\/a><\/p><\/div><div class=\"awsm-social-icons\"><span><a href=\"mailto:lilli-luemkemann@st.ovgu.de\"><i class=\"awsm-icon-mail\" aria-hidden=\"true\"><\/i><\/a><\/span><span><a href=\"http:\/\/www.kneu.ovgu.de\/Klinik\/Team\/Ober%C3%A4rzte\/Prof_+Dr_+med_+Stefanie+Schreiber-p-1342.html\" target=\"_blank\"><i class=\"awsm-icon-link\" aria-hidden=\"true\"><\/i><\/a><\/span><\/div>\t\t\t\t\t<\/div>\n\t\t\t\t<\/div>\n\t\t\t<\/div>\n\t\t\t\t\t\t\t<div id=\"awsm-member-info-9152-15850\"  class=\"awsm-grid-expander style-1\">\n\t\t\t\t<div class=\"awsm-detailed-info\" id=\"awsm-grid-content-15850\">\n\t\t\t\t\t<div class=\"awsm-details\">\n\t\t\t\t\t\t<div class=\"awsm-personal-details\">\n\t\t\t\t\t\t\t<div class=\"awsm-content-scrollbar\">\n\t\t\t\t\t\t\t\t<span><\/span><h2>Linus Marquering<\/h2>\n<p class=\"wp-block-paragraph\">coming soon<\/p>\n\t\t\t\t\t\t\t<\/div>\n\t\t\t\t\t\t<\/div>\n\t\t\t\t\t<\/div>\n\t\t\t\t\t<div class=\"awsm-personal-contact-info\">\n\t\t\t\t\t   <div class=\"awsm-contact-details\"><p><span>Institut:<\/span><a href=\"https:\/\/www.med.ovgu.de\/\" target=\"_blank\">Otto von Guericke Universit\u00e4t Magdeburg, Medizinische Fakult\u00e4t<\/a><\/p><p><span>:<\/span><a href=\"https:\/\/sfb1436.de\/de\/projekte\/archiv-sfb-1436-1-2021-2024\/b04-einfluss-hippokampaler-gefaessversorgungsmuster-auf-die-neuronalen-ressourcen-der-neurokognitiven-verbindungen-innerhalb-des-medialen-temporallappens\/\" target=\"_blank\"><b>B04<\/b> Einfluss hippokampaler Gef\u00e4\u00dfversorgungsmuster auf die neuronalen Ressourcen der neurokognitiven Verbindungen innerhalb des medialen Temporallappens<\/a><\/p><\/div><div class=\"awsm-social-icons\"><span><a href=\"mailto:linus.marquering@st.ovgu.de\" target=\"_blank\"><i class=\"awsm-icon-mail\" aria-hidden=\"true\"><\/i><\/a><\/span><span><a href=\"https:\/\/www.med.ovgu.de\" target=\"_blank\"><i class=\"awsm-icon-link\" aria-hidden=\"true\"><\/i><\/a><\/span><\/div>\t\t\t\t\t<\/div>\n\t\t\t\t<\/div>\n\t\t\t<\/div>\n\t\t\t\t\t\t\t<div id=\"awsm-member-info-9152-19244\"  class=\"awsm-grid-expander style-1\">\n\t\t\t\t<div class=\"awsm-detailed-info\" id=\"awsm-grid-content-19244\">\n\t\t\t\t\t<div class=\"awsm-details\">\n\t\t\t\t\t\t<div class=\"awsm-personal-details\">\n\t\t\t\t\t\t\t<div class=\"awsm-content-scrollbar\">\n\t\t\t\t\t\t\t\t<span><\/span><h2>Julia Poppke<\/h2>\n<p class=\"wp-block-paragraph\">Ich studiere Medizin an der Otto-von-Guericke Universit\u00e4t Magdeburg und habe mich dazu entschlossen, mein Studium zu pausieren, um am Institut f\u00fcr Pharmakologie und Toxikologie an meiner Doktorarbeit forschen zu k\u00f6nnen. Als Teil des SFB-Projekts A01 besch\u00e4ftige ich mich mit dem NMDA-Rezeptor und mit der Frage, wie sich eine gezielte Stimulation der GluN2A-Untereinheit des Rezeptors auf die kognitive Flexibilit\u00e4t in M\u00e4usen auswirkt. Der NMDA-Rezeptor spielt eine wichtige Rolle bei Lernprozessen und der Anpassung an Ver\u00e4nderungen in der Umwelt, welche ich mithilfe des Attentional Set Shifting Task (ASST) untersuche.<\/p>\n\t\t\t\t\t\t\t<\/div>\n\t\t\t\t\t\t<\/div>\n\t\t\t\t\t<\/div>\n\t\t\t\t\t<div class=\"awsm-personal-contact-info\">\n\t\t\t\t\t   <div class=\"awsm-contact-details\"><p><span>Institut:<\/span><a href=\"http:\/\/www.med.ovgu.de\/\" target=\"_blank\">Otto von Guericke Universit\u00e4t Magdeburg, Medizinische Fakult\u00e4t<\/a><\/p><p><span>A01:<\/span><a href=\"https:\/\/sfb1436.de\/de\/projekte\/archiv-sfb-1436-1-2021-2024\/the-nmda-receptor-complex-a-signalling-hub-at-the-origin-of-cognitive-flexibility\/\" target=\"_blank\"><b>A01<\/b> Der NMDA-Rezeptor-Komplex \u2013 eine integrale Schaltstelle f\u00fcr kognitive Flexibilit\u00e4t?<\/a><\/p><\/div><div class=\"awsm-social-icons\"><span><a href=\"mailto:julia.poppke@st.ovgu.de\"><i class=\"awsm-icon-mail\" aria-hidden=\"true\"><\/i><\/a><\/span><span><a href=\"http:\/\/www.med.ovgu.de\" target=\"_blank\"><i class=\"awsm-icon-link\" aria-hidden=\"true\"><\/i><\/a><\/span><\/div>\t\t\t\t\t<\/div>\n\t\t\t\t<\/div>\n\t\t\t<\/div>\n\t\t\t\t\t\t\t<div id=\"awsm-member-info-9152-3729\"  class=\"awsm-grid-expander style-1\">\n\t\t\t\t<div class=\"awsm-detailed-info\" id=\"awsm-grid-content-3729\">\n\t\t\t\t\t<div class=\"awsm-details\">\n\t\t\t\t\t\t<div class=\"awsm-personal-details\">\n\t\t\t\t\t\t\t<div class=\"awsm-content-scrollbar\">\n\t\t\t\t\t\t\t\t<span><\/span><h2>Theresa Schaaf<\/h2>\n<p class=\"wp-block-paragraph\">coming soon<\/p>\n\t\t\t\t\t\t\t<\/div>\n\t\t\t\t\t\t<\/div>\n\t\t\t\t\t<\/div>\n\t\t\t\t\t<div class=\"awsm-personal-contact-info\">\n\t\t\t\t\t   <div class=\"awsm-contact-details\"><p><span>:<\/span><a href=\"https:\/\/www.fnw.ovgu.de\/\" target=\"_blank\">Otto von Guericke Universit\u00e4t Magdeburg, Fakult\u00e4t f\u00fcr Naturwissenschaften<\/a><\/p><p><span>Projekt:<\/span><a href=\"https:\/\/sfb1436.de\/de\/projekte\/c04-wiederherstellung-neuronaler-ressourcen-nach-schlafentzug\/\" target=\"_blank\"><b>C04<\/b> Wiederherstellung neuronaler Ressourcen nach Schlafentzug<\/a><\/p><\/div><div class=\"awsm-social-icons\"><span><a href=\"mailto:theresa.schaaf@st.ovgu.de\"><i class=\"awsm-icon-mail\" aria-hidden=\"true\"><\/i><\/a><\/span><span><a href=\"https:\/\/www.ipsy.ovgu.de\/\" target=\"_blank\"><i class=\"awsm-icon-link\" aria-hidden=\"true\"><\/i><\/a><\/span><\/div>\t\t\t\t\t<\/div>\n\t\t\t\t<\/div>\n\t\t\t<\/div>\n\t\t\t\t\t\t<\/div>\n\t<\/div>\n\t<\/div>\n<\/div>\n<\/div>\n\n\n\n<div class=\"wp-block-columns alignfull justify-content-center has-tertiary-background-color has-background is-layout-flex wp-container-core-columns-is-layout-cda6d148 wp-block-columns-is-layout-flex\" style=\"margin-top:0px;margin-bottom:0px;padding-top:0px;padding-right:0px;padding-bottom:0px;padding-left:0px\">\n<div class=\"wp-block-column justify-content-center is-layout-flow wp-block-column-is-layout-flow\" style=\"flex-basis:1400px\">\n<div class=\"wp-block-buttons mobile-padding is-content-justification-right is-layout-flex wp-container-core-buttons-is-layout-ce2e69e5 wp-block-buttons-is-layout-flex\">\n<div class=\"wp-block-button is-style-outline is-style-outline--1\"><a class=\"wp-block-button__link has-secondary-color has-text-color wp-element-button\" href=\"https:\/\/sfb1436.de\/de\/graduate-school\/\">Zur\u00fcck zur Graduiertenschule<\/a><\/div>\n<\/div>\n\n\n\n<div style=\"height:55px\" aria-hidden=\"true\" class=\"wp-block-spacer\"><\/div>\n<\/div>\n<\/div>\n","protected":false},"excerpt":{"rendered":"<p>Im Rahmen des SFB 1436 &#8211; Integriertes Graduiertenkolleg bieten wir MD-Stipendien an. Dieses Stipendium richtet sich an Medizinstudenten, die daran interessiert sind, in das Forschungs- und Qualifizierungsprogramm integriert zu werden. Dieses Programm dient als Schnittstelle zwischen klinischer und biologischer Forschung und zielt darauf ab, ihr Interesse an biomedizinischer Forschung zu wecken und ihr Verst\u00e4ndnis f\u00fcr [&hellip;]<\/p>\n","protected":false},"author":4,"featured_media":0,"parent":10614,"menu_order":0,"comment_status":"closed","ping_status":"closed","template":"","meta":{"_crdt_document":"","_uag_custom_page_level_css":"","footnotes":""},"class_list":["post-10627","page","type-page","status-publish","hentry"],"yoast_head":"<!-- This site is optimized with the Yoast SEO plugin v27.1.1 - https:\/\/yoast.com\/product\/yoast-seo-wordpress\/ -->\n<title>IRTG - MD Fellowships - SFB1436<\/title>\n<meta name=\"description\" content=\"Die Graduiertenschule des Magdeburger SFB 1436 bietet f\u00fcr ein Jahr MD-Stipendien zur Unterst\u00fctzung der Studierenden an.\" \/>\n<meta name=\"robots\" content=\"index, follow, max-snippet:-1, max-image-preview:large, max-video-preview:-1\" \/>\n<link rel=\"canonical\" href=\"https:\/\/sfb1436.de\/de\/graduate-school\/irtg-md-fellowships\/\" \/>\n<meta property=\"og:locale\" content=\"de_DE\" \/>\n<meta property=\"og:type\" content=\"article\" \/>\n<meta property=\"og:title\" content=\"IRTG - MD Fellowships - SFB1436\" \/>\n<meta property=\"og:description\" content=\"Die Graduiertenschule des Magdeburger SFB 1436 bietet f\u00fcr ein Jahr MD-Stipendien zur Unterst\u00fctzung der Studierenden an.\" \/>\n<meta property=\"og:url\" content=\"https:\/\/sfb1436.de\/de\/graduate-school\/irtg-md-fellowships\/\" \/>\n<meta property=\"og:site_name\" content=\"SFB1436\" \/>\n<meta property=\"article:modified_time\" content=\"2025-02-28T07:48:04+00:00\" \/>\n<meta name=\"twitter:card\" content=\"summary_large_image\" \/>\n<meta name=\"twitter:label1\" content=\"Gesch\u00e4tzte Lesezeit\" \/>\n\t<meta name=\"twitter:data1\" content=\"2\u00a0Minuten\" \/>\n<script type=\"application\/ld+json\" class=\"yoast-schema-graph\">{\"@context\":\"https:\/\/schema.org\",\"@graph\":[{\"@type\":\"WebPage\",\"@id\":\"https:\/\/sfb1436.de\/de\/graduate-school\/irtg-md-fellowships\/\",\"url\":\"https:\/\/sfb1436.de\/de\/graduate-school\/irtg-md-fellowships\/\",\"name\":\"IRTG - MD Fellowships - SFB1436\",\"isPartOf\":{\"@id\":\"https:\/\/sfb1436.de\/de\/#website\"},\"datePublished\":\"2022-05-04T12:37:40+00:00\",\"dateModified\":\"2025-02-28T07:48:04+00:00\",\"description\":\"Die Graduiertenschule des Magdeburger SFB 1436 bietet f\u00fcr ein Jahr MD-Stipendien zur Unterst\u00fctzung der Studierenden an.\",\"breadcrumb\":{\"@id\":\"https:\/\/sfb1436.de\/de\/graduate-school\/irtg-md-fellowships\/#breadcrumb\"},\"inLanguage\":\"de\",\"potentialAction\":[{\"@type\":\"ReadAction\",\"target\":[\"https:\/\/sfb1436.de\/de\/graduate-school\/irtg-md-fellowships\/\"]}]},{\"@type\":\"BreadcrumbList\",\"@id\":\"https:\/\/sfb1436.de\/de\/graduate-school\/irtg-md-fellowships\/#breadcrumb\",\"itemListElement\":[{\"@type\":\"ListItem\",\"position\":1,\"name\":\"Startseite\",\"item\":\"https:\/\/sfb1436.de\/de\/\"},{\"@type\":\"ListItem\",\"position\":2,\"name\":\"Graduiertenschule\",\"item\":\"https:\/\/sfb1436.de\/de\/graduate-school\/\"},{\"@type\":\"ListItem\",\"position\":3,\"name\":\"IRTG &#8211; MD Fellowships\"}]},{\"@type\":\"WebSite\",\"@id\":\"https:\/\/sfb1436.de\/de\/#website\",\"url\":\"https:\/\/sfb1436.de\/de\/\",\"name\":\"SFB1436\",\"description\":\"\",\"publisher\":{\"@id\":\"https:\/\/sfb1436.de\/de\/#organization\"},\"potentialAction\":[{\"@type\":\"SearchAction\",\"target\":{\"@type\":\"EntryPoint\",\"urlTemplate\":\"https:\/\/sfb1436.de\/de\/?s={search_term_string}\"},\"query-input\":{\"@type\":\"PropertyValueSpecification\",\"valueRequired\":true,\"valueName\":\"search_term_string\"}}],\"inLanguage\":\"de\"},{\"@type\":\"Organization\",\"@id\":\"https:\/\/sfb1436.de\/de\/#organization\",\"name\":\"Otto-von-Guericke Universit\u00e4t Medizinische Fakult\u00e4t Institut f\u00fcr Kognitive Neurologie und Demenzforschung\",\"url\":\"https:\/\/sfb1436.de\/de\/\",\"logo\":{\"@type\":\"ImageObject\",\"inLanguage\":\"de\",\"@id\":\"https:\/\/sfb1436.de\/de\/#\/schema\/logo\/image\/\",\"url\":\"https:\/\/sfb1436.de\/wp-content\/uploads\/2021\/12\/logo-sfb.png\",\"contentUrl\":\"https:\/\/sfb1436.de\/wp-content\/uploads\/2021\/12\/logo-sfb.png\",\"width\":1244,\"height\":820,\"caption\":\"Otto-von-Guericke Universit\u00e4t Medizinische Fakult\u00e4t Institut f\u00fcr Kognitive Neurologie und Demenzforschung\"},\"image\":{\"@id\":\"https:\/\/sfb1436.de\/de\/#\/schema\/logo\/image\/\"}}]}<\/script>\n<!-- \/ Yoast SEO plugin. -->","yoast_head_json":{"title":"IRTG - MD Fellowships - SFB1436","description":"Die Graduiertenschule des Magdeburger SFB 1436 bietet f\u00fcr ein Jahr MD-Stipendien zur Unterst\u00fctzung der Studierenden an.","robots":{"index":"index","follow":"follow","max-snippet":"max-snippet:-1","max-image-preview":"max-image-preview:large","max-video-preview":"max-video-preview:-1"},"canonical":"https:\/\/sfb1436.de\/de\/graduate-school\/irtg-md-fellowships\/","og_locale":"de_DE","og_type":"article","og_title":"IRTG - MD Fellowships - SFB1436","og_description":"Die Graduiertenschule des Magdeburger SFB 1436 bietet f\u00fcr ein Jahr MD-Stipendien zur Unterst\u00fctzung der Studierenden an.","og_url":"https:\/\/sfb1436.de\/de\/graduate-school\/irtg-md-fellowships\/","og_site_name":"SFB1436","article_modified_time":"2025-02-28T07:48:04+00:00","twitter_card":"summary_large_image","twitter_misc":{"Gesch\u00e4tzte Lesezeit":"2\u00a0Minuten"},"schema":{"@context":"https:\/\/schema.org","@graph":[{"@type":"WebPage","@id":"https:\/\/sfb1436.de\/de\/graduate-school\/irtg-md-fellowships\/","url":"https:\/\/sfb1436.de\/de\/graduate-school\/irtg-md-fellowships\/","name":"IRTG - MD Fellowships - SFB1436","isPartOf":{"@id":"https:\/\/sfb1436.de\/de\/#website"},"datePublished":"2022-05-04T12:37:40+00:00","dateModified":"2025-02-28T07:48:04+00:00","description":"Die Graduiertenschule des Magdeburger SFB 1436 bietet f\u00fcr ein Jahr MD-Stipendien zur Unterst\u00fctzung der Studierenden an.","breadcrumb":{"@id":"https:\/\/sfb1436.de\/de\/graduate-school\/irtg-md-fellowships\/#breadcrumb"},"inLanguage":"de","potentialAction":[{"@type":"ReadAction","target":["https:\/\/sfb1436.de\/de\/graduate-school\/irtg-md-fellowships\/"]}]},{"@type":"BreadcrumbList","@id":"https:\/\/sfb1436.de\/de\/graduate-school\/irtg-md-fellowships\/#breadcrumb","itemListElement":[{"@type":"ListItem","position":1,"name":"Startseite","item":"https:\/\/sfb1436.de\/de\/"},{"@type":"ListItem","position":2,"name":"Graduiertenschule","item":"https:\/\/sfb1436.de\/de\/graduate-school\/"},{"@type":"ListItem","position":3,"name":"IRTG &#8211; MD Fellowships"}]},{"@type":"WebSite","@id":"https:\/\/sfb1436.de\/de\/#website","url":"https:\/\/sfb1436.de\/de\/","name":"SFB1436","description":"","publisher":{"@id":"https:\/\/sfb1436.de\/de\/#organization"},"potentialAction":[{"@type":"SearchAction","target":{"@type":"EntryPoint","urlTemplate":"https:\/\/sfb1436.de\/de\/?s={search_term_string}"},"query-input":{"@type":"PropertyValueSpecification","valueRequired":true,"valueName":"search_term_string"}}],"inLanguage":"de"},{"@type":"Organization","@id":"https:\/\/sfb1436.de\/de\/#organization","name":"Otto-von-Guericke Universit\u00e4t Medizinische Fakult\u00e4t Institut f\u00fcr Kognitive Neurologie und Demenzforschung","url":"https:\/\/sfb1436.de\/de\/","logo":{"@type":"ImageObject","inLanguage":"de","@id":"https:\/\/sfb1436.de\/de\/#\/schema\/logo\/image\/","url":"https:\/\/sfb1436.de\/wp-content\/uploads\/2021\/12\/logo-sfb.png","contentUrl":"https:\/\/sfb1436.de\/wp-content\/uploads\/2021\/12\/logo-sfb.png","width":1244,"height":820,"caption":"Otto-von-Guericke Universit\u00e4t Medizinische Fakult\u00e4t Institut f\u00fcr Kognitive Neurologie und Demenzforschung"},"image":{"@id":"https:\/\/sfb1436.de\/de\/#\/schema\/logo\/image\/"}}]}},"uagb_featured_image_src":{"full":false,"thumbnail":false,"medium":false,"medium_large":false,"large":false,"gs-tiny":false,"xl":false,"xxl":false,"xxxl":false,"xxxxl":false,"xxxxxl":false,"1536x1536":false,"2048x2048":false,"awsm_team":false},"uagb_author_info":{"display_name":"redakteur","author_link":"https:\/\/sfb1436.de\/de\/author\/redakteur\/"},"uagb_comment_info":0,"uagb_excerpt":"Im Rahmen des SFB 1436 &#8211; Integriertes Graduiertenkolleg bieten wir MD-Stipendien an. Dieses Stipendium richtet sich an Medizinstudenten, die daran interessiert sind, in das Forschungs- und Qualifizierungsprogramm integriert zu werden. Dieses Programm dient als Schnittstelle zwischen klinischer und biologischer Forschung und zielt darauf ab, ihr Interesse an biomedizinischer Forschung zu wecken und ihr Verst\u00e4ndnis f\u00fcr&hellip;","_links":{"self":[{"href":"https:\/\/sfb1436.de\/de\/wp-json\/wp\/v2\/pages\/10627","targetHints":{"allow":["GET"]}}],"collection":[{"href":"https:\/\/sfb1436.de\/de\/wp-json\/wp\/v2\/pages"}],"about":[{"href":"https:\/\/sfb1436.de\/de\/wp-json\/wp\/v2\/types\/page"}],"author":[{"embeddable":true,"href":"https:\/\/sfb1436.de\/de\/wp-json\/wp\/v2\/users\/4"}],"replies":[{"embeddable":true,"href":"https:\/\/sfb1436.de\/de\/wp-json\/wp\/v2\/comments?post=10627"}],"version-history":[{"count":12,"href":"https:\/\/sfb1436.de\/de\/wp-json\/wp\/v2\/pages\/10627\/revisions"}],"predecessor-version":[{"id":26181,"href":"https:\/\/sfb1436.de\/de\/wp-json\/wp\/v2\/pages\/10627\/revisions\/26181"}],"up":[{"embeddable":true,"href":"https:\/\/sfb1436.de\/de\/wp-json\/wp\/v2\/pages\/10614"}],"wp:attachment":[{"href":"https:\/\/sfb1436.de\/de\/wp-json\/wp\/v2\/media?parent=10627"}],"curies":[{"name":"wp","href":"https:\/\/api.w.org\/{rel}","templated":true}]}}